{"id":10335,"date":"2025-11-24T15:26:44","date_gmt":"2025-11-24T14:26:44","guid":{"rendered":"https:\/\/www.tarn.educagri.fr\/fpca\/?page_id=10335"},"modified":"2025-12-01T11:26:53","modified_gmt":"2025-12-01T10:26:53","slug":"lieu-accompagnement_handicap","status":"publish","type":"page","link":"https:\/\/www.tarn.educagri.fr\/fpca\/lieu-accompagnement_handicap\/","title":{"rendered":"Un Lieu d&rsquo;Accompagnement &#8211; Handicap"},"content":{"rendered":"\t\t<div data-elementor-type=\"wp-post\" data-elementor-id=\"10335\" class=\"elementor elementor-10335\" data-elementor-post-type=\"page\">\n\t\t\t\t\t\t<section class=\"elementor-section elementor-top-section elementor-element elementor-element-5cf7970 elementor-section-boxed elementor-section-height-default elementor-section-height-default\" data-id=\"5cf7970\" data-element_type=\"section\" data-e-type=\"section\">\n\t\t\t\t\t\t<div class=\"elementor-container elementor-column-gap-default\">\n\t\t\t\t\t<div class=\"elementor-column elementor-col-100 elementor-top-column elementor-element elementor-element-6dafe82\" data-id=\"6dafe82\" data-element_type=\"column\" data-e-type=\"column\">\n\t\t\t<div class=\"elementor-widget-wrap elementor-element-populated\">\n\t\t\t\t\t\t<div class=\"elementor-element elementor-element-80a699b elementor-widget elementor-widget-heading\" data-id=\"80a699b\" data-element_type=\"widget\" data-e-type=\"widget\" data-widget_type=\"heading.default\">\n\t\t\t\t<div class=\"elementor-widget-container\">\n\t\t\t\t\t<h1 class=\"elementor-heading-title elementor-size-default\">Un Lieu d'Accompagnement<\/h1>\t\t\t\t<\/div>\n\t\t\t\t<\/div>\n\t\t\t\t<div class=\"elementor-element elementor-element-c626e76 elementor-widget elementor-widget-heading\" data-id=\"c626e76\" data-element_type=\"widget\" data-e-type=\"widget\" data-widget_type=\"heading.default\">\n\t\t\t\t<div class=\"elementor-widget-container\">\n\t\t\t\t\t<h2 class=\"elementor-heading-title elementor-size-default\">Pour les Apprenants en situation de handicap<\/h2>\t\t\t\t<\/div>\n\t\t\t\t<\/div>\n\t\t\t\t\t<\/div>\n\t\t<\/div>\n\t\t\t\t\t<\/div>\n\t\t<\/section>\n\t\t\t\t<section class=\"elementor-section elementor-top-section elementor-element elementor-element-e467b16 elementor-section-boxed elementor-section-height-default elementor-section-height-default\" data-id=\"e467b16\" data-element_type=\"section\" data-e-type=\"section\">\n\t\t\t\t\t\t<div class=\"elementor-container elementor-column-gap-default\">\n\t\t\t\t\t<div class=\"elementor-column elementor-col-100 elementor-top-column elementor-element elementor-element-791168d\" data-id=\"791168d\" data-element_type=\"column\" data-e-type=\"column\">\n\t\t\t<div class=\"elementor-widget-wrap elementor-element-populated\">\n\t\t\t\t\t\t<div class=\"elementor-element elementor-element-9680df5 elementor-widget elementor-widget-heading\" data-id=\"9680df5\" data-element_type=\"widget\" data-e-type=\"widget\" data-widget_type=\"heading.default\">\n\t\t\t\t<div class=\"elementor-widget-container\">\n\t\t\t\t\t<h3 class=\"elementor-heading-title elementor-size-default\">Du rep\u00e9rage \u00e0 l'accompagnement<\/h3>\t\t\t\t<\/div>\n\t\t\t\t<\/div>\n\t\t\t\t<div class=\"elementor-element elementor-element-377e4cb elementor-widget elementor-widget-image\" data-id=\"377e4cb\" data-element_type=\"widget\" data-e-type=\"widget\" data-widget_type=\"image.default\">\n\t\t\t\t<div class=\"elementor-widget-container\">\n\t\t\t\t\t\t\t\t\t\t\t\t\t\t\t<img fetchpriority=\"high\" decoding=\"async\" width=\"843\" height=\"593\" src=\"https:\/\/www.tarn.educagri.fr\/fpca\/wp-content\/uploads\/2025\/12\/Process-Handicap-FPCA-Fonlabour-1024x720.png\" class=\"attachment-large size-large wp-image-10394\" alt=\"\" srcset=\"https:\/\/www.tarn.educagri.fr\/fpca\/wp-content\/uploads\/2025\/12\/Process-Handicap-FPCA-Fonlabour-1024x720.png 1024w, https:\/\/www.tarn.educagri.fr\/fpca\/wp-content\/uploads\/2025\/12\/Process-Handicap-FPCA-Fonlabour-300x211.png 300w, https:\/\/www.tarn.educagri.fr\/fpca\/wp-content\/uploads\/2025\/12\/Process-Handicap-FPCA-Fonlabour-768x540.png 768w, https:\/\/www.tarn.educagri.fr\/fpca\/wp-content\/uploads\/2025\/12\/Process-Handicap-FPCA-Fonlabour.png 1270w\" sizes=\"(max-width: 843px) 100vw, 843px\" \/>\t\t\t\t\t\t\t\t\t\t\t\t\t\t\t<\/div>\n\t\t\t\t<\/div>\n\t\t\t\t\t<\/div>\n\t\t<\/div>\n\t\t\t\t\t<\/div>\n\t\t<\/section>\n\t\t\t\t<section class=\"elementor-section elementor-top-section elementor-element elementor-element-34ef2fb elementor-section-boxed elementor-section-height-default elementor-section-height-default\" data-id=\"34ef2fb\" data-element_type=\"section\" data-e-type=\"section\">\n\t\t\t\t\t\t<div class=\"elementor-container elementor-column-gap-default\">\n\t\t\t\t\t<div class=\"elementor-column elementor-col-100 elementor-top-column elementor-element elementor-element-00f2eb7\" data-id=\"00f2eb7\" data-element_type=\"column\" data-e-type=\"column\">\n\t\t\t<div class=\"elementor-widget-wrap elementor-element-populated\">\n\t\t\t\t\t\t<div class=\"elementor-element elementor-element-eb667b2 elementor-widget elementor-widget-heading\" data-id=\"eb667b2\" data-element_type=\"widget\" data-e-type=\"widget\" data-widget_type=\"heading.default\">\n\t\t\t\t<div class=\"elementor-widget-container\">\n\t\t\t\t\t<h3 class=\"elementor-heading-title elementor-size-default\">Vous n'\u00eates pas seul<\/h3>\t\t\t\t<\/div>\n\t\t\t\t<\/div>\n\t\t\t\t<div class=\"elementor-element elementor-element-25bec4e elementor-widget elementor-widget-image\" data-id=\"25bec4e\" data-element_type=\"widget\" data-e-type=\"widget\" data-widget_type=\"image.default\">\n\t\t\t\t<div class=\"elementor-widget-container\">\n\t\t\t\t\t\t\t\t\t\t\t\t\t\t\t<img decoding=\"async\" src=\"https:\/\/www.tarn.educagri.fr\/fpca\/wp-content\/uploads\/elementor\/thumbs\/vous-netes-pas-seul-V2-rf6gg7llfjl6yz8f6xnpllu8qwc3yzuwuz9j9rtycs.png\" title=\"vous n&rsquo;\u00eates pas seul V2\" alt=\"vous n&#039;\u00eates pas seul V2\" loading=\"lazy\" \/>\t\t\t\t\t\t\t\t\t\t\t\t\t\t\t<\/div>\n\t\t\t\t<\/div>\n\t\t\t\t\t<\/div>\n\t\t<\/div>\n\t\t\t\t\t<\/div>\n\t\t<\/section>\n\t\t\t\t<section class=\"elementor-section elementor-top-section elementor-element elementor-element-e3141ef elementor-section-boxed elementor-section-height-default elementor-section-height-default\" data-id=\"e3141ef\" data-element_type=\"section\" data-e-type=\"section\">\n\t\t\t\t\t\t<div class=\"elementor-container elementor-column-gap-default\">\n\t\t\t\t\t<div class=\"elementor-column elementor-col-100 elementor-top-column elementor-element elementor-element-807d886\" data-id=\"807d886\" data-element_type=\"column\" data-e-type=\"column\">\n\t\t\t<div class=\"elementor-widget-wrap elementor-element-populated\">\n\t\t\t\t\t\t<div class=\"elementor-element elementor-element-b49433d elementor-widget elementor-widget-heading\" data-id=\"b49433d\" data-element_type=\"widget\" data-e-type=\"widget\" data-widget_type=\"heading.default\">\n\t\t\t\t<div class=\"elementor-widget-container\">\n\t\t\t\t\t<h2 class=\"elementor-heading-title elementor-size-default\">Les missions du R\u00e9f\u00e9rent Handicap au sein du Centre de formation<\/h2>\t\t\t\t<\/div>\n\t\t\t\t<\/div>\n\t\t\t\t\t<\/div>\n\t\t<\/div>\n\t\t\t\t\t<\/div>\n\t\t<\/section>\n\t\t\t\t<section class=\"elementor-section elementor-top-section elementor-element elementor-element-574918c elementor-section-boxed elementor-section-height-default elementor-section-height-default\" data-id=\"574918c\" data-element_type=\"section\" data-e-type=\"section\">\n\t\t\t\t\t\t<div class=\"elementor-container elementor-column-gap-default\">\n\t\t\t\t\t<div class=\"elementor-column elementor-col-100 elementor-top-column elementor-element elementor-element-923bb0c\" data-id=\"923bb0c\" data-element_type=\"column\" data-e-type=\"column\">\n\t\t\t<div class=\"elementor-widget-wrap elementor-element-populated\">\n\t\t\t\t\t\t<div class=\"elementor-element elementor-element-2f60f4e elementor-widget elementor-widget-image\" data-id=\"2f60f4e\" data-element_type=\"widget\" data-e-type=\"widget\" data-widget_type=\"image.default\">\n\t\t\t\t<div class=\"elementor-widget-container\">\n\t\t\t\t\t\t\t\t\t\t\t\t\t\t\t<img decoding=\"async\" src=\"https:\/\/www.tarn.educagri.fr\/fpca\/wp-content\/uploads\/elementor\/thumbs\/schema-3-rf6j1y2b89o3e3mwanbgn89ayv2ivj8b07cro1ivyw.png\" title=\"schema 3\" alt=\"schema 3\" loading=\"lazy\" \/>\t\t\t\t\t\t\t\t\t\t\t\t\t\t\t<\/div>\n\t\t\t\t<\/div>\n\t\t\t\t\t<\/div>\n\t\t<\/div>\n\t\t\t\t\t<\/div>\n\t\t<\/section>\n\t\t\t\t<section class=\"elementor-section elementor-top-section elementor-element elementor-element-6e8029c elementor-section-boxed elementor-section-height-default elementor-section-height-default\" data-id=\"6e8029c\" data-element_type=\"section\" data-e-type=\"section\">\n\t\t\t\t\t\t<div class=\"elementor-container elementor-column-gap-default\">\n\t\t\t\t\t<div class=\"elementor-column elementor-col-100 elementor-top-column elementor-element elementor-element-424caa1\" data-id=\"424caa1\" data-element_type=\"column\" data-e-type=\"column\">\n\t\t\t<div class=\"elementor-widget-wrap elementor-element-populated\">\n\t\t\t\t\t\t<div class=\"elementor-element elementor-element-f539d6b elementor-widget elementor-widget-heading\" data-id=\"f539d6b\" data-element_type=\"widget\" data-e-type=\"widget\" data-widget_type=\"heading.default\">\n\t\t\t\t<div class=\"elementor-widget-container\">\n\t\t\t\t\t<h2 class=\"elementor-heading-title elementor-size-default\">Qu'est-ce que la RQTH ?<\/h2>\t\t\t\t<\/div>\n\t\t\t\t<\/div>\n\t\t\t\t<div class=\"elementor-element elementor-element-83ac74c elementor-widget__width-initial elementor-widget elementor-widget-text-editor\" data-id=\"83ac74c\" data-element_type=\"widget\" data-e-type=\"widget\" data-widget_type=\"text-editor.default\">\n\t\t\t\t<div class=\"elementor-widget-container\">\n\t\t\t\t\t\t\t\t\t<p style=\"text-align: center;\"><span lang=\"fr\" style=\"font-size: 16.0pt; line-height: 101%; font-family: Tahoma; mso-default-font-family: Tahoma; mso-ascii-font-family: Tahoma; mso-latin-font-family: Tahoma; mso-greek-font-family: Tahoma; mso-cyrillic-font-family: Tahoma; mso-armenian-font-family: Tahoma; mso-thai-font-family: Tahoma; mso-currency-font-family: Tahoma; mso-latinext-font-family: Tahoma; language: fr; mso-ansi-language: fr; mso-font-width: 110%; mso-ligatures: none;\"><a href=\"https:\/\/www.tarn.educagri.fr\/fpca\/wp-content\/uploads\/2025\/11\/dcio.png\"><img decoding=\"async\" class=\"alignnone wp-image-10354\" src=\"https:\/\/www.tarn.educagri.fr\/fpca\/wp-content\/uploads\/2025\/11\/dcio.png\" alt=\"\" width=\"30\" height=\"30\" srcset=\"https:\/\/www.tarn.educagri.fr\/fpca\/wp-content\/uploads\/2025\/11\/dcio.png 225w, https:\/\/www.tarn.educagri.fr\/fpca\/wp-content\/uploads\/2025\/11\/dcio-150x150.png 150w\" sizes=\"(max-width: 30px) 100vw, 30px\" \/><\/a>\u00a0\u00a0 Reconnaissance de la Qualit\u00e9 de \u00ab\u00a0Travailleur Handicap\u00e9\u00a0\u00bb<br \/><\/span><\/p>\t\t\t\t\t\t\t\t<\/div>\n\t\t\t\t<\/div>\n\t\t\t\t<div class=\"elementor-element elementor-element-7bc4d8e elementor-widget__width-initial elementor-widget elementor-widget-text-editor\" data-id=\"7bc4d8e\" data-element_type=\"widget\" data-e-type=\"widget\" data-widget_type=\"text-editor.default\">\n\t\t\t\t<div class=\"elementor-widget-container\">\n\t\t\t\t\t\t\t\t\t<ul><li>Permet d&rsquo;\u00eatre <strong>reconnu travailleur handicap\u00e9<\/strong><\/li><li>Donne acc\u00e8s \u00e0 un <strong>ensemble de mesures<\/strong> mises en place pour <strong>favoriser l&rsquo;insertion professionnelle<\/strong> des personnes en situation de handicap<\/li><\/ul><div style=\"text-align: center;\"><strong>\u21d3<\/strong><\/div><div style=\"text-align: center;\">Que ce soit pour <strong>trouver un emploi<\/strong> mais aussi pour <strong>le conserver<\/strong>.<\/div>\t\t\t\t\t\t\t\t<\/div>\n\t\t\t\t<\/div>\n\t\t\t\t\t<\/div>\n\t\t<\/div>\n\t\t\t\t\t<\/div>\n\t\t<\/section>\n\t\t\t\t<section class=\"elementor-section elementor-top-section elementor-element elementor-element-9fbf99a elementor-section-boxed elementor-section-height-default elementor-section-height-default\" data-id=\"9fbf99a\" data-element_type=\"section\" data-e-type=\"section\">\n\t\t\t\t\t\t<div class=\"elementor-container elementor-column-gap-default\">\n\t\t\t\t\t<div class=\"elementor-column elementor-col-100 elementor-top-column elementor-element elementor-element-3a06ae9\" data-id=\"3a06ae9\" data-element_type=\"column\" data-e-type=\"column\">\n\t\t\t<div class=\"elementor-widget-wrap elementor-element-populated\">\n\t\t\t\t\t\t<div class=\"elementor-element elementor-element-f408d88 elementor-widget elementor-widget-heading\" data-id=\"f408d88\" data-element_type=\"widget\" data-e-type=\"widget\" data-widget_type=\"heading.default\">\n\t\t\t\t<div class=\"elementor-widget-container\">\n\t\t\t\t\t<h2 class=\"elementor-heading-title elementor-size-default\">Les d\u00e9ficiences cognitives<\/h2>\t\t\t\t<\/div>\n\t\t\t\t<\/div>\n\t\t\t\t<div class=\"elementor-element elementor-element-fc99e8c elementor-widget__width-initial elementor-widget elementor-widget-text-editor\" data-id=\"fc99e8c\" data-element_type=\"widget\" data-e-type=\"widget\" data-widget_type=\"text-editor.default\">\n\t\t\t\t<div class=\"elementor-widget-container\">\n\t\t\t\t\t\t\t\t\t<p style=\"text-align: center;\"><span lang=\"fr\" style=\"font-size: 16.0pt; line-height: 101%; font-family: Tahoma; mso-default-font-family: Tahoma; mso-ascii-font-family: Tahoma; mso-latin-font-family: Tahoma; mso-greek-font-family: Tahoma; mso-cyrillic-font-family: Tahoma; mso-armenian-font-family: Tahoma; mso-thai-font-family: Tahoma; mso-currency-font-family: Tahoma; mso-latinext-font-family: Tahoma; language: fr; mso-ansi-language: fr; mso-font-width: 110%; mso-ligatures: none;\">Troubles<\/span> <span lang=\"fr\" style=\"font-size: 16.0pt; line-height: 101%; font-family: Tahoma; mso-default-font-family: Tahoma; mso-ascii-font-family: Tahoma; mso-latin-font-family: Tahoma; mso-greek-font-family: Tahoma; mso-cyrillic-font-family: Tahoma; mso-armenian-font-family: Tahoma; mso-thai-font-family: Tahoma; mso-currency-font-family: Tahoma; mso-latinext-font-family: Tahoma; language: fr; mso-ansi-language: fr; mso-font-width: 110%; mso-ligatures: none;\">li\u00e9s<\/span> <span lang=\"fr\" style=\"font-size: 16.0pt; line-height: 101%; font-family: Tahoma; mso-default-font-family: Tahoma; mso-ascii-font-family: Tahoma; mso-latin-font-family: Tahoma; mso-greek-font-family: Tahoma; mso-cyrillic-font-family: Tahoma; mso-armenian-font-family: Tahoma; mso-thai-font-family: Tahoma; mso-currency-font-family: Tahoma; mso-latinext-font-family: Tahoma; language: fr; mso-ansi-language: fr; mso-font-width: 110%; mso-ligatures: none;\">\u00e0<\/span> <span lang=\"fr\" style=\"font-size: 16.0pt; line-height: 101%; font-family: Tahoma; mso-default-font-family: Tahoma; mso-ascii-font-family: Tahoma; mso-latin-font-family: Tahoma; mso-greek-font-family: Tahoma; mso-cyrillic-font-family: Tahoma; mso-armenian-font-family: Tahoma; mso-thai-font-family: Tahoma; mso-currency-font-family: Tahoma; mso-latinext-font-family: Tahoma; language: fr; mso-ansi-language: fr; mso-font-width: 110%; mso-ligatures: none;\">des perturbations<\/span> <span lang=\"fr\" style=\"font-size: 16.0pt; line-height: 101%; font-family: Tahoma; mso-default-font-family: Tahoma; mso-ascii-font-family: Tahoma; mso-latin-font-family: Tahoma; mso-greek-font-family: Tahoma; mso-cyrillic-font-family: Tahoma; mso-armenian-font-family: Tahoma; mso-thai-font-family: Tahoma; mso-currency-font-family: Tahoma; mso-latinext-font-family: Tahoma; language: fr; mso-ansi-language: fr; mso-font-width: 110%; mso-ligatures: none;\">neurobiologiques du<\/span> <span lang=\"fr\" style=\"font-size: 16.0pt; line-height: 101%; font-family: Tahoma; mso-default-font-family: Tahoma; mso-ascii-font-family: Tahoma; mso-latin-font-family: Tahoma; mso-greek-font-family: Tahoma; mso-cyrillic-font-family: Tahoma; mso-armenian-font-family: Tahoma; mso-thai-font-family: Tahoma; mso-currency-font-family: Tahoma; mso-latinext-font-family: Tahoma; language: fr; mso-ansi-language: fr; mso-font-width: 110%; mso-ligatures: none;\">d\u00e9veloppement <\/span><span lang=\"fr\" style=\"font-size: 16.0pt; line-height: 101%; font-family: Tahoma; mso-default-font-family: Tahoma; mso-ascii-font-family: Tahoma; mso-latin-font-family: Tahoma; mso-greek-font-family: Tahoma; mso-cyrillic-font-family: Tahoma; mso-armenian-font-family: Tahoma; mso-thai-font-family: Tahoma; mso-currency-font-family: Tahoma; mso-latinext-font-family: Tahoma; language: fr; mso-ansi-language: fr; mso-font-width: 110%; mso-ligatures: none;\">et<\/span> <span lang=\"fr\" style=\"font-size: 16.0pt; line-height: 101%; font-family: Tahoma; mso-default-font-family: Tahoma; mso-ascii-font-family: Tahoma; mso-latin-font-family: Tahoma; mso-greek-font-family: Tahoma; mso-cyrillic-font-family: Tahoma; mso-armenian-font-family: Tahoma; mso-thai-font-family: Tahoma; mso-currency-font-family: Tahoma; mso-latinext-font-family: Tahoma; language: fr; mso-ansi-language: fr; mso-font-width: 110%; mso-ligatures: none;\">de fonctionnement de plusieurs zones du cerveau<\/span><\/p>\t\t\t\t\t\t\t\t<\/div>\n\t\t\t\t<\/div>\n\t\t\t\t<div class=\"elementor-element elementor-element-aa7f04b elementor-widget__width-initial elementor-widget elementor-widget-text-editor\" data-id=\"aa7f04b\" data-element_type=\"widget\" data-e-type=\"widget\" data-widget_type=\"text-editor.default\">\n\t\t\t\t<div class=\"elementor-widget-container\">\n\t\t\t\t\t\t\t\t\t<h4><a href=\"https:\/\/www.tarn.educagri.fr\/fpca\/wp-content\/uploads\/2025\/11\/Image1.png\"><img decoding=\"async\" class=\"alignnone wp-image-10348\" src=\"https:\/\/www.tarn.educagri.fr\/fpca\/wp-content\/uploads\/2025\/11\/Image1-264x300.png\" alt=\"\" width=\"40\" height=\"45\" srcset=\"https:\/\/www.tarn.educagri.fr\/fpca\/wp-content\/uploads\/2025\/11\/Image1-264x300.png 264w, https:\/\/www.tarn.educagri.fr\/fpca\/wp-content\/uploads\/2025\/11\/Image1.png 336w\" sizes=\"(max-width: 40px) 100vw, 40px\" \/><\/a>\u00a0\u00a0 <span style=\"color: #ff9900;\"><b>Les<\/b> <b>Troubles<\/b> <b>Sp\u00e9cifiques<\/b> <b>des<\/b> <b>Apprentissages<\/b> <b>(Troubles<\/b> <b>\u00ab<\/b> <b>DYS<\/b> <b>\u00bb)<\/b><\/span><\/h4><div>\u00a0<\/div><p><span style=\"color: #333399;\"><b>DYSLEXIE<\/b> <b>:<\/b><\/span> Trouble sp\u00e9cifique du langage \u00e9crit. Elle induit des difficult\u00e9s d\u2019\u00e9criture et\/ou de lecture, entra\u00eene une fatigue cognitive notamment en \u00ab\u00a0double t\u00e2che\u00a0\u00bb, ainsi qu\u2019une forte anxi\u00e9t\u00e9.<\/p><p><span style=\"color: #333399;\"><b>DYSPRAXIE<\/b> <b>:<\/b><\/span> Trouble du d\u00e9veloppement de la coordination\u00a0; automatisme des gestes appris. Elle induit des difficult\u00e9s en lecture (lenteur de compr\u00e9hension associ\u00e9e), d\u2019\u00e9criture, de rep\u00e9rage dans l\u2019espace, d\u2019organisation, de planification. Elle entra\u00eene une fatigue cognitive importante, notamment en \u00ab\u00a0double t\u00e2che\u00a0\u00bb ainsi qu\u2019une forte anxi\u00e9t\u00e9.<\/p><p><span style=\"color: #333399;\"><b>DYSPHASIE<\/b> <b>:<\/b><\/span> Trouble sp\u00e9cifique du langage oral; expression et compr\u00e9hension orales affect\u00e9es<\/p><p><span style=\"color: #333399;\"><b>DYSGRAPHIE\u00a0: <\/b><\/span>Trouble de l\u2019apprentissage de l\u2019\u00e9criture<\/p><p><span style=\"color: #333399;\"><b>DYSCALCULIE\u00a0: <\/b><\/span>Trouble de la capacit\u00e9 \u00e0 comprendre et \u00e0 utiliser les nombres<\/p><p><span style=\"color: #333399;\"><b>DYSORTHOGRAPHIE\u00a0: <\/b><\/span>Trouble dans l\u2019acquisition et la ma\u00eetrise de l\u2019orthographe<\/p><p><span style=\"color: #333399;\"><b>TDA<\/b> <b>\/<\/b> <b>H<\/b> <b>:<\/b><\/span> Trouble du D\u00e9ficit de l&rsquo;Attention avec ou sans Hyperactivit\u00e9. Il affecte le contr\u00f4le attentionnel avec association non syst\u00e9matique d\u2019une forte impulsivit\u00e9 et\/ou une hyperactivit\u00e9 motrice. Il induit une fatigue cognitive, une forte anxi\u00e9t\u00e9, des difficult\u00e9s \u00e0 effectuer des t\u00e2ches et organiser son travail.<\/p><h4><span style=\"color: #ff9900;\"><b><a href=\"https:\/\/www.tarn.educagri.fr\/fpca\/wp-content\/uploads\/2025\/11\/Image2.png\"><img loading=\"lazy\" decoding=\"async\" class=\"alignnone wp-image-10349\" src=\"https:\/\/www.tarn.educagri.fr\/fpca\/wp-content\/uploads\/2025\/11\/Image2-300x270.png\" alt=\"\" width=\"50\" height=\"45\" srcset=\"https:\/\/www.tarn.educagri.fr\/fpca\/wp-content\/uploads\/2025\/11\/Image2-300x270.png 300w, https:\/\/www.tarn.educagri.fr\/fpca\/wp-content\/uploads\/2025\/11\/Image2.png 576w\" sizes=\"(max-width: 50px) 100vw, 50px\" \/><\/a>\u00a0\u00a0 Exemples de difficult\u00e9s potentielles en formation<\/b><\/span><\/h4><ul><li>Une lenteur pour assimiler, comprendre, lire ou \u00e9crire (manque d&rsquo;automatismes)<\/li><li>Des difficult\u00e9s d&rsquo;organisation et de planification du travail<\/li><li>Une anxi\u00e9t\u00e9 importante et une appr\u00e9hension des situations de formation<\/li><li>Une fatigabilit\u00e9 importante due \u00e0 une surcharge cognitive (efforts de contr\u00f4le permanents et recherche constante de strat\u00e9gies compensatoires<\/li><\/ul><h4><span style=\"color: #ff9900;\"><b><a href=\"https:\/\/www.tarn.educagri.fr\/fpca\/wp-content\/uploads\/2025\/11\/Image4.png\"><img loading=\"lazy\" decoding=\"async\" class=\"alignnone wp-image-10350\" src=\"https:\/\/www.tarn.educagri.fr\/fpca\/wp-content\/uploads\/2025\/11\/Image4-239x300.png\" alt=\"\" width=\"36\" height=\"45\" srcset=\"https:\/\/www.tarn.educagri.fr\/fpca\/wp-content\/uploads\/2025\/11\/Image4-239x300.png 239w, https:\/\/www.tarn.educagri.fr\/fpca\/wp-content\/uploads\/2025\/11\/Image4.png 298w\" sizes=\"(max-width: 36px) 100vw, 36px\" \/><\/a>\u00a0\u00a0 Exemples d\u2019adaptations en formation<\/b><\/span><\/h4><ul><li>Organisationnelles: <i>adapter<\/i> <i>le<\/i> <i>rythme<\/i> <i>de<\/i> formation {pauses fr\u00e9quentes}, sorties autoris\u00e9es<\/li><li>P\u00e9dagogiques : <i>adaptation<\/i> <i>des<\/i> <i>supports<\/i> <i>p\u00e9dagogiques<\/i> <i>(r\u00e8gles<\/i> <i>FALC)<\/i><\/li><li>Techniques : <i>stylo<\/i> <i>de lecture \u00e9lectronique, utilisation d\u2019ordinateur avec logiciels adapt\u00e9s, mat\u00e9riels TDAH (balle anti-stress, fidget, ballon d\u2019assise&#8230;)<\/i><\/li><li>Humaines : <i>soutien<\/i> <i>p\u00e9dagogique<\/i> <i>individuel<\/i> <i>(reprise<\/i> <i>des<\/i> <i>notions), explication des consignes<\/i><\/li><\/ul>\t\t\t\t\t\t\t\t<\/div>\n\t\t\t\t<\/div>\n\t\t\t\t\t<\/div>\n\t\t<\/div>\n\t\t\t\t\t<\/div>\n\t\t<\/section>\n\t\t\t\t<section class=\"elementor-section elementor-top-section elementor-element elementor-element-976cc35 elementor-section-boxed elementor-section-height-default elementor-section-height-default\" data-id=\"976cc35\" data-element_type=\"section\" data-e-type=\"section\">\n\t\t\t\t\t\t<div class=\"elementor-container elementor-column-gap-default\">\n\t\t\t\t\t<div class=\"elementor-column elementor-col-100 elementor-top-column elementor-element elementor-element-ecc756a\" data-id=\"ecc756a\" data-element_type=\"column\" data-e-type=\"column\">\n\t\t\t<div class=\"elementor-widget-wrap elementor-element-populated\">\n\t\t\t\t\t\t<div class=\"elementor-element elementor-element-aa2cfcc elementor-widget elementor-widget-heading\" data-id=\"aa2cfcc\" data-element_type=\"widget\" data-e-type=\"widget\" data-widget_type=\"heading.default\">\n\t\t\t\t<div class=\"elementor-widget-container\">\n\t\t\t\t\t<h2 class=\"elementor-heading-title elementor-size-default\">Les diff\u00e9rentes formes d'accessibilit\u00e9 \/ compension<\/h2>\t\t\t\t<\/div>\n\t\t\t\t<\/div>\n\t\t\t\t<div class=\"elementor-element elementor-element-fc0549d elementor-widget__width-initial elementor-widget elementor-widget-text-editor\" data-id=\"fc0549d\" data-element_type=\"widget\" data-e-type=\"widget\" data-widget_type=\"text-editor.default\">\n\t\t\t\t<div class=\"elementor-widget-container\">\n\t\t\t\t\t\t\t\t\t<h4><a href=\"https:\/\/www.tarn.educagri.fr\/fpca\/wp-content\/uploads\/2025\/11\/I1.png\"><img loading=\"lazy\" decoding=\"async\" class=\"alignnone wp-image-10356\" src=\"https:\/\/www.tarn.educagri.fr\/fpca\/wp-content\/uploads\/2025\/11\/I1.png\" alt=\"\" width=\"47\" height=\"50\" \/><\/a>\u00a0<span style=\"direction: ltr; unicode-bidi: embed; font-family: Symbol; font-size: 10.0pt; language: x-none; color: black;\">\u00b7<\/span><span style=\"width: 9.5pt;\">\u00a0<\/span><span lang=\"fr\" style=\"font-size: 8.0pt; line-height: 119%; font-family: Tahoma; mso-default-font-family: Tahoma; mso-ascii-font-family: Tahoma; mso-latin-font-family: Tahoma; mso-greek-font-family: Tahoma; mso-cyrillic-font-family: Tahoma; mso-armenian-font-family: Tahoma; mso-thai-font-family: Tahoma; mso-currency-font-family: Tahoma; mso-latinext-font-family: Tahoma; language: fr; mso-ansi-language: fr; mso-ligatures: none;\">Organisationnelles (organisation du temps de travail, de la charge de travail, \u2026) : des s\u00e9quences de travail ou de formation pr\u00e9vues pour \u00eatre modulables en terme de dur\u00e9e, de rythme, une alternance pr\u00e9sentiel \/ distanciel, des pauses r\u00e9guli\u00e8res et la mise \u00e0 disposition d\u2019une salle de repos, une salle de r\u00e9f\u00e9rence pour optimiser le rep\u00e9rage, la mise en place d\u2019une signal\u00e9tique adapt\u00e9e au sein des locaux\u2026<\/span><\/h4><p style=\"mso-pagination: none; text-align: justify; text-justify: newspaper; text-kashida-space: 50%; margin-bottom: 0pt;\"><span lang=\"fr\" style=\"font-size: 3.0pt; line-height: 119%; font-family: Tahoma; mso-default-font-family: Tahoma; mso-ascii-font-family: Tahoma; mso-latin-font-family: Tahoma; mso-greek-font-family: Tahoma; mso-cyrillic-font-family: Tahoma; mso-armenian-font-family: Tahoma; mso-thai-font-family: Tahoma; mso-currency-font-family: Tahoma; mso-latinext-font-family: Tahoma; language: fr; mso-ansi-language: fr; mso-ligatures: none;\">\u00a0<\/span><\/p><p style=\"mso-pagination: none; text-align: justify; text-justify: newspaper; text-kashida-space: 50%; margin-left: 14.1731pt; text-indent: -14.1731pt; margin-bottom: 0pt; mso-level-number-format: bullet; mso-level-text: \u00b7; mso-level-size: 10.0pt; mso-level-font-family: Symbol; mso-level-indent: 14.1731pt;\"><span style=\"direction: ltr; unicode-bidi: embed; font-family: Symbol; font-size: 10.0pt; language: x-none; color: black;\"><a href=\"https:\/\/www.tarn.educagri.fr\/fpca\/wp-content\/uploads\/2025\/11\/I2.png\"><img loading=\"lazy\" decoding=\"async\" class=\"alignnone wp-image-10357\" src=\"https:\/\/www.tarn.educagri.fr\/fpca\/wp-content\/uploads\/2025\/11\/I2.png\" alt=\"\" width=\"66\" height=\"50\" \/><\/a>\u00b7<\/span><span style=\"width: 9.5pt;\">\u00a0<\/span><span lang=\"fr\" style=\"font-size: 8.0pt; line-height: 119%; font-family: Tahoma; mso-default-font-family: Tahoma; mso-ascii-font-family: Tahoma; mso-latin-font-family: Tahoma; mso-greek-font-family: Tahoma; mso-cyrillic-font-family: Tahoma; mso-armenian-font-family: Tahoma; mso-thai-font-family: Tahoma; mso-currency-font-family: Tahoma; mso-latinext-font-family: Tahoma; language: fr; mso-ansi-language: fr; mso-ligatures: none;\">P\u00e9dagogiques : des supports adapt\u00e9s (m\u00e9thode FALC) et num\u00e9ris\u00e9s, transmettre les supports en amont des s\u00e9ances, alterner les modalit\u00e9s p\u00e9dagogiques, des modalit\u00e9s d\u2019animation permettant la formalisation syst\u00e9matique des objectifs au d\u00e9marrage d\u2019une s\u00e9ance et des points \u00e0 retenir en fin de s\u00e9ance, l\u2019am\u00e9nagement des examens et des modalit\u00e9s g\u00e9n\u00e9rales d\u2019\u00e9valuation\u2026<\/span><\/p><p style=\"mso-pagination: none; text-align: justify; text-justify: newspaper; text-kashida-space: 50%; margin-left: 14.1731pt; text-indent: -14.1731pt; margin-bottom: 0pt;\"><span lang=\"fr\" style=\"font-size: 3.0pt; line-height: 119%; font-family: Tahoma; mso-default-font-family: Tahoma; mso-ascii-font-family: Tahoma; mso-latin-font-family: Tahoma; mso-greek-font-family: Tahoma; mso-cyrillic-font-family: Tahoma; mso-armenian-font-family: Tahoma; mso-thai-font-family: Tahoma; mso-currency-font-family: Tahoma; mso-latinext-font-family: Tahoma; language: fr; mso-ansi-language: fr; mso-ligatures: none;\">\u00a0<\/span><\/p><p style=\"mso-pagination: none; text-align: justify; text-justify: newspaper; text-kashida-space: 50%; margin-left: 14.1731pt; text-indent: -14.1731pt; margin-bottom: 0pt; mso-level-number-format: bullet; mso-level-text: \u00b7; mso-level-size: 10.0pt; mso-level-font-family: Symbol; mso-level-indent: 14.1731pt;\"><span style=\"direction: ltr; unicode-bidi: embed; font-family: Symbol; font-size: 10.0pt; language: x-none; color: black;\"><a href=\"https:\/\/www.tarn.educagri.fr\/fpca\/wp-content\/uploads\/2025\/11\/I3.png\"><img loading=\"lazy\" decoding=\"async\" class=\"alignnone wp-image-10358\" src=\"https:\/\/www.tarn.educagri.fr\/fpca\/wp-content\/uploads\/2025\/11\/I3.png\" alt=\"\" width=\"49\" height=\"50\" \/><\/a>\u00b7<\/span><span style=\"width: 9.5pt;\">\u00a0<\/span><span lang=\"fr\" style=\"font-size: 8.0pt; line-height: 119%; font-family: Tahoma; mso-default-font-family: Tahoma; mso-ascii-font-family: Tahoma; mso-latin-font-family: Tahoma; mso-greek-font-family: Tahoma; mso-cyrillic-font-family: Tahoma; mso-armenian-font-family: Tahoma; mso-thai-font-family: Tahoma; mso-currency-font-family: Tahoma; mso-latinext-font-family: Tahoma; language: fr; mso-ansi-language: fr; mso-ligatures: none;\">Techniques (ergonomie de poste, mat\u00e9riel adapt\u00e9\u2026) : si\u00e8ges ergonomiques, repose-pieds, tables r\u00e9glables en hauteur, claviers et souris ergonomiques, logiciels de reconnaissance et de synth\u00e8se vocale, boucles magn\u00e9tiques, t\u00e9l\u00e9agrandisseur, lampes de bureau avec variateur d\u2019intensit\u00e9\u2026<\/span><\/p><p style=\"mso-pagination: none; text-align: justify; text-justify: newspaper; text-kashida-space: 50%; margin-left: 14.1731pt; text-indent: -14.1731pt; margin-bottom: 0pt;\"><span lang=\"fr\" style=\"font-size: 3.0pt; line-height: 119%; font-family: Tahoma; mso-default-font-family: Tahoma; mso-ascii-font-family: Tahoma; mso-latin-font-family: Tahoma; mso-greek-font-family: Tahoma; mso-cyrillic-font-family: Tahoma; mso-armenian-font-family: Tahoma; mso-thai-font-family: Tahoma; mso-currency-font-family: Tahoma; mso-latinext-font-family: Tahoma; language: fr; mso-ansi-language: fr; mso-ligatures: none;\">\u00a0<\/span><\/p><p style=\"mso-pagination: none; text-align: justify; text-justify: newspaper; text-kashida-space: 50%; margin-left: 14.1731pt; text-indent: -14.1731pt; margin-bottom: 0pt; mso-level-number-format: bullet; mso-level-text: \u00b7; mso-level-size: 10.0pt; mso-level-font-family: Symbol; mso-level-indent: 14.1731pt;\"><span style=\"direction: ltr; unicode-bidi: embed; font-family: Symbol; font-size: 10.0pt; language: x-none; color: black;\"><a href=\"https:\/\/www.tarn.educagri.fr\/fpca\/wp-content\/uploads\/2025\/11\/I4.png\"><img loading=\"lazy\" decoding=\"async\" class=\"alignnone wp-image-10359\" src=\"https:\/\/www.tarn.educagri.fr\/fpca\/wp-content\/uploads\/2025\/11\/I4.png\" alt=\"\" width=\"50\" height=\"50\" srcset=\"https:\/\/www.tarn.educagri.fr\/fpca\/wp-content\/uploads\/2025\/11\/I4.png 198w, https:\/\/www.tarn.educagri.fr\/fpca\/wp-content\/uploads\/2025\/11\/I4-150x150.png 150w\" sizes=\"(max-width: 50px) 100vw, 50px\" \/><\/a>\u00b7<\/span><span style=\"width: 9.5pt;\">\u00a0<\/span><span lang=\"fr\" style=\"font-size: 8.0pt; line-height: 119%; font-family: Tahoma; mso-default-font-family: Tahoma; mso-ascii-font-family: Tahoma; mso-latin-font-family: Tahoma; mso-greek-font-family: Tahoma; mso-cyrillic-font-family: Tahoma; mso-armenian-font-family: Tahoma; mso-thai-font-family: Tahoma; mso-currency-font-family: Tahoma; mso-latinext-font-family: Tahoma; language: fr; mso-ansi-language: fr; mso-ligatures: none;\">Humaines : intervention d\u2019un interface professionnel, d\u2019une preneur de notes, d\u2019un interpr\u00e8te LSF ou d\u2019un interface de communication, d\u00e9signation d\u2019un tuteur, proposition d\u2019un soutien p\u00e9dagogique, bienveillance du collectif, &#8230;<\/span><\/p><p style=\"mso-pagination: none;\"><span lang=\"fr\" style=\"language: fr; mso-ligatures: none;\">\u00a0<\/span><span lang=\"fr\" style=\"font-size: 9pt; line-height: 119%; font-family: Tahoma; color: #003366;\">+ <\/span><span lang=\"fr\" style=\"font-size: 9.0pt; line-height: 119%; font-family: Tahoma; mso-default-font-family: Tahoma; mso-ascii-font-family: Tahoma; mso-latin-font-family: Tahoma; mso-greek-font-family: Tahoma; mso-cyrillic-font-family: Tahoma; mso-armenian-font-family: Tahoma; mso-thai-font-family: Tahoma; mso-currency-font-family: Tahoma; mso-latinext-font-family: Tahoma; color: #003366; font-weight: bold; language: fr; mso-ansi-language: fr; mso-ligatures: none;\">Sensibilisation de l\u2019environnement humain de travail, de formation, &#8230;<\/span><span lang=\"fr\" style=\"language: fr; mso-ligatures: none;\"> <br \/><\/span><\/p><div>\u00a0<\/div>\t\t\t\t\t\t\t\t<\/div>\n\t\t\t\t<\/div>\n\t\t\t\t\t<\/div>\n\t\t<\/div>\n\t\t\t\t\t<\/div>\n\t\t<\/section>\n\t\t\t\t<section class=\"elementor-section elementor-top-section elementor-element elementor-element-936c2b9 elementor-section-boxed elementor-section-height-default elementor-section-height-default\" data-id=\"936c2b9\" data-element_type=\"section\" data-e-type=\"section\">\n\t\t\t\t\t\t<div class=\"elementor-container elementor-column-gap-default\">\n\t\t\t\t\t\t<\/div>\n\t\t<\/section>\n\t\t\t\t<\/div>\n\t\t","protected":false},"excerpt":{"rendered":"<p>Un Lieu d&rsquo;Accompagnement Pour les Apprenants en situation de handicap Du rep\u00e9rage \u00e0 l&rsquo;accompagnement Vous n&rsquo;\u00eates pas seul Les missions du R\u00e9f\u00e9rent Handicap au sein&hellip;<\/p>\n","protected":false},"author":10,"featured_media":0,"parent":0,"menu_order":0,"comment_status":"closed","ping_status":"closed","template":"","meta":{"footnotes":""},"class_list":["post-10335","page","type-page","status-publish","hentry"],"yoast_head":"<!-- This site is optimized with the Yoast SEO plugin v27.4 - https:\/\/yoast.com\/product\/yoast-seo-wordpress\/ -->\n<title>Un Lieu d&#039;Accompagnement - Handicap - Formation Professionnelle Continue et Apprentissage<\/title>\n<meta name=\"description\" content=\"Se former aux m\u00e9tiers de l&#039;environnement, du paysage, de l&#039;horticulture et de l&#039;agriculture. Formations pour apprentis, demandeurs d&#039;emploi.\" \/>\n<meta name=\"robots\" content=\"index, follow, max-snippet:-1, max-image-preview:large, max-video-preview:-1\" \/>\n<link rel=\"canonical\" href=\"https:\/\/www.tarn.educagri.fr\/fpca\/lieu-accompagnement_handicap\/\" \/>\n<meta property=\"og:locale\" content=\"fr_FR\" \/>\n<meta property=\"og:type\" content=\"article\" \/>\n<meta property=\"og:title\" content=\"Un Lieu d&#039;Accompagnement - Handicap - Formation Professionnelle Continue et Apprentissage\" \/>\n<meta property=\"og:description\" content=\"Se former aux m\u00e9tiers de l&#039;environnement, du paysage, de l&#039;horticulture et de l&#039;agriculture. Formations pour apprentis, demandeurs d&#039;emploi.\" \/>\n<meta property=\"og:url\" content=\"https:\/\/www.tarn.educagri.fr\/fpca\/lieu-accompagnement_handicap\/\" \/>\n<meta property=\"og:site_name\" content=\"Formation Professionnelle Continue et Apprentissage\" \/>\n<meta property=\"article:modified_time\" content=\"2025-12-01T10:26:53+00:00\" \/>\n<meta property=\"og:image\" content=\"https:\/\/www.tarn.educagri.fr\/fpca\/wp-content\/uploads\/2019\/03\/1.jpg\" \/>\n\t<meta property=\"og:image:width\" content=\"479\" \/>\n\t<meta property=\"og:image:height\" content=\"269\" \/>\n\t<meta property=\"og:image:type\" content=\"image\/jpeg\" \/>\n<meta name=\"twitter:card\" content=\"summary_large_image\" \/>\n<meta name=\"twitter:label1\" content=\"Dur\u00e9e de lecture estim\u00e9e\" \/>\n\t<meta name=\"twitter:data1\" content=\"6 minutes\" \/>\n<script type=\"application\/ld+json\" class=\"yoast-schema-graph\">{\"@context\":\"https:\\\/\\\/schema.org\",\"@graph\":[{\"@type\":\"WebPage\",\"@id\":\"https:\\\/\\\/www.tarn.educagri.fr\\\/fpca\\\/lieu-accompagnement_handicap\\\/\",\"url\":\"https:\\\/\\\/www.tarn.educagri.fr\\\/fpca\\\/lieu-accompagnement_handicap\\\/\",\"name\":\"Un Lieu d'Accompagnement - Handicap - Formation Professionnelle Continue et Apprentissage\",\"isPartOf\":{\"@id\":\"https:\\\/\\\/www.tarn.educagri.fr\\\/fpca\\\/#website\"},\"primaryImageOfPage\":{\"@id\":\"https:\\\/\\\/www.tarn.educagri.fr\\\/fpca\\\/lieu-accompagnement_handicap\\\/#primaryimage\"},\"image\":{\"@id\":\"https:\\\/\\\/www.tarn.educagri.fr\\\/fpca\\\/lieu-accompagnement_handicap\\\/#primaryimage\"},\"thumbnailUrl\":\"https:\\\/\\\/www.tarn.educagri.fr\\\/fpca\\\/wp-content\\\/uploads\\\/2025\\\/12\\\/Process-Handicap-FPCA-Fonlabour-1024x720.png\",\"datePublished\":\"2025-11-24T14:26:44+00:00\",\"dateModified\":\"2025-12-01T10:26:53+00:00\",\"description\":\"Se former aux m\u00e9tiers de l'environnement, du paysage, de l'horticulture et de l'agriculture. Formations pour apprentis, demandeurs d'emploi.\",\"breadcrumb\":{\"@id\":\"https:\\\/\\\/www.tarn.educagri.fr\\\/fpca\\\/lieu-accompagnement_handicap\\\/#breadcrumb\"},\"inLanguage\":\"fr-FR\",\"potentialAction\":[{\"@type\":\"ReadAction\",\"target\":[\"https:\\\/\\\/www.tarn.educagri.fr\\\/fpca\\\/lieu-accompagnement_handicap\\\/\"]}]},{\"@type\":\"ImageObject\",\"inLanguage\":\"fr-FR\",\"@id\":\"https:\\\/\\\/www.tarn.educagri.fr\\\/fpca\\\/lieu-accompagnement_handicap\\\/#primaryimage\",\"url\":\"https:\\\/\\\/www.tarn.educagri.fr\\\/fpca\\\/wp-content\\\/uploads\\\/2025\\\/12\\\/Process-Handicap-FPCA-Fonlabour.png\",\"contentUrl\":\"https:\\\/\\\/www.tarn.educagri.fr\\\/fpca\\\/wp-content\\\/uploads\\\/2025\\\/12\\\/Process-Handicap-FPCA-Fonlabour.png\",\"width\":1270,\"height\":893},{\"@type\":\"BreadcrumbList\",\"@id\":\"https:\\\/\\\/www.tarn.educagri.fr\\\/fpca\\\/lieu-accompagnement_handicap\\\/#breadcrumb\",\"itemListElement\":[{\"@type\":\"ListItem\",\"position\":1,\"name\":\"Accueil\",\"item\":\"https:\\\/\\\/www.tarn.educagri.fr\\\/fpca\\\/\"},{\"@type\":\"ListItem\",\"position\":2,\"name\":\"Un Lieu d&rsquo;Accompagnement &#8211; Handicap\"}]},{\"@type\":\"WebSite\",\"@id\":\"https:\\\/\\\/www.tarn.educagri.fr\\\/fpca\\\/#website\",\"url\":\"https:\\\/\\\/www.tarn.educagri.fr\\\/fpca\\\/\",\"name\":\"Formation Professionnelle Continue et Apprentissage\",\"description\":\"TARN : Des formations actions adapt\u00e9es \u00e0 vos besoins, orient\u00e9es vers la comp\u00e9tence\",\"publisher\":{\"@id\":\"https:\\\/\\\/www.tarn.educagri.fr\\\/fpca\\\/#organization\"},\"potentialAction\":[{\"@type\":\"SearchAction\",\"target\":{\"@type\":\"EntryPoint\",\"urlTemplate\":\"https:\\\/\\\/www.tarn.educagri.fr\\\/fpca\\\/?s={search_term_string}\"},\"query-input\":{\"@type\":\"PropertyValueSpecification\",\"valueRequired\":true,\"valueName\":\"search_term_string\"}}],\"inLanguage\":\"fr-FR\"},{\"@type\":\"Organization\",\"@id\":\"https:\\\/\\\/www.tarn.educagri.fr\\\/fpca\\\/#organization\",\"name\":\"Formation professionnelle continue et de l'apprentissage du Tarn\",\"url\":\"https:\\\/\\\/www.tarn.educagri.fr\\\/fpca\\\/\",\"logo\":{\"@type\":\"ImageObject\",\"inLanguage\":\"fr-FR\",\"@id\":\"https:\\\/\\\/www.tarn.educagri.fr\\\/fpca\\\/#\\\/schema\\\/logo\\\/image\\\/\",\"url\":\"https:\\\/\\\/www.tarn.educagri.fr\\\/fpca\\\/wp-content\\\/uploads\\\/2019\\\/01\\\/LOGO_CFAAH_CFPPA_Tarn.png\",\"contentUrl\":\"https:\\\/\\\/www.tarn.educagri.fr\\\/fpca\\\/wp-content\\\/uploads\\\/2019\\\/01\\\/LOGO_CFAAH_CFPPA_Tarn.png\",\"width\":2113,\"height\":2422,\"caption\":\"Formation professionnelle continue et de l'apprentissage du Tarn\"},\"image\":{\"@id\":\"https:\\\/\\\/www.tarn.educagri.fr\\\/fpca\\\/#\\\/schema\\\/logo\\\/image\\\/\"}}]}<\/script>\n<!-- \/ Yoast SEO plugin. -->","yoast_head_json":{"title":"Un Lieu d'Accompagnement - Handicap - Formation Professionnelle Continue et Apprentissage","description":"Se former aux m\u00e9tiers de l'environnement, du paysage, de l'horticulture et de l'agriculture. Formations pour apprentis, demandeurs d'emploi.","robots":{"index":"index","follow":"follow","max-snippet":"max-snippet:-1","max-image-preview":"max-image-preview:large","max-video-preview":"max-video-preview:-1"},"canonical":"https:\/\/www.tarn.educagri.fr\/fpca\/lieu-accompagnement_handicap\/","og_locale":"fr_FR","og_type":"article","og_title":"Un Lieu d'Accompagnement - Handicap - Formation Professionnelle Continue et Apprentissage","og_description":"Se former aux m\u00e9tiers de l'environnement, du paysage, de l'horticulture et de l'agriculture. Formations pour apprentis, demandeurs d'emploi.","og_url":"https:\/\/www.tarn.educagri.fr\/fpca\/lieu-accompagnement_handicap\/","og_site_name":"Formation Professionnelle Continue et Apprentissage","article_modified_time":"2025-12-01T10:26:53+00:00","og_image":[{"width":479,"height":269,"url":"https:\/\/www.tarn.educagri.fr\/fpca\/wp-content\/uploads\/2019\/03\/1.jpg","type":"image\/jpeg"}],"twitter_card":"summary_large_image","twitter_misc":{"Dur\u00e9e de lecture estim\u00e9e":"6 minutes"},"schema":{"@context":"https:\/\/schema.org","@graph":[{"@type":"WebPage","@id":"https:\/\/www.tarn.educagri.fr\/fpca\/lieu-accompagnement_handicap\/","url":"https:\/\/www.tarn.educagri.fr\/fpca\/lieu-accompagnement_handicap\/","name":"Un Lieu d'Accompagnement - Handicap - Formation Professionnelle Continue et Apprentissage","isPartOf":{"@id":"https:\/\/www.tarn.educagri.fr\/fpca\/#website"},"primaryImageOfPage":{"@id":"https:\/\/www.tarn.educagri.fr\/fpca\/lieu-accompagnement_handicap\/#primaryimage"},"image":{"@id":"https:\/\/www.tarn.educagri.fr\/fpca\/lieu-accompagnement_handicap\/#primaryimage"},"thumbnailUrl":"https:\/\/www.tarn.educagri.fr\/fpca\/wp-content\/uploads\/2025\/12\/Process-Handicap-FPCA-Fonlabour-1024x720.png","datePublished":"2025-11-24T14:26:44+00:00","dateModified":"2025-12-01T10:26:53+00:00","description":"Se former aux m\u00e9tiers de l'environnement, du paysage, de l'horticulture et de l'agriculture. Formations pour apprentis, demandeurs d'emploi.","breadcrumb":{"@id":"https:\/\/www.tarn.educagri.fr\/fpca\/lieu-accompagnement_handicap\/#breadcrumb"},"inLanguage":"fr-FR","potentialAction":[{"@type":"ReadAction","target":["https:\/\/www.tarn.educagri.fr\/fpca\/lieu-accompagnement_handicap\/"]}]},{"@type":"ImageObject","inLanguage":"fr-FR","@id":"https:\/\/www.tarn.educagri.fr\/fpca\/lieu-accompagnement_handicap\/#primaryimage","url":"https:\/\/www.tarn.educagri.fr\/fpca\/wp-content\/uploads\/2025\/12\/Process-Handicap-FPCA-Fonlabour.png","contentUrl":"https:\/\/www.tarn.educagri.fr\/fpca\/wp-content\/uploads\/2025\/12\/Process-Handicap-FPCA-Fonlabour.png","width":1270,"height":893},{"@type":"BreadcrumbList","@id":"https:\/\/www.tarn.educagri.fr\/fpca\/lieu-accompagnement_handicap\/#breadcrumb","itemListElement":[{"@type":"ListItem","position":1,"name":"Accueil","item":"https:\/\/www.tarn.educagri.fr\/fpca\/"},{"@type":"ListItem","position":2,"name":"Un Lieu d&rsquo;Accompagnement &#8211; Handicap"}]},{"@type":"WebSite","@id":"https:\/\/www.tarn.educagri.fr\/fpca\/#website","url":"https:\/\/www.tarn.educagri.fr\/fpca\/","name":"Formation Professionnelle Continue et Apprentissage","description":"TARN : Des formations actions adapt\u00e9es \u00e0 vos besoins, orient\u00e9es vers la comp\u00e9tence","publisher":{"@id":"https:\/\/www.tarn.educagri.fr\/fpca\/#organization"},"potentialAction":[{"@type":"SearchAction","target":{"@type":"EntryPoint","urlTemplate":"https:\/\/www.tarn.educagri.fr\/fpca\/?s={search_term_string}"},"query-input":{"@type":"PropertyValueSpecification","valueRequired":true,"valueName":"search_term_string"}}],"inLanguage":"fr-FR"},{"@type":"Organization","@id":"https:\/\/www.tarn.educagri.fr\/fpca\/#organization","name":"Formation professionnelle continue et de l'apprentissage du Tarn","url":"https:\/\/www.tarn.educagri.fr\/fpca\/","logo":{"@type":"ImageObject","inLanguage":"fr-FR","@id":"https:\/\/www.tarn.educagri.fr\/fpca\/#\/schema\/logo\/image\/","url":"https:\/\/www.tarn.educagri.fr\/fpca\/wp-content\/uploads\/2019\/01\/LOGO_CFAAH_CFPPA_Tarn.png","contentUrl":"https:\/\/www.tarn.educagri.fr\/fpca\/wp-content\/uploads\/2019\/01\/LOGO_CFAAH_CFPPA_Tarn.png","width":2113,"height":2422,"caption":"Formation professionnelle continue et de l'apprentissage du Tarn"},"image":{"@id":"https:\/\/www.tarn.educagri.fr\/fpca\/#\/schema\/logo\/image\/"}}]}},"_links":{"self":[{"href":"https:\/\/www.tarn.educagri.fr\/fpca\/wp-json\/wp\/v2\/pages\/10335","targetHints":{"allow":["GET"]}}],"collection":[{"href":"https:\/\/www.tarn.educagri.fr\/fpca\/wp-json\/wp\/v2\/pages"}],"about":[{"href":"https:\/\/www.tarn.educagri.fr\/fpca\/wp-json\/wp\/v2\/types\/page"}],"author":[{"embeddable":true,"href":"https:\/\/www.tarn.educagri.fr\/fpca\/wp-json\/wp\/v2\/users\/10"}],"replies":[{"embeddable":true,"href":"https:\/\/www.tarn.educagri.fr\/fpca\/wp-json\/wp\/v2\/comments?post=10335"}],"version-history":[{"count":28,"href":"https:\/\/www.tarn.educagri.fr\/fpca\/wp-json\/wp\/v2\/pages\/10335\/revisions"}],"predecessor-version":[{"id":10397,"href":"https:\/\/www.tarn.educagri.fr\/fpca\/wp-json\/wp\/v2\/pages\/10335\/revisions\/10397"}],"wp:attachment":[{"href":"https:\/\/www.tarn.educagri.fr\/fpca\/wp-json\/wp\/v2\/media?parent=10335"}],"curies":[{"name":"wp","href":"https:\/\/api.w.org\/{rel}","templated":true}]}}