{"id":1717,"date":"2019-01-12T18:18:54","date_gmt":"2019-01-12T17:18:54","guid":{"rendered":"https:\/\/www.tarn.educagri.fr\/fpca\/?page_id=1717"},"modified":"2019-02-04T17:26:04","modified_gmt":"2019-02-04T16:26:04","slug":"mon-parcours","status":"publish","type":"page","link":"https:\/\/www.tarn.educagri.fr\/fpca\/mon-parcours\/","title":{"rendered":"Mon parcours"},"content":{"rendered":"\t\t<div data-elementor-type=\"wp-post\" data-elementor-id=\"1717\" class=\"elementor elementor-1717 elementor-bc-flex-widget\" data-elementor-post-type=\"page\">\n\t\t\t\t\t\t<section class=\"elementor-section elementor-top-section elementor-element elementor-element-8295f48 elementor-section-boxed elementor-section-height-default elementor-section-height-default\" data-id=\"8295f48\" data-element_type=\"section\" data-e-type=\"section\" data-settings=\"{&quot;background_background&quot;:&quot;classic&quot;}\">\n\t\t\t\t\t\t<div class=\"elementor-container elementor-column-gap-default\">\n\t\t\t\t\t<div class=\"elementor-column elementor-col-50 elementor-top-column elementor-element elementor-element-c537451\" data-id=\"c537451\" data-element_type=\"column\" data-e-type=\"column\" data-settings=\"{&quot;background_background&quot;:&quot;classic&quot;}\">\n\t\t\t<div class=\"elementor-widget-wrap elementor-element-populated\">\n\t\t\t\t\t\t<div class=\"elementor-element elementor-element-2c63619 elementor-widget elementor-widget-heading\" data-id=\"2c63619\" data-element_type=\"widget\" data-e-type=\"widget\" data-widget_type=\"heading.default\">\n\t\t\t\t<div class=\"elementor-widget-container\">\n\t\t\t\t\t<h2 class=\"elementor-heading-title elementor-size-default\">Comment se construit votre parcours ?<\/h2>\t\t\t\t<\/div>\n\t\t\t\t<\/div>\n\t\t\t\t<div class=\"elementor-element elementor-element-b2abc38 elementor-widget elementor-widget-text-editor\" data-id=\"b2abc38\" data-element_type=\"widget\" data-e-type=\"widget\" data-widget_type=\"text-editor.default\">\n\t\t\t\t<div class=\"elementor-widget-container\">\n\t\t\t\t\t\t\t\t\t<p>Parce que chaque individu est unique et poss\u00e8de son propre rythme et ses modalit\u00e9s d\u2019apprentissage, nous construisons pour vous des parcours d\u2019efficience visant \u00e0 d\u00e9velopper vos comp\u00e9tences en fonction de votre profil d\u2019apprentissage, de vos contraintes et de vos objectifs.<br \/>Chaque parcours est individualis\u00e9 et s\u2019adapte au rythme et au fonctionnement de chaque apprenant. Nous mixons les approches en utilisant toutes les ressources de formation\u00a0 en ligne et\/ou en pr\u00e9sentiel. Chacune des \u00e9tapes de votre parcours fait l\u2019objet d\u2019une validation des acquis en lien avec les objectifs initiaux.<\/p>\t\t\t\t\t\t\t\t<\/div>\n\t\t\t\t<\/div>\n\t\t\t\t\t<\/div>\n\t\t<\/div>\n\t\t\t\t<div class=\"elementor-column elementor-col-50 elementor-top-column elementor-element elementor-element-d661d2f\" data-id=\"d661d2f\" data-element_type=\"column\" data-e-type=\"column\">\n\t\t\t<div class=\"elementor-widget-wrap elementor-element-populated\">\n\t\t\t\t\t\t<div class=\"elementor-element elementor-element-5d77c44 elementor-widget elementor-widget-image\" data-id=\"5d77c44\" data-element_type=\"widget\" data-e-type=\"widget\" data-widget_type=\"image.default\">\n\t\t\t\t<div class=\"elementor-widget-container\">\n\t\t\t\t\t\t\t\t\t\t\t\t\t\t\t<img fetchpriority=\"high\" decoding=\"async\" width=\"300\" height=\"300\" src=\"https:\/\/www.tarn.educagri.fr\/fpca\/wp-content\/uploads\/2019\/01\/formations-parcours-300x300.jpg\" class=\"attachment-medium size-medium wp-image-1853\" alt=\"\" srcset=\"https:\/\/www.tarn.educagri.fr\/fpca\/wp-content\/uploads\/2019\/01\/formations-parcours-300x300.jpg 300w, https:\/\/www.tarn.educagri.fr\/fpca\/wp-content\/uploads\/2019\/01\/formations-parcours-150x150.jpg 150w, https:\/\/www.tarn.educagri.fr\/fpca\/wp-content\/uploads\/2019\/01\/formations-parcours-45x45.jpg 45w, https:\/\/www.tarn.educagri.fr\/fpca\/wp-content\/uploads\/2019\/01\/formations-parcours.jpg 544w\" sizes=\"(max-width: 300px) 100vw, 300px\" \/>\t\t\t\t\t\t\t\t\t\t\t\t\t\t\t<\/div>\n\t\t\t\t<\/div>\n\t\t\t\t\t<\/div>\n\t\t<\/div>\n\t\t\t\t\t<\/div>\n\t\t<\/section>\n\t\t\t\t<section class=\"elementor-section elementor-top-section elementor-element elementor-element-1ba75f0 elementor-section-boxed elementor-section-height-default elementor-section-height-default\" data-id=\"1ba75f0\" data-element_type=\"section\" data-e-type=\"section\" data-settings=\"{&quot;background_background&quot;:&quot;classic&quot;}\">\n\t\t\t\t\t\t<div class=\"elementor-container elementor-column-gap-default\">\n\t\t\t\t\t<div class=\"elementor-column elementor-col-50 elementor-top-column elementor-element elementor-element-f90c8c3\" data-id=\"f90c8c3\" data-element_type=\"column\" data-e-type=\"column\" data-settings=\"{&quot;background_background&quot;:&quot;classic&quot;}\">\n\t\t\t<div class=\"elementor-widget-wrap elementor-element-populated\">\n\t\t\t\t\t\t<div class=\"elementor-element elementor-element-6f9e761 elementor-widget elementor-widget-heading\" data-id=\"6f9e761\" data-element_type=\"widget\" data-e-type=\"widget\" data-widget_type=\"heading.default\">\n\t\t\t\t<div class=\"elementor-widget-container\">\n\t\t\t\t\t<h2 class=\"elementor-heading-title elementor-size-default\">Sch\u00e9ma d'orientation<\/h2>\t\t\t\t<\/div>\n\t\t\t\t<\/div>\n\t\t\t\t\t<\/div>\n\t\t<\/div>\n\t\t\t\t<div class=\"elementor-column elementor-col-50 elementor-top-column elementor-element elementor-element-2d000f3\" data-id=\"2d000f3\" data-element_type=\"column\" data-e-type=\"column\">\n\t\t\t<div class=\"elementor-widget-wrap\">\n\t\t\t\t\t\t\t<\/div>\n\t\t<\/div>\n\t\t\t\t\t<\/div>\n\t\t<\/section>\n\t\t\t\t<section class=\"elementor-section elementor-top-section elementor-element elementor-element-45edfa0 elementor-section-boxed elementor-section-height-default elementor-section-height-default\" data-id=\"45edfa0\" data-element_type=\"section\" data-e-type=\"section\">\n\t\t\t\t\t\t<div class=\"elementor-container elementor-column-gap-default\">\n\t\t\t\t\t<div class=\"elementor-column elementor-col-50 elementor-top-column elementor-element elementor-element-8766830\" data-id=\"8766830\" data-element_type=\"column\" data-e-type=\"column\">\n\t\t\t<div class=\"elementor-widget-wrap elementor-element-populated\">\n\t\t\t\t\t\t<div class=\"elementor-element elementor-element-c30c34c elementor-widget elementor-widget-image\" data-id=\"c30c34c\" data-element_type=\"widget\" data-e-type=\"widget\" data-widget_type=\"image.default\">\n\t\t\t\t<div class=\"elementor-widget-container\">\n\t\t\t\t\t\t\t\t\t\t\t\t\t\t\t<img decoding=\"async\" src=\"https:\/\/www.tarn.educagri.fr\/fpca\/wp-content\/uploads\/2019\/01\/parcours2.png\" title=\"\" alt=\"\" loading=\"lazy\" \/>\t\t\t\t\t\t\t\t\t\t\t\t\t\t\t<\/div>\n\t\t\t\t<\/div>\n\t\t\t\t\t<\/div>\n\t\t<\/div>\n\t\t\t\t<div class=\"elementor-column elementor-col-50 elementor-top-column elementor-element elementor-element-f0d8166\" data-id=\"f0d8166\" data-element_type=\"column\" data-e-type=\"column\">\n\t\t\t<div class=\"elementor-widget-wrap elementor-element-populated\">\n\t\t\t\t\t\t<div class=\"elementor-element elementor-element-6e844a3 elementor-widget elementor-widget-heading\" data-id=\"6e844a3\" data-element_type=\"widget\" data-e-type=\"widget\" data-widget_type=\"heading.default\">\n\t\t\t\t<div class=\"elementor-widget-container\">\n\t\t\t\t\t<h2 class=\"elementor-heading-title elementor-size-default\">Pour nous contacter<\/h2>\t\t\t\t<\/div>\n\t\t\t\t<\/div>\n\t\t\t\t<div class=\"elementor-element elementor-element-d48fd20 elementor-widget elementor-widget-image\" data-id=\"d48fd20\" data-element_type=\"widget\" data-e-type=\"widget\" data-widget_type=\"image.default\">\n\t\t\t\t<div class=\"elementor-widget-container\">\n\t\t\t\t\t\t\t\t\t\t\t\t\t\t\t<img decoding=\"async\" width=\"451\" height=\"451\" src=\"https:\/\/www.tarn.educagri.fr\/fpca\/wp-content\/uploads\/2018\/12\/CP.png\" class=\"attachment-large size-large wp-image-939\" alt=\"\" srcset=\"https:\/\/www.tarn.educagri.fr\/fpca\/wp-content\/uploads\/2018\/12\/CP.png 451w, https:\/\/www.tarn.educagri.fr\/fpca\/wp-content\/uploads\/2018\/12\/CP-150x150.png 150w, https:\/\/www.tarn.educagri.fr\/fpca\/wp-content\/uploads\/2018\/12\/CP-300x300.png 300w, https:\/\/www.tarn.educagri.fr\/fpca\/wp-content\/uploads\/2018\/12\/CP-45x45.png 45w\" sizes=\"(max-width: 451px) 100vw, 451px\" \/>\t\t\t\t\t\t\t\t\t\t\t\t\t\t\t<\/div>\n\t\t\t\t<\/div>\n\t\t\t\t<div class=\"elementor-element elementor-element-bdf75b4 elementor-widget elementor-widget-heading\" data-id=\"bdf75b4\" data-element_type=\"widget\" data-e-type=\"widget\" data-widget_type=\"heading.default\">\n\t\t\t\t<div class=\"elementor-widget-container\">\n\t\t\t\t\t<h2 class=\"elementor-heading-title elementor-size-default\">T\u00e9l : 05 63 38 07 46<\/h2>\t\t\t\t<\/div>\n\t\t\t\t<\/div>\n\t\t\t\t<div class=\"elementor-element elementor-element-f647a78 elementor-widget elementor-widget-heading\" data-id=\"f647a78\" data-element_type=\"widget\" data-e-type=\"widget\" data-widget_type=\"heading.default\">\n\t\t\t\t<div class=\"elementor-widget-container\">\n\t\t\t\t\t<h2 class=\"elementor-heading-title elementor-size-default\">Email des centres<\/h2>\t\t\t\t<\/div>\n\t\t\t\t<\/div>\n\t\t\t\t<div class=\"elementor-element elementor-element-3b404f4 elementor-widget elementor-widget-text-editor\" data-id=\"3b404f4\" data-element_type=\"widget\" data-e-type=\"widget\" data-widget_type=\"text-editor.default\">\n\t\t\t\t<div class=\"elementor-widget-container\">\n\t\t\t\t\t\t\t\t\t<div><a href=\"mailto:cfppa.albi@educagri.fr\" target=\"_blank\" rel=\"noopener\">cfppa.albi@educagri.fr<\/a><\/div><div><a href=\"mailto:cfa.tarn@educagri.fr\" target=\"_blank\" rel=\"noopener\">cfa.tarn@educagri.fr<\/a><\/div>\t\t\t\t\t\t\t\t<\/div>\n\t\t\t\t<\/div>\n\t\t\t\t\t<\/div>\n\t\t<\/div>\n\t\t\t\t\t<\/div>\n\t\t<\/section>\n\t\t\t\t<\/div>\n\t\t","protected":false},"excerpt":{"rendered":"<p>Comment se construit votre parcours ? Parce que chaque individu est unique et poss\u00e8de son propre rythme et ses modalit\u00e9s d\u2019apprentissage, nous construisons pour vous&hellip;<\/p>\n","protected":false},"author":10,"featured_media":0,"parent":0,"menu_order":0,"comment_status":"closed","ping_status":"closed","template":"","meta":{"footnotes":""},"class_list":["post-1717","page","type-page","status-publish","hentry"],"yoast_head":"<!-- This site is optimized with the Yoast SEO plugin v27.5 - https:\/\/yoast.com\/product\/yoast-seo-wordpress\/ -->\n<title>Mon parcours - Formation Professionnelle Continue et Apprentissage<\/title>\n<meta name=\"robots\" content=\"index, follow, max-snippet:-1, max-image-preview:large, max-video-preview:-1\" \/>\n<link rel=\"canonical\" href=\"https:\/\/www.tarn.educagri.fr\/fpca\/mon-parcours\/\" \/>\n<meta property=\"og:locale\" content=\"fr_FR\" \/>\n<meta property=\"og:type\" content=\"article\" \/>\n<meta property=\"og:title\" content=\"Mon parcours - Formation Professionnelle Continue et Apprentissage\" \/>\n<meta property=\"og:description\" content=\"Comment se construit votre parcours ? Parce que chaque individu est unique et poss\u00e8de son propre rythme et ses modalit\u00e9s d\u2019apprentissage, nous construisons pour vous&hellip;\" \/>\n<meta property=\"og:url\" content=\"https:\/\/www.tarn.educagri.fr\/fpca\/mon-parcours\/\" \/>\n<meta property=\"og:site_name\" content=\"Formation Professionnelle Continue et Apprentissage\" \/>\n<meta property=\"article:modified_time\" content=\"2019-02-04T16:26:04+00:00\" \/>\n<meta property=\"og:image\" content=\"https:\/\/www.tarn.educagri.fr\/fpca\/wp-content\/uploads\/2019\/01\/formations-parcours-300x300.jpg\" \/>\n<meta name=\"twitter:card\" content=\"summary_large_image\" \/>\n<meta name=\"twitter:label1\" content=\"Dur\u00e9e de lecture estim\u00e9e\" \/>\n\t<meta name=\"twitter:data1\" content=\"1 minute\" \/>\n<script type=\"application\/ld+json\" class=\"yoast-schema-graph\">{\"@context\":\"https:\\\/\\\/schema.org\",\"@graph\":[{\"@type\":\"WebPage\",\"@id\":\"https:\\\/\\\/www.tarn.educagri.fr\\\/fpca\\\/mon-parcours\\\/\",\"url\":\"https:\\\/\\\/www.tarn.educagri.fr\\\/fpca\\\/mon-parcours\\\/\",\"name\":\"Mon parcours - Formation Professionnelle Continue et Apprentissage\",\"isPartOf\":{\"@id\":\"https:\\\/\\\/www.tarn.educagri.fr\\\/fpca\\\/#website\"},\"primaryImageOfPage\":{\"@id\":\"https:\\\/\\\/www.tarn.educagri.fr\\\/fpca\\\/mon-parcours\\\/#primaryimage\"},\"image\":{\"@id\":\"https:\\\/\\\/www.tarn.educagri.fr\\\/fpca\\\/mon-parcours\\\/#primaryimage\"},\"thumbnailUrl\":\"https:\\\/\\\/www.tarn.educagri.fr\\\/fpca\\\/wp-content\\\/uploads\\\/2019\\\/01\\\/formations-parcours-300x300.jpg\",\"datePublished\":\"2019-01-12T17:18:54+00:00\",\"dateModified\":\"2019-02-04T16:26:04+00:00\",\"breadcrumb\":{\"@id\":\"https:\\\/\\\/www.tarn.educagri.fr\\\/fpca\\\/mon-parcours\\\/#breadcrumb\"},\"inLanguage\":\"fr-FR\",\"potentialAction\":[{\"@type\":\"ReadAction\",\"target\":[\"https:\\\/\\\/www.tarn.educagri.fr\\\/fpca\\\/mon-parcours\\\/\"]}]},{\"@type\":\"ImageObject\",\"inLanguage\":\"fr-FR\",\"@id\":\"https:\\\/\\\/www.tarn.educagri.fr\\\/fpca\\\/mon-parcours\\\/#primaryimage\",\"url\":\"https:\\\/\\\/www.tarn.educagri.fr\\\/fpca\\\/wp-content\\\/uploads\\\/2019\\\/01\\\/formations-parcours.jpg\",\"contentUrl\":\"https:\\\/\\\/www.tarn.educagri.fr\\\/fpca\\\/wp-content\\\/uploads\\\/2019\\\/01\\\/formations-parcours.jpg\",\"width\":544,\"height\":544},{\"@type\":\"BreadcrumbList\",\"@id\":\"https:\\\/\\\/www.tarn.educagri.fr\\\/fpca\\\/mon-parcours\\\/#breadcrumb\",\"itemListElement\":[{\"@type\":\"ListItem\",\"position\":1,\"name\":\"Accueil\",\"item\":\"https:\\\/\\\/www.tarn.educagri.fr\\\/fpca\\\/\"},{\"@type\":\"ListItem\",\"position\":2,\"name\":\"Mon parcours\"}]},{\"@type\":\"WebSite\",\"@id\":\"https:\\\/\\\/www.tarn.educagri.fr\\\/fpca\\\/#website\",\"url\":\"https:\\\/\\\/www.tarn.educagri.fr\\\/fpca\\\/\",\"name\":\"Formation Professionnelle Continue et Apprentissage\",\"description\":\"TARN : Des formations actions adapt\u00e9es \u00e0 vos besoins, orient\u00e9es vers la comp\u00e9tence\",\"publisher\":{\"@id\":\"https:\\\/\\\/www.tarn.educagri.fr\\\/fpca\\\/#organization\"},\"potentialAction\":[{\"@type\":\"SearchAction\",\"target\":{\"@type\":\"EntryPoint\",\"urlTemplate\":\"https:\\\/\\\/www.tarn.educagri.fr\\\/fpca\\\/?s={search_term_string}\"},\"query-input\":{\"@type\":\"PropertyValueSpecification\",\"valueRequired\":true,\"valueName\":\"search_term_string\"}}],\"inLanguage\":\"fr-FR\"},{\"@type\":\"Organization\",\"@id\":\"https:\\\/\\\/www.tarn.educagri.fr\\\/fpca\\\/#organization\",\"name\":\"Formation professionnelle continue et de l'apprentissage du Tarn\",\"url\":\"https:\\\/\\\/www.tarn.educagri.fr\\\/fpca\\\/\",\"logo\":{\"@type\":\"ImageObject\",\"inLanguage\":\"fr-FR\",\"@id\":\"https:\\\/\\\/www.tarn.educagri.fr\\\/fpca\\\/#\\\/schema\\\/logo\\\/image\\\/\",\"url\":\"https:\\\/\\\/www.tarn.educagri.fr\\\/fpca\\\/wp-content\\\/uploads\\\/2019\\\/01\\\/LOGO_CFAAH_CFPPA_Tarn.png\",\"contentUrl\":\"https:\\\/\\\/www.tarn.educagri.fr\\\/fpca\\\/wp-content\\\/uploads\\\/2019\\\/01\\\/LOGO_CFAAH_CFPPA_Tarn.png\",\"width\":2113,\"height\":2422,\"caption\":\"Formation professionnelle continue et de l'apprentissage du Tarn\"},\"image\":{\"@id\":\"https:\\\/\\\/www.tarn.educagri.fr\\\/fpca\\\/#\\\/schema\\\/logo\\\/image\\\/\"}}]}<\/script>\n<!-- \/ Yoast SEO plugin. -->","yoast_head_json":{"title":"Mon parcours - Formation Professionnelle Continue et Apprentissage","robots":{"index":"index","follow":"follow","max-snippet":"max-snippet:-1","max-image-preview":"max-image-preview:large","max-video-preview":"max-video-preview:-1"},"canonical":"https:\/\/www.tarn.educagri.fr\/fpca\/mon-parcours\/","og_locale":"fr_FR","og_type":"article","og_title":"Mon parcours - Formation Professionnelle Continue et Apprentissage","og_description":"Comment se construit votre parcours ? Parce que chaque individu est unique et poss\u00e8de son propre rythme et ses modalit\u00e9s d\u2019apprentissage, nous construisons pour vous&hellip;","og_url":"https:\/\/www.tarn.educagri.fr\/fpca\/mon-parcours\/","og_site_name":"Formation Professionnelle Continue et Apprentissage","article_modified_time":"2019-02-04T16:26:04+00:00","og_image":[{"url":"https:\/\/www.tarn.educagri.fr\/fpca\/wp-content\/uploads\/2019\/01\/formations-parcours-300x300.jpg","type":"","width":"","height":""}],"twitter_card":"summary_large_image","twitter_misc":{"Dur\u00e9e de lecture estim\u00e9e":"1 minute"},"schema":{"@context":"https:\/\/schema.org","@graph":[{"@type":"WebPage","@id":"https:\/\/www.tarn.educagri.fr\/fpca\/mon-parcours\/","url":"https:\/\/www.tarn.educagri.fr\/fpca\/mon-parcours\/","name":"Mon parcours - Formation Professionnelle Continue et Apprentissage","isPartOf":{"@id":"https:\/\/www.tarn.educagri.fr\/fpca\/#website"},"primaryImageOfPage":{"@id":"https:\/\/www.tarn.educagri.fr\/fpca\/mon-parcours\/#primaryimage"},"image":{"@id":"https:\/\/www.tarn.educagri.fr\/fpca\/mon-parcours\/#primaryimage"},"thumbnailUrl":"https:\/\/www.tarn.educagri.fr\/fpca\/wp-content\/uploads\/2019\/01\/formations-parcours-300x300.jpg","datePublished":"2019-01-12T17:18:54+00:00","dateModified":"2019-02-04T16:26:04+00:00","breadcrumb":{"@id":"https:\/\/www.tarn.educagri.fr\/fpca\/mon-parcours\/#breadcrumb"},"inLanguage":"fr-FR","potentialAction":[{"@type":"ReadAction","target":["https:\/\/www.tarn.educagri.fr\/fpca\/mon-parcours\/"]}]},{"@type":"ImageObject","inLanguage":"fr-FR","@id":"https:\/\/www.tarn.educagri.fr\/fpca\/mon-parcours\/#primaryimage","url":"https:\/\/www.tarn.educagri.fr\/fpca\/wp-content\/uploads\/2019\/01\/formations-parcours.jpg","contentUrl":"https:\/\/www.tarn.educagri.fr\/fpca\/wp-content\/uploads\/2019\/01\/formations-parcours.jpg","width":544,"height":544},{"@type":"BreadcrumbList","@id":"https:\/\/www.tarn.educagri.fr\/fpca\/mon-parcours\/#breadcrumb","itemListElement":[{"@type":"ListItem","position":1,"name":"Accueil","item":"https:\/\/www.tarn.educagri.fr\/fpca\/"},{"@type":"ListItem","position":2,"name":"Mon parcours"}]},{"@type":"WebSite","@id":"https:\/\/www.tarn.educagri.fr\/fpca\/#website","url":"https:\/\/www.tarn.educagri.fr\/fpca\/","name":"Formation Professionnelle Continue et Apprentissage","description":"TARN : Des formations actions adapt\u00e9es \u00e0 vos besoins, orient\u00e9es vers la comp\u00e9tence","publisher":{"@id":"https:\/\/www.tarn.educagri.fr\/fpca\/#organization"},"potentialAction":[{"@type":"SearchAction","target":{"@type":"EntryPoint","urlTemplate":"https:\/\/www.tarn.educagri.fr\/fpca\/?s={search_term_string}"},"query-input":{"@type":"PropertyValueSpecification","valueRequired":true,"valueName":"search_term_string"}}],"inLanguage":"fr-FR"},{"@type":"Organization","@id":"https:\/\/www.tarn.educagri.fr\/fpca\/#organization","name":"Formation professionnelle continue et de l'apprentissage du Tarn","url":"https:\/\/www.tarn.educagri.fr\/fpca\/","logo":{"@type":"ImageObject","inLanguage":"fr-FR","@id":"https:\/\/www.tarn.educagri.fr\/fpca\/#\/schema\/logo\/image\/","url":"https:\/\/www.tarn.educagri.fr\/fpca\/wp-content\/uploads\/2019\/01\/LOGO_CFAAH_CFPPA_Tarn.png","contentUrl":"https:\/\/www.tarn.educagri.fr\/fpca\/wp-content\/uploads\/2019\/01\/LOGO_CFAAH_CFPPA_Tarn.png","width":2113,"height":2422,"caption":"Formation professionnelle continue et de l'apprentissage du Tarn"},"image":{"@id":"https:\/\/www.tarn.educagri.fr\/fpca\/#\/schema\/logo\/image\/"}}]}},"_links":{"self":[{"href":"https:\/\/www.tarn.educagri.fr\/fpca\/wp-json\/wp\/v2\/pages\/1717","targetHints":{"allow":["GET"]}}],"collection":[{"href":"https:\/\/www.tarn.educagri.fr\/fpca\/wp-json\/wp\/v2\/pages"}],"about":[{"href":"https:\/\/www.tarn.educagri.fr\/fpca\/wp-json\/wp\/v2\/types\/page"}],"author":[{"embeddable":true,"href":"https:\/\/www.tarn.educagri.fr\/fpca\/wp-json\/wp\/v2\/users\/10"}],"replies":[{"embeddable":true,"href":"https:\/\/www.tarn.educagri.fr\/fpca\/wp-json\/wp\/v2\/comments?post=1717"}],"version-history":[{"count":20,"href":"https:\/\/www.tarn.educagri.fr\/fpca\/wp-json\/wp\/v2\/pages\/1717\/revisions"}],"predecessor-version":[{"id":7726,"href":"https:\/\/www.tarn.educagri.fr\/fpca\/wp-json\/wp\/v2\/pages\/1717\/revisions\/7726"}],"wp:attachment":[{"href":"https:\/\/www.tarn.educagri.fr\/fpca\/wp-json\/wp\/v2\/media?parent=1717"}],"curies":[{"name":"wp","href":"https:\/\/api.w.org\/{rel}","templated":true}]}}