{"id":441,"date":"2018-09-15T19:54:05","date_gmt":"2018-09-15T18:54:05","guid":{"rendered":"https:\/\/www.tarn.educagri.fr\/fpca\/?page_id=441"},"modified":"2026-04-23T16:18:56","modified_gmt":"2026-04-23T15:18:56","slug":"horticulture","status":"publish","type":"page","link":"https:\/\/www.tarn.educagri.fr\/fpca\/horticulture\/","title":{"rendered":"Horticulture &#8211; Mara\u00eechage et Fleuristerie"},"content":{"rendered":"\t\t<div data-elementor-type=\"wp-post\" data-elementor-id=\"441\" class=\"elementor elementor-441\" data-elementor-post-type=\"page\">\n\t\t\t\t\t\t<section class=\"elementor-section elementor-top-section elementor-element elementor-element-4caa5fe elementor-section-boxed elementor-section-height-default elementor-section-height-default\" data-id=\"4caa5fe\" data-element_type=\"section\" data-e-type=\"section\">\n\t\t\t\t\t\t<div class=\"elementor-container elementor-column-gap-default\">\n\t\t\t\t\t<div class=\"elementor-column elementor-col-100 elementor-top-column elementor-element elementor-element-66b7f4b\" data-id=\"66b7f4b\" data-element_type=\"column\" data-e-type=\"column\">\n\t\t\t<div class=\"elementor-widget-wrap elementor-element-populated\">\n\t\t\t\t\t\t<div class=\"elementor-element elementor-element-92e89ac elementor-widget elementor-widget-heading\" data-id=\"92e89ac\" data-element_type=\"widget\" data-e-type=\"widget\" data-widget_type=\"heading.default\">\n\t\t\t\t<div class=\"elementor-widget-container\">\n\t\t\t\t\t<h2 class=\"elementor-heading-title elementor-size-default\">NOS FORMATIONS<\/h2>\t\t\t\t<\/div>\n\t\t\t\t<\/div>\n\t\t\t\t\t<\/div>\n\t\t<\/div>\n\t\t\t\t\t<\/div>\n\t\t<\/section>\n\t\t\t\t<section class=\"elementor-section elementor-top-section elementor-element elementor-element-ae9e942 elementor-section-boxed elementor-section-height-default elementor-section-height-default\" data-id=\"ae9e942\" data-element_type=\"section\" data-e-type=\"section\">\n\t\t\t\t\t\t<div class=\"elementor-container elementor-column-gap-default\">\n\t\t\t\t\t<div class=\"elementor-column elementor-col-50 elementor-top-column elementor-element elementor-element-03628ae\" data-id=\"03628ae\" data-element_type=\"column\" data-e-type=\"column\">\n\t\t\t<div class=\"elementor-widget-wrap elementor-element-populated\">\n\t\t\t\t\t\t<div class=\"elementor-element elementor-element-3a58b79 elementor-widget elementor-widget-image\" data-id=\"3a58b79\" data-element_type=\"widget\" data-e-type=\"widget\" data-widget_type=\"image.default\">\n\t\t\t\t<div class=\"elementor-widget-container\">\n\t\t\t\t\t\t\t\t\t\t\t\t\t\t\t<img decoding=\"async\" src=\"https:\/\/www.tarn.educagri.fr\/fpca\/wp-content\/uploads\/elementor\/thumbs\/Logo-Formation-horitculture-rgan88zu3fqt52j84avlkqiqf5fm2zu2caltdxdja4.png\" title=\"Logo Formation horitculture\" alt=\"Logo Formation horitculture\" loading=\"lazy\" \/>\t\t\t\t\t\t\t\t\t\t\t\t\t\t\t<\/div>\n\t\t\t\t<\/div>\n\t\t\t\t\t<\/div>\n\t\t<\/div>\n\t\t\t\t<div class=\"elementor-column elementor-col-50 elementor-top-column elementor-element elementor-element-b079ba2\" data-id=\"b079ba2\" data-element_type=\"column\" data-e-type=\"column\">\n\t\t\t<div class=\"elementor-widget-wrap elementor-element-populated\">\n\t\t\t\t\t\t<div class=\"elementor-element elementor-element-c59b618 elementor-align-start elementor-icon-list--layout-traditional elementor-list-item-link-full_width elementor-widget elementor-widget-icon-list\" data-id=\"c59b618\" data-element_type=\"widget\" data-e-type=\"widget\" data-widget_type=\"icon-list.default\">\n\t\t\t\t<div class=\"elementor-widget-container\">\n\t\t\t\t\t\t\t<ul class=\"elementor-icon-list-items\">\n\t\t\t\t\t\t\t<li class=\"elementor-icon-list-item\">\n\t\t\t\t\t\t\t\t\t\t\t<a href=\"https:\/\/www.tarn.educagri.fr\/fpca\/horticulture#BAC_PRO_CPH\">\n\n\t\t\t\t\t\t\t\t\t\t\t\t<span class=\"elementor-icon-list-icon\">\n\t\t\t\t\t\t\t<svg aria-hidden=\"true\" class=\"e-font-icon-svg e-fas-tree\" viewBox=\"0 0 384 512\" xmlns=\"http:\/\/www.w3.org\/2000\/svg\"><path d=\"M378.31 378.49L298.42 288h30.63c9.01 0 16.98-5 20.78-13.06 3.8-8.04 2.55-17.26-3.28-24.05L268.42 160h28.89c9.1 0 17.3-5.35 20.86-13.61 3.52-8.13 1.86-17.59-4.24-24.08L203.66 4.83c-6.03-6.45-17.28-6.45-23.32 0L70.06 122.31c-6.1 6.49-7.75 15.95-4.24 24.08C69.38 154.65 77.59 160 86.69 160h28.89l-78.14 90.91c-5.81 6.78-7.06 15.99-3.27 24.04C37.97 283 45.93 288 54.95 288h30.63L5.69 378.49c-6 6.79-7.36 16.09-3.56 24.26 3.75 8.05 12 13.25 21.01 13.25H160v24.45l-30.29 48.4c-5.32 10.64 2.42 23.16 14.31 23.16h95.96c11.89 0 19.63-12.52 14.31-23.16L224 440.45V416h136.86c9.01 0 17.26-5.2 21.01-13.25 3.8-8.17 2.44-17.47-3.56-24.26z\"><\/path><\/svg>\t\t\t\t\t\t<\/span>\n\t\t\t\t\t\t\t\t\t\t<span class=\"elementor-icon-list-text\">Bac Pro Conduite de Productions Horticoles (Bac Pro CPH)<\/span>\n\t\t\t\t\t\t\t\t\t\t\t<\/a>\n\t\t\t\t\t\t\t\t\t<\/li>\n\t\t\t\t\t\t\t\t<li class=\"elementor-icon-list-item\">\n\t\t\t\t\t\t\t\t\t\t\t<a href=\"https:\/\/www.tarn.educagri.fr\/fpca\/horticulture#BPREA\">\n\n\t\t\t\t\t\t\t\t\t\t\t\t<span class=\"elementor-icon-list-icon\">\n\t\t\t\t\t\t\t<svg aria-hidden=\"true\" class=\"e-font-icon-svg e-fas-tractor\" viewBox=\"0 0 640 512\" xmlns=\"http:\/\/www.w3.org\/2000\/svg\"><path d=\"M528 336c-48.6 0-88 39.4-88 88s39.4 88 88 88 88-39.4 88-88-39.4-88-88-88zm0 112c-13.23 0-24-10.77-24-24s10.77-24 24-24 24 10.77 24 24-10.77 24-24 24zm80-288h-64v-40.2c0-14.12 4.7-27.76 13.15-38.84 4.42-5.8 3.55-14.06-1.32-19.49L534.2 37.3c-6.66-7.45-18.32-6.92-24.7.78C490.58 60.9 480 89.81 480 119.8V160H377.67L321.58 29.14A47.914 47.914 0 0 0 277.45 0H144c-26.47 0-48 21.53-48 48v146.52c-8.63-6.73-20.96-6.46-28.89 1.47L36 227.1c-8.59 8.59-8.59 22.52 0 31.11l5.06 5.06c-4.99 9.26-8.96 18.82-11.91 28.72H22c-12.15 0-22 9.85-22 22v44c0 12.15 9.85 22 22 22h7.14c2.96 9.91 6.92 19.46 11.91 28.73l-5.06 5.06c-8.59 8.59-8.59 22.52 0 31.11L67.1 476c8.59 8.59 22.52 8.59 31.11 0l5.06-5.06c9.26 4.99 18.82 8.96 28.72 11.91V490c0 12.15 9.85 22 22 22h44c12.15 0 22-9.85 22-22v-7.14c9.9-2.95 19.46-6.92 28.72-11.91l5.06 5.06c8.59 8.59 22.52 8.59 31.11 0l31.11-31.11c8.59-8.59 8.59-22.52 0-31.11l-5.06-5.06c4.99-9.26 8.96-18.82 11.91-28.72H330c12.15 0 22-9.85 22-22v-6h80.54c21.91-28.99 56.32-48 95.46-48 18.64 0 36.07 4.61 51.8 12.2l50.82-50.82c6-6 9.37-14.14 9.37-22.63V192c.01-17.67-14.32-32-31.99-32zM176 416c-44.18 0-80-35.82-80-80s35.82-80 80-80 80 35.82 80 80-35.82 80-80 80zm22-256h-38V64h106.89l41.15 96H198z\"><\/path><\/svg>\t\t\t\t\t\t<\/span>\n\t\t\t\t\t\t\t\t\t\t<span class=\"elementor-icon-list-text\">BP Responsable d'Entreprise Agricole (BP REA) Apprentissage - Formation Continue<\/span>\n\t\t\t\t\t\t\t\t\t\t\t<\/a>\n\t\t\t\t\t\t\t\t\t<\/li>\n\t\t\t\t\t\t\t\t<li class=\"elementor-icon-list-item\">\n\t\t\t\t\t\t\t\t\t\t\t<a href=\"https:\/\/www.tarn.educagri.fr\/fpca\/horticulture#BTSA_ACSE\">\n\n\t\t\t\t\t\t\t\t\t\t\t\t<span class=\"elementor-icon-list-icon\">\n\t\t\t\t\t\t\t<svg aria-hidden=\"true\" class=\"e-font-icon-svg e-fas-cogs\" viewBox=\"0 0 640 512\" xmlns=\"http:\/\/www.w3.org\/2000\/svg\"><path d=\"M512.1 191l-8.2 14.3c-3 5.3-9.4 7.5-15.1 5.4-11.8-4.4-22.6-10.7-32.1-18.6-4.6-3.8-5.8-10.5-2.8-15.7l8.2-14.3c-6.9-8-12.3-17.3-15.9-27.4h-16.5c-6 0-11.2-4.3-12.2-10.3-2-12-2.1-24.6 0-37.1 1-6 6.2-10.4 12.2-10.4h16.5c3.6-10.1 9-19.4 15.9-27.4l-8.2-14.3c-3-5.2-1.9-11.9 2.8-15.7 9.5-7.9 20.4-14.2 32.1-18.6 5.7-2.1 12.1.1 15.1 5.4l8.2 14.3c10.5-1.9 21.2-1.9 31.7 0L552 6.3c3-5.3 9.4-7.5 15.1-5.4 11.8 4.4 22.6 10.7 32.1 18.6 4.6 3.8 5.8 10.5 2.8 15.7l-8.2 14.3c6.9 8 12.3 17.3 15.9 27.4h16.5c6 0 11.2 4.3 12.2 10.3 2 12 2.1 24.6 0 37.1-1 6-6.2 10.4-12.2 10.4h-16.5c-3.6 10.1-9 19.4-15.9 27.4l8.2 14.3c3 5.2 1.9 11.9-2.8 15.7-9.5 7.9-20.4 14.2-32.1 18.6-5.7 2.1-12.1-.1-15.1-5.4l-8.2-14.3c-10.4 1.9-21.2 1.9-31.7 0zm-10.5-58.8c38.5 29.6 82.4-14.3 52.8-52.8-38.5-29.7-82.4 14.3-52.8 52.8zM386.3 286.1l33.7 16.8c10.1 5.8 14.5 18.1 10.5 29.1-8.9 24.2-26.4 46.4-42.6 65.8-7.4 8.9-20.2 11.1-30.3 5.3l-29.1-16.8c-16 13.7-34.6 24.6-54.9 31.7v33.6c0 11.6-8.3 21.6-19.7 23.6-24.6 4.2-50.4 4.4-75.9 0-11.5-2-20-11.9-20-23.6V418c-20.3-7.2-38.9-18-54.9-31.7L74 403c-10 5.8-22.9 3.6-30.3-5.3-16.2-19.4-33.3-41.6-42.2-65.7-4-10.9.4-23.2 10.5-29.1l33.3-16.8c-3.9-20.9-3.9-42.4 0-63.4L12 205.8c-10.1-5.8-14.6-18.1-10.5-29 8.9-24.2 26-46.4 42.2-65.8 7.4-8.9 20.2-11.1 30.3-5.3l29.1 16.8c16-13.7 34.6-24.6 54.9-31.7V57.1c0-11.5 8.2-21.5 19.6-23.5 24.6-4.2 50.5-4.4 76-.1 11.5 2 20 11.9 20 23.6v33.6c20.3 7.2 38.9 18 54.9 31.7l29.1-16.8c10-5.8 22.9-3.6 30.3 5.3 16.2 19.4 33.2 41.6 42.1 65.8 4 10.9.1 23.2-10 29.1l-33.7 16.8c3.9 21 3.9 42.5 0 63.5zm-117.6 21.1c59.2-77-28.7-164.9-105.7-105.7-59.2 77 28.7 164.9 105.7 105.7zm243.4 182.7l-8.2 14.3c-3 5.3-9.4 7.5-15.1 5.4-11.8-4.4-22.6-10.7-32.1-18.6-4.6-3.8-5.8-10.5-2.8-15.7l8.2-14.3c-6.9-8-12.3-17.3-15.9-27.4h-16.5c-6 0-11.2-4.3-12.2-10.3-2-12-2.1-24.6 0-37.1 1-6 6.2-10.4 12.2-10.4h16.5c3.6-10.1 9-19.4 15.9-27.4l-8.2-14.3c-3-5.2-1.9-11.9 2.8-15.7 9.5-7.9 20.4-14.2 32.1-18.6 5.7-2.1 12.1.1 15.1 5.4l8.2 14.3c10.5-1.9 21.2-1.9 31.7 0l8.2-14.3c3-5.3 9.4-7.5 15.1-5.4 11.8 4.4 22.6 10.7 32.1 18.6 4.6 3.8 5.8 10.5 2.8 15.7l-8.2 14.3c6.9 8 12.3 17.3 15.9 27.4h16.5c6 0 11.2 4.3 12.2 10.3 2 12 2.1 24.6 0 37.1-1 6-6.2 10.4-12.2 10.4h-16.5c-3.6 10.1-9 19.4-15.9 27.4l8.2 14.3c3 5.2 1.9 11.9-2.8 15.7-9.5 7.9-20.4 14.2-32.1 18.6-5.7 2.1-12.1-.1-15.1-5.4l-8.2-14.3c-10.4 1.9-21.2 1.9-31.7 0zM501.6 431c38.5 29.6 82.4-14.3 52.8-52.8-38.5-29.6-82.4 14.3-52.8 52.8z\"><\/path><\/svg>\t\t\t\t\t\t<\/span>\n\t\t\t\t\t\t\t\t\t\t<span class=\"elementor-icon-list-text\">BTSA Analyse, Conduite et Strat\u00e9gie de l'entreprise AGRIcole (ACS'AGRI)<\/span>\n\t\t\t\t\t\t\t\t\t\t\t<\/a>\n\t\t\t\t\t\t\t\t\t<\/li>\n\t\t\t\t\t\t<\/ul>\n\t\t\t\t\t\t<\/div>\n\t\t\t\t<\/div>\n\t\t\t\t\t<\/div>\n\t\t<\/div>\n\t\t\t\t\t<\/div>\n\t\t<\/section>\n\t\t\t\t<section class=\"elementor-section elementor-top-section elementor-element elementor-element-4a05c2b elementor-section-boxed elementor-section-height-default elementor-section-height-default\" data-id=\"4a05c2b\" data-element_type=\"section\" data-e-type=\"section\">\n\t\t\t\t\t\t<div class=\"elementor-container elementor-column-gap-default\">\n\t\t\t\t\t<div class=\"elementor-column elementor-col-100 elementor-top-column elementor-element elementor-element-ef80989\" data-id=\"ef80989\" data-element_type=\"column\" data-e-type=\"column\">\n\t\t\t<div class=\"elementor-widget-wrap elementor-element-populated\">\n\t\t\t\t\t\t<div class=\"elementor-element elementor-element-4732ac0 elementor-widget-divider--view-line elementor-widget elementor-widget-divider\" data-id=\"4732ac0\" data-element_type=\"widget\" data-e-type=\"widget\" data-widget_type=\"divider.default\">\n\t\t\t\t<div class=\"elementor-widget-container\">\n\t\t\t\t\t\t\t<div class=\"elementor-divider\">\n\t\t\t<span class=\"elementor-divider-separator\">\n\t\t\t\t\t\t<\/span>\n\t\t<\/div>\n\t\t\t\t\t\t<\/div>\n\t\t\t\t<\/div>\n\t\t\t\t\t<\/div>\n\t\t<\/div>\n\t\t\t\t\t<\/div>\n\t\t<\/section>\n\t\t\t\t<section class=\"elementor-section elementor-top-section elementor-element elementor-element-a504f81 elementor-section-boxed elementor-section-height-default elementor-section-height-default\" data-id=\"a504f81\" data-element_type=\"section\" data-e-type=\"section\" data-settings=\"{&quot;background_background&quot;:&quot;classic&quot;}\">\n\t\t\t\t\t\t<div class=\"elementor-container elementor-column-gap-default\">\n\t\t\t\t\t<div class=\"elementor-column elementor-col-50 elementor-top-column elementor-element elementor-element-beb2fd0\" data-id=\"beb2fd0\" data-element_type=\"column\" data-e-type=\"column\">\n\t\t\t<div class=\"elementor-widget-wrap elementor-element-populated\">\n\t\t\t\t\t\t<div class=\"elementor-element elementor-element-2573b05 elementor-widget elementor-widget-heading\" data-id=\"2573b05\" data-element_type=\"widget\" data-e-type=\"widget\" data-widget_type=\"heading.default\">\n\t\t\t\t<div class=\"elementor-widget-container\">\n\t\t\t\t\t<h2 class=\"elementor-heading-title elementor-size-default\">Horticulture - Mara\u00eechage<br>et Fleuristerie<\/h2>\t\t\t\t<\/div>\n\t\t\t\t<\/div>\n\t\t\t\t<div class=\"elementor-element elementor-element-4fbc510 elementor-widget elementor-widget-text-editor\" data-id=\"4fbc510\" data-element_type=\"widget\" data-e-type=\"widget\" data-widget_type=\"text-editor.default\">\n\t\t\t\t<div class=\"elementor-widget-container\">\n\t\t\t\t\t\t\t\t\t<p>Formation Continue et par Apprentissage<\/p>\t\t\t\t\t\t\t\t<\/div>\n\t\t\t\t<\/div>\n\t\t\t\t<div class=\"elementor-element elementor-element-e0a880e elementor-widget elementor-widget-text-editor\" data-id=\"e0a880e\" data-element_type=\"widget\" data-e-type=\"widget\" data-widget_type=\"text-editor.default\">\n\t\t\t\t<div class=\"elementor-widget-container\">\n\t\t\t\t\t\t\t\t\t<p><b>Faites pousser vos projets !<\/b><\/p>\t\t\t\t\t\t\t\t<\/div>\n\t\t\t\t<\/div>\n\t\t\t\t\t<\/div>\n\t\t<\/div>\n\t\t\t\t<div class=\"elementor-column elementor-col-50 elementor-top-column elementor-element elementor-element-fb7e907\" data-id=\"fb7e907\" data-element_type=\"column\" data-e-type=\"column\">\n\t\t\t<div class=\"elementor-widget-wrap elementor-element-populated\">\n\t\t\t\t\t\t<div class=\"elementor-element elementor-element-a5acd17 elementor-widget elementor-widget-image\" data-id=\"a5acd17\" data-element_type=\"widget\" data-e-type=\"widget\" data-widget_type=\"image.default\">\n\t\t\t\t<div class=\"elementor-widget-container\">\n\t\t\t\t\t\t\t\t\t\t\t\t\t\t\t<img decoding=\"async\" src=\"https:\/\/www.tarn.educagri.fr\/fpca\/wp-content\/uploads\/elementor\/thumbs\/ph2-o1v9i09ygoadxiq7kxv6jz8ju3dyeu3yd44rfxr4nk.jpg\" title=\"ph2\" alt=\"ph2\" loading=\"lazy\" \/>\t\t\t\t\t\t\t\t\t\t\t\t\t\t\t<\/div>\n\t\t\t\t<\/div>\n\t\t\t\t\t<\/div>\n\t\t<\/div>\n\t\t\t\t\t<\/div>\n\t\t<\/section>\n\t\t\t\t<section class=\"elementor-section elementor-top-section elementor-element elementor-element-2292e49 elementor-section-boxed elementor-section-height-default elementor-section-height-default\" data-id=\"2292e49\" data-element_type=\"section\" data-e-type=\"section\">\n\t\t\t\t\t\t<div class=\"elementor-container elementor-column-gap-default\">\n\t\t\t\t\t<div class=\"elementor-column elementor-col-100 elementor-top-column elementor-element elementor-element-a12f5c3\" data-id=\"a12f5c3\" data-element_type=\"column\" data-e-type=\"column\">\n\t\t\t<div class=\"elementor-widget-wrap elementor-element-populated\">\n\t\t\t\t\t\t<div class=\"elementor-element elementor-element-33f93f5 elementor-widget elementor-widget-heading\" data-id=\"33f93f5\" data-element_type=\"widget\" data-e-type=\"widget\" data-widget_type=\"heading.default\">\n\t\t\t\t<div class=\"elementor-widget-container\">\n\t\t\t\t\t<h2 class=\"elementor-heading-title elementor-size-default\">NOS FORMATIONS EN DETAILS<\/h2>\t\t\t\t<\/div>\n\t\t\t\t<\/div>\n\t\t\t\t\t<\/div>\n\t\t<\/div>\n\t\t\t\t\t<\/div>\n\t\t<\/section>\n\t\t\t\t<section class=\"elementor-section elementor-top-section elementor-element elementor-element-ff031e5 elementor-section-boxed elementor-section-height-default elementor-section-height-default\" data-id=\"ff031e5\" data-element_type=\"section\" data-e-type=\"section\" data-settings=\"{&quot;background_background&quot;:&quot;classic&quot;}\">\n\t\t\t\t\t\t<div class=\"elementor-container elementor-column-gap-default\">\n\t\t\t\t\t<div class=\"elementor-column elementor-col-100 elementor-top-column elementor-element elementor-element-508b2a2\" data-id=\"508b2a2\" data-element_type=\"column\" data-e-type=\"column\">\n\t\t\t<div class=\"elementor-widget-wrap elementor-element-populated\">\n\t\t\t\t\t\t\t<\/div>\n\t\t<\/div>\n\t\t\t\t\t<\/div>\n\t\t<\/section>\n\t\t\t\t<section class=\"elementor-section elementor-top-section elementor-element elementor-element-dab0a29 elementor-section-boxed elementor-section-height-default elementor-section-height-default\" data-id=\"dab0a29\" data-element_type=\"section\" data-e-type=\"section\">\n\t\t\t\t\t\t<div class=\"elementor-container elementor-column-gap-default\">\n\t\t\t\t\t<div class=\"elementor-column elementor-col-100 elementor-top-column elementor-element elementor-element-4c45fa0\" data-id=\"4c45fa0\" data-element_type=\"column\" data-e-type=\"column\">\n\t\t\t<div class=\"elementor-widget-wrap elementor-element-populated\">\n\t\t\t\t\t\t<div class=\"elementor-element elementor-element-5bc4ecd elementor-widget elementor-widget-menu-anchor\" data-id=\"5bc4ecd\" data-element_type=\"widget\" data-e-type=\"widget\" data-widget_type=\"menu-anchor.default\">\n\t\t\t\t<div class=\"elementor-widget-container\">\n\t\t\t\t\t\t\t<div class=\"elementor-menu-anchor\" id=\"BAC_PRO_CPH\"><\/div>\n\t\t\t\t\t\t<\/div>\n\t\t\t\t<\/div>\n\t\t\t\t<div class=\"elementor-element elementor-element-d2cd1c9 elementor-widget elementor-widget-testimonial\" data-id=\"d2cd1c9\" data-element_type=\"widget\" data-e-type=\"widget\" data-widget_type=\"testimonial.default\">\n\t\t\t\t<div class=\"elementor-widget-container\">\n\t\t\t\t\t\t\t<div class=\"elementor-testimonial-wrapper\">\n\t\t\t\n\t\t\t\t\t\t<div class=\"elementor-testimonial-meta elementor-has-image elementor-testimonial-image-position-aside\">\n\t\t\t\t<div class=\"elementor-testimonial-meta-inner\">\n\t\t\t\t\t\t\t\t\t\t\t<div class=\"elementor-testimonial-image\">\n\t\t\t\t\t\t\t<img decoding=\"async\" width=\"142\" height=\"154\" src=\"https:\/\/www.tarn.educagri.fr\/fpca\/wp-content\/uploads\/2023\/03\/Logo-Perso-Bl1.png\" class=\"attachment-full size-full wp-image-6519\" alt=\"\" \/>\t\t\t\t\t\t<\/div>\n\t\t\t\t\t\n\t\t\t\t\t\t\t\t\t\t<div class=\"elementor-testimonial-details\">\n\t\t\t\t\t\t\t\t\t\t\t\t\t\t<div class=\"elementor-testimonial-name\">Sylvain GUIBERT<\/div>\n\t\t\t\t\t\t\t\t\t\t\t\t\t\t\t\t\t\t\t\t\t\t<div class=\"elementor-testimonial-job\">Coordonnateur<\/div>\n\t\t\t\t\t\t\t\t\t\t\t\t\t<\/div>\n\t\t\t\t\t\t\t\t\t<\/div>\n\t\t\t<\/div>\n\t\t\t\t\t<\/div>\n\t\t\t\t\t\t<\/div>\n\t\t\t\t<\/div>\n\t\t\t\t<div class=\"elementor-element elementor-element-c1f0b00 elementor-widget elementor-widget-icon-box\" data-id=\"c1f0b00\" data-element_type=\"widget\" data-e-type=\"widget\" data-widget_type=\"icon-box.default\">\n\t\t\t\t<div class=\"elementor-widget-container\">\n\t\t\t\t\t\t\t<div class=\"elementor-icon-box-wrapper\">\n\n\t\t\t\n\t\t\t\t\t\t<div class=\"elementor-icon-box-content\">\n\n\t\t\t\t\t\t\t\t\t<h3 class=\"elementor-icon-box-title\">\n\t\t\t\t\t\t<span  >\n\t\t\t\t\t\t\tBAC Pro Conduite de Productions Horticoles\t\t\t\t\t\t<\/span>\n\t\t\t\t\t<\/h3>\n\t\t\t\t\n\t\t\t\t\t\t\t\t\t<p class=\"elementor-icon-box-description\">\n\t\t\t\t\t\t<b>Formation Continue<\/b><br><b>Options <\/b>: arbres, arbustes, fruits, fleurs, l\u00e9gumes<br>Pour organiser un atelier, r\u00e9aliser les op\u00e9rations sur le v\u00e9g\u00e9tal, g\u00e9rer et interpr\u00e9ter les donn\u00e9es technico-\u00e9conomiques de la production, ...\t\t\t\t\t<\/p>\n\t\t\t\t\n\t\t\t<\/div>\n\t\t\t\n\t\t<\/div>\n\t\t\t\t\t\t<\/div>\n\t\t\t\t<\/div>\n\t\t\t\t<section class=\"elementor-section elementor-inner-section elementor-element elementor-element-ad00c00 elementor-section-boxed elementor-section-height-default elementor-section-height-default\" data-id=\"ad00c00\" data-element_type=\"section\" data-e-type=\"section\">\n\t\t\t\t\t\t<div class=\"elementor-container elementor-column-gap-default\">\n\t\t\t\t\t<div class=\"elementor-column elementor-col-50 elementor-inner-column elementor-element elementor-element-8976aa6\" data-id=\"8976aa6\" data-element_type=\"column\" data-e-type=\"column\">\n\t\t\t<div class=\"elementor-widget-wrap elementor-element-populated\">\n\t\t\t\t\t\t<div class=\"elementor-element elementor-element-dbe030d elementor-align-center elementor-widget elementor-widget-button\" data-id=\"dbe030d\" data-element_type=\"widget\" data-e-type=\"widget\" data-widget_type=\"button.default\">\n\t\t\t\t<div class=\"elementor-widget-container\">\n\t\t\t\t\t\t\t\t\t<div class=\"elementor-button-wrapper\">\n\t\t\t\t\t<a class=\"elementor-button elementor-button-link elementor-size-sm\" href=\"https:\/\/www.tarn.educagri.fr\/fpca\/wp-content\/uploads\/2025\/12\/Fiche_formation-Bac-pro-CPH-2026.pdf\" target=\"_blank\">\n\t\t\t\t\t\t<span class=\"elementor-button-content-wrapper\">\n\t\t\t\t\t\t\t\t\t<span class=\"elementor-button-text\">Fiche formation<\/span>\n\t\t\t\t\t<\/span>\n\t\t\t\t\t<\/a>\n\t\t\t\t<\/div>\n\t\t\t\t\t\t\t\t<\/div>\n\t\t\t\t<\/div>\n\t\t\t\t\t<\/div>\n\t\t<\/div>\n\t\t\t\t<div class=\"elementor-column elementor-col-50 elementor-inner-column elementor-element elementor-element-a189e3d\" data-id=\"a189e3d\" data-element_type=\"column\" data-e-type=\"column\">\n\t\t\t<div class=\"elementor-widget-wrap elementor-element-populated\">\n\t\t\t\t\t\t<div class=\"elementor-element elementor-element-97193e9 elementor-widget elementor-widget-button\" data-id=\"97193e9\" data-element_type=\"widget\" data-e-type=\"widget\" data-widget_type=\"button.default\">\n\t\t\t\t<div class=\"elementor-widget-container\">\n\t\t\t\t\t\t\t\t\t<div class=\"elementor-button-wrapper\">\n\t\t\t\t\t<a class=\"elementor-button elementor-button-link elementor-size-sm\" href=\"#elementor-action%3Aaction%3Dpopup%3Aopen%26settings%3DeyJpZCI6IjgzNDQiLCJ0b2dnbGUiOmZhbHNlfQ%3D%3D\" indicateurs-capa-ma=\"\">\n\t\t\t\t\t\t<span class=\"elementor-button-content-wrapper\">\n\t\t\t\t\t\t\t\t\t<span class=\"elementor-button-text\">Indicateurs<\/span>\n\t\t\t\t\t<\/span>\n\t\t\t\t\t<\/a>\n\t\t\t\t<\/div>\n\t\t\t\t\t\t\t\t<\/div>\n\t\t\t\t<\/div>\n\t\t\t\t\t<\/div>\n\t\t<\/div>\n\t\t\t\t\t<\/div>\n\t\t<\/section>\n\t\t\t\t<div class=\"elementor-element elementor-element-b8860df elementor-widget elementor-widget-toggle\" data-id=\"b8860df\" data-element_type=\"widget\" data-e-type=\"widget\" data-widget_type=\"toggle.default\">\n\t\t\t\t<div class=\"elementor-widget-container\">\n\t\t\t\t\t\t\t<div class=\"elementor-toggle\">\n\t\t\t\t\t\t\t<div class=\"elementor-toggle-item\">\n\t\t\t\t\t<div id=\"elementor-tab-title-1931\" class=\"elementor-tab-title\" data-tab=\"1\" role=\"button\" aria-controls=\"elementor-tab-content-1931\" aria-expanded=\"false\">\n\t\t\t\t\t\t\t\t\t\t\t\t<span class=\"elementor-toggle-icon elementor-toggle-icon-left\" aria-hidden=\"true\">\n\t\t\t\t\t\t\t\t\t\t\t\t\t\t\t<span class=\"elementor-toggle-icon-closed\"><svg class=\"e-font-icon-svg e-fas-caret-down\" viewBox=\"0 0 320 512\" xmlns=\"http:\/\/www.w3.org\/2000\/svg\"><path d=\"M31.3 192h257.3c17.8 0 26.7 21.5 14.1 34.1L174.1 354.8c-7.8 7.8-20.5 7.8-28.3 0L17.2 226.1C4.6 213.5 13.5 192 31.3 192z\"><\/path><\/svg><\/span>\n\t\t\t\t\t\t\t\t<span class=\"elementor-toggle-icon-opened\"><svg class=\"elementor-toggle-icon-opened e-font-icon-svg e-fas-caret-up\" viewBox=\"0 0 320 512\" xmlns=\"http:\/\/www.w3.org\/2000\/svg\"><path d=\"M288.662 352H31.338c-17.818 0-26.741-21.543-14.142-34.142l128.662-128.662c7.81-7.81 20.474-7.81 28.284 0l128.662 128.662c12.6 12.599 3.676 34.142-14.142 34.142z\"><\/path><\/svg><\/span>\n\t\t\t\t\t\t\t\t\t\t\t\t\t<\/span>\n\t\t\t\t\t\t\t\t\t\t\t\t<a class=\"elementor-toggle-title\" tabindex=\"0\">Objectifs de la formation<\/a>\n\t\t\t\t\t<\/div>\n\n\t\t\t\t\t<div id=\"elementor-tab-content-1931\" class=\"elementor-tab-content elementor-clearfix\" data-tab=\"1\" role=\"region\" aria-labelledby=\"elementor-tab-title-1931\"><p>\u00a0<\/p><p>La formation au Baccalaur\u00e9at professionnel \u00ab Conduite de Productions Horticoles \u00bb permet de comprendre le fonctionnement d\u2019une entreprise horticole dans son environnement et pr\u00e9pare aux activit\u00e9s de production (mise en \u0153uvre et contr\u00f4le).<\/p><p>Elle permet d\u2019acqu\u00e9rir les comp\u00e9tences n\u00e9cessaires aux op\u00e9rations de conduite d&rsquo;un ou plusieurs ateliers horticoles dans des champs de production vari\u00e9s : fruits, petits fruits, l\u00e9gumes, v\u00e9g\u00e9taux d&rsquo;ornement, jeunes plants, semences, plantes \u00e0 parfum, aromatiques et m\u00e9dicales.<\/p><ul><li>Conduire le processus de production<\/li><li>Assurer le pilotage op\u00e9rationnel du processus de production<\/li><\/ul><\/div>\n\t\t\t\t<\/div>\n\t\t\t\t\t\t\t<div class=\"elementor-toggle-item\">\n\t\t\t\t\t<div id=\"elementor-tab-title-1932\" class=\"elementor-tab-title\" data-tab=\"2\" role=\"button\" aria-controls=\"elementor-tab-content-1932\" aria-expanded=\"false\">\n\t\t\t\t\t\t\t\t\t\t\t\t<span class=\"elementor-toggle-icon elementor-toggle-icon-left\" aria-hidden=\"true\">\n\t\t\t\t\t\t\t\t\t\t\t\t\t\t\t<span class=\"elementor-toggle-icon-closed\"><svg class=\"e-font-icon-svg e-fas-caret-down\" viewBox=\"0 0 320 512\" xmlns=\"http:\/\/www.w3.org\/2000\/svg\"><path d=\"M31.3 192h257.3c17.8 0 26.7 21.5 14.1 34.1L174.1 354.8c-7.8 7.8-20.5 7.8-28.3 0L17.2 226.1C4.6 213.5 13.5 192 31.3 192z\"><\/path><\/svg><\/span>\n\t\t\t\t\t\t\t\t<span class=\"elementor-toggle-icon-opened\"><svg class=\"elementor-toggle-icon-opened e-font-icon-svg e-fas-caret-up\" viewBox=\"0 0 320 512\" xmlns=\"http:\/\/www.w3.org\/2000\/svg\"><path d=\"M288.662 352H31.338c-17.818 0-26.741-21.543-14.142-34.142l128.662-128.662c7.81-7.81 20.474-7.81 28.284 0l128.662 128.662c12.6 12.599 3.676 34.142-14.142 34.142z\"><\/path><\/svg><\/span>\n\t\t\t\t\t\t\t\t\t\t\t\t\t<\/span>\n\t\t\t\t\t\t\t\t\t\t\t\t<a class=\"elementor-toggle-title\" tabindex=\"0\">Contenu de la formation<\/a>\n\t\t\t\t\t<\/div>\n\n\t\t\t\t\t<div id=\"elementor-tab-content-1932\" class=\"elementor-tab-content elementor-clearfix\" data-tab=\"2\" role=\"region\" aria-labelledby=\"elementor-tab-title-1932\"><p><strong>COMP\u00c9TENCES D\u00c9VELOPP\u00c9ES<\/strong><\/p><p><strong><em>Comp\u00e9tences Professionnelles<br \/><\/em><\/strong><\/p><ul><li>BC05- Raisonner des choix techniques dans un processus de production horticole en prenant en compte les ressources naturelles communes<\/li><li>BC06- Organiser le travail du chantier horticole<\/li><li>BC07- Animer une \u00e9quipe de travail<\/li><li>BC08- Assurer les op\u00e9rations techniques sur les v\u00e9g\u00e9taux<\/li><li>BC09- Intervenir sur les conditions de croissance et de d\u00e9veloppement du v\u00e9g\u00e9tal<\/li><li>BC10- Effectuer les op\u00e9rations d\u2019entretien, de param\u00e9trage et de r\u00e9glage des mat\u00e9riels, des \u00e9quipements et installations<\/li><li>BC11- S&rsquo;adapter \u00e0 des enjeux professionnels particuliers<\/li><\/ul><p><strong><em>MODULE D&rsquo;ACCOMPAGNEMENT A LA FORMATION<br \/><\/em><\/strong><em>Accueil, bilan, individualisation, Techniques Recherche d&rsquo;Emploi, formation SST, &#8230;<\/em><\/p><p><strong>MODALIT\u00c9S D\u2019\u00c9VALUATION<\/strong><\/p><p>La formation est \u00e9valu\u00e9e int\u00e9gralement en contr\u00f4le en cours de formation (CCF).<\/p><p>Possibilit\u00e9 d&rsquo;adaptation du parcours de formation et de l&rsquo;\u00e9valuation apr\u00e8s un positionnement par le Centre en d\u00e9but de formation.<\/p><\/div>\n\t\t\t\t<\/div>\n\t\t\t\t\t\t\t<div class=\"elementor-toggle-item\">\n\t\t\t\t\t<div id=\"elementor-tab-title-1933\" class=\"elementor-tab-title\" data-tab=\"3\" role=\"button\" aria-controls=\"elementor-tab-content-1933\" aria-expanded=\"false\">\n\t\t\t\t\t\t\t\t\t\t\t\t<span class=\"elementor-toggle-icon elementor-toggle-icon-left\" aria-hidden=\"true\">\n\t\t\t\t\t\t\t\t\t\t\t\t\t\t\t<span class=\"elementor-toggle-icon-closed\"><svg class=\"e-font-icon-svg e-fas-caret-down\" viewBox=\"0 0 320 512\" xmlns=\"http:\/\/www.w3.org\/2000\/svg\"><path d=\"M31.3 192h257.3c17.8 0 26.7 21.5 14.1 34.1L174.1 354.8c-7.8 7.8-20.5 7.8-28.3 0L17.2 226.1C4.6 213.5 13.5 192 31.3 192z\"><\/path><\/svg><\/span>\n\t\t\t\t\t\t\t\t<span class=\"elementor-toggle-icon-opened\"><svg class=\"elementor-toggle-icon-opened e-font-icon-svg e-fas-caret-up\" viewBox=\"0 0 320 512\" xmlns=\"http:\/\/www.w3.org\/2000\/svg\"><path d=\"M288.662 352H31.338c-17.818 0-26.741-21.543-14.142-34.142l128.662-128.662c7.81-7.81 20.474-7.81 28.284 0l128.662 128.662c12.6 12.599 3.676 34.142-14.142 34.142z\"><\/path><\/svg><\/span>\n\t\t\t\t\t\t\t\t\t\t\t\t\t<\/span>\n\t\t\t\t\t\t\t\t\t\t\t\t<a class=\"elementor-toggle-title\" tabindex=\"0\">Perspectives et d\u00e9bouch\u00e9s<\/a>\n\t\t\t\t\t<\/div>\n\n\t\t\t\t\t<div id=\"elementor-tab-content-1933\" class=\"elementor-tab-content elementor-clearfix\" data-tab=\"3\" role=\"region\" aria-labelledby=\"elementor-tab-title-1933\"><p>Le titulaire du Baccalaur\u00e9at professionnel \u00ab <strong>Conduite de Productions Horticoles<\/strong> \u00bb peut travailler en tant :<\/p><ul><li>Qu\u2019ouvrier <strong>hautement qualifi\u00e9<\/strong> en production horticole, mara\u00eech\u00e8re, p\u00e9pini\u00e8re, ou chef de culture.<\/li><li>Il peut \u00e9galement <strong>poursuivre ses \u00e9tudes<\/strong> vers un Brevet de Technicien Sup\u00e9rieur Agricole<\/li><\/ul><\/div>\n\t\t\t\t<\/div>\n\t\t\t\t\t\t\t\t<\/div>\n\t\t\t\t\t\t<\/div>\n\t\t\t\t<\/div>\n\t\t\t\t<div class=\"elementor-element elementor-element-138d27d elementor-widget elementor-widget-image\" data-id=\"138d27d\" data-element_type=\"widget\" data-e-type=\"widget\" data-widget_type=\"image.default\">\n\t\t\t\t<div class=\"elementor-widget-container\">\n\t\t\t\t\t\t\t\t\t\t\t\t\t\t\t<img fetchpriority=\"high\" decoding=\"async\" width=\"768\" height=\"178\" src=\"https:\/\/www.tarn.educagri.fr\/fpca\/wp-content\/uploads\/2024\/03\/Logo-FSE-transparent-1-768x178.png\" class=\"attachment-medium_large size-medium_large wp-image-7208\" alt=\"\" srcset=\"https:\/\/www.tarn.educagri.fr\/fpca\/wp-content\/uploads\/2024\/03\/Logo-FSE-transparent-1-768x178.png 768w, https:\/\/www.tarn.educagri.fr\/fpca\/wp-content\/uploads\/2024\/03\/Logo-FSE-transparent-1-300x70.png 300w, https:\/\/www.tarn.educagri.fr\/fpca\/wp-content\/uploads\/2024\/03\/Logo-FSE-transparent-1.png 893w\" sizes=\"(max-width: 768px) 100vw, 768px\" \/>\t\t\t\t\t\t\t\t\t\t\t\t\t\t\t<\/div>\n\t\t\t\t<\/div>\n\t\t\t\t\t<\/div>\n\t\t<\/div>\n\t\t\t\t\t<\/div>\n\t\t<\/section>\n\t\t\t\t<section class=\"elementor-section elementor-top-section elementor-element elementor-element-e79809f elementor-section-boxed elementor-section-height-default elementor-section-height-default\" data-id=\"e79809f\" data-element_type=\"section\" data-e-type=\"section\" data-settings=\"{&quot;background_background&quot;:&quot;classic&quot;}\">\n\t\t\t\t\t\t<div class=\"elementor-container elementor-column-gap-default\">\n\t\t\t\t\t<div class=\"elementor-column elementor-col-100 elementor-top-column elementor-element elementor-element-d2f9d39\" data-id=\"d2f9d39\" data-element_type=\"column\" data-e-type=\"column\">\n\t\t\t<div class=\"elementor-widget-wrap elementor-element-populated\">\n\t\t\t\t\t\t\t<\/div>\n\t\t<\/div>\n\t\t\t\t\t<\/div>\n\t\t<\/section>\n\t\t\t\t<section class=\"elementor-section elementor-top-section elementor-element elementor-element-5f78807 elementor-section-boxed elementor-section-height-default elementor-section-height-default\" data-id=\"5f78807\" data-element_type=\"section\" data-e-type=\"section\">\n\t\t\t\t\t\t<div class=\"elementor-container elementor-column-gap-wide\">\n\t\t\t\t\t<div class=\"elementor-column elementor-col-50 elementor-top-column elementor-element elementor-element-d21d106\" data-id=\"d21d106\" data-element_type=\"column\" data-e-type=\"column\">\n\t\t\t<div class=\"elementor-widget-wrap elementor-element-populated\">\n\t\t\t\t\t\t<div class=\"elementor-element elementor-element-f3c9a00 elementor-widget elementor-widget-menu-anchor\" data-id=\"f3c9a00\" data-element_type=\"widget\" data-e-type=\"widget\" data-widget_type=\"menu-anchor.default\">\n\t\t\t\t<div class=\"elementor-widget-container\">\n\t\t\t\t\t\t\t<div class=\"elementor-menu-anchor\" id=\"BPREA\"><\/div>\n\t\t\t\t\t\t<\/div>\n\t\t\t\t<\/div>\n\t\t\t\t<div class=\"elementor-element elementor-element-b4fab3c elementor-widget elementor-widget-testimonial\" data-id=\"b4fab3c\" data-element_type=\"widget\" data-e-type=\"widget\" data-widget_type=\"testimonial.default\">\n\t\t\t\t<div class=\"elementor-widget-container\">\n\t\t\t\t\t\t\t<div class=\"elementor-testimonial-wrapper\">\n\t\t\t\n\t\t\t\t\t\t<div class=\"elementor-testimonial-meta elementor-has-image elementor-testimonial-image-position-aside\">\n\t\t\t\t<div class=\"elementor-testimonial-meta-inner\">\n\t\t\t\t\t\t\t\t\t\t\t<div class=\"elementor-testimonial-image\">\n\t\t\t\t\t\t\t<img decoding=\"async\" width=\"142\" height=\"154\" src=\"https:\/\/www.tarn.educagri.fr\/fpca\/wp-content\/uploads\/2023\/03\/Logo-Perso-Bl1.png\" class=\"attachment-full size-full wp-image-6519\" alt=\"\" \/>\t\t\t\t\t\t<\/div>\n\t\t\t\t\t\n\t\t\t\t\t\t\t\t\t\t<div class=\"elementor-testimonial-details\">\n\t\t\t\t\t\t\t\t\t\t\t\t\t\t<div class=\"elementor-testimonial-name\">Pauline MORETTE - Beno\u00eet PAGES<\/div>\n\t\t\t\t\t\t\t\t\t\t\t\t\t\t\t\t\t\t\t\t\t\t<div class=\"elementor-testimonial-job\">Coordonnateurs<\/div>\n\t\t\t\t\t\t\t\t\t\t\t\t\t<\/div>\n\t\t\t\t\t\t\t\t\t<\/div>\n\t\t\t<\/div>\n\t\t\t\t\t<\/div>\n\t\t\t\t\t\t<\/div>\n\t\t\t\t<\/div>\n\t\t\t\t<div class=\"elementor-element elementor-element-150a0c9 elementor-widget elementor-widget-icon-box\" data-id=\"150a0c9\" data-element_type=\"widget\" data-e-type=\"widget\" data-widget_type=\"icon-box.default\">\n\t\t\t\t<div class=\"elementor-widget-container\">\n\t\t\t\t\t\t\t<div class=\"elementor-icon-box-wrapper\">\n\n\t\t\t\n\t\t\t\t\t\t<div class=\"elementor-icon-box-content\">\n\n\t\t\t\t\t\t\t\t\t<h3 class=\"elementor-icon-box-title\">\n\t\t\t\t\t\t<span  >\n\t\t\t\t\t\t\tBP Responsable d'Entreprise Agricole<br>Ouvrier Sp\u00e9cialis\u00e9 - Installation\t\t\t\t\t\t<\/span>\n\t\t\t\t\t<\/h3>\n\t\t\t\t\n\t\t\t\t\t\t\t\t\t<p class=\"elementor-icon-box-description\">\n\t\t\t\t\t\t<b>Formation Continue ou Apprentissage - possible \u00e0 distance<\/b><br><br><b>Sp\u00e9cialit\u00e9s <\/b>: Polyculture-\u00e9levage (ruminants), grandes cultures et mara\u00eechage.\n<br><b>Autres <\/b>: Nous consulter \n<br>\n<br><b>UCARE <\/b>: \nAgroforesterie, Maintenance des mat\u00e9riels, Apiculture, Poules pondeuses en agroforesterie, Transformation de la production laiti\u00e8re \u00e0 la ferme (lait cru et ferments indig\u00e8nes), Transformation fermi\u00e8re animale, Agrotourisme et animation \u00e0 la ferme.\t\t\t\t\t<\/p>\n\t\t\t\t\n\t\t\t<\/div>\n\t\t\t\n\t\t<\/div>\n\t\t\t\t\t\t<\/div>\n\t\t\t\t<\/div>\n\t\t\t\t<section class=\"elementor-section elementor-inner-section elementor-element elementor-element-20faf38 elementor-section-boxed elementor-section-height-default elementor-section-height-default\" data-id=\"20faf38\" data-element_type=\"section\" data-e-type=\"section\">\n\t\t\t\t\t\t<div class=\"elementor-container elementor-column-gap-default\">\n\t\t\t\t\t<div class=\"elementor-column elementor-col-50 elementor-inner-column elementor-element elementor-element-2053cfa\" data-id=\"2053cfa\" data-element_type=\"column\" data-e-type=\"column\">\n\t\t\t<div class=\"elementor-widget-wrap elementor-element-populated\">\n\t\t\t\t\t\t<div class=\"elementor-element elementor-element-33ea3d6 elementor-align-center elementor-widget elementor-widget-button\" data-id=\"33ea3d6\" data-element_type=\"widget\" data-e-type=\"widget\" data-widget_type=\"button.default\">\n\t\t\t\t<div class=\"elementor-widget-container\">\n\t\t\t\t\t\t\t\t\t<div class=\"elementor-button-wrapper\">\n\t\t\t\t\t<a class=\"elementor-button elementor-button-link elementor-size-sm\" href=\"https:\/\/www.tarn.educagri.fr\/fpca\/wp-content\/uploads\/2025\/12\/Fiche_formation-BP-REA-2026.pdf\" target=\"_blank\">\n\t\t\t\t\t\t<span class=\"elementor-button-content-wrapper\">\n\t\t\t\t\t\t\t\t\t<span class=\"elementor-button-text\">Fiche formation<\/span>\n\t\t\t\t\t<\/span>\n\t\t\t\t\t<\/a>\n\t\t\t\t<\/div>\n\t\t\t\t\t\t\t\t<\/div>\n\t\t\t\t<\/div>\n\t\t\t\t\t<\/div>\n\t\t<\/div>\n\t\t\t\t<div class=\"elementor-column elementor-col-50 elementor-inner-column elementor-element elementor-element-d146314\" data-id=\"d146314\" data-element_type=\"column\" data-e-type=\"column\">\n\t\t\t<div class=\"elementor-widget-wrap elementor-element-populated\">\n\t\t\t\t\t\t<div class=\"elementor-element elementor-element-4556f9f elementor-widget elementor-widget-button\" data-id=\"4556f9f\" data-element_type=\"widget\" data-e-type=\"widget\" data-widget_type=\"button.default\">\n\t\t\t\t<div class=\"elementor-widget-container\">\n\t\t\t\t\t\t\t\t\t<div class=\"elementor-button-wrapper\">\n\t\t\t\t\t<a class=\"elementor-button elementor-button-link elementor-size-sm\" href=\"#elementor-action%3Aaction%3Dpopup%3Aopen%26settings%3DeyJpZCI6IjgyNjYiLCJ0b2dnbGUiOmZhbHNlfQ%3D%3D\" indicateurs-capa-ma=\"\">\n\t\t\t\t\t\t<span class=\"elementor-button-content-wrapper\">\n\t\t\t\t\t\t\t\t\t<span class=\"elementor-button-text\">Indicateurs<\/span>\n\t\t\t\t\t<\/span>\n\t\t\t\t\t<\/a>\n\t\t\t\t<\/div>\n\t\t\t\t\t\t\t\t<\/div>\n\t\t\t\t<\/div>\n\t\t\t\t\t<\/div>\n\t\t<\/div>\n\t\t\t\t\t<\/div>\n\t\t<\/section>\n\t\t\t\t<div class=\"elementor-element elementor-element-be3d6f4 elementor-widget elementor-widget-toggle\" data-id=\"be3d6f4\" data-element_type=\"widget\" data-e-type=\"widget\" data-widget_type=\"toggle.default\">\n\t\t\t\t<div class=\"elementor-widget-container\">\n\t\t\t\t\t\t\t<div class=\"elementor-toggle\">\n\t\t\t\t\t\t\t<div class=\"elementor-toggle-item\">\n\t\t\t\t\t<div id=\"elementor-tab-title-1991\" class=\"elementor-tab-title\" data-tab=\"1\" role=\"button\" aria-controls=\"elementor-tab-content-1991\" aria-expanded=\"false\">\n\t\t\t\t\t\t\t\t\t\t\t\t<span class=\"elementor-toggle-icon elementor-toggle-icon-left\" aria-hidden=\"true\">\n\t\t\t\t\t\t\t\t\t\t\t\t\t\t\t<span class=\"elementor-toggle-icon-closed\"><svg class=\"e-font-icon-svg e-fas-caret-down\" viewBox=\"0 0 320 512\" xmlns=\"http:\/\/www.w3.org\/2000\/svg\"><path d=\"M31.3 192h257.3c17.8 0 26.7 21.5 14.1 34.1L174.1 354.8c-7.8 7.8-20.5 7.8-28.3 0L17.2 226.1C4.6 213.5 13.5 192 31.3 192z\"><\/path><\/svg><\/span>\n\t\t\t\t\t\t\t\t<span class=\"elementor-toggle-icon-opened\"><svg class=\"elementor-toggle-icon-opened e-font-icon-svg e-fas-caret-up\" viewBox=\"0 0 320 512\" xmlns=\"http:\/\/www.w3.org\/2000\/svg\"><path d=\"M288.662 352H31.338c-17.818 0-26.741-21.543-14.142-34.142l128.662-128.662c7.81-7.81 20.474-7.81 28.284 0l128.662 128.662c12.6 12.599 3.676 34.142-14.142 34.142z\"><\/path><\/svg><\/span>\n\t\t\t\t\t\t\t\t\t\t\t\t\t<\/span>\n\t\t\t\t\t\t\t\t\t\t\t\t<a class=\"elementor-toggle-title\" tabindex=\"0\">Objectifs de la formation<\/a>\n\t\t\t\t\t<\/div>\n\n\t\t\t\t\t<div id=\"elementor-tab-content-1991\" class=\"elementor-tab-content elementor-clearfix\" data-tab=\"1\" role=\"region\" aria-labelledby=\"elementor-tab-title-1991\"><p>\u00a0<\/p><p>Le <strong>Brevet Professionnel \u00ab Responsable d\u2019Entreprise Agricole \u00bb<\/strong>, de <em>niveau 4<\/em>, pr\u00e9pare \u00e0 l\u2019installation en agriculture et aux emplois de responsable d\u2019atelier d\u2019\u00e9levages ou de cultures. Il permet d\u2019acqu\u00e9rir des savoir-faire pratiques \u00e0 partir de choix de sp\u00e9cialit\u00e9s et la pratique de stages d\u2019application.<\/p><p><strong>Nos sp\u00e9cialit\u00e9s :<\/strong><\/p><ul><li>Polyculture-\u00e9levage (ruminants), grandes cultures et mara\u00eechage<\/li><li>Agronomie et environnement<\/li><li>Gestion technique et \u00e9conomique d\u2019un atelier de production<\/li><li>Gestion des b\u00e2timents et des \u00e9quipements<\/li><li>Analyse d\u2019une entreprise agricole \u00e9conomique et financi\u00e8re d\u2019un syst\u00e8me<\/li><li>Approche juridique, fiscale, sociale et r\u00e9glementaire d\u2019une entreprise agricole<\/li><li>Gestion pr\u00e9visionnelle et approche globale d\u2019une entreprise agricole<\/li><\/ul><\/div>\n\t\t\t\t<\/div>\n\t\t\t\t\t\t\t<div class=\"elementor-toggle-item\">\n\t\t\t\t\t<div id=\"elementor-tab-title-1992\" class=\"elementor-tab-title\" data-tab=\"2\" role=\"button\" aria-controls=\"elementor-tab-content-1992\" aria-expanded=\"false\">\n\t\t\t\t\t\t\t\t\t\t\t\t<span class=\"elementor-toggle-icon elementor-toggle-icon-left\" aria-hidden=\"true\">\n\t\t\t\t\t\t\t\t\t\t\t\t\t\t\t<span class=\"elementor-toggle-icon-closed\"><svg class=\"e-font-icon-svg e-fas-caret-down\" viewBox=\"0 0 320 512\" xmlns=\"http:\/\/www.w3.org\/2000\/svg\"><path d=\"M31.3 192h257.3c17.8 0 26.7 21.5 14.1 34.1L174.1 354.8c-7.8 7.8-20.5 7.8-28.3 0L17.2 226.1C4.6 213.5 13.5 192 31.3 192z\"><\/path><\/svg><\/span>\n\t\t\t\t\t\t\t\t<span class=\"elementor-toggle-icon-opened\"><svg class=\"elementor-toggle-icon-opened e-font-icon-svg e-fas-caret-up\" viewBox=\"0 0 320 512\" xmlns=\"http:\/\/www.w3.org\/2000\/svg\"><path d=\"M288.662 352H31.338c-17.818 0-26.741-21.543-14.142-34.142l128.662-128.662c7.81-7.81 20.474-7.81 28.284 0l128.662 128.662c12.6 12.599 3.676 34.142-14.142 34.142z\"><\/path><\/svg><\/span>\n\t\t\t\t\t\t\t\t\t\t\t\t\t<\/span>\n\t\t\t\t\t\t\t\t\t\t\t\t<a class=\"elementor-toggle-title\" tabindex=\"0\">Contenu de la formation<\/a>\n\t\t\t\t\t<\/div>\n\n\t\t\t\t\t<div id=\"elementor-tab-content-1992\" class=\"elementor-tab-content elementor-clearfix\" data-tab=\"2\" role=\"region\" aria-labelledby=\"elementor-tab-title-1992\"><p>La formation au Brevet Professionnel \u00ab Responsable d\u2019Entreprise Agricole \u00bb, permet d\u2019obtenir les capacit\u00e9s exig\u00e9es par le m\u00e9tier de responsable d\u2019exploitation ou de salari\u00e9 agricole qualifi\u00e9 :<\/p><ul><li style=\"list-style-type: none;\"><ul><li><strong>Se situer en tant que professionnel (C1)<\/strong><br \/>&#8211; D\u00e9velopper une culture professionnelle, en lien avec le vivant<br \/>&#8211; Se positionner dans les diff\u00e9rents types d\u2019agriculture<\/li><li><strong>Piloter le syst\u00e8me de production (C2)<\/strong><br \/>&#8211; R\u00e9guler l\u2019activit\u00e9 au regard de la strat\u00e9gie de l\u2019entreprise et des opportunit\u00e9s<br \/>&#8211; G\u00e9rer le travail<\/li><li><strong>Conduire le processus de production dans l\u2019agro\u00e9cosyst\u00e8me (C3)<\/strong><br \/>&#8211; Combiner les diff\u00e9rentes activit\u00e9s li\u00e9es aux productions<br \/>&#8211; Mettre en \u0153uvre les op\u00e9rations li\u00e9es \u00e0 la conduite des productions<\/li><li><strong>Assurer la gestion technico-\u00e9conomique, financi\u00e8re et administrative de l\u2019entreprise (C4)<\/strong><br \/>&#8211; Porter un diagnostic sur les r\u00e9sultats de l\u2019entreprise<br \/>&#8211; R\u00e9aliser des choix pour l\u2019entreprise<\/li><li><strong>Valoriser les produits ou services de l\u2019entreprise (C5)<\/strong><br \/>&#8211; Commercialiser un produit, un service<br \/>&#8211; N\u00e9gocier dans le cadre d\u2019un contrat, d\u2019un projet collectif<\/li><li><strong>S\u2019adapter \u00e0 des enjeux professionnels particuliers (C6 &#8211; C7)<\/strong> : unit\u00e9 capitalisable d\u2019adaptation r\u00e9gionale et \u00e0 l\u2019emploi<\/li><li><strong>Divers<\/strong> (Accueil, fonctionnement de l&rsquo;alternance, individualisation, &#8230;)<\/li><\/ul><\/li><\/ul><p><strong>MODALIT\u00c9S DE LA FORMATION<\/strong><\/p><p>Tout candidat b\u00e9n\u00e9ficie d\u2019un positionnement individuel afin de d\u00e9finir un parcours de formation sur mesure.<br \/>De nombreuses possibilit\u00e9s s\u2019offre \u00e0 vous : les salari\u00e9s peuvent poursuivre certains modules de formation avec la possibilit\u00e9 d\u2019acqu\u00e9rir des comp\u00e9tences, aux salari\u00e9s et autres statuts, avec la possibilit\u00e9 de se former \u00e0 quelques modules de professionnalisation ( gestion comptable etc&#8230;).<strong><em> La formation se d\u00e9roule en pr\u00e9sentiel sur le Campus de Fonlabour \u00e0 Albi et sur les exploitations (Lavaur, Bellegarde)<\/em><\/strong>.<\/p><p><strong>MODALIT\u00c9S D\u2019\u00c9VALUATION<\/strong><\/p><p>L\u2019 apprenant doit valider toutes les \u00e9preuves de toutes les unit\u00e9s capitalisables (UC) pour avoir le BPREA. Si le BPREA est non obtenu en fin de formation, les UC acquises restent valables 5 ans en vue d\u2019une validation ult\u00e9rieure du dipl\u00f4me.<br \/>Possibilit\u00e9 de valider un ou des blocs de comp\u00e9tences s\u00e9par\u00e9ment. Possibilit\u00e9 d&rsquo;adaptation du parcours de formation et de l&rsquo;\u00e9valuation apr\u00e8s un positionnement par le Centre en d\u00e9but de formation.<\/p><\/div>\n\t\t\t\t<\/div>\n\t\t\t\t\t\t\t<div class=\"elementor-toggle-item\">\n\t\t\t\t\t<div id=\"elementor-tab-title-1993\" class=\"elementor-tab-title\" data-tab=\"3\" role=\"button\" aria-controls=\"elementor-tab-content-1993\" aria-expanded=\"false\">\n\t\t\t\t\t\t\t\t\t\t\t\t<span class=\"elementor-toggle-icon elementor-toggle-icon-left\" aria-hidden=\"true\">\n\t\t\t\t\t\t\t\t\t\t\t\t\t\t\t<span class=\"elementor-toggle-icon-closed\"><svg class=\"e-font-icon-svg e-fas-caret-down\" viewBox=\"0 0 320 512\" xmlns=\"http:\/\/www.w3.org\/2000\/svg\"><path d=\"M31.3 192h257.3c17.8 0 26.7 21.5 14.1 34.1L174.1 354.8c-7.8 7.8-20.5 7.8-28.3 0L17.2 226.1C4.6 213.5 13.5 192 31.3 192z\"><\/path><\/svg><\/span>\n\t\t\t\t\t\t\t\t<span class=\"elementor-toggle-icon-opened\"><svg class=\"elementor-toggle-icon-opened e-font-icon-svg e-fas-caret-up\" viewBox=\"0 0 320 512\" xmlns=\"http:\/\/www.w3.org\/2000\/svg\"><path d=\"M288.662 352H31.338c-17.818 0-26.741-21.543-14.142-34.142l128.662-128.662c7.81-7.81 20.474-7.81 28.284 0l128.662 128.662c12.6 12.599 3.676 34.142-14.142 34.142z\"><\/path><\/svg><\/span>\n\t\t\t\t\t\t\t\t\t\t\t\t\t<\/span>\n\t\t\t\t\t\t\t\t\t\t\t\t<a class=\"elementor-toggle-title\" tabindex=\"0\">Options \"UCARE\"<\/a>\n\t\t\t\t\t<\/div>\n\n\t\t\t\t\t<div id=\"elementor-tab-content-1993\" class=\"elementor-tab-content elementor-clearfix\" data-tab=\"3\" role=\"region\" aria-labelledby=\"elementor-tab-title-1993\"><p><b>Formation Continue ou Apprentissage &#8211; possible \u00e0 distance<\/b><br \/><br \/><b>Sp\u00e9cialit\u00e9s <\/b>: Polyculture-\u00e9levage (ruminants), grandes cultures et mara\u00eechage.<br \/><br \/><b>Autres <\/b>: Nous consulter<br \/><br \/><br \/><b>UCARE <\/b>:<br \/>Agroforesterie, Maintenance des mat\u00e9riels, Apiculture, Poules pondeuses en agroforesterie, Transformation de la production laiti\u00e8re \u00e0 la ferme (lait cru et ferments indig\u00e8nes), Transformation fermi\u00e8re animale, Agrotourisme et animation \u00e0 la ferme.<\/p><\/div>\n\t\t\t\t<\/div>\n\t\t\t\t\t\t\t\t<\/div>\n\t\t\t\t\t\t<\/div>\n\t\t\t\t<\/div>\n\t\t\t\t\t<\/div>\n\t\t<\/div>\n\t\t\t\t<div class=\"elementor-column elementor-col-50 elementor-top-column elementor-element elementor-element-bcc20d3\" data-id=\"bcc20d3\" data-element_type=\"column\" data-e-type=\"column\">\n\t\t\t<div class=\"elementor-widget-wrap elementor-element-populated\">\n\t\t\t\t\t\t<div class=\"elementor-element elementor-element-c498fc8 elementor-widget elementor-widget-menu-anchor\" data-id=\"c498fc8\" data-element_type=\"widget\" data-e-type=\"widget\" data-widget_type=\"menu-anchor.default\">\n\t\t\t\t<div class=\"elementor-widget-container\">\n\t\t\t\t\t\t\t<div class=\"elementor-menu-anchor\" id=\"BTSA_ACSE\"><\/div>\n\t\t\t\t\t\t<\/div>\n\t\t\t\t<\/div>\n\t\t\t\t<div class=\"elementor-element elementor-element-5441cb1 elementor-widget elementor-widget-testimonial\" data-id=\"5441cb1\" data-element_type=\"widget\" data-e-type=\"widget\" data-widget_type=\"testimonial.default\">\n\t\t\t\t<div class=\"elementor-widget-container\">\n\t\t\t\t\t\t\t<div class=\"elementor-testimonial-wrapper\">\n\t\t\t\n\t\t\t\t\t\t<div class=\"elementor-testimonial-meta elementor-has-image elementor-testimonial-image-position-aside\">\n\t\t\t\t<div class=\"elementor-testimonial-meta-inner\">\n\t\t\t\t\t\t\t\t\t\t\t<div class=\"elementor-testimonial-image\">\n\t\t\t\t\t\t\t<img decoding=\"async\" width=\"142\" height=\"154\" src=\"https:\/\/www.tarn.educagri.fr\/fpca\/wp-content\/uploads\/2023\/03\/Logo-Perso-Bl1.png\" class=\"attachment-full size-full wp-image-6519\" alt=\"\" \/>\t\t\t\t\t\t<\/div>\n\t\t\t\t\t\n\t\t\t\t\t\t\t\t\t\t<div class=\"elementor-testimonial-details\">\n\t\t\t\t\t\t\t\t\t\t\t\t\t\t<div class=\"elementor-testimonial-name\">Aline DUMONT<\/div>\n\t\t\t\t\t\t\t\t\t\t\t\t\t\t\t\t\t\t\t\t\t\t<div class=\"elementor-testimonial-job\">Coordonnatrice<\/div>\n\t\t\t\t\t\t\t\t\t\t\t\t\t<\/div>\n\t\t\t\t\t\t\t\t\t<\/div>\n\t\t\t<\/div>\n\t\t\t\t\t<\/div>\n\t\t\t\t\t\t<\/div>\n\t\t\t\t<\/div>\n\t\t\t\t<div class=\"elementor-element elementor-element-68385ab elementor-widget elementor-widget-icon-box\" data-id=\"68385ab\" data-element_type=\"widget\" data-e-type=\"widget\" data-widget_type=\"icon-box.default\">\n\t\t\t\t<div class=\"elementor-widget-container\">\n\t\t\t\t\t\t\t<div class=\"elementor-icon-box-wrapper\">\n\n\t\t\t\n\t\t\t\t\t\t<div class=\"elementor-icon-box-content\">\n\n\t\t\t\t\t\t\t\t\t<h3 class=\"elementor-icon-box-title\">\n\t\t\t\t\t\t<span  >\n\t\t\t\t\t\t\tBTSA Analyse Conduite et <br>Strat\u00e9gie de l'Entreprise Agricole\t\t\t\t\t\t<\/span>\n\t\t\t\t\t<\/h3>\n\t\t\t\t\n\t\t\t\t\t\t\t\t\t<p class=\"elementor-icon-box-description\">\n\t\t\t\t\t\t<b>Formation Continue ou Apprentissage<\/b><br><b>Sp\u00e9cificit\u00e9s <\/b>: quelque soit le projet professionnel la formation propose des supports en \u00e9levage bovin, ovin, caprins, etc... et grandes cultures, arboriculture, mara\u00eechage, viticulture, etc...<br>Elle prend en compte la diversit\u00e9 des entreprises agricoles du territoire<br><br><br><br>\t\t\t\t\t<\/p>\n\t\t\t\t\n\t\t\t<\/div>\n\t\t\t\n\t\t<\/div>\n\t\t\t\t\t\t<\/div>\n\t\t\t\t<\/div>\n\t\t\t\t<section class=\"elementor-section elementor-inner-section elementor-element elementor-element-ecb5531 elementor-section-boxed elementor-section-height-default elementor-section-height-default\" data-id=\"ecb5531\" data-element_type=\"section\" data-e-type=\"section\">\n\t\t\t\t\t\t<div class=\"elementor-container elementor-column-gap-default\">\n\t\t\t\t\t<div class=\"elementor-column elementor-col-50 elementor-inner-column elementor-element elementor-element-7f031ec\" data-id=\"7f031ec\" data-element_type=\"column\" data-e-type=\"column\">\n\t\t\t<div class=\"elementor-widget-wrap elementor-element-populated\">\n\t\t\t\t\t\t<div class=\"elementor-element elementor-element-55932fa elementor-align-center elementor-widget elementor-widget-button\" data-id=\"55932fa\" data-element_type=\"widget\" data-e-type=\"widget\" data-widget_type=\"button.default\">\n\t\t\t\t<div class=\"elementor-widget-container\">\n\t\t\t\t\t\t\t\t\t<div class=\"elementor-button-wrapper\">\n\t\t\t\t\t<a class=\"elementor-button elementor-button-link elementor-size-sm\" href=\"https:\/\/www.tarn.educagri.fr\/fpca\/wp-content\/uploads\/2025\/12\/Fiche_formation-BTSA-ACSAGRI-2026-1.pdf\" target=\"_blank\">\n\t\t\t\t\t\t<span class=\"elementor-button-content-wrapper\">\n\t\t\t\t\t\t\t\t\t<span class=\"elementor-button-text\">Fiche formation<\/span>\n\t\t\t\t\t<\/span>\n\t\t\t\t\t<\/a>\n\t\t\t\t<\/div>\n\t\t\t\t\t\t\t\t<\/div>\n\t\t\t\t<\/div>\n\t\t\t\t\t<\/div>\n\t\t<\/div>\n\t\t\t\t<div class=\"elementor-column elementor-col-50 elementor-inner-column elementor-element elementor-element-099011b\" data-id=\"099011b\" data-element_type=\"column\" data-e-type=\"column\">\n\t\t\t<div class=\"elementor-widget-wrap elementor-element-populated\">\n\t\t\t\t\t\t<div class=\"elementor-element elementor-element-0d085de elementor-widget elementor-widget-button\" data-id=\"0d085de\" data-element_type=\"widget\" data-e-type=\"widget\" data-widget_type=\"button.default\">\n\t\t\t\t<div class=\"elementor-widget-container\">\n\t\t\t\t\t\t\t\t\t<div class=\"elementor-button-wrapper\">\n\t\t\t\t\t<a class=\"elementor-button elementor-button-link elementor-size-sm\" href=\"#elementor-action%3Aaction%3Dpopup%3Aopen%26settings%3DeyJpZCI6IjgyNzgiLCJ0b2dnbGUiOmZhbHNlfQ%3D%3D\" indicateurs-capa-ma=\"\">\n\t\t\t\t\t\t<span class=\"elementor-button-content-wrapper\">\n\t\t\t\t\t\t\t\t\t<span class=\"elementor-button-text\">Indicateurs<\/span>\n\t\t\t\t\t<\/span>\n\t\t\t\t\t<\/a>\n\t\t\t\t<\/div>\n\t\t\t\t\t\t\t\t<\/div>\n\t\t\t\t<\/div>\n\t\t\t\t\t<\/div>\n\t\t<\/div>\n\t\t\t\t\t<\/div>\n\t\t<\/section>\n\t\t\t\t<div class=\"elementor-element elementor-element-2c4ace1 elementor-widget elementor-widget-toggle\" data-id=\"2c4ace1\" data-element_type=\"widget\" data-e-type=\"widget\" data-widget_type=\"toggle.default\">\n\t\t\t\t<div class=\"elementor-widget-container\">\n\t\t\t\t\t\t\t<div class=\"elementor-toggle\">\n\t\t\t\t\t\t\t<div class=\"elementor-toggle-item\">\n\t\t\t\t\t<div id=\"elementor-tab-title-4641\" class=\"elementor-tab-title\" data-tab=\"1\" role=\"button\" aria-controls=\"elementor-tab-content-4641\" aria-expanded=\"false\">\n\t\t\t\t\t\t\t\t\t\t\t\t<span class=\"elementor-toggle-icon elementor-toggle-icon-left\" aria-hidden=\"true\">\n\t\t\t\t\t\t\t\t\t\t\t\t\t\t\t<span class=\"elementor-toggle-icon-closed\"><svg class=\"e-font-icon-svg e-fas-caret-down\" viewBox=\"0 0 320 512\" xmlns=\"http:\/\/www.w3.org\/2000\/svg\"><path d=\"M31.3 192h257.3c17.8 0 26.7 21.5 14.1 34.1L174.1 354.8c-7.8 7.8-20.5 7.8-28.3 0L17.2 226.1C4.6 213.5 13.5 192 31.3 192z\"><\/path><\/svg><\/span>\n\t\t\t\t\t\t\t\t<span class=\"elementor-toggle-icon-opened\"><svg class=\"elementor-toggle-icon-opened e-font-icon-svg e-fas-caret-up\" viewBox=\"0 0 320 512\" xmlns=\"http:\/\/www.w3.org\/2000\/svg\"><path d=\"M288.662 352H31.338c-17.818 0-26.741-21.543-14.142-34.142l128.662-128.662c7.81-7.81 20.474-7.81 28.284 0l128.662 128.662c12.6 12.599 3.676 34.142-14.142 34.142z\"><\/path><\/svg><\/span>\n\t\t\t\t\t\t\t\t\t\t\t\t\t<\/span>\n\t\t\t\t\t\t\t\t\t\t\t\t<a class=\"elementor-toggle-title\" tabindex=\"0\">Objectifs de la formation<\/a>\n\t\t\t\t\t<\/div>\n\n\t\t\t\t\t<div id=\"elementor-tab-content-4641\" class=\"elementor-tab-content elementor-clearfix\" data-tab=\"1\" role=\"region\" aria-labelledby=\"elementor-tab-title-4641\"><p>Le Brevet de Technicien Sup\u00e9rieur Agricole \u00ab<strong> Analyse, Conduite et Strat\u00e9gie de l\u2019entreprise AGRIcole<\/strong> \u00bb assure la formation des futurs chefs d\u2019exploitation et de leurs conseillers face aux d\u00e9fis du monde agricole et rural.<\/p><p>Il permet d\u2019acqu\u00e9rir des savoir-faire pratiques en :<\/p><ul><li>Piloter des syst\u00e8mes de culture et d\u2019\u00e9levage dans une perspective de multi-performance<\/li><li>Assurer la gestion administrative, \u00e9conomique et financi\u00e8re de l\u2019entreprise agricole<\/li><li>Manager l\u2019activit\u00e9 de l&rsquo;entreprise agricole<\/li><li>Piloter un projet strat\u00e9gique d\u2019entreprise agricole dans une perspective de multi-performance et de r\u00e9silience<\/li><li>Accompagner le changement strat\u00e9gique territorialis\u00e9 dans les entreprises agricoles<\/li><\/ul><\/div>\n\t\t\t\t<\/div>\n\t\t\t\t\t\t\t<div class=\"elementor-toggle-item\">\n\t\t\t\t\t<div id=\"elementor-tab-title-4642\" class=\"elementor-tab-title\" data-tab=\"2\" role=\"button\" aria-controls=\"elementor-tab-content-4642\" aria-expanded=\"false\">\n\t\t\t\t\t\t\t\t\t\t\t\t<span class=\"elementor-toggle-icon elementor-toggle-icon-left\" aria-hidden=\"true\">\n\t\t\t\t\t\t\t\t\t\t\t\t\t\t\t<span class=\"elementor-toggle-icon-closed\"><svg class=\"e-font-icon-svg e-fas-caret-down\" viewBox=\"0 0 320 512\" xmlns=\"http:\/\/www.w3.org\/2000\/svg\"><path d=\"M31.3 192h257.3c17.8 0 26.7 21.5 14.1 34.1L174.1 354.8c-7.8 7.8-20.5 7.8-28.3 0L17.2 226.1C4.6 213.5 13.5 192 31.3 192z\"><\/path><\/svg><\/span>\n\t\t\t\t\t\t\t\t<span class=\"elementor-toggle-icon-opened\"><svg class=\"elementor-toggle-icon-opened e-font-icon-svg e-fas-caret-up\" viewBox=\"0 0 320 512\" xmlns=\"http:\/\/www.w3.org\/2000\/svg\"><path d=\"M288.662 352H31.338c-17.818 0-26.741-21.543-14.142-34.142l128.662-128.662c7.81-7.81 20.474-7.81 28.284 0l128.662 128.662c12.6 12.599 3.676 34.142-14.142 34.142z\"><\/path><\/svg><\/span>\n\t\t\t\t\t\t\t\t\t\t\t\t\t<\/span>\n\t\t\t\t\t\t\t\t\t\t\t\t<a class=\"elementor-toggle-title\" tabindex=\"0\">Contenu de la formation<\/a>\n\t\t\t\t\t<\/div>\n\n\t\t\t\t\t<div id=\"elementor-tab-content-4642\" class=\"elementor-tab-content elementor-clearfix\" data-tab=\"2\" role=\"region\" aria-labelledby=\"elementor-tab-title-4642\"><p><strong>COMP\u00c9TENCES D\u00c9VELOPP\u00c9ES<\/strong><\/p><p><strong><em>Comp\u00e9tences G\u00e9n\u00e9rales (communes \u00e0 tous les BTSA)<\/em><\/strong><\/p><ul><li>C1 \u2013 S\u2019inscrire dans le monde d\u2019aujourd\u2019hui<\/li><li>C2 \u2013 Construire son projet personnel et professionnel<\/li><li>C3 \u2013 Communiquer dans des situations et des contextes vari\u00e9s<\/li><\/ul><p><strong><em>Comp\u00e9tences Professionnelles sp\u00e9cifiques au BTSA ACS&rsquo;AGRI<\/em><\/strong><\/p><ul><li>C4 \u2013 Piloter des syst\u00e8mes de culture et d\u2019\u00e9levage dans une perspective de multi-performance<\/li><li>C5 \u2013 Assurer la gestion administrative, \u00e9conomique et financi\u00e8re de l\u2019entreprise agricole<\/li><li>C6 \u2013 Manager l\u2019activit\u00e9 de l&rsquo;entreprise agricole<\/li><li>C7 \u2013 Piloter un projet strat\u00e9gique d\u2019entreprise agricole dans une perspective de multi-performance et de r\u00e9silience<\/li><li>C8 \u2013 Accompagner le changement strat\u00e9gique territorialis\u00e9 dans les entreprises agricoles<\/li><\/ul><p><strong><em>Divers (Accueil, pluridisciplinarit\u00e9, individualisation, &#8230;)<\/em><\/strong><\/p><p><strong>MODALIT\u00c9S D\u2019\u00c9VALUATION<\/strong><\/p><p>Modalit\u00e9s d\u2019\u00e9valuation : l\u2019\u00e9valuation est r\u00e9alis\u00e9e int\u00e9gralement en CCF et notre formation est articul\u00e9e en 4 semestres abordant chacun des sujets diff\u00e9rents.<br \/>Possibilit\u00e9 d&rsquo;adaptation du parcours de formation et de l&rsquo;\u00e9valuation apr\u00e8s un positionnement par le Centre en d\u00e9but de formation.<\/p><\/div>\n\t\t\t\t<\/div>\n\t\t\t\t\t\t\t<div class=\"elementor-toggle-item\">\n\t\t\t\t\t<div id=\"elementor-tab-title-4643\" class=\"elementor-tab-title\" data-tab=\"3\" role=\"button\" aria-controls=\"elementor-tab-content-4643\" aria-expanded=\"false\">\n\t\t\t\t\t\t\t\t\t\t\t\t<span class=\"elementor-toggle-icon elementor-toggle-icon-left\" aria-hidden=\"true\">\n\t\t\t\t\t\t\t\t\t\t\t\t\t\t\t<span class=\"elementor-toggle-icon-closed\"><svg class=\"e-font-icon-svg e-fas-caret-down\" viewBox=\"0 0 320 512\" xmlns=\"http:\/\/www.w3.org\/2000\/svg\"><path d=\"M31.3 192h257.3c17.8 0 26.7 21.5 14.1 34.1L174.1 354.8c-7.8 7.8-20.5 7.8-28.3 0L17.2 226.1C4.6 213.5 13.5 192 31.3 192z\"><\/path><\/svg><\/span>\n\t\t\t\t\t\t\t\t<span class=\"elementor-toggle-icon-opened\"><svg class=\"elementor-toggle-icon-opened e-font-icon-svg e-fas-caret-up\" viewBox=\"0 0 320 512\" xmlns=\"http:\/\/www.w3.org\/2000\/svg\"><path d=\"M288.662 352H31.338c-17.818 0-26.741-21.543-14.142-34.142l128.662-128.662c7.81-7.81 20.474-7.81 28.284 0l128.662 128.662c12.6 12.599 3.676 34.142-14.142 34.142z\"><\/path><\/svg><\/span>\n\t\t\t\t\t\t\t\t\t\t\t\t\t<\/span>\n\t\t\t\t\t\t\t\t\t\t\t\t<a class=\"elementor-toggle-title\" tabindex=\"0\">Perspectives et d\u00e9bouch\u00e9s<\/a>\n\t\t\t\t\t<\/div>\n\n\t\t\t\t\t<div id=\"elementor-tab-content-4643\" class=\"elementor-tab-content elementor-clearfix\" data-tab=\"3\" role=\"region\" aria-labelledby=\"elementor-tab-title-4643\"><ul><li style=\"list-style-type: none;\"><ul><li>\u00a0Les titulaires d\u2019un BTSA ACS&rsquo;AGRI peuvent int\u00e9grer ais\u00e9ment le march\u00e9 du travail, comme cadre technique dans des institutions ou des organismes professionnels (Chambre d\u2019Agriculture, Instituts Techniques,\u2026), comme technico-commercial dans des n\u00e9goces, des coop\u00e9ratives, des jardineries, comme cadre de la production agricole ou s\u2019installer comme exploitant agricole, etc.<\/li><\/ul><\/li><\/ul><ul><li style=\"list-style-type: none;\"><ul><li>Possible poursuite d&rsquo;\u00e9tudes vers un certificat de sp\u00e9cialisation de l\u2019enseignement agricole, une licence professionnelle universitaire ou une \u00e9cole d\u2019ing\u00e9nieurs.<\/li><\/ul><\/li><\/ul><ul><li style=\"list-style-type: none;\"><ul><li>Possibilit\u00e9 de pr\u00e9parer \u00e9galement un second BTSA ACD dans notre centre de formation.<\/li><\/ul><\/li><\/ul><\/div>\n\t\t\t\t<\/div>\n\t\t\t\t\t\t\t\t<\/div>\n\t\t\t\t\t\t<\/div>\n\t\t\t\t<\/div>\n\t\t\t\t\t<\/div>\n\t\t<\/div>\n\t\t\t\t\t<\/div>\n\t\t<\/section>\n\t\t\t\t<section class=\"elementor-section elementor-top-section elementor-element elementor-element-39235b9 elementor-section-boxed elementor-section-height-default elementor-section-height-default\" data-id=\"39235b9\" data-element_type=\"section\" data-e-type=\"section\" data-settings=\"{&quot;background_background&quot;:&quot;classic&quot;}\">\n\t\t\t\t\t\t<div class=\"elementor-container elementor-column-gap-default\">\n\t\t\t\t\t<div class=\"elementor-column elementor-col-100 elementor-top-column elementor-element elementor-element-5fd132c\" data-id=\"5fd132c\" data-element_type=\"column\" data-e-type=\"column\">\n\t\t\t<div class=\"elementor-widget-wrap elementor-element-populated\">\n\t\t\t\t\t\t\t<\/div>\n\t\t<\/div>\n\t\t\t\t\t<\/div>\n\t\t<\/section>\n\t\t\t\t<section class=\"elementor-section elementor-top-section elementor-element elementor-element-589312f elementor-section-boxed elementor-section-height-default elementor-section-height-default\" data-id=\"589312f\" data-element_type=\"section\" data-e-type=\"section\" data-settings=\"{&quot;shape_divider_top&quot;:&quot;arrow&quot;}\">\n\t\t\t\t\t<div class=\"elementor-shape elementor-shape-top\" aria-hidden=\"true\" data-negative=\"false\">\n\t\t\t<svg xmlns=\"http:\/\/www.w3.org\/2000\/svg\" viewBox=\"0 0 700 10\" preserveAspectRatio=\"none\">\n\t<path class=\"elementor-shape-fill\" d=\"M350,10L340,0h20L350,10z\"\/>\n<\/svg>\t\t<\/div>\n\t\t\t\t\t<div class=\"elementor-container elementor-column-gap-default\">\n\t\t\t\t\t<div class=\"elementor-column elementor-col-50 elementor-top-column elementor-element elementor-element-3be3184\" data-id=\"3be3184\" data-element_type=\"column\" data-e-type=\"column\">\n\t\t\t<div class=\"elementor-widget-wrap elementor-element-populated\">\n\t\t\t\t\t\t<div class=\"elementor-element elementor-element-4296762 elementor-widget elementor-widget-heading\" data-id=\"4296762\" data-element_type=\"widget\" data-e-type=\"widget\" data-widget_type=\"heading.default\">\n\t\t\t\t<div class=\"elementor-widget-container\">\n\t\t\t\t\t<h4 class=\"elementor-heading-title elementor-size-default\"><b>Vers les m\u00e9tiers de : <\/b><\/h4>\t\t\t\t<\/div>\n\t\t\t\t<\/div>\n\t\t\t\t<div class=\"elementor-element elementor-element-6efa30a elementor-widget elementor-widget-text-editor\" data-id=\"6efa30a\" data-element_type=\"widget\" data-e-type=\"widget\" data-widget_type=\"text-editor.default\">\n\t\t\t\t<div class=\"elementor-widget-container\">\n\t\t\t\t\t\t\t\t\t<p>Mara\u00eecher, sp\u00e9cialiste de la culture l\u00e9gumi\u00e8re &#8211; Arboriculteur, sp\u00e9cialiste des arbres fruitiers &#8211; Horticulteur\/Floriculteur, sp\u00e9cialiste des plantes \u00e0 fleurs ornementales &#8211; P\u00e9pini\u00e9riste, sp\u00e9cialiste des v\u00e9g\u00e9taux d&rsquo;ext\u00e9rieur (arbustes, arbres &#8230;) &#8230;<\/p>\t\t\t\t\t\t\t\t<\/div>\n\t\t\t\t<\/div>\n\t\t\t\t\t<\/div>\n\t\t<\/div>\n\t\t\t\t<div class=\"elementor-column elementor-col-50 elementor-top-column elementor-element elementor-element-cf80647\" data-id=\"cf80647\" data-element_type=\"column\" data-e-type=\"column\">\n\t\t\t<div class=\"elementor-widget-wrap elementor-element-populated\">\n\t\t\t\t\t\t<div class=\"elementor-element elementor-element-ab90da2 elementor-widget elementor-widget-heading\" data-id=\"ab90da2\" data-element_type=\"widget\" data-e-type=\"widget\" data-widget_type=\"heading.default\">\n\t\t\t\t<div class=\"elementor-widget-container\">\n\t\t\t\t\t<h4 class=\"elementor-heading-title elementor-size-default\"><b>EN PRATIQUE<\/b><\/h4>\t\t\t\t<\/div>\n\t\t\t\t<\/div>\n\t\t\t\t<div class=\"elementor-element elementor-element-93e0a23 elementor-widget elementor-widget-text-editor\" data-id=\"93e0a23\" data-element_type=\"widget\" data-e-type=\"widget\" data-widget_type=\"text-editor.default\">\n\t\t\t\t<div class=\"elementor-widget-container\">\n\t\t\t\t\t\t\t\t\t<hr \/><p><strong>Nombreux plateaux techniques<\/strong> : dont une plateforme sp\u00e9cialis\u00e9e en Horticulture &#8211; Fleuristerie, qui dispose de :<br \/>&#8211; 1000 m\u00b2 de serres et des jardins destin\u00e9s aux cours techniques de la fili\u00e8re<br \/>&#8211; un syst\u00e8me d\u2019arrosage automatique <br \/>&#8211; une collection de v\u00e9g\u00e9taux, d\u2019arbres et une production l\u00e9gumi\u00e8re<br \/>Un projet de d\u00e9veloppement de la production de plantes<br \/>vivaces est \u00e0 l\u2019\u00e9tude, ainsi qu\u2019une conversion en bio.<br \/>Une station m\u00e9t\u00e9o permet d\u2019assurer la gestion climatique des serres.<\/p>\t\t\t\t\t\t\t\t<\/div>\n\t\t\t\t<\/div>\n\t\t\t\t\t<\/div>\n\t\t<\/div>\n\t\t\t\t\t<\/div>\n\t\t<\/section>\n\t\t\t\t<section class=\"elementor-section elementor-top-section elementor-element elementor-element-58bf7d6 elementor-section-boxed elementor-section-height-default elementor-section-height-default\" data-id=\"58bf7d6\" data-element_type=\"section\" data-e-type=\"section\">\n\t\t\t\t\t\t<div class=\"elementor-container elementor-column-gap-default\">\n\t\t\t\t\t<div class=\"elementor-column elementor-col-25 elementor-top-column elementor-element elementor-element-39c1cb3\" data-id=\"39c1cb3\" data-element_type=\"column\" data-e-type=\"column\">\n\t\t\t<div class=\"elementor-widget-wrap elementor-element-populated\">\n\t\t\t\t\t\t<div class=\"elementor-element elementor-element-2eb3ca3 elementor-widget elementor-widget-image\" data-id=\"2eb3ca3\" data-element_type=\"widget\" data-e-type=\"widget\" data-widget_type=\"image.default\">\n\t\t\t\t<div class=\"elementor-widget-container\">\n\t\t\t\t\t\t\t\t\t\t\t\t\t\t\t<img decoding=\"async\" width=\"591\" height=\"355\" src=\"https:\/\/www.tarn.educagri.fr\/fpca\/wp-content\/uploads\/2020\/07\/01.png\" class=\"attachment-large size-large wp-image-4191\" alt=\"\" srcset=\"https:\/\/www.tarn.educagri.fr\/fpca\/wp-content\/uploads\/2020\/07\/01.png 591w, https:\/\/www.tarn.educagri.fr\/fpca\/wp-content\/uploads\/2020\/07\/01-300x180.png 300w\" sizes=\"(max-width: 591px) 100vw, 591px\" \/>\t\t\t\t\t\t\t\t\t\t\t\t\t\t\t<\/div>\n\t\t\t\t<\/div>\n\t\t\t\t\t<\/div>\n\t\t<\/div>\n\t\t\t\t<div class=\"elementor-column elementor-col-25 elementor-top-column elementor-element elementor-element-7b00901\" data-id=\"7b00901\" data-element_type=\"column\" data-e-type=\"column\">\n\t\t\t<div class=\"elementor-widget-wrap elementor-element-populated\">\n\t\t\t\t\t\t<div class=\"elementor-element elementor-element-43ce9fe elementor-widget elementor-widget-image\" data-id=\"43ce9fe\" data-element_type=\"widget\" data-e-type=\"widget\" data-widget_type=\"image.default\">\n\t\t\t\t<div class=\"elementor-widget-container\">\n\t\t\t\t\t\t\t\t\t\t\t\t\t\t\t<img loading=\"lazy\" decoding=\"async\" width=\"591\" height=\"355\" src=\"https:\/\/www.tarn.educagri.fr\/fpca\/wp-content\/uploads\/2020\/07\/02-1.png\" class=\"attachment-large size-large wp-image-4192\" alt=\"\" srcset=\"https:\/\/www.tarn.educagri.fr\/fpca\/wp-content\/uploads\/2020\/07\/02-1.png 591w, https:\/\/www.tarn.educagri.fr\/fpca\/wp-content\/uploads\/2020\/07\/02-1-300x180.png 300w\" sizes=\"(max-width: 591px) 100vw, 591px\" \/>\t\t\t\t\t\t\t\t\t\t\t\t\t\t\t<\/div>\n\t\t\t\t<\/div>\n\t\t\t\t\t<\/div>\n\t\t<\/div>\n\t\t\t\t<div class=\"elementor-column elementor-col-25 elementor-top-column elementor-element elementor-element-bea2931\" data-id=\"bea2931\" data-element_type=\"column\" data-e-type=\"column\">\n\t\t\t<div class=\"elementor-widget-wrap elementor-element-populated\">\n\t\t\t\t\t\t<div class=\"elementor-element elementor-element-85bdde2 elementor-widget elementor-widget-image\" data-id=\"85bdde2\" data-element_type=\"widget\" data-e-type=\"widget\" data-widget_type=\"image.default\">\n\t\t\t\t<div class=\"elementor-widget-container\">\n\t\t\t\t\t\t\t\t\t\t\t\t\t\t\t<img loading=\"lazy\" decoding=\"async\" width=\"591\" height=\"355\" src=\"https:\/\/www.tarn.educagri.fr\/fpca\/wp-content\/uploads\/2020\/07\/03-1.png\" class=\"attachment-large size-large wp-image-4193\" alt=\"\" srcset=\"https:\/\/www.tarn.educagri.fr\/fpca\/wp-content\/uploads\/2020\/07\/03-1.png 591w, https:\/\/www.tarn.educagri.fr\/fpca\/wp-content\/uploads\/2020\/07\/03-1-300x180.png 300w\" sizes=\"(max-width: 591px) 100vw, 591px\" \/>\t\t\t\t\t\t\t\t\t\t\t\t\t\t\t<\/div>\n\t\t\t\t<\/div>\n\t\t\t\t\t<\/div>\n\t\t<\/div>\n\t\t\t\t<div class=\"elementor-column elementor-col-25 elementor-top-column elementor-element elementor-element-19a2e43\" data-id=\"19a2e43\" data-element_type=\"column\" data-e-type=\"column\">\n\t\t\t<div class=\"elementor-widget-wrap elementor-element-populated\">\n\t\t\t\t\t\t<div class=\"elementor-element elementor-element-c05414f elementor-widget elementor-widget-image\" data-id=\"c05414f\" data-element_type=\"widget\" data-e-type=\"widget\" data-widget_type=\"image.default\">\n\t\t\t\t<div class=\"elementor-widget-container\">\n\t\t\t\t\t\t\t\t\t\t\t\t\t\t\t<img loading=\"lazy\" decoding=\"async\" width=\"591\" height=\"355\" src=\"https:\/\/www.tarn.educagri.fr\/fpca\/wp-content\/uploads\/2020\/07\/04-1.png\" class=\"attachment-large size-large wp-image-4194\" alt=\"\" srcset=\"https:\/\/www.tarn.educagri.fr\/fpca\/wp-content\/uploads\/2020\/07\/04-1.png 591w, https:\/\/www.tarn.educagri.fr\/fpca\/wp-content\/uploads\/2020\/07\/04-1-300x180.png 300w\" sizes=\"(max-width: 591px) 100vw, 591px\" \/>\t\t\t\t\t\t\t\t\t\t\t\t\t\t\t<\/div>\n\t\t\t\t<\/div>\n\t\t\t\t\t<\/div>\n\t\t<\/div>\n\t\t\t\t\t<\/div>\n\t\t<\/section>\n\t\t\t\t<\/div>\n\t\t","protected":false},"excerpt":{"rendered":"<p>NOS FORMATIONS Bac Pro Conduite de Productions Horticoles (Bac Pro CPH) BP Responsable d&rsquo;Entreprise Agricole (BP REA) Apprentissage &#8211; Formation Continue BTSA Analyse, Conduite et&hellip;<\/p>\n","protected":false},"author":10,"featured_media":0,"parent":0,"menu_order":0,"comment_status":"closed","ping_status":"closed","template":"","meta":{"footnotes":""},"class_list":["post-441","page","type-page","status-publish","hentry"],"yoast_head":"<!-- This site is optimized with the Yoast SEO plugin v27.4 - https:\/\/yoast.com\/product\/yoast-seo-wordpress\/ -->\n<title>Horticulture - Mara\u00eechage et Fleuristerie - Formation Professionnelle Continue et Apprentissage<\/title>\n<meta name=\"robots\" content=\"index, follow, max-snippet:-1, max-image-preview:large, max-video-preview:-1\" \/>\n<link rel=\"canonical\" href=\"https:\/\/www.tarn.educagri.fr\/fpca\/horticulture\/\" \/>\n<meta property=\"og:locale\" content=\"fr_FR\" \/>\n<meta property=\"og:type\" content=\"article\" \/>\n<meta property=\"og:title\" content=\"Horticulture - Mara\u00eechage et Fleuristerie - Formation Professionnelle Continue et Apprentissage\" \/>\n<meta property=\"og:description\" content=\"NOS FORMATIONS Bac Pro Conduite de Productions Horticoles (Bac Pro CPH) BP Responsable d&rsquo;Entreprise Agricole (BP REA) Apprentissage &#8211; Formation Continue BTSA Analyse, Conduite et&hellip;\" \/>\n<meta property=\"og:url\" content=\"https:\/\/www.tarn.educagri.fr\/fpca\/horticulture\/\" \/>\n<meta property=\"og:site_name\" content=\"Formation Professionnelle Continue et Apprentissage\" \/>\n<meta property=\"article:modified_time\" content=\"2026-04-23T15:18:56+00:00\" \/>\n<meta property=\"og:image\" content=\"https:\/\/www.tarn.educagri.fr\/fpca\/wp-content\/uploads\/elementor\/thumbs\/Logo-Formation-horitculture-rgan88zu3fqt52j84avlkqiqf5fm2zu2caltdxdja4.png\" \/>\n<meta name=\"twitter:card\" content=\"summary_large_image\" \/>\n<meta name=\"twitter:label1\" content=\"Dur\u00e9e de lecture estim\u00e9e\" \/>\n\t<meta name=\"twitter:data1\" content=\"9 minutes\" \/>\n<script type=\"application\/ld+json\" class=\"yoast-schema-graph\">{\"@context\":\"https:\\\/\\\/schema.org\",\"@graph\":[{\"@type\":\"WebPage\",\"@id\":\"https:\\\/\\\/www.tarn.educagri.fr\\\/fpca\\\/horticulture\\\/\",\"url\":\"https:\\\/\\\/www.tarn.educagri.fr\\\/fpca\\\/horticulture\\\/\",\"name\":\"Horticulture - Mara\u00eechage et Fleuristerie - Formation Professionnelle Continue et Apprentissage\",\"isPartOf\":{\"@id\":\"https:\\\/\\\/www.tarn.educagri.fr\\\/fpca\\\/#website\"},\"primaryImageOfPage\":{\"@id\":\"https:\\\/\\\/www.tarn.educagri.fr\\\/fpca\\\/horticulture\\\/#primaryimage\"},\"image\":{\"@id\":\"https:\\\/\\\/www.tarn.educagri.fr\\\/fpca\\\/horticulture\\\/#primaryimage\"},\"thumbnailUrl\":\"https:\\\/\\\/www.tarn.educagri.fr\\\/fpca\\\/wp-content\\\/uploads\\\/elementor\\\/thumbs\\\/Logo-Formation-horitculture-rgan88zu3fqt52j84avlkqiqf5fm2zu2caltdxdja4.png\",\"datePublished\":\"2018-09-15T18:54:05+00:00\",\"dateModified\":\"2026-04-23T15:18:56+00:00\",\"breadcrumb\":{\"@id\":\"https:\\\/\\\/www.tarn.educagri.fr\\\/fpca\\\/horticulture\\\/#breadcrumb\"},\"inLanguage\":\"fr-FR\",\"potentialAction\":[{\"@type\":\"ReadAction\",\"target\":[\"https:\\\/\\\/www.tarn.educagri.fr\\\/fpca\\\/horticulture\\\/\"]}]},{\"@type\":\"ImageObject\",\"inLanguage\":\"fr-FR\",\"@id\":\"https:\\\/\\\/www.tarn.educagri.fr\\\/fpca\\\/horticulture\\\/#primaryimage\",\"url\":\"https:\\\/\\\/www.tarn.educagri.fr\\\/fpca\\\/wp-content\\\/uploads\\\/elementor\\\/thumbs\\\/Logo-Formation-horitculture-rgan88zu3fqt52j84avlkqiqf5fm2zu2caltdxdja4.png\",\"contentUrl\":\"https:\\\/\\\/www.tarn.educagri.fr\\\/fpca\\\/wp-content\\\/uploads\\\/elementor\\\/thumbs\\\/Logo-Formation-horitculture-rgan88zu3fqt52j84avlkqiqf5fm2zu2caltdxdja4.png\"},{\"@type\":\"BreadcrumbList\",\"@id\":\"https:\\\/\\\/www.tarn.educagri.fr\\\/fpca\\\/horticulture\\\/#breadcrumb\",\"itemListElement\":[{\"@type\":\"ListItem\",\"position\":1,\"name\":\"Accueil\",\"item\":\"https:\\\/\\\/www.tarn.educagri.fr\\\/fpca\\\/\"},{\"@type\":\"ListItem\",\"position\":2,\"name\":\"Horticulture &#8211; Mara\u00eechage et Fleuristerie\"}]},{\"@type\":\"WebSite\",\"@id\":\"https:\\\/\\\/www.tarn.educagri.fr\\\/fpca\\\/#website\",\"url\":\"https:\\\/\\\/www.tarn.educagri.fr\\\/fpca\\\/\",\"name\":\"Formation Professionnelle Continue et Apprentissage\",\"description\":\"TARN : Des formations actions adapt\u00e9es \u00e0 vos besoins, orient\u00e9es vers la comp\u00e9tence\",\"publisher\":{\"@id\":\"https:\\\/\\\/www.tarn.educagri.fr\\\/fpca\\\/#organization\"},\"potentialAction\":[{\"@type\":\"SearchAction\",\"target\":{\"@type\":\"EntryPoint\",\"urlTemplate\":\"https:\\\/\\\/www.tarn.educagri.fr\\\/fpca\\\/?s={search_term_string}\"},\"query-input\":{\"@type\":\"PropertyValueSpecification\",\"valueRequired\":true,\"valueName\":\"search_term_string\"}}],\"inLanguage\":\"fr-FR\"},{\"@type\":\"Organization\",\"@id\":\"https:\\\/\\\/www.tarn.educagri.fr\\\/fpca\\\/#organization\",\"name\":\"Formation professionnelle continue et de l'apprentissage du Tarn\",\"url\":\"https:\\\/\\\/www.tarn.educagri.fr\\\/fpca\\\/\",\"logo\":{\"@type\":\"ImageObject\",\"inLanguage\":\"fr-FR\",\"@id\":\"https:\\\/\\\/www.tarn.educagri.fr\\\/fpca\\\/#\\\/schema\\\/logo\\\/image\\\/\",\"url\":\"https:\\\/\\\/www.tarn.educagri.fr\\\/fpca\\\/wp-content\\\/uploads\\\/2019\\\/01\\\/LOGO_CFAAH_CFPPA_Tarn.png\",\"contentUrl\":\"https:\\\/\\\/www.tarn.educagri.fr\\\/fpca\\\/wp-content\\\/uploads\\\/2019\\\/01\\\/LOGO_CFAAH_CFPPA_Tarn.png\",\"width\":2113,\"height\":2422,\"caption\":\"Formation professionnelle continue et de l'apprentissage du Tarn\"},\"image\":{\"@id\":\"https:\\\/\\\/www.tarn.educagri.fr\\\/fpca\\\/#\\\/schema\\\/logo\\\/image\\\/\"}}]}<\/script>\n<!-- \/ Yoast SEO plugin. -->","yoast_head_json":{"title":"Horticulture - Mara\u00eechage et Fleuristerie - Formation Professionnelle Continue et Apprentissage","robots":{"index":"index","follow":"follow","max-snippet":"max-snippet:-1","max-image-preview":"max-image-preview:large","max-video-preview":"max-video-preview:-1"},"canonical":"https:\/\/www.tarn.educagri.fr\/fpca\/horticulture\/","og_locale":"fr_FR","og_type":"article","og_title":"Horticulture - Mara\u00eechage et Fleuristerie - Formation Professionnelle Continue et Apprentissage","og_description":"NOS FORMATIONS Bac Pro Conduite de Productions Horticoles (Bac Pro CPH) BP Responsable d&rsquo;Entreprise Agricole (BP REA) Apprentissage &#8211; Formation Continue BTSA Analyse, Conduite et&hellip;","og_url":"https:\/\/www.tarn.educagri.fr\/fpca\/horticulture\/","og_site_name":"Formation Professionnelle Continue et Apprentissage","article_modified_time":"2026-04-23T15:18:56+00:00","og_image":[{"url":"https:\/\/www.tarn.educagri.fr\/fpca\/wp-content\/uploads\/elementor\/thumbs\/Logo-Formation-horitculture-rgan88zu3fqt52j84avlkqiqf5fm2zu2caltdxdja4.png","type":"","width":"","height":""}],"twitter_card":"summary_large_image","twitter_misc":{"Dur\u00e9e de lecture estim\u00e9e":"9 minutes"},"schema":{"@context":"https:\/\/schema.org","@graph":[{"@type":"WebPage","@id":"https:\/\/www.tarn.educagri.fr\/fpca\/horticulture\/","url":"https:\/\/www.tarn.educagri.fr\/fpca\/horticulture\/","name":"Horticulture - Mara\u00eechage et Fleuristerie - Formation Professionnelle Continue et Apprentissage","isPartOf":{"@id":"https:\/\/www.tarn.educagri.fr\/fpca\/#website"},"primaryImageOfPage":{"@id":"https:\/\/www.tarn.educagri.fr\/fpca\/horticulture\/#primaryimage"},"image":{"@id":"https:\/\/www.tarn.educagri.fr\/fpca\/horticulture\/#primaryimage"},"thumbnailUrl":"https:\/\/www.tarn.educagri.fr\/fpca\/wp-content\/uploads\/elementor\/thumbs\/Logo-Formation-horitculture-rgan88zu3fqt52j84avlkqiqf5fm2zu2caltdxdja4.png","datePublished":"2018-09-15T18:54:05+00:00","dateModified":"2026-04-23T15:18:56+00:00","breadcrumb":{"@id":"https:\/\/www.tarn.educagri.fr\/fpca\/horticulture\/#breadcrumb"},"inLanguage":"fr-FR","potentialAction":[{"@type":"ReadAction","target":["https:\/\/www.tarn.educagri.fr\/fpca\/horticulture\/"]}]},{"@type":"ImageObject","inLanguage":"fr-FR","@id":"https:\/\/www.tarn.educagri.fr\/fpca\/horticulture\/#primaryimage","url":"https:\/\/www.tarn.educagri.fr\/fpca\/wp-content\/uploads\/elementor\/thumbs\/Logo-Formation-horitculture-rgan88zu3fqt52j84avlkqiqf5fm2zu2caltdxdja4.png","contentUrl":"https:\/\/www.tarn.educagri.fr\/fpca\/wp-content\/uploads\/elementor\/thumbs\/Logo-Formation-horitculture-rgan88zu3fqt52j84avlkqiqf5fm2zu2caltdxdja4.png"},{"@type":"BreadcrumbList","@id":"https:\/\/www.tarn.educagri.fr\/fpca\/horticulture\/#breadcrumb","itemListElement":[{"@type":"ListItem","position":1,"name":"Accueil","item":"https:\/\/www.tarn.educagri.fr\/fpca\/"},{"@type":"ListItem","position":2,"name":"Horticulture &#8211; Mara\u00eechage et Fleuristerie"}]},{"@type":"WebSite","@id":"https:\/\/www.tarn.educagri.fr\/fpca\/#website","url":"https:\/\/www.tarn.educagri.fr\/fpca\/","name":"Formation Professionnelle Continue et Apprentissage","description":"TARN : Des formations actions adapt\u00e9es \u00e0 vos besoins, orient\u00e9es vers la comp\u00e9tence","publisher":{"@id":"https:\/\/www.tarn.educagri.fr\/fpca\/#organization"},"potentialAction":[{"@type":"SearchAction","target":{"@type":"EntryPoint","urlTemplate":"https:\/\/www.tarn.educagri.fr\/fpca\/?s={search_term_string}"},"query-input":{"@type":"PropertyValueSpecification","valueRequired":true,"valueName":"search_term_string"}}],"inLanguage":"fr-FR"},{"@type":"Organization","@id":"https:\/\/www.tarn.educagri.fr\/fpca\/#organization","name":"Formation professionnelle continue et de l'apprentissage du Tarn","url":"https:\/\/www.tarn.educagri.fr\/fpca\/","logo":{"@type":"ImageObject","inLanguage":"fr-FR","@id":"https:\/\/www.tarn.educagri.fr\/fpca\/#\/schema\/logo\/image\/","url":"https:\/\/www.tarn.educagri.fr\/fpca\/wp-content\/uploads\/2019\/01\/LOGO_CFAAH_CFPPA_Tarn.png","contentUrl":"https:\/\/www.tarn.educagri.fr\/fpca\/wp-content\/uploads\/2019\/01\/LOGO_CFAAH_CFPPA_Tarn.png","width":2113,"height":2422,"caption":"Formation professionnelle continue et de l'apprentissage du Tarn"},"image":{"@id":"https:\/\/www.tarn.educagri.fr\/fpca\/#\/schema\/logo\/image\/"}}]}},"_links":{"self":[{"href":"https:\/\/www.tarn.educagri.fr\/fpca\/wp-json\/wp\/v2\/pages\/441","targetHints":{"allow":["GET"]}}],"collection":[{"href":"https:\/\/www.tarn.educagri.fr\/fpca\/wp-json\/wp\/v2\/pages"}],"about":[{"href":"https:\/\/www.tarn.educagri.fr\/fpca\/wp-json\/wp\/v2\/types\/page"}],"author":[{"embeddable":true,"href":"https:\/\/www.tarn.educagri.fr\/fpca\/wp-json\/wp\/v2\/users\/10"}],"replies":[{"embeddable":true,"href":"https:\/\/www.tarn.educagri.fr\/fpca\/wp-json\/wp\/v2\/comments?post=441"}],"version-history":[{"count":445,"href":"https:\/\/www.tarn.educagri.fr\/fpca\/wp-json\/wp\/v2\/pages\/441\/revisions"}],"predecessor-version":[{"id":11379,"href":"https:\/\/www.tarn.educagri.fr\/fpca\/wp-json\/wp\/v2\/pages\/441\/revisions\/11379"}],"wp:attachment":[{"href":"https:\/\/www.tarn.educagri.fr\/fpca\/wp-json\/wp\/v2\/media?parent=441"}],"curies":[{"name":"wp","href":"https:\/\/api.w.org\/{rel}","templated":true}]}}