{"id":470,"date":"2018-09-15T20:06:24","date_gmt":"2018-09-15T19:06:24","guid":{"rendered":"https:\/\/www.tarn.educagri.fr\/fpca\/?page_id=470"},"modified":"2024-12-11T14:33:38","modified_gmt":"2024-12-11T13:33:38","slug":"plateformes-pedagogiques","status":"publish","type":"page","link":"https:\/\/www.tarn.educagri.fr\/fpca\/plateformes-pedagogiques\/","title":{"rendered":"Nos Fermes P\u00e9dagogiques"},"content":{"rendered":"\t\t<div data-elementor-type=\"wp-post\" data-elementor-id=\"470\" class=\"elementor elementor-470\" data-elementor-post-type=\"page\">\n\t\t\t\t\t\t<section class=\"elementor-section elementor-top-section elementor-element elementor-element-6a29cd45 elementor-section-content-middle elementor-section-boxed elementor-section-height-default elementor-section-height-default\" data-id=\"6a29cd45\" data-element_type=\"section\" data-e-type=\"section\" data-settings=\"{&quot;background_background&quot;:&quot;gradient&quot;,&quot;shape_divider_top&quot;:&quot;curve&quot;,&quot;shape_divider_bottom&quot;:&quot;curve&quot;}\">\n\t\t\t\t\t\t\t<div class=\"elementor-background-overlay\"><\/div>\n\t\t\t\t\t\t<div class=\"elementor-shape elementor-shape-top\" aria-hidden=\"true\" data-negative=\"false\">\n\t\t\t<svg xmlns=\"http:\/\/www.w3.org\/2000\/svg\" viewBox=\"0 0 1000 100\" preserveAspectRatio=\"none\">\n    <path class=\"elementor-shape-fill\" d=\"M1000,4.3V0H0v4.3C0.9,23.1,126.7,99.2,500,100S1000,22.7,1000,4.3z\"\/>\n<\/svg>\t\t<\/div>\n\t\t\t\t<div class=\"elementor-shape elementor-shape-bottom\" aria-hidden=\"true\" data-negative=\"false\">\n\t\t\t<svg xmlns=\"http:\/\/www.w3.org\/2000\/svg\" viewBox=\"0 0 1000 100\" preserveAspectRatio=\"none\">\n    <path class=\"elementor-shape-fill\" d=\"M1000,4.3V0H0v4.3C0.9,23.1,126.7,99.2,500,100S1000,22.7,1000,4.3z\"\/>\n<\/svg>\t\t<\/div>\n\t\t\t\t\t<div class=\"elementor-container elementor-column-gap-default\">\n\t\t\t\t\t<div class=\"elementor-column elementor-col-50 elementor-top-column elementor-element elementor-element-6d987146\" data-id=\"6d987146\" data-element_type=\"column\" data-e-type=\"column\" data-settings=\"{&quot;background_background&quot;:&quot;none&quot;}\">\n\t\t\t<div class=\"elementor-widget-wrap elementor-element-populated\">\n\t\t\t\t\t\t<div class=\"elementor-element elementor-element-3413f0f2 elementor-widget elementor-widget-heading\" data-id=\"3413f0f2\" data-element_type=\"widget\" data-e-type=\"widget\" data-widget_type=\"heading.default\">\n\t\t\t\t<div class=\"elementor-widget-container\">\n\t\t\t\t\t<h2 class=\"elementor-heading-title elementor-size-default\">UNE JOURN\u00e9e \u00e0 la ferme<\/h2>\t\t\t\t<\/div>\n\t\t\t\t<\/div>\n\t\t\t\t<div class=\"elementor-element elementor-element-7547a0f3 elementor-widget elementor-widget-heading\" data-id=\"7547a0f3\" data-element_type=\"widget\" data-e-type=\"widget\" data-widget_type=\"heading.default\">\n\t\t\t\t<div class=\"elementor-widget-container\">\n\t\t\t\t\t<h3 class=\"elementor-heading-title elementor-size-default\">Nos supports p\u00e9dagogiques<\/h3>\t\t\t\t<\/div>\n\t\t\t\t<\/div>\n\t\t\t\t<div class=\"elementor-element elementor-element-1a355c2f elementor-widget elementor-widget-spacer\" data-id=\"1a355c2f\" data-element_type=\"widget\" data-e-type=\"widget\" data-widget_type=\"spacer.default\">\n\t\t\t\t<div class=\"elementor-widget-container\">\n\t\t\t\t\t\t\t<div class=\"elementor-spacer\">\n\t\t\t<div class=\"elementor-spacer-inner\"><\/div>\n\t\t<\/div>\n\t\t\t\t\t\t<\/div>\n\t\t\t\t<\/div>\n\t\t\t\t\t<\/div>\n\t\t<\/div>\n\t\t\t\t<div class=\"elementor-column elementor-col-50 elementor-top-column elementor-element elementor-element-347588c9\" data-id=\"347588c9\" data-element_type=\"column\" data-e-type=\"column\">\n\t\t\t<div class=\"elementor-widget-wrap elementor-element-populated\">\n\t\t\t\t\t\t<div class=\"elementor-element elementor-element-692c8c54 elementor-widget elementor-widget-image\" data-id=\"692c8c54\" data-element_type=\"widget\" data-e-type=\"widget\" data-widget_type=\"image.default\">\n\t\t\t\t<div class=\"elementor-widget-container\">\n\t\t\t\t\t\t\t\t\t\t\t\t\t\t\t<img fetchpriority=\"high\" decoding=\"async\" width=\"960\" height=\"720\" src=\"https:\/\/www.tarn.educagri.fr\/fpca\/wp-content\/uploads\/2019\/01\/31773084_1868934853168705_3287312305582243840_n.jpg\" class=\"attachment-full size-full wp-image-1682\" alt=\"\" srcset=\"https:\/\/www.tarn.educagri.fr\/fpca\/wp-content\/uploads\/2019\/01\/31773084_1868934853168705_3287312305582243840_n.jpg 960w, https:\/\/www.tarn.educagri.fr\/fpca\/wp-content\/uploads\/2019\/01\/31773084_1868934853168705_3287312305582243840_n-300x225.jpg 300w, https:\/\/www.tarn.educagri.fr\/fpca\/wp-content\/uploads\/2019\/01\/31773084_1868934853168705_3287312305582243840_n-768x576.jpg 768w\" sizes=\"(max-width: 960px) 100vw, 960px\" \/>\t\t\t\t\t\t\t\t\t\t\t\t\t\t\t<\/div>\n\t\t\t\t<\/div>\n\t\t\t\t\t<\/div>\n\t\t<\/div>\n\t\t\t\t\t<\/div>\n\t\t<\/section>\n\t\t\t\t<section class=\"elementor-section elementor-top-section elementor-element elementor-element-1c6d648 elementor-section-full_width elementor-section-height-default elementor-section-height-default\" data-id=\"1c6d648\" data-element_type=\"section\" data-e-type=\"section\">\n\t\t\t\t\t\t<div class=\"elementor-container elementor-column-gap-default\">\n\t\t\t\t\t<div class=\"elementor-column elementor-col-50 elementor-top-column elementor-element elementor-element-c5b9e71\" data-id=\"c5b9e71\" data-element_type=\"column\" data-e-type=\"column\">\n\t\t\t<div class=\"elementor-widget-wrap elementor-element-populated\">\n\t\t\t\t\t\t<div class=\"elementor-element elementor-element-ef2645d elementor-widget elementor-widget-image\" data-id=\"ef2645d\" data-element_type=\"widget\" data-e-type=\"widget\" data-widget_type=\"image.default\">\n\t\t\t\t<div class=\"elementor-widget-container\">\n\t\t\t\t\t\t\t\t\t\t\t\t\t\t\t<img decoding=\"async\" src=\"https:\/\/www.tarn.educagri.fr\/fpca\/wp-content\/uploads\/elementor\/thumbs\/page-de-garde-e1548796290106-o2r12zbg1iyfriqjphhna1zv7oc2ergjyhpqz4zi2s.jpg\" title=\"champs\" alt=\"champs\" loading=\"lazy\" \/>\t\t\t\t\t\t\t\t\t\t\t\t\t\t\t<\/div>\n\t\t\t\t<\/div>\n\t\t\t\t\t<\/div>\n\t\t<\/div>\n\t\t\t\t<div class=\"elementor-column elementor-col-50 elementor-top-column elementor-element elementor-element-966632b\" data-id=\"966632b\" data-element_type=\"column\" data-e-type=\"column\">\n\t\t\t<div class=\"elementor-widget-wrap elementor-element-populated\">\n\t\t\t\t\t\t<div class=\"elementor-element elementor-element-188a193 elementor-widget elementor-widget-image\" data-id=\"188a193\" data-element_type=\"widget\" data-e-type=\"widget\" data-widget_type=\"image.default\">\n\t\t\t\t<div class=\"elementor-widget-container\">\n\t\t\t\t\t\t\t\t\t\t\t\t\t\t\t<img decoding=\"async\" width=\"567\" height=\"319\" src=\"https:\/\/www.tarn.educagri.fr\/fpca\/wp-content\/uploads\/2018\/12\/01.jpg\" class=\"attachment-large size-large wp-image-1077\" alt=\"\" srcset=\"https:\/\/www.tarn.educagri.fr\/fpca\/wp-content\/uploads\/2018\/12\/01.jpg 567w, https:\/\/www.tarn.educagri.fr\/fpca\/wp-content\/uploads\/2018\/12\/01-300x169.jpg 300w\" sizes=\"(max-width: 567px) 100vw, 567px\" \/>\t\t\t\t\t\t\t\t\t\t\t\t\t\t\t<\/div>\n\t\t\t\t<\/div>\n\t\t\t\t\t<\/div>\n\t\t<\/div>\n\t\t\t\t\t<\/div>\n\t\t<\/section>\n\t\t\t\t<section class=\"elementor-section elementor-top-section elementor-element elementor-element-a836853 elementor-section-boxed elementor-section-height-default elementor-section-height-default\" data-id=\"a836853\" data-element_type=\"section\" data-e-type=\"section\">\n\t\t\t\t\t\t<div class=\"elementor-container elementor-column-gap-default\">\n\t\t\t\t\t<div class=\"elementor-column elementor-col-100 elementor-top-column elementor-element elementor-element-d3cd5ba\" data-id=\"d3cd5ba\" data-element_type=\"column\" data-e-type=\"column\">\n\t\t\t<div class=\"elementor-widget-wrap elementor-element-populated\">\n\t\t\t\t\t\t<div class=\"elementor-element elementor-element-8be3a59 elementor-widget elementor-widget-text-editor\" data-id=\"8be3a59\" data-element_type=\"widget\" data-e-type=\"widget\" data-widget_type=\"text-editor.default\">\n\t\t\t\t<div class=\"elementor-widget-container\">\n\t\t\t\t\t\t\t\t\t<p><strong>Op\u00e9rer le virage de la transition \u00e9nerg\u00e9tique et \u00e9cologique c\u2019est impulser une nouvelle relation de l\u2019apprenant avec son milieu.<\/strong><br \/><strong>Ainsi l&rsquo;\u00e9tablissement en tant qu\u2019acteur du d\u00e9veloppement territorial,\u00a0 a fait le choix de sensibiliser et surtout de professionnaliser les acteurs de demain. <\/strong><br \/><strong>Cela se traduit par des formations aux techniques n\u00e9cessaires pour engager la d\u00e9marche de transition \u00e9cologique et \u00e9nerg\u00e9tique au travers de chacune des fili\u00e8res, notamment celle de l&rsquo;agriculture.<\/strong><\/p>\t\t\t\t\t\t\t\t<\/div>\n\t\t\t\t<\/div>\n\t\t\t\t\t<\/div>\n\t\t<\/div>\n\t\t\t\t\t<\/div>\n\t\t<\/section>\n\t\t\t\t<section class=\"elementor-section elementor-top-section elementor-element elementor-element-c3e8eba elementor-section-boxed elementor-section-height-default elementor-section-height-default\" data-id=\"c3e8eba\" data-element_type=\"section\" data-e-type=\"section\">\n\t\t\t\t\t\t<div class=\"elementor-container elementor-column-gap-default\">\n\t\t\t\t\t<div class=\"elementor-column elementor-col-50 elementor-top-column elementor-element elementor-element-000fd08\" data-id=\"000fd08\" data-element_type=\"column\" data-e-type=\"column\">\n\t\t\t<div class=\"elementor-widget-wrap elementor-element-populated\">\n\t\t\t\t\t\t<div class=\"elementor-element elementor-element-6411a8e elementor-widget elementor-widget-heading\" data-id=\"6411a8e\" data-element_type=\"widget\" data-e-type=\"widget\" data-widget_type=\"heading.default\">\n\t\t\t\t<div class=\"elementor-widget-container\">\n\t\t\t\t\t<h2 class=\"elementor-heading-title elementor-size-default\">Ferme <br>\"Bellegarde\"<\/h2>\t\t\t\t<\/div>\n\t\t\t\t<\/div>\n\t\t\t\t<div class=\"elementor-element elementor-element-1ac2dee elementor-widget elementor-widget-text-editor\" data-id=\"1ac2dee\" data-element_type=\"widget\" data-e-type=\"widget\" data-widget_type=\"text-editor.default\">\n\t\t\t\t<div class=\"elementor-widget-container\">\n\t\t\t\t\t\t\t\t\t<p style=\"text-align: justify;\"><strong><span lang=\"fr\" style=\"font-size: 12.0pt; font-family: 'Arial','sans-serif'; mso-ansi-language: #000C;\">Site de Bellegarde, Lieu dit Puech Petit<\/span><\/strong><\/p><p style=\"text-align: justify;\"><span lang=\"fr\" style=\"font-size: 12.0pt; font-family: 'Arial','sans-serif'; mso-ansi-language: #000C;\">De type \u00ab\u00a0polyculture \u00e9levage laitier\u00a0\u00bb, elle r\u00e9alise un ensemble de productions v\u00e9g\u00e9tales qui, pour certaines, concourent \u00e0 l\u2019alimentation du troupeau (ma\u00efs ensilage, prairies naturelles et temporaires, soja, luzerne\u2026) et pour d\u2019autres sont valoris\u00e9es par la vente (ma\u00efs semence, c\u00e9r\u00e9ales&#8230;). Les terres sont regroup\u00e9es autour des b\u00e2timents et propices \u00e0 un syst\u00e8me reposant sur la production d\u2019herbe ou le p\u00e2turage.<\/span><\/p><p style=\"text-align: justify;\"><span lang=\"fr\" style=\"font-size: 12.0pt; font-family: 'Arial','sans-serif'; mso-ansi-language: #000C;\">SAU\u00a0: 105,16 ha (dont 35 ha autour des b\u00e2timents) en propri\u00e9t\u00e9 r\u00e9partis sur 12 ilots. Existence d\u2019une retenue collinaire de 145\u00a0000 m<sup>3 <\/sup>et d\u2019un r\u00e9seau enterr\u00e9 permettant d\u2019irriguer 92 ha (Aujourd\u2019hui surface irrigu\u00e9e 50 ha).<\/span><\/p><p style=\"text-align: justify;\"><span lang=\"fr\" style=\"font-size: 12.0pt; font-family: 'Arial','sans-serif'; mso-ansi-language: #000C;\">Le troupeau est constitu\u00e9 de 65 m\u00e8res Prim\u2019holstein et de leur suite.<\/span><\/p><p style=\"text-align: justify;\"><span lang=\"fr\" style=\"font-size: 12.0pt; font-family: 'Arial','sans-serif'; mso-ansi-language: #000C;\">Une partie des productions v\u00e9g\u00e9tales est consomm\u00e9e par le troupeau laitier\u00a0: Ma\u00efs ensilage, prairies naturelles, prairies temporaires, soja, tr\u00e8fle, luzerne, f\u00e9veroles \u2026 L\u2019autre partie est vendue\u00a0: Ma\u00efs semence, Bl\u00e9 tendre, sarrasin\u2026<\/span><\/p><p style=\"text-align: justify;\"><span lang=\"fr\" style=\"font-size: 12.0pt; font-family: 'Arial','sans-serif'; mso-ansi-language: #000C;\">Suite \u00e0 la forte demande soci\u00e9tale et au cadrage institutionnel elle est orient\u00e9e vers des pratiques de production agro-environnementale. <\/span><\/p><p style=\"text-align: justify;\"><span lang=\"fr\" style=\"font-size: 12.0pt; font-family: 'Arial','sans-serif'; mso-ansi-language: #000C;\">Un virage qui conduite \u00e0 porter un regard particulier sur la gestion et l\u2019utilisation des ressources (eau, \u00e9nergie, sol\u2026).<\/span><\/p><p><span lang=\"fr\" style=\"font-size: 12.0pt; font-family: 'Arial','sans-serif'; mso-fareast-font-family: Arial; mso-ansi-language: #000C;\">Un projet agroforestier est men\u00e9 par un groupe d\u2019\u00e9tudiants accompagn\u00e9 par l\u2019\u00e9quipe p\u00e9dagogique comprend deux volets\u00a0: une <\/span><span lang=\"fr\" style=\"font-size: 12.0pt; font-family: 'Arial','sans-serif'; mso-ansi-language: #000C;\">production de poulets de chair de plein air sous verger et une<\/span><span lang=\"fr\" style=\"font-size: 12.0pt; font-family: 'Arial','sans-serif'; mso-ansi-language: #000C;\"> production de bois noble sur prairie p\u00e2tur\u00e9e.<\/span><\/p><p style=\"text-align: justify;\"><span lang=\"fr\" style=\"font-size: 12.0pt; font-family: 'Arial','sans-serif'; mso-ansi-language: #000C;\">L\u2019objectif est de d\u00e9velopper deux exemples p\u00e9dagogiques d\u2019associations \u00e9levage\/production de bois noble et \u00e9levage\/production de fruits.<\/span><\/p><p style=\"text-align: justify;\"><span lang=\"fr\" style=\"font-size: 12.0pt; font-family: 'Arial','sans-serif'; mso-ansi-language: #000C;\">Ce projet s&rsquo;\u00e9tend sur environ 3 ha, il permet d&rsquo;exploiter des parcelles pentues et difficilement m\u00e9canisables. La continuit\u00e9 de la mise en \u0153uvre est assur\u00e9e par les apprenants.<\/span><\/p><p><span lang=\"fr\" style=\"font-size: 12.0pt; font-family: 'Arial','sans-serif'; mso-ansi-language: #000C;\">Les productions sont valoris\u00e9es par la vente des poulets en circuit court et\/ou pour approvisionner la restauration scolaire des deux lyc\u00e9es de Fonlabour et Flamarens.<\/span><\/p><p style=\"text-align: justify;\"><span lang=\"fr\" style=\"font-size: 12.0pt; font-family: 'Arial','sans-serif'; mso-ansi-language: #000C;\">Les fruits (poires et pommes) sont transform\u00e9s en jus de fruits et vendus et le bois est commercialis\u00e9 en bois d\u2019\u0153uvre. <br \/><\/span><\/p><p style=\"text-align: justify;\"><span lang=\"fr\" style=\"font-size: 12.0pt; font-family: 'Arial','sans-serif'; mso-ansi-language: #000C;\">La ferme p\u00e9dagogique dispose d\u2019un ensemble de b\u00e2timents \u00e0 caract\u00e8re p\u00e9dagogique\u00a0: des locaux de stockage (foin, c\u00e9r\u00e9ales, paille et mat\u00e9riels), un atelier d\u2019entretien des engins, la laiterie, la nurserie, l\u2019aire de lavage (mat\u00e9riels et pulv\u00e9risateur) associ\u00e9e \u00e0 l\u2019atelier, et un local phytosanitaire.<\/span><\/p>\t\t\t\t\t\t\t\t<\/div>\n\t\t\t\t<\/div>\n\t\t\t\t\t<\/div>\n\t\t<\/div>\n\t\t\t\t<div class=\"elementor-column elementor-col-50 elementor-top-column elementor-element elementor-element-2f67575\" data-id=\"2f67575\" data-element_type=\"column\" data-e-type=\"column\">\n\t\t\t<div class=\"elementor-widget-wrap elementor-element-populated\">\n\t\t\t\t\t\t<div class=\"elementor-element elementor-element-a109a58 elementor-widget elementor-widget-heading\" data-id=\"a109a58\" data-element_type=\"widget\" data-e-type=\"widget\" data-widget_type=\"heading.default\">\n\t\t\t\t<div class=\"elementor-widget-container\">\n\t\t\t\t\t<h2 class=\"elementor-heading-title elementor-size-default\">Ferme <br>\"En Darassou\"<\/h2>\t\t\t\t<\/div>\n\t\t\t\t<\/div>\n\t\t\t\t<div class=\"elementor-element elementor-element-7ecbaaf elementor-widget elementor-widget-text-editor\" data-id=\"7ecbaaf\" data-element_type=\"widget\" data-e-type=\"widget\" data-widget_type=\"text-editor.default\">\n\t\t\t\t<div class=\"elementor-widget-container\">\n\t\t\t\t\t\t\t\t\t<p class=\"MsoNoSpacing\"><b><span lang=\"fr\" style=\"font-size: 12.0pt; font-family: 'Arial','sans-serif'; mso-ansi-language: #000C;\">Domaine de Flamarens <br \/><\/span><\/b><\/p><p class=\"MsoNoSpacing\"><span lang=\"fr\" style=\"font-size: 12.0pt; font-family: 'Arial','sans-serif'; mso-ansi-language: #000C;\">L\u2019exploitation d\u2019En Darassou est au c\u0153ur du lyc\u00e9e professionnel agricole de Lavaur-Flamarens.<\/span><\/p><p class=\"MsoNoSpacing\"><span lang=\"fr\" style=\"font-size: 12.0pt; font-family: 'Arial','sans-serif'; mso-ansi-language: #000C;\">Elle s\u2019oriente depuis 2010 vers l\u2019\u00e9levage des bovins allaitants et les grandes cultures. Il s\u2019agit, de productions v\u00e9g\u00e9tales, essentiellement c\u00e9r\u00e9ali\u00e8res (ma\u00efs grain), destin\u00e9es \u00e0 la vente et \u00e0 l\u2019alimentation du troupeau de race \u00ab\u00a0Blondes d\u2019Aquitaine\u00a0\u00bb pour la production de broutard (7 \u00e0 9 mois). La production de jeunes bovins est \u00e9coul\u00e9e dans les circuits traditionnels ou en vente directe.<\/span><\/p><p class=\"MsoNoSpacing\"><span lang=\"fr\" style=\"font-size: 12.0pt; font-family: 'Arial','sans-serif'; mso-ansi-language: #000C;\">A cette activit\u00e9 est venue s\u2019ajouter la production d\u2019ovins viande de race Lacaune et une activit\u00e9 en apiculture, avec une production de miel r\u00e9alis\u00e9e par les apprenants du site.<\/span><\/p><p class=\"MsoNoSpacing\"><span lang=\"fr\" style=\"font-size: 12.0pt; font-family: 'Arial','sans-serif'; mso-ansi-language: #000C;\">Le syst\u00e8me d\u2019exploitation se compose de plusieurs ateliers\u00a0: les cultures de vente (bl\u00e9, orge) et les cultures irrigu\u00e9es (ma\u00efs, soja) g\u00e9r\u00e9es en semis direct int\u00e9gral depuis 2016 &#8211; un troupeau de bovin allaitant compos\u00e9es d\u2019une cinquantaine de m\u00e8re Blonde d\u2019Aquitaine, conduit en syst\u00e8me raisonn\u00e9 (autonomie fourrag\u00e8re, faible d\u00e9pendance au concentr\u00e9, absence d\u2019antiparasitaire\u2026). Les d\u00e9bouch\u00e9s s\u2019organisent autour de la vente direct de caissette de viande (b\u0153uf, veau) et la vente de g\u00e9nisses de reproduction. <\/span><\/p><p class=\"MsoNoSpacing\"><span lang=\"fr\" style=\"font-size: 12.0pt; font-family: 'Arial','sans-serif'; mso-ansi-language: #000C;\">Un troupeau de brebis allaitante de race Tarasconnaise compos\u00e9es d\u2019une vingtaine de m\u00e8res, destin\u00e9 \u00e0 l\u2019\u00e9levage d\u2019agneau de boucherie est valoris\u00e9 en vente direct. <\/span><\/p><p class=\"MsoNoSpacing\"><span lang=\"fr\" style=\"font-size: 12.0pt; font-family: 'Arial','sans-serif'; mso-ansi-language: #000C;\">Un rucher d\u2019une vingtaine de ruches, destin\u00e9 \u00e0 la production de miel, valoris\u00e9 \u00e9galement en vente direct.<\/span><\/p><p class=\"MsoNoSpacing\"><span lang=\"fr\" style=\"font-size: 12.0pt; font-family: 'Arial','sans-serif'; mso-ansi-language: #000C;\">L\u2019exploitation est un support p\u00e9dagogique pour :les classes de Bac Pro CGEA, BPREA (Responsable d\u2019Exploitation Agricole), BTSA ACSE et ACD. Elle sert de support aux nombreux travaux pratiques effectu\u00e9s par les \u00e9quipes p\u00e9dagogiques. Les apprenants montent \u00e9galement des projets techniques : comparaison semis direct et conventionnel, suivi vari\u00e9tal \u2026 Les apprenants utilisent ce support dans le cadre des cours de machinisme et d\u2019agronomie.<\/span><\/p><p class=\"MsoNoSpacing\"><span lang=\"fr\" style=\"font-size: 12.0pt; font-family: 'Arial','sans-serif'; mso-ansi-language: #000C;\">En Darassou est le support de nombreux projets qui d\u00e9bouchent sur des actions de d\u00e9veloppement \u00e0 destination du monde professionnel.\u00a0 Elle a fait le choix d\u2019une agriculture de conservation des sols, afin de produire mieux, et de mani\u00e8re durable face au d\u00e9fi alimentaire et environnemental\u00a0(limitation des interventions m\u00e9canis\u00e9es : rechercher des couverts adapt\u00e9s<span style=\"mso-spacerun: yes;\">\u00a0 <\/span>aux sols secs (collection de couverts d\u2019\u00e9t\u00e9), fissurer les parcelles pour am\u00e9liorer l\u2019\u00e9tat du sol compact\u00e9 li\u00e9 \u00e0 la s\u00e9cheresse, augmenter les surfaces en m\u00e9teil (autonomie fourrag\u00e8re), cultiver sous couverts (colza sous couverts de sarrasin, f\u00e9nugrec, gesse)\u2026<\/span><\/p><p class=\"MsoNoSpacing\"><span lang=\"fr\" style=\"font-size: 12.0pt; font-family: 'Arial','sans-serif'; mso-ansi-language: #000C;\">Cette<span style=\"mso-spacerun: yes;\">\u00a0 <\/span>transformation en profondeur des syst\u00e8mes d&rsquo;exploitation permet d\u2019engager aupr\u00e8s de nos apprenants une v\u00e9ritable d\u00e9marche de transition \u00e9cologique.\u00a0 Nous renfor\u00e7ons ainsi, la place de l\u2019exploitation dans le cursus de formation des apprenants\u00a0: apprentissage des gestes techniques, approche globale et strat\u00e9gie des syst\u00e8mes biotechniques (approche travail, approche des b\u00e2timents, gestion du p\u00e2turage&#8230;) et \u00e9tude des transitions (techniques, sociales, \u00e9conomiques et agro \u00e9cologiques).<\/span><\/p>\t\t\t\t\t\t\t\t<\/div>\n\t\t\t\t<\/div>\n\t\t\t\t\t<\/div>\n\t\t<\/div>\n\t\t\t\t\t<\/div>\n\t\t<\/section>\n\t\t\t\t<\/div>\n\t\t","protected":false},"excerpt":{"rendered":"<p>UNE JOURN\u00e9e \u00e0 la ferme Nos supports p\u00e9dagogiques Op\u00e9rer le virage de la transition \u00e9nerg\u00e9tique et \u00e9cologique c\u2019est impulser une nouvelle relation de l\u2019apprenant avec&hellip;<\/p>\n","protected":false},"author":10,"featured_media":0,"parent":0,"menu_order":0,"comment_status":"closed","ping_status":"closed","template":"","meta":{"footnotes":""},"class_list":["post-470","page","type-page","status-publish","hentry"],"yoast_head":"<!-- This site is optimized with the Yoast SEO plugin v27.4 - https:\/\/yoast.com\/product\/yoast-seo-wordpress\/ -->\n<title>Nos Fermes P\u00e9dagogiques - Formation Professionnelle Continue et Apprentissage<\/title>\n<meta name=\"robots\" content=\"index, follow, max-snippet:-1, max-image-preview:large, max-video-preview:-1\" \/>\n<link rel=\"canonical\" href=\"https:\/\/www.tarn.educagri.fr\/fpca\/plateformes-pedagogiques\/\" \/>\n<meta property=\"og:locale\" content=\"fr_FR\" \/>\n<meta property=\"og:type\" content=\"article\" \/>\n<meta property=\"og:title\" content=\"Nos Fermes P\u00e9dagogiques - Formation Professionnelle Continue et Apprentissage\" \/>\n<meta property=\"og:description\" content=\"UNE JOURN\u00e9e \u00e0 la ferme Nos supports p\u00e9dagogiques Op\u00e9rer le virage de la transition \u00e9nerg\u00e9tique et \u00e9cologique c\u2019est impulser une nouvelle relation de l\u2019apprenant avec&hellip;\" \/>\n<meta property=\"og:url\" content=\"https:\/\/www.tarn.educagri.fr\/fpca\/plateformes-pedagogiques\/\" \/>\n<meta property=\"og:site_name\" content=\"Formation Professionnelle Continue et Apprentissage\" \/>\n<meta property=\"article:modified_time\" content=\"2024-12-11T13:33:38+00:00\" \/>\n<meta property=\"og:image\" content=\"https:\/\/www.tarn.educagri.fr\/fpca\/wp-content\/uploads\/2019\/01\/31773084_1868934853168705_3287312305582243840_n.jpg\" \/>\n\t<meta property=\"og:image:width\" content=\"960\" \/>\n\t<meta property=\"og:image:height\" content=\"720\" \/>\n\t<meta property=\"og:image:type\" content=\"image\/jpeg\" \/>\n<meta name=\"twitter:card\" content=\"summary_large_image\" \/>\n<meta name=\"twitter:label1\" content=\"Dur\u00e9e de lecture estim\u00e9e\" \/>\n\t<meta name=\"twitter:data1\" content=\"6 minutes\" \/>\n<script type=\"application\/ld+json\" class=\"yoast-schema-graph\">{\"@context\":\"https:\\\/\\\/schema.org\",\"@graph\":[{\"@type\":\"WebPage\",\"@id\":\"https:\\\/\\\/www.tarn.educagri.fr\\\/fpca\\\/plateformes-pedagogiques\\\/\",\"url\":\"https:\\\/\\\/www.tarn.educagri.fr\\\/fpca\\\/plateformes-pedagogiques\\\/\",\"name\":\"Nos Fermes P\u00e9dagogiques - Formation Professionnelle Continue et Apprentissage\",\"isPartOf\":{\"@id\":\"https:\\\/\\\/www.tarn.educagri.fr\\\/fpca\\\/#website\"},\"primaryImageOfPage\":{\"@id\":\"https:\\\/\\\/www.tarn.educagri.fr\\\/fpca\\\/plateformes-pedagogiques\\\/#primaryimage\"},\"image\":{\"@id\":\"https:\\\/\\\/www.tarn.educagri.fr\\\/fpca\\\/plateformes-pedagogiques\\\/#primaryimage\"},\"thumbnailUrl\":\"https:\\\/\\\/www.tarn.educagri.fr\\\/fpca\\\/wp-content\\\/uploads\\\/2019\\\/01\\\/31773084_1868934853168705_3287312305582243840_n.jpg\",\"datePublished\":\"2018-09-15T19:06:24+00:00\",\"dateModified\":\"2024-12-11T13:33:38+00:00\",\"breadcrumb\":{\"@id\":\"https:\\\/\\\/www.tarn.educagri.fr\\\/fpca\\\/plateformes-pedagogiques\\\/#breadcrumb\"},\"inLanguage\":\"fr-FR\",\"potentialAction\":[{\"@type\":\"ReadAction\",\"target\":[\"https:\\\/\\\/www.tarn.educagri.fr\\\/fpca\\\/plateformes-pedagogiques\\\/\"]}]},{\"@type\":\"ImageObject\",\"inLanguage\":\"fr-FR\",\"@id\":\"https:\\\/\\\/www.tarn.educagri.fr\\\/fpca\\\/plateformes-pedagogiques\\\/#primaryimage\",\"url\":\"https:\\\/\\\/www.tarn.educagri.fr\\\/fpca\\\/wp-content\\\/uploads\\\/2019\\\/01\\\/31773084_1868934853168705_3287312305582243840_n.jpg\",\"contentUrl\":\"https:\\\/\\\/www.tarn.educagri.fr\\\/fpca\\\/wp-content\\\/uploads\\\/2019\\\/01\\\/31773084_1868934853168705_3287312305582243840_n.jpg\",\"width\":960,\"height\":720},{\"@type\":\"BreadcrumbList\",\"@id\":\"https:\\\/\\\/www.tarn.educagri.fr\\\/fpca\\\/plateformes-pedagogiques\\\/#breadcrumb\",\"itemListElement\":[{\"@type\":\"ListItem\",\"position\":1,\"name\":\"Accueil\",\"item\":\"https:\\\/\\\/www.tarn.educagri.fr\\\/fpca\\\/\"},{\"@type\":\"ListItem\",\"position\":2,\"name\":\"Nos Fermes P\u00e9dagogiques\"}]},{\"@type\":\"WebSite\",\"@id\":\"https:\\\/\\\/www.tarn.educagri.fr\\\/fpca\\\/#website\",\"url\":\"https:\\\/\\\/www.tarn.educagri.fr\\\/fpca\\\/\",\"name\":\"Formation Professionnelle Continue et Apprentissage\",\"description\":\"TARN : Des formations actions adapt\u00e9es \u00e0 vos besoins, orient\u00e9es vers la comp\u00e9tence\",\"publisher\":{\"@id\":\"https:\\\/\\\/www.tarn.educagri.fr\\\/fpca\\\/#organization\"},\"potentialAction\":[{\"@type\":\"SearchAction\",\"target\":{\"@type\":\"EntryPoint\",\"urlTemplate\":\"https:\\\/\\\/www.tarn.educagri.fr\\\/fpca\\\/?s={search_term_string}\"},\"query-input\":{\"@type\":\"PropertyValueSpecification\",\"valueRequired\":true,\"valueName\":\"search_term_string\"}}],\"inLanguage\":\"fr-FR\"},{\"@type\":\"Organization\",\"@id\":\"https:\\\/\\\/www.tarn.educagri.fr\\\/fpca\\\/#organization\",\"name\":\"Formation professionnelle continue et de l'apprentissage du Tarn\",\"url\":\"https:\\\/\\\/www.tarn.educagri.fr\\\/fpca\\\/\",\"logo\":{\"@type\":\"ImageObject\",\"inLanguage\":\"fr-FR\",\"@id\":\"https:\\\/\\\/www.tarn.educagri.fr\\\/fpca\\\/#\\\/schema\\\/logo\\\/image\\\/\",\"url\":\"https:\\\/\\\/www.tarn.educagri.fr\\\/fpca\\\/wp-content\\\/uploads\\\/2019\\\/01\\\/LOGO_CFAAH_CFPPA_Tarn.png\",\"contentUrl\":\"https:\\\/\\\/www.tarn.educagri.fr\\\/fpca\\\/wp-content\\\/uploads\\\/2019\\\/01\\\/LOGO_CFAAH_CFPPA_Tarn.png\",\"width\":2113,\"height\":2422,\"caption\":\"Formation professionnelle continue et de l'apprentissage du Tarn\"},\"image\":{\"@id\":\"https:\\\/\\\/www.tarn.educagri.fr\\\/fpca\\\/#\\\/schema\\\/logo\\\/image\\\/\"}}]}<\/script>\n<!-- \/ Yoast SEO plugin. -->","yoast_head_json":{"title":"Nos Fermes P\u00e9dagogiques - Formation Professionnelle Continue et Apprentissage","robots":{"index":"index","follow":"follow","max-snippet":"max-snippet:-1","max-image-preview":"max-image-preview:large","max-video-preview":"max-video-preview:-1"},"canonical":"https:\/\/www.tarn.educagri.fr\/fpca\/plateformes-pedagogiques\/","og_locale":"fr_FR","og_type":"article","og_title":"Nos Fermes P\u00e9dagogiques - Formation Professionnelle Continue et Apprentissage","og_description":"UNE JOURN\u00e9e \u00e0 la ferme Nos supports p\u00e9dagogiques Op\u00e9rer le virage de la transition \u00e9nerg\u00e9tique et \u00e9cologique c\u2019est impulser une nouvelle relation de l\u2019apprenant avec&hellip;","og_url":"https:\/\/www.tarn.educagri.fr\/fpca\/plateformes-pedagogiques\/","og_site_name":"Formation Professionnelle Continue et Apprentissage","article_modified_time":"2024-12-11T13:33:38+00:00","og_image":[{"width":960,"height":720,"url":"https:\/\/www.tarn.educagri.fr\/fpca\/wp-content\/uploads\/2019\/01\/31773084_1868934853168705_3287312305582243840_n.jpg","type":"image\/jpeg"}],"twitter_card":"summary_large_image","twitter_misc":{"Dur\u00e9e de lecture estim\u00e9e":"6 minutes"},"schema":{"@context":"https:\/\/schema.org","@graph":[{"@type":"WebPage","@id":"https:\/\/www.tarn.educagri.fr\/fpca\/plateformes-pedagogiques\/","url":"https:\/\/www.tarn.educagri.fr\/fpca\/plateformes-pedagogiques\/","name":"Nos Fermes P\u00e9dagogiques - Formation Professionnelle Continue et Apprentissage","isPartOf":{"@id":"https:\/\/www.tarn.educagri.fr\/fpca\/#website"},"primaryImageOfPage":{"@id":"https:\/\/www.tarn.educagri.fr\/fpca\/plateformes-pedagogiques\/#primaryimage"},"image":{"@id":"https:\/\/www.tarn.educagri.fr\/fpca\/plateformes-pedagogiques\/#primaryimage"},"thumbnailUrl":"https:\/\/www.tarn.educagri.fr\/fpca\/wp-content\/uploads\/2019\/01\/31773084_1868934853168705_3287312305582243840_n.jpg","datePublished":"2018-09-15T19:06:24+00:00","dateModified":"2024-12-11T13:33:38+00:00","breadcrumb":{"@id":"https:\/\/www.tarn.educagri.fr\/fpca\/plateformes-pedagogiques\/#breadcrumb"},"inLanguage":"fr-FR","potentialAction":[{"@type":"ReadAction","target":["https:\/\/www.tarn.educagri.fr\/fpca\/plateformes-pedagogiques\/"]}]},{"@type":"ImageObject","inLanguage":"fr-FR","@id":"https:\/\/www.tarn.educagri.fr\/fpca\/plateformes-pedagogiques\/#primaryimage","url":"https:\/\/www.tarn.educagri.fr\/fpca\/wp-content\/uploads\/2019\/01\/31773084_1868934853168705_3287312305582243840_n.jpg","contentUrl":"https:\/\/www.tarn.educagri.fr\/fpca\/wp-content\/uploads\/2019\/01\/31773084_1868934853168705_3287312305582243840_n.jpg","width":960,"height":720},{"@type":"BreadcrumbList","@id":"https:\/\/www.tarn.educagri.fr\/fpca\/plateformes-pedagogiques\/#breadcrumb","itemListElement":[{"@type":"ListItem","position":1,"name":"Accueil","item":"https:\/\/www.tarn.educagri.fr\/fpca\/"},{"@type":"ListItem","position":2,"name":"Nos Fermes P\u00e9dagogiques"}]},{"@type":"WebSite","@id":"https:\/\/www.tarn.educagri.fr\/fpca\/#website","url":"https:\/\/www.tarn.educagri.fr\/fpca\/","name":"Formation Professionnelle Continue et Apprentissage","description":"TARN : Des formations actions adapt\u00e9es \u00e0 vos besoins, orient\u00e9es vers la comp\u00e9tence","publisher":{"@id":"https:\/\/www.tarn.educagri.fr\/fpca\/#organization"},"potentialAction":[{"@type":"SearchAction","target":{"@type":"EntryPoint","urlTemplate":"https:\/\/www.tarn.educagri.fr\/fpca\/?s={search_term_string}"},"query-input":{"@type":"PropertyValueSpecification","valueRequired":true,"valueName":"search_term_string"}}],"inLanguage":"fr-FR"},{"@type":"Organization","@id":"https:\/\/www.tarn.educagri.fr\/fpca\/#organization","name":"Formation professionnelle continue et de l'apprentissage du Tarn","url":"https:\/\/www.tarn.educagri.fr\/fpca\/","logo":{"@type":"ImageObject","inLanguage":"fr-FR","@id":"https:\/\/www.tarn.educagri.fr\/fpca\/#\/schema\/logo\/image\/","url":"https:\/\/www.tarn.educagri.fr\/fpca\/wp-content\/uploads\/2019\/01\/LOGO_CFAAH_CFPPA_Tarn.png","contentUrl":"https:\/\/www.tarn.educagri.fr\/fpca\/wp-content\/uploads\/2019\/01\/LOGO_CFAAH_CFPPA_Tarn.png","width":2113,"height":2422,"caption":"Formation professionnelle continue et de l'apprentissage du Tarn"},"image":{"@id":"https:\/\/www.tarn.educagri.fr\/fpca\/#\/schema\/logo\/image\/"}}]}},"_links":{"self":[{"href":"https:\/\/www.tarn.educagri.fr\/fpca\/wp-json\/wp\/v2\/pages\/470","targetHints":{"allow":["GET"]}}],"collection":[{"href":"https:\/\/www.tarn.educagri.fr\/fpca\/wp-json\/wp\/v2\/pages"}],"about":[{"href":"https:\/\/www.tarn.educagri.fr\/fpca\/wp-json\/wp\/v2\/types\/page"}],"author":[{"embeddable":true,"href":"https:\/\/www.tarn.educagri.fr\/fpca\/wp-json\/wp\/v2\/users\/10"}],"replies":[{"embeddable":true,"href":"https:\/\/www.tarn.educagri.fr\/fpca\/wp-json\/wp\/v2\/comments?post=470"}],"version-history":[{"count":31,"href":"https:\/\/www.tarn.educagri.fr\/fpca\/wp-json\/wp\/v2\/pages\/470\/revisions"}],"predecessor-version":[{"id":8435,"href":"https:\/\/www.tarn.educagri.fr\/fpca\/wp-json\/wp\/v2\/pages\/470\/revisions\/8435"}],"wp:attachment":[{"href":"https:\/\/www.tarn.educagri.fr\/fpca\/wp-json\/wp\/v2\/media?parent=470"}],"curies":[{"name":"wp","href":"https:\/\/api.w.org\/{rel}","templated":true}]}}