{"id":492,"date":"2018-09-15T20:17:02","date_gmt":"2018-09-15T19:17:02","guid":{"rendered":"https:\/\/www.tarn.educagri.fr\/fpca\/?page_id=492"},"modified":"2021-03-30T16:20:42","modified_gmt":"2021-03-30T15:20:42","slug":"nos-atouts-et-ressources","status":"publish","type":"page","link":"https:\/\/www.tarn.educagri.fr\/fpca\/nos-atouts-et-ressources\/","title":{"rendered":"Nos atouts et ressources"},"content":{"rendered":"\t\t<div data-elementor-type=\"wp-post\" data-elementor-id=\"492\" class=\"elementor elementor-492\" data-elementor-post-type=\"page\">\n\t\t\t\t\t\t<section class=\"elementor-section elementor-top-section elementor-element elementor-element-be8db8e elementor-section-full_width elementor-section-height-default elementor-section-height-default\" data-id=\"be8db8e\" data-element_type=\"section\" data-e-type=\"section\" data-settings=\"{&quot;background_background&quot;:&quot;classic&quot;,&quot;shape_divider_top&quot;:&quot;triangle&quot;}\">\n\t\t\t\t\t<div class=\"elementor-shape elementor-shape-top\" aria-hidden=\"true\" data-negative=\"false\">\n\t\t\t<svg xmlns=\"http:\/\/www.w3.org\/2000\/svg\" viewBox=\"0 0 1000 100\" preserveAspectRatio=\"none\">\n\t<path class=\"elementor-shape-fill\" d=\"M500,98.9L0,6.1V0h1000v6.1L500,98.9z\"\/>\n<\/svg>\t\t<\/div>\n\t\t\t\t\t<div class=\"elementor-container elementor-column-gap-default\">\n\t\t\t\t\t<div class=\"elementor-column elementor-col-100 elementor-top-column elementor-element elementor-element-7caf000\" data-id=\"7caf000\" data-element_type=\"column\" data-e-type=\"column\">\n\t\t\t<div class=\"elementor-widget-wrap elementor-element-populated\">\n\t\t\t\t\t\t<section class=\"elementor-section elementor-inner-section elementor-element elementor-element-39af138 elementor-section-height-min-height elementor-section-content-middle elementor-section-boxed elementor-section-height-default\" data-id=\"39af138\" data-element_type=\"section\" data-e-type=\"section\" data-settings=\"{&quot;background_background&quot;:&quot;classic&quot;}\">\n\t\t\t\t\t\t<div class=\"elementor-container elementor-column-gap-no\">\n\t\t\t\t\t<div class=\"elementor-column elementor-col-50 elementor-inner-column elementor-element elementor-element-c5c2161\" data-id=\"c5c2161\" data-element_type=\"column\" data-e-type=\"column\" data-settings=\"{&quot;background_background&quot;:&quot;classic&quot;}\">\n\t\t\t<div class=\"elementor-widget-wrap elementor-element-populated\">\n\t\t\t\t\t\t<div class=\"elementor-element elementor-element-536238d elementor-widget elementor-widget-spacer\" data-id=\"536238d\" data-element_type=\"widget\" data-e-type=\"widget\" data-widget_type=\"spacer.default\">\n\t\t\t\t<div class=\"elementor-widget-container\">\n\t\t\t\t\t\t\t<div class=\"elementor-spacer\">\n\t\t\t<div class=\"elementor-spacer-inner\"><\/div>\n\t\t<\/div>\n\t\t\t\t\t\t<\/div>\n\t\t\t\t<\/div>\n\t\t\t\t\t<\/div>\n\t\t<\/div>\n\t\t\t\t<div class=\"elementor-column elementor-col-50 elementor-inner-column elementor-element elementor-element-5c759d7\" data-id=\"5c759d7\" data-element_type=\"column\" data-e-type=\"column\" data-settings=\"{&quot;background_background&quot;:&quot;classic&quot;}\">\n\t\t\t<div class=\"elementor-widget-wrap elementor-element-populated\">\n\t\t\t\t\t\t<div class=\"elementor-element elementor-element-93f0904 elementor-widget elementor-widget-heading\" data-id=\"93f0904\" data-element_type=\"widget\" data-e-type=\"widget\" data-widget_type=\"heading.default\">\n\t\t\t\t<div class=\"elementor-widget-container\">\n\t\t\t\t\t<h2 class=\"elementor-heading-title elementor-size-large\">PLATEFORME HORTICULTURE \/ fleuristerie<\/h2>\t\t\t\t<\/div>\n\t\t\t\t<\/div>\n\t\t\t\t<div class=\"elementor-element elementor-element-0edf73f elementor-widget elementor-widget-text-editor\" data-id=\"0edf73f\" data-element_type=\"widget\" data-e-type=\"widget\" data-widget_type=\"text-editor.default\">\n\t\t\t\t<div class=\"elementor-widget-container\">\n\t\t\t\t\t\t\t\t\t<div><b>Le p\u00f4le horticole<\/b> dispose de plus de 1000m\u00b2 de serres et de jardins, destin\u00e9s aux cours techniques de la fili\u00e8re, d&rsquo;un syst\u00e8me d&rsquo;arrosage automatique, d&rsquo;une collection de v\u00e9g\u00e9taux, d&rsquo;arbres et d&rsquo;une production l\u00e9gumi\u00e8re.<\/div><div>Des projets sont en cours de d\u00e9veloppement : notamment, une production de plantes vivaces et une conversion en culture biologique sont \u00e0 l&rsquo;\u00e9tude. Une station m\u00e9t\u00e9o permet d&rsquo;assurer la gestion climatique des serres.<\/div><div>Pilot\u00e9 par un encadrant technique, en lien \u00e9troit avec les \u00e9quipes p\u00e9dagogiques, ce plateau technique assure l&rsquo;ensemble de la gestion et de la production des v\u00e9g\u00e9taux qui permettent d&rsquo;agr\u00e9menter les chantiers r\u00e9alis\u00e9s par les apprenants du p\u00f4le Espaces Verts.<\/div><div>Son activit\u00e9 se poursuit sur l&rsquo;atelier Fleuristerie, dans lequel les compositions florales sont r\u00e9alis\u00e9es et commercialis\u00e9es dans le magasin horticole.<\/div>\t\t\t\t\t\t\t\t<\/div>\n\t\t\t\t<\/div>\n\t\t\t\t\t<\/div>\n\t\t<\/div>\n\t\t\t\t\t<\/div>\n\t\t<\/section>\n\t\t\t\t<section class=\"elementor-section elementor-inner-section elementor-element elementor-element-5d55a9c elementor-section-height-min-height elementor-section-content-middle elementor-section-boxed elementor-section-height-default\" data-id=\"5d55a9c\" data-element_type=\"section\" data-e-type=\"section\" data-settings=\"{&quot;background_background&quot;:&quot;classic&quot;}\">\n\t\t\t\t\t\t<div class=\"elementor-container elementor-column-gap-no\">\n\t\t\t\t\t<div class=\"elementor-column elementor-col-50 elementor-inner-column elementor-element elementor-element-479f994\" data-id=\"479f994\" data-element_type=\"column\" data-e-type=\"column\" data-settings=\"{&quot;background_background&quot;:&quot;classic&quot;}\">\n\t\t\t<div class=\"elementor-widget-wrap elementor-element-populated\">\n\t\t\t\t\t\t<div class=\"elementor-element elementor-element-15adffb elementor-widget elementor-widget-spacer\" data-id=\"15adffb\" data-element_type=\"widget\" data-e-type=\"widget\" data-widget_type=\"spacer.default\">\n\t\t\t\t<div class=\"elementor-widget-container\">\n\t\t\t\t\t\t\t<div class=\"elementor-spacer\">\n\t\t\t<div class=\"elementor-spacer-inner\"><\/div>\n\t\t<\/div>\n\t\t\t\t\t\t<\/div>\n\t\t\t\t<\/div>\n\t\t\t\t\t<\/div>\n\t\t<\/div>\n\t\t\t\t<div class=\"elementor-column elementor-col-50 elementor-inner-column elementor-element elementor-element-fd1a467\" data-id=\"fd1a467\" data-element_type=\"column\" data-e-type=\"column\" data-settings=\"{&quot;background_background&quot;:&quot;classic&quot;}\">\n\t\t\t<div class=\"elementor-widget-wrap elementor-element-populated\">\n\t\t\t\t\t\t<div class=\"elementor-element elementor-element-0691817 elementor-widget elementor-widget-heading\" data-id=\"0691817\" data-element_type=\"widget\" data-e-type=\"widget\" data-widget_type=\"heading.default\">\n\t\t\t\t<div class=\"elementor-widget-container\">\n\t\t\t\t\t<h2 class=\"elementor-heading-title elementor-size-large\">PLATEFORME PAYSAGE<\/h2>\t\t\t\t<\/div>\n\t\t\t\t<\/div>\n\t\t\t\t<div class=\"elementor-element elementor-element-d50d2b7 elementor-widget elementor-widget-text-editor\" data-id=\"d50d2b7\" data-element_type=\"widget\" data-e-type=\"widget\" data-widget_type=\"text-editor.default\">\n\t\t\t\t<div class=\"elementor-widget-container\">\n\t\t\t\t\t\t\t\t\t<div>Situ\u00e9 au coeur d&rsquo;un parc arbor\u00e9 et paysager de 17 ha, <strong>le P\u00f4le Paysage<\/strong> peut s&rsquo;appuyer sur une grande diversit\u00e9 d&rsquo;espaces verts am\u00e9nag\u00e9s, proposant un panel important de mises en sc\u00e8ne v\u00e9g\u00e9tales. L&rsquo;\u00e9tablissement dispose \u00e9galement de supports d&rsquo;apprentissages sportifs diversifi\u00e9s. Un complexe sportif est compos\u00e9 de deux terrains de sports collectifs (rugby et football) susceptibles de servir de lieux de mise en application technique sp\u00e9cifique \u00e0 l&rsquo;entretien d&rsquo;espaces engazonn\u00e9s.<\/div><div>Un parcours de golf 6 trous est pr\u00e9sent sur le site et facilite la mise en application directe des enseignements techniques. Sensible aux diff\u00e9rentes techniques d&rsquo;entretien des gazons, \u00e0 la gestion diff\u00e9renci\u00e9e des espaces verts, l&rsquo;\u00e9tablissement m\u00e8ne une exp\u00e9rimentation \u00ab\u00a0gazon\u00a0\u00bb avec l&rsquo;ensemble des partenaires sur le campus Fonlabour. Ce support s&rsquo;inscrit dans une logique d&rsquo;\u00e9co-durabilit\u00e9 avec une reconnaissance des gramin\u00e9s qui permet d&rsquo;aborder l&rsquo;entretien \u00e0 l&rsquo;aide de v\u00e9g\u00e9taux bio indicateurs et d&rsquo;op\u00e9rer une gestion raisonn\u00e9e des apports en eau et biocides.<\/div><div>Pilot\u00e9 par un encadrant, un hall technique est dot\u00e9 d&rsquo;outillage \u00e0 main, \u00e0 moteur \u00e9lectrique, thermique et \u00e9lectroportatif&#8230; Les apprenants peuvent disposer, en s\u00e9curit\u00e9, du mat\u00e9riel de cr\u00e9ation (mini-pelles, tracteurs, pr\u00e9parateurs de sol, b\u00e9tonni\u00e8res thermiques&#8230;) et de huit ring d&rsquo;entra\u00eenement.<\/div>\t\t\t\t\t\t\t\t<\/div>\n\t\t\t\t<\/div>\n\t\t\t\t\t<\/div>\n\t\t<\/div>\n\t\t\t\t\t<\/div>\n\t\t<\/section>\n\t\t\t\t<section class=\"elementor-section elementor-inner-section elementor-element elementor-element-9c57e7a elementor-section-height-min-height elementor-section-content-middle elementor-section-boxed elementor-section-height-default\" data-id=\"9c57e7a\" data-element_type=\"section\" data-e-type=\"section\" data-settings=\"{&quot;background_background&quot;:&quot;classic&quot;}\">\n\t\t\t\t\t\t<div class=\"elementor-container elementor-column-gap-no\">\n\t\t\t\t\t<div class=\"elementor-column elementor-col-50 elementor-inner-column elementor-element elementor-element-029d594\" data-id=\"029d594\" data-element_type=\"column\" data-e-type=\"column\" data-settings=\"{&quot;background_background&quot;:&quot;classic&quot;}\">\n\t\t\t<div class=\"elementor-widget-wrap elementor-element-populated\">\n\t\t\t\t\t\t<div class=\"elementor-element elementor-element-97e0dba elementor-widget elementor-widget-spacer\" data-id=\"97e0dba\" data-element_type=\"widget\" data-e-type=\"widget\" data-widget_type=\"spacer.default\">\n\t\t\t\t<div class=\"elementor-widget-container\">\n\t\t\t\t\t\t\t<div class=\"elementor-spacer\">\n\t\t\t<div class=\"elementor-spacer-inner\"><\/div>\n\t\t<\/div>\n\t\t\t\t\t\t<\/div>\n\t\t\t\t<\/div>\n\t\t\t\t\t<\/div>\n\t\t<\/div>\n\t\t\t\t<div class=\"elementor-column elementor-col-50 elementor-inner-column elementor-element elementor-element-41b6ff7\" data-id=\"41b6ff7\" data-element_type=\"column\" data-e-type=\"column\" data-settings=\"{&quot;background_background&quot;:&quot;classic&quot;}\">\n\t\t\t<div class=\"elementor-widget-wrap elementor-element-populated\">\n\t\t\t\t\t\t<div class=\"elementor-element elementor-element-5650b7f elementor-widget elementor-widget-heading\" data-id=\"5650b7f\" data-element_type=\"widget\" data-e-type=\"widget\" data-widget_type=\"heading.default\">\n\t\t\t\t<div class=\"elementor-widget-container\">\n\t\t\t\t\t<h2 class=\"elementor-heading-title elementor-size-large\">PLATEFORME MARA\u00eechage<\/h2>\t\t\t\t<\/div>\n\t\t\t\t<\/div>\n\t\t\t\t<div class=\"elementor-element elementor-element-d199501 elementor-widget elementor-widget-text-editor\" data-id=\"d199501\" data-element_type=\"widget\" data-e-type=\"widget\" data-widget_type=\"text-editor.default\">\n\t\t\t\t<div class=\"elementor-widget-container\">\n\t\t\t\t\t\t\t\t\t<div>Le <strong>plateau Mara\u00eechage<\/strong> \u00ab\u00a0Les Jardiniers du Prestil\u00a0\u00bb se compose d&rsquo;un jardin mara\u00eecher d&rsquo;un hectare et demi et de 800m\u00b2 de serres, cultiv\u00e9s en traction animale, selon les principes de l&rsquo;agriculture biologique, respectueuse de l&rsquo;environnement.<\/div><div>Il est le support de projets exp\u00e9rimentaux :<\/div><div>&#8211; Mara\u00eechage sans travail du sol, ni irrigation, \u00ab\u00a0le jardin de Ben\u00a0\u00bb<\/div><div>&#8211; Une zone de culture, selon une m\u00e9thode d&rsquo;irrigation par jarres poreuses et connect\u00e9es, \u00ab\u00a0projet PijPoc\u00a0\u00bb<\/div><div>\u00a0<\/div><div>Les l\u00e9gumes issus de cette activit\u00e9 sont vendus sous forme de paniers solidaires, de paniers \u00e0 destination des \u00e9tudiants d&rsquo;Albi, en partenariat avec le magasin \u00ab\u00a0\u00d4 Saveurs Paysannes\u00a0\u00bb.<\/div>\t\t\t\t\t\t\t\t<\/div>\n\t\t\t\t<\/div>\n\t\t\t\t\t<\/div>\n\t\t<\/div>\n\t\t\t\t\t<\/div>\n\t\t<\/section>\n\t\t\t\t<section class=\"elementor-section elementor-inner-section elementor-element elementor-element-8562299 elementor-section-height-min-height elementor-section-content-middle elementor-section-boxed elementor-section-height-default\" data-id=\"8562299\" data-element_type=\"section\" data-e-type=\"section\" data-settings=\"{&quot;background_background&quot;:&quot;classic&quot;}\">\n\t\t\t\t\t\t<div class=\"elementor-container elementor-column-gap-no\">\n\t\t\t\t\t<div class=\"elementor-column elementor-col-50 elementor-inner-column elementor-element elementor-element-9cdf8f5\" data-id=\"9cdf8f5\" data-element_type=\"column\" data-e-type=\"column\" data-settings=\"{&quot;background_background&quot;:&quot;classic&quot;}\">\n\t\t\t<div class=\"elementor-widget-wrap elementor-element-populated\">\n\t\t\t\t\t\t<div class=\"elementor-element elementor-element-c31619b elementor-widget elementor-widget-spacer\" data-id=\"c31619b\" data-element_type=\"widget\" data-e-type=\"widget\" data-widget_type=\"spacer.default\">\n\t\t\t\t<div class=\"elementor-widget-container\">\n\t\t\t\t\t\t\t<div class=\"elementor-spacer\">\n\t\t\t<div class=\"elementor-spacer-inner\"><\/div>\n\t\t<\/div>\n\t\t\t\t\t\t<\/div>\n\t\t\t\t<\/div>\n\t\t\t\t\t<\/div>\n\t\t<\/div>\n\t\t\t\t<div class=\"elementor-column elementor-col-50 elementor-inner-column elementor-element elementor-element-55c0b14\" data-id=\"55c0b14\" data-element_type=\"column\" data-e-type=\"column\" data-settings=\"{&quot;background_background&quot;:&quot;classic&quot;}\">\n\t\t\t<div class=\"elementor-widget-wrap elementor-element-populated\">\n\t\t\t\t\t\t<div class=\"elementor-element elementor-element-70a9873 elementor-widget elementor-widget-heading\" data-id=\"70a9873\" data-element_type=\"widget\" data-e-type=\"widget\" data-widget_type=\"heading.default\">\n\t\t\t\t<div class=\"elementor-widget-container\">\n\t\t\t\t\t<h2 class=\"elementor-heading-title elementor-size-large\">Les exploitations agricoles<\/h2>\t\t\t\t<\/div>\n\t\t\t\t<\/div>\n\t\t\t\t<div class=\"elementor-element elementor-element-357e58f elementor-widget elementor-widget-text-editor\" data-id=\"357e58f\" data-element_type=\"widget\" data-e-type=\"widget\" data-widget_type=\"text-editor.default\">\n\t\t\t\t<div class=\"elementor-widget-container\">\n\t\t\t\t\t\t\t\t\t<div>L&rsquo;\u00e9tablissement est riche de <strong>deux exploitations agricoles<\/strong> de polyculture \u00e9levage. Un \u00e9levage laitier sur la commune de Bellegarde, \u00e0 proximit\u00e9 d&rsquo;Albi.<\/div><div>L&rsquo;autre en Bovin viande et ovin viande, sur le site du Lyc\u00e9e Flamarens \u00e0 Lavaur. Outil p\u00e9dagogique pour la formation, elles permettent un lien direct avec le terrain, les animaux et les cultures.<\/div><div>Op\u00e9rer le virage de la transition \u00e9nerg\u00e9tique et \u00e9cologique, c&rsquo;est impulser une nouvelle relation de l&rsquo;apprenant avec son milieu. Ainsi l&rsquo;\u00e9tablissement, en tant qu&rsquo;acteur du d\u00e9veloppement territorial, a fait le choix de sensibiliser et surtout de professionnaliser les acteurs de demain.<\/div><div>Cela se traduit par des formations aux techniques n\u00e9cessaires pour engager la d\u00e9marche de transition \u00e9cologique au travers de chacune des fili\u00e8res de l&rsquo;agriculture.<\/div>\t\t\t\t\t\t\t\t<\/div>\n\t\t\t\t<\/div>\n\t\t\t\t\t<\/div>\n\t\t<\/div>\n\t\t\t\t\t<\/div>\n\t\t<\/section>\n\t\t\t\t<section class=\"elementor-section elementor-inner-section elementor-element elementor-element-5cb2309 elementor-section-height-min-height elementor-section-content-middle elementor-section-boxed elementor-section-height-default\" data-id=\"5cb2309\" data-element_type=\"section\" data-e-type=\"section\" data-settings=\"{&quot;background_background&quot;:&quot;classic&quot;}\">\n\t\t\t\t\t\t<div class=\"elementor-container elementor-column-gap-no\">\n\t\t\t\t\t<div class=\"elementor-column elementor-col-50 elementor-inner-column elementor-element elementor-element-b0f95a9\" data-id=\"b0f95a9\" data-element_type=\"column\" data-e-type=\"column\" data-settings=\"{&quot;background_background&quot;:&quot;classic&quot;}\">\n\t\t\t<div class=\"elementor-widget-wrap elementor-element-populated\">\n\t\t\t\t\t\t<div class=\"elementor-element elementor-element-a7e01ae elementor-widget elementor-widget-spacer\" data-id=\"a7e01ae\" data-element_type=\"widget\" data-e-type=\"widget\" data-widget_type=\"spacer.default\">\n\t\t\t\t<div class=\"elementor-widget-container\">\n\t\t\t\t\t\t\t<div class=\"elementor-spacer\">\n\t\t\t<div class=\"elementor-spacer-inner\"><\/div>\n\t\t<\/div>\n\t\t\t\t\t\t<\/div>\n\t\t\t\t<\/div>\n\t\t\t\t\t<\/div>\n\t\t<\/div>\n\t\t\t\t<div class=\"elementor-column elementor-col-50 elementor-inner-column elementor-element elementor-element-9e74363\" data-id=\"9e74363\" data-element_type=\"column\" data-e-type=\"column\" data-settings=\"{&quot;background_background&quot;:&quot;classic&quot;}\">\n\t\t\t<div class=\"elementor-widget-wrap elementor-element-populated\">\n\t\t\t\t\t\t<div class=\"elementor-element elementor-element-c4e3928 elementor-widget elementor-widget-heading\" data-id=\"c4e3928\" data-element_type=\"widget\" data-e-type=\"widget\" data-widget_type=\"heading.default\">\n\t\t\t\t<div class=\"elementor-widget-container\">\n\t\t\t\t\t<h2 class=\"elementor-heading-title elementor-size-large\">Plateforme technologique GH2O<\/h2>\t\t\t\t<\/div>\n\t\t\t\t<\/div>\n\t\t\t\t<div class=\"elementor-element elementor-element-459c399 elementor-widget elementor-widget-text-editor\" data-id=\"459c399\" data-element_type=\"widget\" data-e-type=\"widget\" data-widget_type=\"text-editor.default\">\n\t\t\t\t<div class=\"elementor-widget-container\">\n\t\t\t\t\t\t\t\t\t<div>La plateforme technologique, labellis\u00e9e PFT par le Minist\u00e8re de l&rsquo;Enseignement Sup\u00e9rieur et de la Recherche, accompagne les entreprises r\u00e9gionales dans la gestion de l&rsquo;eau et des d\u00e9chets. Elle met en oeuvre des projets d&rsquo;exp\u00e9rimentation et de d\u00e9veloppement. Elle participe \u00e9galement \u00e0 l&rsquo;insertion professionnelle des apprenants en les impliquant dans les projets.<\/div><div>Elle constitue un support technique p\u00e9dagogique, d&rsquo;essai et de d\u00e9monstration dans les domaines du traitement de l&rsquo;eau, des r\u00e9seaux d&rsquo;eau et de valorisation des d\u00e9chets.<\/div><div>\u00a0La PFT contribue \u00e0 la diffusion scientifique et technique par l&rsquo;organisation d&rsquo;\u00e9v\u00e9nements tels que la semaine de l&rsquo;eau et par la mise \u00e0 disposition de documentations.<\/div><div>Elle s&rsquo;appuie sur une r\u00e9seau de divers partenaires institutionnels, scientifiques et techniques.<\/div>\t\t\t\t\t\t\t\t<\/div>\n\t\t\t\t<\/div>\n\t\t\t\t\t<\/div>\n\t\t<\/div>\n\t\t\t\t\t<\/div>\n\t\t<\/section>\n\t\t\t\t\t<\/div>\n\t\t<\/div>\n\t\t\t\t\t<\/div>\n\t\t<\/section>\n\t\t\t\t<section class=\"elementor-section elementor-top-section elementor-element elementor-element-3cdbd2d4 elementor-section-full_width elementor-section-height-default elementor-section-height-default\" data-id=\"3cdbd2d4\" data-element_type=\"section\" data-e-type=\"section\" data-settings=\"{&quot;background_background&quot;:&quot;classic&quot;,&quot;shape_divider_top&quot;:&quot;triangle&quot;}\">\n\t\t\t\t\t\t\t<div class=\"elementor-background-overlay\"><\/div>\n\t\t\t\t\t\t<div class=\"elementor-shape elementor-shape-top\" aria-hidden=\"true\" data-negative=\"false\">\n\t\t\t<svg xmlns=\"http:\/\/www.w3.org\/2000\/svg\" viewBox=\"0 0 1000 100\" preserveAspectRatio=\"none\">\n\t<path class=\"elementor-shape-fill\" d=\"M500,98.9L0,6.1V0h1000v6.1L500,98.9z\"\/>\n<\/svg>\t\t<\/div>\n\t\t\t\t\t<div class=\"elementor-container elementor-column-gap-default\">\n\t\t\t\t\t<div class=\"elementor-column elementor-col-100 elementor-top-column elementor-element elementor-element-7a0e7c1c\" data-id=\"7a0e7c1c\" data-element_type=\"column\" data-e-type=\"column\">\n\t\t\t<div class=\"elementor-widget-wrap elementor-element-populated\">\n\t\t\t\t\t\t<section class=\"elementor-section elementor-inner-section elementor-element elementor-element-508f7e8b elementor-section-height-min-height elementor-section-content-middle elementor-section-boxed elementor-section-height-default\" data-id=\"508f7e8b\" data-element_type=\"section\" data-e-type=\"section\" data-settings=\"{&quot;background_background&quot;:&quot;classic&quot;}\">\n\t\t\t\t\t\t<div class=\"elementor-container elementor-column-gap-no\">\n\t\t\t\t\t<div class=\"elementor-column elementor-col-50 elementor-inner-column elementor-element elementor-element-4d916192\" data-id=\"4d916192\" data-element_type=\"column\" data-e-type=\"column\" data-settings=\"{&quot;background_background&quot;:&quot;classic&quot;}\">\n\t\t\t<div class=\"elementor-widget-wrap elementor-element-populated\">\n\t\t\t\t\t\t<div class=\"elementor-element elementor-element-2f2f3a26 elementor-widget elementor-widget-spacer\" data-id=\"2f2f3a26\" data-element_type=\"widget\" data-e-type=\"widget\" data-widget_type=\"spacer.default\">\n\t\t\t\t<div class=\"elementor-widget-container\">\n\t\t\t\t\t\t\t<div class=\"elementor-spacer\">\n\t\t\t<div class=\"elementor-spacer-inner\"><\/div>\n\t\t<\/div>\n\t\t\t\t\t\t<\/div>\n\t\t\t\t<\/div>\n\t\t\t\t\t<\/div>\n\t\t<\/div>\n\t\t\t\t<div class=\"elementor-column elementor-col-50 elementor-inner-column elementor-element elementor-element-628f840d\" data-id=\"628f840d\" data-element_type=\"column\" data-e-type=\"column\">\n\t\t\t<div class=\"elementor-widget-wrap elementor-element-populated\">\n\t\t\t\t\t\t<div class=\"elementor-element elementor-element-cb924a2 elementor-widget elementor-widget-heading\" data-id=\"cb924a2\" data-element_type=\"widget\" data-e-type=\"widget\" data-widget_type=\"heading.default\">\n\t\t\t\t<div class=\"elementor-widget-container\">\n\t\t\t\t\t<h2 class=\"elementor-heading-title elementor-size-large\">Le L@bel num\u00e9rique<\/h2>\t\t\t\t<\/div>\n\t\t\t\t<\/div>\n\t\t\t\t<div class=\"elementor-element elementor-element-28de3d80 elementor-widget elementor-widget-text-editor\" data-id=\"28de3d80\" data-element_type=\"widget\" data-e-type=\"widget\" data-widget_type=\"text-editor.default\">\n\t\t\t\t<div class=\"elementor-widget-container\">\n\t\t\t\t\t\t\t\t\t<p>L\u2019EPL du Tarn contribue \u00e0 r\u00e9duire la \u00abfracture num\u00e9rique\u00bb avec la R\u00e9gion Occitanie, pour stimuler l&rsquo;acc\u00e8s pour tous \u00e0 l&rsquo;outil informatique au sein d lyc\u00e9es et des centres de formation \u00e0 l&rsquo;apprentissage.<br \/>Le label \u00ab\u00a0Lyc\u00e9e Num\u00e9rique\u00a0\u00bb garantie l\u2019usage num\u00e9rique au c\u0153ur des pratiques des enseignants. Le num\u00e9rique est un instrument au service des apprentissages dans les classes mais aussi un moyen pour les lyc\u00e9ens de s\u2019approprier de nouvelles mani\u00e8res d\u2019apprendre et de construire leur parcours professionnel.<\/p>\t\t\t\t\t\t\t\t<\/div>\n\t\t\t\t<\/div>\n\t\t\t\t\t<\/div>\n\t\t<\/div>\n\t\t\t\t\t<\/div>\n\t\t<\/section>\n\t\t\t\t<section class=\"elementor-section elementor-inner-section elementor-element elementor-element-6c22448f elementor-section-height-min-height elementor-section-content-middle elementor-section-boxed elementor-section-height-default\" data-id=\"6c22448f\" data-element_type=\"section\" data-e-type=\"section\" data-settings=\"{&quot;background_background&quot;:&quot;classic&quot;}\">\n\t\t\t\t\t\t<div class=\"elementor-container elementor-column-gap-no\">\n\t\t\t\t\t<div class=\"elementor-column elementor-col-50 elementor-inner-column elementor-element elementor-element-487a3bb4\" data-id=\"487a3bb4\" data-element_type=\"column\" data-e-type=\"column\" data-settings=\"{&quot;background_background&quot;:&quot;classic&quot;}\">\n\t\t\t<div class=\"elementor-widget-wrap elementor-element-populated\">\n\t\t\t\t\t\t<div class=\"elementor-element elementor-element-49fee997 elementor-widget elementor-widget-spacer\" data-id=\"49fee997\" data-element_type=\"widget\" data-e-type=\"widget\" data-widget_type=\"spacer.default\">\n\t\t\t\t<div class=\"elementor-widget-container\">\n\t\t\t\t\t\t\t<div class=\"elementor-spacer\">\n\t\t\t<div class=\"elementor-spacer-inner\"><\/div>\n\t\t<\/div>\n\t\t\t\t\t\t<\/div>\n\t\t\t\t<\/div>\n\t\t\t\t\t<\/div>\n\t\t<\/div>\n\t\t\t\t<div class=\"elementor-column elementor-col-50 elementor-inner-column elementor-element elementor-element-278757e8\" data-id=\"278757e8\" data-element_type=\"column\" data-e-type=\"column\">\n\t\t\t<div class=\"elementor-widget-wrap elementor-element-populated\">\n\t\t\t\t\t\t<div class=\"elementor-element elementor-element-1419f1f elementor-widget elementor-widget-heading\" data-id=\"1419f1f\" data-element_type=\"widget\" data-e-type=\"widget\" data-widget_type=\"heading.default\">\n\t\t\t\t<div class=\"elementor-widget-container\">\n\t\t\t\t\t<h2 class=\"elementor-heading-title elementor-size-large\">Ressources<\/h2>\t\t\t\t<\/div>\n\t\t\t\t<\/div>\n\t\t\t\t<div class=\"elementor-element elementor-element-112a1137 elementor-widget elementor-widget-text-editor\" data-id=\"112a1137\" data-element_type=\"widget\" data-e-type=\"widget\" data-widget_type=\"text-editor.default\">\n\t\t\t\t<div class=\"elementor-widget-container\">\n\t\t\t\t\t\t\t\t\tToutes nos formations utilisent des moyens de transmission qui alternent th\u00e9ories (ressources documentaires, num\u00e9riques, vid\u00e9os, films, FAD, tableaux, diapositives sur vid\u00e9oprojecteurs, m\u00e9mos, fiches, poly-copies\u2026 ), pratiques (cas pratiques, exercices, travaux de groupes, jeux de r\u00f4le, simulations, stages\u2026) et d&rsquo;\u00e9changes d&rsquo;exp\u00e9riences (ateliers, conf\u00e9rences, interventions de professionnels, d&rsquo;associations\u2026). Ces ressources favorisent l&rsquo;apprentissage des stagiaires, y compris le geste technique et sont adapt\u00e9es aux objectifs de la formation. Chaque formation poss\u00e8de une mallette p\u00e9dagogique, avec le d\u00e9roul\u00e9 p\u00e9dagogique et le planning, le r\u00e9f\u00e9rentiel de la formation, dont est garant le coordonnateur de formation. Les stagiaires ont acc\u00e8s \u00e0 l&rsquo;informatique. Un centre documentaire est accessible sur le site d&rsquo;Albi et de Lavaur.\t\t\t\t\t\t\t\t<\/div>\n\t\t\t\t<\/div>\n\t\t\t\t\t<\/div>\n\t\t<\/div>\n\t\t\t\t\t<\/div>\n\t\t<\/section>\n\t\t\t\t<section class=\"elementor-section elementor-inner-section elementor-element elementor-element-5a44321a elementor-section-height-min-height elementor-section-content-middle elementor-section-boxed elementor-section-height-default\" data-id=\"5a44321a\" data-element_type=\"section\" data-e-type=\"section\" data-settings=\"{&quot;background_background&quot;:&quot;classic&quot;}\">\n\t\t\t\t\t\t<div class=\"elementor-container elementor-column-gap-no\">\n\t\t\t\t\t<div class=\"elementor-column elementor-col-50 elementor-inner-column elementor-element elementor-element-48790a9b\" data-id=\"48790a9b\" data-element_type=\"column\" data-e-type=\"column\" data-settings=\"{&quot;background_background&quot;:&quot;classic&quot;}\">\n\t\t\t<div class=\"elementor-widget-wrap elementor-element-populated\">\n\t\t\t\t\t\t<div class=\"elementor-element elementor-element-57622a68 elementor-widget elementor-widget-spacer\" data-id=\"57622a68\" data-element_type=\"widget\" data-e-type=\"widget\" data-widget_type=\"spacer.default\">\n\t\t\t\t<div class=\"elementor-widget-container\">\n\t\t\t\t\t\t\t<div class=\"elementor-spacer\">\n\t\t\t<div class=\"elementor-spacer-inner\"><\/div>\n\t\t<\/div>\n\t\t\t\t\t\t<\/div>\n\t\t\t\t<\/div>\n\t\t\t\t\t<\/div>\n\t\t<\/div>\n\t\t\t\t<div class=\"elementor-column elementor-col-50 elementor-inner-column elementor-element elementor-element-939b63c\" data-id=\"939b63c\" data-element_type=\"column\" data-e-type=\"column\">\n\t\t\t<div class=\"elementor-widget-wrap elementor-element-populated\">\n\t\t\t\t\t\t<div class=\"elementor-element elementor-element-4c52b8d7 elementor-widget elementor-widget-heading\" data-id=\"4c52b8d7\" data-element_type=\"widget\" data-e-type=\"widget\" data-widget_type=\"heading.default\">\n\t\t\t\t<div class=\"elementor-widget-container\">\n\t\t\t\t\t<h2 class=\"elementor-heading-title elementor-size-large\">Salles sp\u00e9cialis\u00e9es<\/h2>\t\t\t\t<\/div>\n\t\t\t\t<\/div>\n\t\t\t\t<div class=\"elementor-element elementor-element-749fbdad elementor-widget elementor-widget-text-editor\" data-id=\"749fbdad\" data-element_type=\"widget\" data-e-type=\"widget\" data-widget_type=\"text-editor.default\">\n\t\t\t\t<div class=\"elementor-widget-container\">\n\t\t\t\t\t\t\t\t\t<p>Les enseignements scientifiques, technologiques et professionnels b\u00e9n\u00e9ficient d&rsquo;infrastructures importantes sur plusieurs p\u00f4les :<\/p><ul><li>Des laboratoires sp\u00e9cialis\u00e9s en chimie, biologie, hydraulique<\/li><li>Un p\u00f4le agro\u00e9quipement avec des ateliers enti\u00e8rement r\u00e9nov\u00e9s<\/li><li>Un hall technique et des terrains d&rsquo;application en Am\u00e9nagement paysager<\/li><li>Une serre et un espace de vente d\u00e9di\u00e9s aux cultures l\u00e9gumi\u00e8res et florales<\/li><li>Un hall hydraulique et une Plateforme technologique centr\u00e9s sur les probl\u00e9matiques de l&rsquo;eau et des d\u00e9chets.<\/li><li>Des salles informatiques adapt\u00e9es aux attentes des formations<\/li><\/ul>\t\t\t\t\t\t\t\t<\/div>\n\t\t\t\t<\/div>\n\t\t\t\t\t<\/div>\n\t\t<\/div>\n\t\t\t\t\t<\/div>\n\t\t<\/section>\n\t\t\t\t\t<\/div>\n\t\t<\/div>\n\t\t\t\t\t<\/div>\n\t\t<\/section>\n\t\t\t\t<\/div>\n\t\t","protected":false},"excerpt":{"rendered":"<p>PLATEFORME HORTICULTURE \/ fleuristerie Le p\u00f4le horticole dispose de plus de 1000m\u00b2 de serres et de jardins, destin\u00e9s aux cours techniques de la fili\u00e8re, d&rsquo;un&hellip;<\/p>\n","protected":false},"author":10,"featured_media":0,"parent":0,"menu_order":0,"comment_status":"closed","ping_status":"closed","template":"","meta":{"footnotes":""},"class_list":["post-492","page","type-page","status-publish","hentry"],"yoast_head":"<!-- This site is optimized with the Yoast SEO plugin v27.5 - https:\/\/yoast.com\/product\/yoast-seo-wordpress\/ -->\n<title>Nos atouts et ressources - Formation Professionnelle Continue et Apprentissage<\/title>\n<meta name=\"robots\" content=\"index, follow, max-snippet:-1, max-image-preview:large, max-video-preview:-1\" \/>\n<link rel=\"canonical\" href=\"https:\/\/www.tarn.educagri.fr\/fpca\/nos-atouts-et-ressources\/\" \/>\n<meta property=\"og:locale\" content=\"fr_FR\" \/>\n<meta property=\"og:type\" content=\"article\" \/>\n<meta property=\"og:title\" content=\"Nos atouts et ressources - Formation Professionnelle Continue et Apprentissage\" \/>\n<meta property=\"og:description\" content=\"PLATEFORME HORTICULTURE \/ fleuristerie Le p\u00f4le horticole dispose de plus de 1000m\u00b2 de serres et de jardins, destin\u00e9s aux cours techniques de la fili\u00e8re, d&rsquo;un&hellip;\" \/>\n<meta property=\"og:url\" content=\"https:\/\/www.tarn.educagri.fr\/fpca\/nos-atouts-et-ressources\/\" \/>\n<meta property=\"og:site_name\" content=\"Formation Professionnelle Continue et Apprentissage\" \/>\n<meta property=\"article:modified_time\" content=\"2021-03-30T15:20:42+00:00\" \/>\n<meta name=\"twitter:card\" content=\"summary_large_image\" \/>\n<meta name=\"twitter:label1\" content=\"Dur\u00e9e de lecture estim\u00e9e\" \/>\n\t<meta name=\"twitter:data1\" content=\"5 minutes\" \/>\n<script type=\"application\/ld+json\" class=\"yoast-schema-graph\">{\"@context\":\"https:\\\/\\\/schema.org\",\"@graph\":[{\"@type\":\"WebPage\",\"@id\":\"https:\\\/\\\/www.tarn.educagri.fr\\\/fpca\\\/nos-atouts-et-ressources\\\/\",\"url\":\"https:\\\/\\\/www.tarn.educagri.fr\\\/fpca\\\/nos-atouts-et-ressources\\\/\",\"name\":\"Nos atouts et ressources - Formation Professionnelle Continue et Apprentissage\",\"isPartOf\":{\"@id\":\"https:\\\/\\\/www.tarn.educagri.fr\\\/fpca\\\/#website\"},\"datePublished\":\"2018-09-15T19:17:02+00:00\",\"dateModified\":\"2021-03-30T15:20:42+00:00\",\"breadcrumb\":{\"@id\":\"https:\\\/\\\/www.tarn.educagri.fr\\\/fpca\\\/nos-atouts-et-ressources\\\/#breadcrumb\"},\"inLanguage\":\"fr-FR\",\"potentialAction\":[{\"@type\":\"ReadAction\",\"target\":[\"https:\\\/\\\/www.tarn.educagri.fr\\\/fpca\\\/nos-atouts-et-ressources\\\/\"]}]},{\"@type\":\"BreadcrumbList\",\"@id\":\"https:\\\/\\\/www.tarn.educagri.fr\\\/fpca\\\/nos-atouts-et-ressources\\\/#breadcrumb\",\"itemListElement\":[{\"@type\":\"ListItem\",\"position\":1,\"name\":\"Accueil\",\"item\":\"https:\\\/\\\/www.tarn.educagri.fr\\\/fpca\\\/\"},{\"@type\":\"ListItem\",\"position\":2,\"name\":\"Nos atouts et ressources\"}]},{\"@type\":\"WebSite\",\"@id\":\"https:\\\/\\\/www.tarn.educagri.fr\\\/fpca\\\/#website\",\"url\":\"https:\\\/\\\/www.tarn.educagri.fr\\\/fpca\\\/\",\"name\":\"Formation Professionnelle Continue et Apprentissage\",\"description\":\"TARN : Des formations actions adapt\u00e9es \u00e0 vos besoins, orient\u00e9es vers la comp\u00e9tence\",\"publisher\":{\"@id\":\"https:\\\/\\\/www.tarn.educagri.fr\\\/fpca\\\/#organization\"},\"potentialAction\":[{\"@type\":\"SearchAction\",\"target\":{\"@type\":\"EntryPoint\",\"urlTemplate\":\"https:\\\/\\\/www.tarn.educagri.fr\\\/fpca\\\/?s={search_term_string}\"},\"query-input\":{\"@type\":\"PropertyValueSpecification\",\"valueRequired\":true,\"valueName\":\"search_term_string\"}}],\"inLanguage\":\"fr-FR\"},{\"@type\":\"Organization\",\"@id\":\"https:\\\/\\\/www.tarn.educagri.fr\\\/fpca\\\/#organization\",\"name\":\"Formation professionnelle continue et de l'apprentissage du Tarn\",\"url\":\"https:\\\/\\\/www.tarn.educagri.fr\\\/fpca\\\/\",\"logo\":{\"@type\":\"ImageObject\",\"inLanguage\":\"fr-FR\",\"@id\":\"https:\\\/\\\/www.tarn.educagri.fr\\\/fpca\\\/#\\\/schema\\\/logo\\\/image\\\/\",\"url\":\"https:\\\/\\\/www.tarn.educagri.fr\\\/fpca\\\/wp-content\\\/uploads\\\/2019\\\/01\\\/LOGO_CFAAH_CFPPA_Tarn.png\",\"contentUrl\":\"https:\\\/\\\/www.tarn.educagri.fr\\\/fpca\\\/wp-content\\\/uploads\\\/2019\\\/01\\\/LOGO_CFAAH_CFPPA_Tarn.png\",\"width\":2113,\"height\":2422,\"caption\":\"Formation professionnelle continue et de l'apprentissage du Tarn\"},\"image\":{\"@id\":\"https:\\\/\\\/www.tarn.educagri.fr\\\/fpca\\\/#\\\/schema\\\/logo\\\/image\\\/\"}}]}<\/script>\n<!-- \/ Yoast SEO plugin. -->","yoast_head_json":{"title":"Nos atouts et ressources - Formation Professionnelle Continue et Apprentissage","robots":{"index":"index","follow":"follow","max-snippet":"max-snippet:-1","max-image-preview":"max-image-preview:large","max-video-preview":"max-video-preview:-1"},"canonical":"https:\/\/www.tarn.educagri.fr\/fpca\/nos-atouts-et-ressources\/","og_locale":"fr_FR","og_type":"article","og_title":"Nos atouts et ressources - Formation Professionnelle Continue et Apprentissage","og_description":"PLATEFORME HORTICULTURE \/ fleuristerie Le p\u00f4le horticole dispose de plus de 1000m\u00b2 de serres et de jardins, destin\u00e9s aux cours techniques de la fili\u00e8re, d&rsquo;un&hellip;","og_url":"https:\/\/www.tarn.educagri.fr\/fpca\/nos-atouts-et-ressources\/","og_site_name":"Formation Professionnelle Continue et Apprentissage","article_modified_time":"2021-03-30T15:20:42+00:00","twitter_card":"summary_large_image","twitter_misc":{"Dur\u00e9e de lecture estim\u00e9e":"5 minutes"},"schema":{"@context":"https:\/\/schema.org","@graph":[{"@type":"WebPage","@id":"https:\/\/www.tarn.educagri.fr\/fpca\/nos-atouts-et-ressources\/","url":"https:\/\/www.tarn.educagri.fr\/fpca\/nos-atouts-et-ressources\/","name":"Nos atouts et ressources - Formation Professionnelle Continue et Apprentissage","isPartOf":{"@id":"https:\/\/www.tarn.educagri.fr\/fpca\/#website"},"datePublished":"2018-09-15T19:17:02+00:00","dateModified":"2021-03-30T15:20:42+00:00","breadcrumb":{"@id":"https:\/\/www.tarn.educagri.fr\/fpca\/nos-atouts-et-ressources\/#breadcrumb"},"inLanguage":"fr-FR","potentialAction":[{"@type":"ReadAction","target":["https:\/\/www.tarn.educagri.fr\/fpca\/nos-atouts-et-ressources\/"]}]},{"@type":"BreadcrumbList","@id":"https:\/\/www.tarn.educagri.fr\/fpca\/nos-atouts-et-ressources\/#breadcrumb","itemListElement":[{"@type":"ListItem","position":1,"name":"Accueil","item":"https:\/\/www.tarn.educagri.fr\/fpca\/"},{"@type":"ListItem","position":2,"name":"Nos atouts et ressources"}]},{"@type":"WebSite","@id":"https:\/\/www.tarn.educagri.fr\/fpca\/#website","url":"https:\/\/www.tarn.educagri.fr\/fpca\/","name":"Formation Professionnelle Continue et Apprentissage","description":"TARN : Des formations actions adapt\u00e9es \u00e0 vos besoins, orient\u00e9es vers la comp\u00e9tence","publisher":{"@id":"https:\/\/www.tarn.educagri.fr\/fpca\/#organization"},"potentialAction":[{"@type":"SearchAction","target":{"@type":"EntryPoint","urlTemplate":"https:\/\/www.tarn.educagri.fr\/fpca\/?s={search_term_string}"},"query-input":{"@type":"PropertyValueSpecification","valueRequired":true,"valueName":"search_term_string"}}],"inLanguage":"fr-FR"},{"@type":"Organization","@id":"https:\/\/www.tarn.educagri.fr\/fpca\/#organization","name":"Formation professionnelle continue et de l'apprentissage du Tarn","url":"https:\/\/www.tarn.educagri.fr\/fpca\/","logo":{"@type":"ImageObject","inLanguage":"fr-FR","@id":"https:\/\/www.tarn.educagri.fr\/fpca\/#\/schema\/logo\/image\/","url":"https:\/\/www.tarn.educagri.fr\/fpca\/wp-content\/uploads\/2019\/01\/LOGO_CFAAH_CFPPA_Tarn.png","contentUrl":"https:\/\/www.tarn.educagri.fr\/fpca\/wp-content\/uploads\/2019\/01\/LOGO_CFAAH_CFPPA_Tarn.png","width":2113,"height":2422,"caption":"Formation professionnelle continue et de l'apprentissage du Tarn"},"image":{"@id":"https:\/\/www.tarn.educagri.fr\/fpca\/#\/schema\/logo\/image\/"}}]}},"_links":{"self":[{"href":"https:\/\/www.tarn.educagri.fr\/fpca\/wp-json\/wp\/v2\/pages\/492","targetHints":{"allow":["GET"]}}],"collection":[{"href":"https:\/\/www.tarn.educagri.fr\/fpca\/wp-json\/wp\/v2\/pages"}],"about":[{"href":"https:\/\/www.tarn.educagri.fr\/fpca\/wp-json\/wp\/v2\/types\/page"}],"author":[{"embeddable":true,"href":"https:\/\/www.tarn.educagri.fr\/fpca\/wp-json\/wp\/v2\/users\/10"}],"replies":[{"embeddable":true,"href":"https:\/\/www.tarn.educagri.fr\/fpca\/wp-json\/wp\/v2\/comments?post=492"}],"version-history":[{"count":55,"href":"https:\/\/www.tarn.educagri.fr\/fpca\/wp-json\/wp\/v2\/pages\/492\/revisions"}],"predecessor-version":[{"id":4964,"href":"https:\/\/www.tarn.educagri.fr\/fpca\/wp-json\/wp\/v2\/pages\/492\/revisions\/4964"}],"wp:attachment":[{"href":"https:\/\/www.tarn.educagri.fr\/fpca\/wp-json\/wp\/v2\/media?parent=492"}],"curies":[{"name":"wp","href":"https:\/\/api.w.org\/{rel}","templated":true}]}}