{"id":6035,"date":"2022-05-16T13:24:59","date_gmt":"2022-05-16T12:24:59","guid":{"rendered":"https:\/\/www.tarn.educagri.fr\/fpca\/?page_id=6035"},"modified":"2026-04-24T15:32:55","modified_gmt":"2026-04-24T14:32:55","slug":"ma_rentree","status":"publish","type":"page","link":"https:\/\/www.tarn.educagri.fr\/fpca\/ma_rentree\/","title":{"rendered":"Ma Rentr\u00e9e"},"content":{"rendered":"\t\t<div data-elementor-type=\"wp-post\" data-elementor-id=\"6035\" class=\"elementor elementor-6035\" data-elementor-post-type=\"page\">\n\t\t\t\t\t\t<section class=\"elementor-section elementor-top-section elementor-element elementor-element-1e8cbb4 elementor-section-boxed elementor-section-height-default elementor-section-height-default\" data-id=\"1e8cbb4\" data-element_type=\"section\" data-e-type=\"section\" data-settings=\"{&quot;background_background&quot;:&quot;classic&quot;}\">\n\t\t\t\t\t\t<div class=\"elementor-container elementor-column-gap-default\">\n\t\t\t\t\t\t<\/div>\n\t\t<\/section>\n\t\t\t\t<section class=\"elementor-section elementor-top-section elementor-element elementor-element-56d9f99 elementor-section-boxed elementor-section-height-default elementor-section-height-default\" data-id=\"56d9f99\" data-element_type=\"section\" data-e-type=\"section\">\n\t\t\t\t\t\t<div class=\"elementor-container elementor-column-gap-default\">\n\t\t\t\t\t<div class=\"elementor-column elementor-col-100 elementor-top-column elementor-element elementor-element-b2192dd\" data-id=\"b2192dd\" data-element_type=\"column\" data-e-type=\"column\">\n\t\t\t<div class=\"elementor-widget-wrap elementor-element-populated\">\n\t\t\t\t\t\t<div class=\"elementor-element elementor-element-30e8a08 elementor-headline--style-highlight elementor-widget elementor-widget-animated-headline\" data-id=\"30e8a08\" data-element_type=\"widget\" data-e-type=\"widget\" data-settings=\"{&quot;marker&quot;:&quot;double_underline&quot;,&quot;highlighted_text&quot;:&quot;Informations sur l&#039;inscription et la Rentr\\u00e9e&quot;,&quot;headline_style&quot;:&quot;highlight&quot;,&quot;highlight_animation_duration&quot;:1200}\" data-widget_type=\"animated-headline.default\">\n\t\t\t\t<div class=\"elementor-widget-container\">\n\t\t\t\t\t\t\t<h1 class=\"elementor-headline\">\n\t\t\t\t\t<span class=\"elementor-headline-plain-text elementor-headline-text-wrapper\"><b>Rentr\u00e9e FPCA 2026<\/b><\/br><\/span>\n\t\t\t\t<span class=\"elementor-headline-dynamic-wrapper elementor-headline-text-wrapper\">\n\t\t\t\t\t<span class=\"elementor-headline-dynamic-text elementor-headline-text-active\">Informations sur l'inscription et la Rentr\u00e9e<\/span>\n\t\t\t\t<\/span>\n\t\t\t\t<\/h1>\n\t\t\t\t\t\t<\/div>\n\t\t\t\t<\/div>\n\t\t\t\t\t<\/div>\n\t\t<\/div>\n\t\t\t\t\t<\/div>\n\t\t<\/section>\n\t\t\t\t<section class=\"elementor-section elementor-top-section elementor-element elementor-element-425e805 elementor-section-boxed elementor-section-height-default elementor-section-height-default\" data-id=\"425e805\" data-element_type=\"section\" data-e-type=\"section\">\n\t\t\t\t\t\t<div class=\"elementor-container elementor-column-gap-default\">\n\t\t\t\t\t<div class=\"elementor-column elementor-col-100 elementor-top-column elementor-element elementor-element-11ed98b\" data-id=\"11ed98b\" data-element_type=\"column\" data-e-type=\"column\">\n\t\t\t<div class=\"elementor-widget-wrap elementor-element-populated\">\n\t\t\t\t\t\t<div class=\"elementor-element elementor-element-e552500 elementor-widget elementor-widget-heading\" data-id=\"e552500\" data-element_type=\"widget\" data-e-type=\"widget\" data-widget_type=\"heading.default\">\n\t\t\t\t<div class=\"elementor-widget-container\">\n\t\t\t\t\t<h2 class=\"elementor-heading-title elementor-size-default\">INFORMATIONS<\/h2>\t\t\t\t<\/div>\n\t\t\t\t<\/div>\n\t\t\t\t\t<\/div>\n\t\t<\/div>\n\t\t\t\t\t<\/div>\n\t\t<\/section>\n\t\t\t\t<section class=\"elementor-section elementor-top-section elementor-element elementor-element-b40a66d elementor-section-boxed elementor-section-height-default elementor-section-height-default\" data-id=\"b40a66d\" data-element_type=\"section\" data-e-type=\"section\">\n\t\t\t\t\t\t<div class=\"elementor-container elementor-column-gap-default\">\n\t\t\t\t\t<div class=\"elementor-column elementor-col-50 elementor-top-column elementor-element elementor-element-dd491dc\" data-id=\"dd491dc\" data-element_type=\"column\" data-e-type=\"column\">\n\t\t\t<div class=\"elementor-widget-wrap elementor-element-populated\">\n\t\t\t\t\t\t<div class=\"elementor-element elementor-element-d5d5bda elementor-widget elementor-widget-image\" data-id=\"d5d5bda\" data-element_type=\"widget\" data-e-type=\"widget\" data-widget_type=\"image.default\">\n\t\t\t\t<div class=\"elementor-widget-container\">\n\t\t\t\t\t\t\t\t\t\t\t\t\t\t\t<img decoding=\"async\" src=\"https:\/\/www.tarn.educagri.fr\/fpca\/wp-content\/uploads\/elementor\/thumbs\/Informations-rhbb0e89lowg4tck35tkoijxqte28txxr2su5q0kqg.png\" title=\"Informations\" alt=\"Informations\" loading=\"lazy\" \/>\t\t\t\t\t\t\t\t\t\t\t\t\t\t\t<\/div>\n\t\t\t\t<\/div>\n\t\t\t\t\t<\/div>\n\t\t<\/div>\n\t\t\t\t<div class=\"elementor-column elementor-col-50 elementor-top-column elementor-element elementor-element-17d0835\" data-id=\"17d0835\" data-element_type=\"column\" data-e-type=\"column\">\n\t\t\t<div class=\"elementor-widget-wrap elementor-element-populated\">\n\t\t\t\t\t\t<div class=\"elementor-element elementor-element-33777cc elementor-align-start elementor-icon-list--layout-traditional elementor-list-item-link-full_width elementor-widget elementor-widget-icon-list\" data-id=\"33777cc\" data-element_type=\"widget\" data-e-type=\"widget\" data-widget_type=\"icon-list.default\">\n\t\t\t\t<div class=\"elementor-widget-container\">\n\t\t\t\t\t\t\t<ul class=\"elementor-icon-list-items\">\n\t\t\t\t\t\t\t<li class=\"elementor-icon-list-item\">\n\t\t\t\t\t\t\t\t\t\t\t<a href=\"https:\/\/www.tarn.educagri.fr\/fpca\/ma_rentree#interlocuteur\">\n\n\t\t\t\t\t\t\t\t\t\t\t\t<span class=\"elementor-icon-list-icon\">\n\t\t\t\t\t\t\t<svg aria-hidden=\"true\" class=\"e-font-icon-svg e-fas-tractor\" viewBox=\"0 0 640 512\" xmlns=\"http:\/\/www.w3.org\/2000\/svg\"><path d=\"M528 336c-48.6 0-88 39.4-88 88s39.4 88 88 88 88-39.4 88-88-39.4-88-88-88zm0 112c-13.23 0-24-10.77-24-24s10.77-24 24-24 24 10.77 24 24-10.77 24-24 24zm80-288h-64v-40.2c0-14.12 4.7-27.76 13.15-38.84 4.42-5.8 3.55-14.06-1.32-19.49L534.2 37.3c-6.66-7.45-18.32-6.92-24.7.78C490.58 60.9 480 89.81 480 119.8V160H377.67L321.58 29.14A47.914 47.914 0 0 0 277.45 0H144c-26.47 0-48 21.53-48 48v146.52c-8.63-6.73-20.96-6.46-28.89 1.47L36 227.1c-8.59 8.59-8.59 22.52 0 31.11l5.06 5.06c-4.99 9.26-8.96 18.82-11.91 28.72H22c-12.15 0-22 9.85-22 22v44c0 12.15 9.85 22 22 22h7.14c2.96 9.91 6.92 19.46 11.91 28.73l-5.06 5.06c-8.59 8.59-8.59 22.52 0 31.11L67.1 476c8.59 8.59 22.52 8.59 31.11 0l5.06-5.06c9.26 4.99 18.82 8.96 28.72 11.91V490c0 12.15 9.85 22 22 22h44c12.15 0 22-9.85 22-22v-7.14c9.9-2.95 19.46-6.92 28.72-11.91l5.06 5.06c8.59 8.59 22.52 8.59 31.11 0l31.11-31.11c8.59-8.59 8.59-22.52 0-31.11l-5.06-5.06c4.99-9.26 8.96-18.82 11.91-28.72H330c12.15 0 22-9.85 22-22v-6h80.54c21.91-28.99 56.32-48 95.46-48 18.64 0 36.07 4.61 51.8 12.2l50.82-50.82c6-6 9.37-14.14 9.37-22.63V192c.01-17.67-14.32-32-31.99-32zM176 416c-44.18 0-80-35.82-80-80s35.82-80 80-80 80 35.82 80 80-35.82 80-80 80zm22-256h-38V64h106.89l41.15 96H198z\"><\/path><\/svg>\t\t\t\t\t\t<\/span>\n\t\t\t\t\t\t\t\t\t\t<span class=\"elementor-icon-list-text\">Mes interlocuteurs<\/span>\n\t\t\t\t\t\t\t\t\t\t\t<\/a>\n\t\t\t\t\t\t\t\t\t<\/li>\n\t\t\t\t\t\t\t\t<li class=\"elementor-icon-list-item\">\n\t\t\t\t\t\t\t\t\t\t\t<a href=\"https:\/\/www.tarn.educagri.fr\/fpca\/ma_rentree#materiel_scolaire\">\n\n\t\t\t\t\t\t\t\t\t\t\t\t<span class=\"elementor-icon-list-icon\">\n\t\t\t\t\t\t\t<svg aria-hidden=\"true\" class=\"e-font-icon-svg e-fas-seedling\" viewBox=\"0 0 512 512\" xmlns=\"http:\/\/www.w3.org\/2000\/svg\"><path d=\"M64 96H0c0 123.7 100.3 224 224 224v144c0 8.8 7.2 16 16 16h32c8.8 0 16-7.2 16-16V320C288 196.3 187.7 96 64 96zm384-64c-84.2 0-157.4 46.5-195.7 115.2 27.7 30.2 48.2 66.9 59 107.6C424 243.1 512 147.9 512 32h-64z\"><\/path><\/svg>\t\t\t\t\t\t<\/span>\n\t\t\t\t\t\t\t\t\t\t<span class=\"elementor-icon-list-text\">Fournitures scolaires<\/span>\n\t\t\t\t\t\t\t\t\t\t\t<\/a>\n\t\t\t\t\t\t\t\t\t<\/li>\n\t\t\t\t\t\t\t\t<li class=\"elementor-icon-list-item\">\n\t\t\t\t\t\t\t\t\t\t\t<a href=\"https:\/\/www.tarn.educagri.fr\/fpca\/ma_rentree#dates_rentree\">\n\n\t\t\t\t\t\t\t\t\t\t\t\t<span class=\"elementor-icon-list-icon\">\n\t\t\t\t\t\t\t<svg aria-hidden=\"true\" class=\"e-font-icon-svg e-fas-at\" viewBox=\"0 0 512 512\" xmlns=\"http:\/\/www.w3.org\/2000\/svg\"><path d=\"M256 8C118.941 8 8 118.919 8 256c0 137.059 110.919 248 248 248 48.154 0 95.342-14.14 135.408-40.223 12.005-7.815 14.625-24.288 5.552-35.372l-10.177-12.433c-7.671-9.371-21.179-11.667-31.373-5.129C325.92 429.757 291.314 440 256 440c-101.458 0-184-82.542-184-184S154.542 72 256 72c100.139 0 184 57.619 184 160 0 38.786-21.093 79.742-58.17 83.693-17.349-.454-16.91-12.857-13.476-30.024l23.433-121.11C394.653 149.75 383.308 136 368.225 136h-44.981a13.518 13.518 0 0 0-13.432 11.993l-.01.092c-14.697-17.901-40.448-21.775-59.971-21.775-74.58 0-137.831 62.234-137.831 151.46 0 65.303 36.785 105.87 96 105.87 26.984 0 57.369-15.637 74.991-38.333 9.522 34.104 40.613 34.103 70.71 34.103C462.609 379.41 504 307.798 504 232 504 95.653 394.023 8 256 8zm-21.68 304.43c-22.249 0-36.07-15.623-36.07-40.771 0-44.993 30.779-72.729 58.63-72.729 22.292 0 35.601 15.241 35.601 40.77 0 45.061-33.875 72.73-58.161 72.73z\"><\/path><\/svg>\t\t\t\t\t\t<\/span>\n\t\t\t\t\t\t\t\t\t\t<span class=\"elementor-icon-list-text\">Dates de rentr\u00e9e<\/span>\n\t\t\t\t\t\t\t\t\t\t\t<\/a>\n\t\t\t\t\t\t\t\t\t<\/li>\n\t\t\t\t\t\t\t\t<li class=\"elementor-icon-list-item\">\n\t\t\t\t\t\t\t\t\t\t\t<a href=\"https:\/\/www.tarn.educagri.fr\/fpca\/ma_rentree#Internat\">\n\n\t\t\t\t\t\t\t\t\t\t\t\t<span class=\"elementor-icon-list-icon\">\n\t\t\t\t\t\t\t<svg aria-hidden=\"true\" class=\"e-font-icon-svg e-fas-leaf\" viewBox=\"0 0 576 512\" xmlns=\"http:\/\/www.w3.org\/2000\/svg\"><path d=\"M546.2 9.7c-5.6-12.5-21.6-13-28.3-1.2C486.9 62.4 431.4 96 368 96h-80C182 96 96 182 96 288c0 7 .8 13.7 1.5 20.5C161.3 262.8 253.4 224 384 224c8.8 0 16 7.2 16 16s-7.2 16-16 16C132.6 256 26 410.1 2.4 468c-6.6 16.3 1.2 34.9 17.5 41.6 16.4 6.8 35-1.1 41.8-17.3 1.5-3.6 20.9-47.9 71.9-90.6 32.4 43.9 94 85.8 174.9 77.2C465.5 467.5 576 326.7 576 154.3c0-50.2-10.8-102.2-29.8-144.6z\"><\/path><\/svg>\t\t\t\t\t\t<\/span>\n\t\t\t\t\t\t\t\t\t\t<span class=\"elementor-icon-list-text\">Je suis interne<\/span>\n\t\t\t\t\t\t\t\t\t\t\t<\/a>\n\t\t\t\t\t\t\t\t\t<\/li>\n\t\t\t\t\t\t\t\t<li class=\"elementor-icon-list-item\">\n\t\t\t\t\t\t\t\t\t\t\t<a href=\"https:\/\/www.tarn.educagri.fr\/fpca\/ma_rentree#Planning\">\n\n\t\t\t\t\t\t\t\t\t\t\t\t<span class=\"elementor-icon-list-icon\">\n\t\t\t\t\t\t\t<svg aria-hidden=\"true\" class=\"e-font-icon-svg e-fas-cogs\" viewBox=\"0 0 640 512\" xmlns=\"http:\/\/www.w3.org\/2000\/svg\"><path d=\"M512.1 191l-8.2 14.3c-3 5.3-9.4 7.5-15.1 5.4-11.8-4.4-22.6-10.7-32.1-18.6-4.6-3.8-5.8-10.5-2.8-15.7l8.2-14.3c-6.9-8-12.3-17.3-15.9-27.4h-16.5c-6 0-11.2-4.3-12.2-10.3-2-12-2.1-24.6 0-37.1 1-6 6.2-10.4 12.2-10.4h16.5c3.6-10.1 9-19.4 15.9-27.4l-8.2-14.3c-3-5.2-1.9-11.9 2.8-15.7 9.5-7.9 20.4-14.2 32.1-18.6 5.7-2.1 12.1.1 15.1 5.4l8.2 14.3c10.5-1.9 21.2-1.9 31.7 0L552 6.3c3-5.3 9.4-7.5 15.1-5.4 11.8 4.4 22.6 10.7 32.1 18.6 4.6 3.8 5.8 10.5 2.8 15.7l-8.2 14.3c6.9 8 12.3 17.3 15.9 27.4h16.5c6 0 11.2 4.3 12.2 10.3 2 12 2.1 24.6 0 37.1-1 6-6.2 10.4-12.2 10.4h-16.5c-3.6 10.1-9 19.4-15.9 27.4l8.2 14.3c3 5.2 1.9 11.9-2.8 15.7-9.5 7.9-20.4 14.2-32.1 18.6-5.7 2.1-12.1-.1-15.1-5.4l-8.2-14.3c-10.4 1.9-21.2 1.9-31.7 0zm-10.5-58.8c38.5 29.6 82.4-14.3 52.8-52.8-38.5-29.7-82.4 14.3-52.8 52.8zM386.3 286.1l33.7 16.8c10.1 5.8 14.5 18.1 10.5 29.1-8.9 24.2-26.4 46.4-42.6 65.8-7.4 8.9-20.2 11.1-30.3 5.3l-29.1-16.8c-16 13.7-34.6 24.6-54.9 31.7v33.6c0 11.6-8.3 21.6-19.7 23.6-24.6 4.2-50.4 4.4-75.9 0-11.5-2-20-11.9-20-23.6V418c-20.3-7.2-38.9-18-54.9-31.7L74 403c-10 5.8-22.9 3.6-30.3-5.3-16.2-19.4-33.3-41.6-42.2-65.7-4-10.9.4-23.2 10.5-29.1l33.3-16.8c-3.9-20.9-3.9-42.4 0-63.4L12 205.8c-10.1-5.8-14.6-18.1-10.5-29 8.9-24.2 26-46.4 42.2-65.8 7.4-8.9 20.2-11.1 30.3-5.3l29.1 16.8c16-13.7 34.6-24.6 54.9-31.7V57.1c0-11.5 8.2-21.5 19.6-23.5 24.6-4.2 50.5-4.4 76-.1 11.5 2 20 11.9 20 23.6v33.6c20.3 7.2 38.9 18 54.9 31.7l29.1-16.8c10-5.8 22.9-3.6 30.3 5.3 16.2 19.4 33.2 41.6 42.1 65.8 4 10.9.1 23.2-10 29.1l-33.7 16.8c3.9 21 3.9 42.5 0 63.5zm-117.6 21.1c59.2-77-28.7-164.9-105.7-105.7-59.2 77 28.7 164.9 105.7 105.7zm243.4 182.7l-8.2 14.3c-3 5.3-9.4 7.5-15.1 5.4-11.8-4.4-22.6-10.7-32.1-18.6-4.6-3.8-5.8-10.5-2.8-15.7l8.2-14.3c-6.9-8-12.3-17.3-15.9-27.4h-16.5c-6 0-11.2-4.3-12.2-10.3-2-12-2.1-24.6 0-37.1 1-6 6.2-10.4 12.2-10.4h16.5c3.6-10.1 9-19.4 15.9-27.4l-8.2-14.3c-3-5.2-1.9-11.9 2.8-15.7 9.5-7.9 20.4-14.2 32.1-18.6 5.7-2.1 12.1.1 15.1 5.4l8.2 14.3c10.5-1.9 21.2-1.9 31.7 0l8.2-14.3c3-5.3 9.4-7.5 15.1-5.4 11.8 4.4 22.6 10.7 32.1 18.6 4.6 3.8 5.8 10.5 2.8 15.7l-8.2 14.3c6.9 8 12.3 17.3 15.9 27.4h16.5c6 0 11.2 4.3 12.2 10.3 2 12 2.1 24.6 0 37.1-1 6-6.2 10.4-12.2 10.4h-16.5c-3.6 10.1-9 19.4-15.9 27.4l8.2 14.3c3 5.2 1.9 11.9-2.8 15.7-9.5 7.9-20.4 14.2-32.1 18.6-5.7 2.1-12.1-.1-15.1-5.4l-8.2-14.3c-10.4 1.9-21.2 1.9-31.7 0zM501.6 431c38.5 29.6 82.4-14.3 52.8-52.8-38.5-29.6-82.4 14.3-52.8 52.8z\"><\/path><\/svg>\t\t\t\t\t\t<\/span>\n\t\t\t\t\t\t\t\t\t\t<span class=\"elementor-icon-list-text\">Calendriers de formation<\/span>\n\t\t\t\t\t\t\t\t\t\t\t<\/a>\n\t\t\t\t\t\t\t\t\t<\/li>\n\t\t\t\t\t\t<\/ul>\n\t\t\t\t\t\t<\/div>\n\t\t\t\t<\/div>\n\t\t\t\t\t<\/div>\n\t\t<\/div>\n\t\t\t\t\t<\/div>\n\t\t<\/section>\n\t\t\t\t<section class=\"elementor-section elementor-top-section elementor-element elementor-element-37d9664 elementor-section-boxed elementor-section-height-default elementor-section-height-default\" data-id=\"37d9664\" data-element_type=\"section\" data-e-type=\"section\">\n\t\t\t\t\t\t<div class=\"elementor-container elementor-column-gap-default\">\n\t\t\t\t\t<div class=\"elementor-column elementor-col-100 elementor-top-column elementor-element elementor-element-e081f3a\" data-id=\"e081f3a\" data-element_type=\"column\" data-e-type=\"column\">\n\t\t\t<div class=\"elementor-widget-wrap elementor-element-populated\">\n\t\t\t\t\t\t<div class=\"elementor-element elementor-element-c9dccbc elementor-widget-divider--view-line elementor-widget elementor-widget-divider\" data-id=\"c9dccbc\" data-element_type=\"widget\" data-e-type=\"widget\" data-widget_type=\"divider.default\">\n\t\t\t\t<div class=\"elementor-widget-container\">\n\t\t\t\t\t\t\t<div class=\"elementor-divider\">\n\t\t\t<span class=\"elementor-divider-separator\">\n\t\t\t\t\t\t<\/span>\n\t\t<\/div>\n\t\t\t\t\t\t<\/div>\n\t\t\t\t<\/div>\n\t\t\t\t\t<\/div>\n\t\t<\/div>\n\t\t\t\t\t<\/div>\n\t\t<\/section>\n\t\t\t\t<section class=\"elementor-section elementor-top-section elementor-element elementor-element-bc393e2 elementor-section-boxed elementor-section-height-default elementor-section-height-default\" data-id=\"bc393e2\" data-element_type=\"section\" data-e-type=\"section\">\n\t\t\t\t\t\t<div class=\"elementor-container elementor-column-gap-default\">\n\t\t\t\t\t<div class=\"elementor-column elementor-col-50 elementor-top-column elementor-element elementor-element-b986d26\" data-id=\"b986d26\" data-element_type=\"column\" data-e-type=\"column\">\n\t\t\t<div class=\"elementor-widget-wrap elementor-element-populated\">\n\t\t\t\t\t\t<div class=\"elementor-element elementor-element-6b12bea elementor-widget elementor-widget-image\" data-id=\"6b12bea\" data-element_type=\"widget\" data-e-type=\"widget\" data-widget_type=\"image.default\">\n\t\t\t\t<div class=\"elementor-widget-container\">\n\t\t\t\t\t\t\t\t\t\t\t\t\t\t\t<img decoding=\"async\" width=\"220\" height=\"123\" src=\"https:\/\/www.tarn.educagri.fr\/fpca\/wp-content\/uploads\/2026\/01\/Interlocuteurs-fonlabour2.png\" class=\"attachment-full size-full wp-image-10916\" alt=\"\" \/>\t\t\t\t\t\t\t\t\t\t\t\t\t\t\t<\/div>\n\t\t\t\t<\/div>\n\t\t\t\t\t<\/div>\n\t\t<\/div>\n\t\t\t\t<div class=\"elementor-column elementor-col-50 elementor-top-column elementor-element elementor-element-ddf08fd\" data-id=\"ddf08fd\" data-element_type=\"column\" data-e-type=\"column\">\n\t\t\t<div class=\"elementor-widget-wrap elementor-element-populated\">\n\t\t\t\t\t\t<div class=\"elementor-element elementor-element-0df8ef7 elementor-widget elementor-widget-menu-anchor\" data-id=\"0df8ef7\" data-element_type=\"widget\" data-e-type=\"widget\" data-widget_type=\"menu-anchor.default\">\n\t\t\t\t<div class=\"elementor-widget-container\">\n\t\t\t\t\t\t\t<div class=\"elementor-menu-anchor\" id=\"interlocuteur\"><\/div>\n\t\t\t\t\t\t<\/div>\n\t\t\t\t<\/div>\n\t\t\t\t<div class=\"elementor-element elementor-element-df92545 elementor-widget elementor-widget-heading\" data-id=\"df92545\" data-element_type=\"widget\" data-e-type=\"widget\" data-widget_type=\"heading.default\">\n\t\t\t\t<div class=\"elementor-widget-container\">\n\t\t\t\t\t<h1 class=\"elementor-heading-title elementor-size-default\">Qui est mon interlocuteur ?<\/h1>\t\t\t\t<\/div>\n\t\t\t\t<\/div>\n\t\t\t\t\t<\/div>\n\t\t<\/div>\n\t\t\t\t\t<\/div>\n\t\t<\/section>\n\t\t\t\t<section class=\"elementor-section elementor-top-section elementor-element elementor-element-5ec879d elementor-section-boxed elementor-section-height-default elementor-section-height-default\" data-id=\"5ec879d\" data-element_type=\"section\" data-e-type=\"section\" data-settings=\"{&quot;background_background&quot;:&quot;classic&quot;}\">\n\t\t\t\t\t\t<div class=\"elementor-container elementor-column-gap-default\">\n\t\t\t\t\t<div class=\"elementor-column elementor-col-100 elementor-top-column elementor-element elementor-element-4a304d9\" data-id=\"4a304d9\" data-element_type=\"column\" data-e-type=\"column\">\n\t\t\t<div class=\"elementor-widget-wrap elementor-element-populated\">\n\t\t\t\t\t\t<div class=\"elementor-element elementor-element-a3021cf elementor-widget elementor-widget-toggle\" data-id=\"a3021cf\" data-element_type=\"widget\" data-e-type=\"widget\" data-widget_type=\"toggle.default\">\n\t\t\t\t<div class=\"elementor-widget-container\">\n\t\t\t\t\t\t\t<div class=\"elementor-toggle\">\n\t\t\t\t\t\t\t<div class=\"elementor-toggle-item\">\n\t\t\t\t\t<div id=\"elementor-tab-title-1701\" class=\"elementor-tab-title\" data-tab=\"1\" role=\"button\" aria-controls=\"elementor-tab-content-1701\" aria-expanded=\"false\">\n\t\t\t\t\t\t\t\t\t\t\t\t<span class=\"elementor-toggle-icon elementor-toggle-icon-left\" aria-hidden=\"true\">\n\t\t\t\t\t\t\t\t\t\t\t\t\t\t\t<span class=\"elementor-toggle-icon-closed\"><svg class=\"e-font-icon-svg e-fas-caret-right\" viewBox=\"0 0 192 512\" xmlns=\"http:\/\/www.w3.org\/2000\/svg\"><path d=\"M0 384.662V127.338c0-17.818 21.543-26.741 34.142-14.142l128.662 128.662c7.81 7.81 7.81 20.474 0 28.284L34.142 398.804C21.543 411.404 0 402.48 0 384.662z\"><\/path><\/svg><\/span>\n\t\t\t\t\t\t\t\t<span class=\"elementor-toggle-icon-opened\"><svg class=\"elementor-toggle-icon-opened e-font-icon-svg e-fas-caret-up\" viewBox=\"0 0 320 512\" xmlns=\"http:\/\/www.w3.org\/2000\/svg\"><path d=\"M288.662 352H31.338c-17.818 0-26.741-21.543-14.142-34.142l128.662-128.662c7.81-7.81 20.474-7.81 28.284 0l128.662 128.662c12.6 12.599 3.676 34.142-14.142 34.142z\"><\/path><\/svg><\/span>\n\t\t\t\t\t\t\t\t\t\t\t\t\t<\/span>\n\t\t\t\t\t\t\t\t\t\t\t\t<a class=\"elementor-toggle-title\" tabindex=\"0\">Mes premiers contacts<\/a>\n\t\t\t\t\t<\/div>\n\n\t\t\t\t\t<div id=\"elementor-tab-content-1701\" class=\"elementor-tab-content elementor-clearfix\" data-tab=\"1\" role=\"region\" aria-labelledby=\"elementor-tab-title-1701\"><ul><li>Je consulte le site internet : <a href=\"http:\/\/www.tarn.educagri.fr\/fpca\/\">www.tarn.educagri.fr\/fpca<\/a><\/li><li>Je prends contact par mail : <a href=\"mailto:inscriptions.fpca81@educagri.fr\">inscriptions.fpca81@educagri.fr<\/a><\/li><li>Je prends contact par t\u00e9l\u00e9phone : <strong>05 63 38 07 46<\/strong><\/li><li>Je souhaite me d\u00e9placer : je peux <strong><em>visiter l&rsquo;\u00e9tablissement<\/em><\/strong> et <em><strong>obtenir un RDV<\/strong><\/em>.<\/li><\/ul><\/div>\n\t\t\t\t<\/div>\n\t\t\t\t\t\t\t<div class=\"elementor-toggle-item\">\n\t\t\t\t\t<div id=\"elementor-tab-title-1702\" class=\"elementor-tab-title\" data-tab=\"2\" role=\"button\" aria-controls=\"elementor-tab-content-1702\" aria-expanded=\"false\">\n\t\t\t\t\t\t\t\t\t\t\t\t<span class=\"elementor-toggle-icon elementor-toggle-icon-left\" aria-hidden=\"true\">\n\t\t\t\t\t\t\t\t\t\t\t\t\t\t\t<span class=\"elementor-toggle-icon-closed\"><svg class=\"e-font-icon-svg e-fas-caret-right\" viewBox=\"0 0 192 512\" xmlns=\"http:\/\/www.w3.org\/2000\/svg\"><path d=\"M0 384.662V127.338c0-17.818 21.543-26.741 34.142-14.142l128.662 128.662c7.81 7.81 7.81 20.474 0 28.284L34.142 398.804C21.543 411.404 0 402.48 0 384.662z\"><\/path><\/svg><\/span>\n\t\t\t\t\t\t\t\t<span class=\"elementor-toggle-icon-opened\"><svg class=\"elementor-toggle-icon-opened e-font-icon-svg e-fas-caret-up\" viewBox=\"0 0 320 512\" xmlns=\"http:\/\/www.w3.org\/2000\/svg\"><path d=\"M288.662 352H31.338c-17.818 0-26.741-21.543-14.142-34.142l128.662-128.662c7.81-7.81 20.474-7.81 28.284 0l128.662 128.662c12.6 12.599 3.676 34.142-14.142 34.142z\"><\/path><\/svg><\/span>\n\t\t\t\t\t\t\t\t\t\t\t\t\t<\/span>\n\t\t\t\t\t\t\t\t\t\t\t\t<a class=\"elementor-toggle-title\" tabindex=\"0\">Mon projet est \u00e0 l'\u00e9tude<\/a>\n\t\t\t\t\t<\/div>\n\n\t\t\t\t\t<div id=\"elementor-tab-content-1702\" class=\"elementor-tab-content elementor-clearfix\" data-tab=\"2\" role=\"region\" aria-labelledby=\"elementor-tab-title-1702\"><ul><li>Je b\u00e9n\u00e9ficie d&rsquo;un <span style=\"color: #3366ff;\">entretien<\/span> avec le <strong>r\u00e9f\u00e9rent de la formation<\/strong>.<\/li><li>Je r\u00e9alise potentiellement des <span style=\"color: #3366ff;\">tests<\/span> pour me positionner.<\/li><li>Je rencontre si besoin notre <strong>r\u00e9f\u00e9rente handicap<\/strong>.<\/li><li>Une <strong><span style=\"color: #3366ff;\">commission statue sur ma candidature<\/span>.<\/strong><\/li><li>Je re\u00e7ois l&rsquo;<span style=\"color: #3366ff;\">avis de la Commission<\/span> m&rsquo;informant de la <span style=\"color: #3366ff;\">suite \u00e0 donner \u00e0 mon projet<\/span>.<ul><li>Ma candidature est favorable, je re\u00e7ois mon dossier d&rsquo;inscription et la liste des pi\u00e8ces \u00e0 fournir.<\/li><li>Ma candidature est en liste d&rsquo;attente, ma candidature est en attente d&rsquo;une nouvelle disponibilit\u00e9.<\/li><\/ul><\/li><\/ul><\/div>\n\t\t\t\t<\/div>\n\t\t\t\t\t\t\t<div class=\"elementor-toggle-item\">\n\t\t\t\t\t<div id=\"elementor-tab-title-1703\" class=\"elementor-tab-title\" data-tab=\"3\" role=\"button\" aria-controls=\"elementor-tab-content-1703\" aria-expanded=\"false\">\n\t\t\t\t\t\t\t\t\t\t\t\t<span class=\"elementor-toggle-icon elementor-toggle-icon-left\" aria-hidden=\"true\">\n\t\t\t\t\t\t\t\t\t\t\t\t\t\t\t<span class=\"elementor-toggle-icon-closed\"><svg class=\"e-font-icon-svg e-fas-caret-right\" viewBox=\"0 0 192 512\" xmlns=\"http:\/\/www.w3.org\/2000\/svg\"><path d=\"M0 384.662V127.338c0-17.818 21.543-26.741 34.142-14.142l128.662 128.662c7.81 7.81 7.81 20.474 0 28.284L34.142 398.804C21.543 411.404 0 402.48 0 384.662z\"><\/path><\/svg><\/span>\n\t\t\t\t\t\t\t\t<span class=\"elementor-toggle-icon-opened\"><svg class=\"elementor-toggle-icon-opened e-font-icon-svg e-fas-caret-up\" viewBox=\"0 0 320 512\" xmlns=\"http:\/\/www.w3.org\/2000\/svg\"><path d=\"M288.662 352H31.338c-17.818 0-26.741-21.543-14.142-34.142l128.662-128.662c7.81-7.81 20.474-7.81 28.284 0l128.662 128.662c12.6 12.599 3.676 34.142-14.142 34.142z\"><\/path><\/svg><\/span>\n\t\t\t\t\t\t\t\t\t\t\t\t\t<\/span>\n\t\t\t\t\t\t\t\t\t\t\t\t<a class=\"elementor-toggle-title\" tabindex=\"0\">Contrat et \/ou inscription en cours<\/a>\n\t\t\t\t\t<\/div>\n\n\t\t\t\t\t<div id=\"elementor-tab-content-1703\" class=\"elementor-tab-content elementor-clearfix\" data-tab=\"3\" role=\"region\" aria-labelledby=\"elementor-tab-title-1703\"><p><span style=\"text-decoration: underline; color: #3366ff;\">Je suis en relation avec <strong>le P\u00f4le Recrutement<\/strong> :<\/span><\/p><p>Pour les formations en <strong>Apprentissage<\/strong>, <strong>Contrat de Professionnalisation<\/strong>, ou <strong>financ\u00e9es par la R\u00e9gion.<\/strong><\/p><p>J&rsquo;ai besoin d&rsquo;informations sur le contrat d&rsquo;apprentissage (ou de professionnalisation), sur les modalit\u00e9s de mon inscription, sur le suivi de mon dossier, je peux contacter le P\u00f4le Recrutement.<\/p><ul><li>Je prends contact par mail : <a href=\"mailto:inscriptions.fpca81@educagri.fr\">inscriptions.fpca81@educagri.fr<\/a><\/li><li>Je prends contact par t\u00e9l\u00e9phone : <strong>05 63 38 07 46<\/strong><\/li><\/ul><p><span style=\"text-decoration: underline; color: #3366ff;\">Je suis en relation avec <strong>le P\u00f4le D\u00e9veloppement<\/strong> :<\/span><\/p><p>Pour les financements \u00ab\u00a0Transition Pro\u00a0\u00bb :<\/p><ul><li>Je prends contact avec Fr\u00e9d\u00e9ric POUSTHOMIS &#8211; <strong>06 21 22 07 38<\/strong> &#8211; <a href=\"mailto:frederic.pousthomis@educagri.fr\">frederic.pousthomis@educagri.fr<\/a><\/li><li>Je prends contact par mail : <a href=\"mailto:developpement.fpca81@educagri.fr\">developpement.fpca81@educagri.fr<\/a><\/li><li>Je prends contact par t\u00e9l\u00e9phone : <strong>05 63 38 38 71<\/strong><\/li><\/ul><\/div>\n\t\t\t\t<\/div>\n\t\t\t\t\t\t\t<div class=\"elementor-toggle-item\">\n\t\t\t\t\t<div id=\"elementor-tab-title-1704\" class=\"elementor-tab-title\" data-tab=\"4\" role=\"button\" aria-controls=\"elementor-tab-content-1704\" aria-expanded=\"false\">\n\t\t\t\t\t\t\t\t\t\t\t\t<span class=\"elementor-toggle-icon elementor-toggle-icon-left\" aria-hidden=\"true\">\n\t\t\t\t\t\t\t\t\t\t\t\t\t\t\t<span class=\"elementor-toggle-icon-closed\"><svg class=\"e-font-icon-svg e-fas-caret-right\" viewBox=\"0 0 192 512\" xmlns=\"http:\/\/www.w3.org\/2000\/svg\"><path d=\"M0 384.662V127.338c0-17.818 21.543-26.741 34.142-14.142l128.662 128.662c7.81 7.81 7.81 20.474 0 28.284L34.142 398.804C21.543 411.404 0 402.48 0 384.662z\"><\/path><\/svg><\/span>\n\t\t\t\t\t\t\t\t<span class=\"elementor-toggle-icon-opened\"><svg class=\"elementor-toggle-icon-opened e-font-icon-svg e-fas-caret-up\" viewBox=\"0 0 320 512\" xmlns=\"http:\/\/www.w3.org\/2000\/svg\"><path d=\"M288.662 352H31.338c-17.818 0-26.741-21.543-14.142-34.142l128.662-128.662c7.81-7.81 20.474-7.81 28.284 0l128.662 128.662c12.6 12.599 3.676 34.142-14.142 34.142z\"><\/path><\/svg><\/span>\n\t\t\t\t\t\t\t\t\t\t\t\t\t<\/span>\n\t\t\t\t\t\t\t\t\t\t\t\t<a class=\"elementor-toggle-title\" tabindex=\"0\">Contrat et \/ou inscription finalis\u00e9s<\/a>\n\t\t\t\t\t<\/div>\n\n\t\t\t\t\t<div id=\"elementor-tab-content-1704\" class=\"elementor-tab-content elementor-clearfix\" data-tab=\"4\" role=\"region\" aria-labelledby=\"elementor-tab-title-1704\"><p><span style=\"color: #3366ff;\"><strong>Mon inscription en formation est finalis\u00e9e<\/strong><\/span> (contractualisation termin\u00e9e pour l&rsquo;apprentissage et contrat de professionnalisation), mon dossier est transf\u00e9r\u00e9 au <strong>P\u00f4le Apprenant<\/strong>.<\/p><p>Pour toutes questions relatives \u00e0 la rentr\u00e9e, la compl\u00e9tude de mon dossier, l&rsquo;internat, &#8230; vos interlocuteurs sont alors <u>les membres de l&rsquo;\u00e9quipe du P\u00f4le Apprenant <\/u><strong><u>:<\/u><\/strong><\/p><p><u>Responsable du P\u00f4le Apprenant : <\/u><\/p><p>* Mme Katia ABROUCHE joignable au 05.63.38.58.97 &#8211; 06.12.44.14.62<\/p><p><u>Le service administratif<\/u> :<\/p><p>* Frank DANIEL joignable au 05.63.38.58.98<\/p><p>* Marie-Anne OLLEVIERS : 05.63.38.58.96<\/p><p><u>Ou par mail<\/u> : <a href=\"mailto:poleapprenant.fpca@educagri.fr\">poleapprenant.fpca@educagri.fr<\/a><\/p><\/div>\n\t\t\t\t<\/div>\n\t\t\t\t\t\t\t<div class=\"elementor-toggle-item\">\n\t\t\t\t\t<div id=\"elementor-tab-title-1705\" class=\"elementor-tab-title\" data-tab=\"5\" role=\"button\" aria-controls=\"elementor-tab-content-1705\" aria-expanded=\"false\">\n\t\t\t\t\t\t\t\t\t\t\t\t<span class=\"elementor-toggle-icon elementor-toggle-icon-left\" aria-hidden=\"true\">\n\t\t\t\t\t\t\t\t\t\t\t\t\t\t\t<span class=\"elementor-toggle-icon-closed\"><svg class=\"e-font-icon-svg e-fas-caret-right\" viewBox=\"0 0 192 512\" xmlns=\"http:\/\/www.w3.org\/2000\/svg\"><path d=\"M0 384.662V127.338c0-17.818 21.543-26.741 34.142-14.142l128.662 128.662c7.81 7.81 7.81 20.474 0 28.284L34.142 398.804C21.543 411.404 0 402.48 0 384.662z\"><\/path><\/svg><\/span>\n\t\t\t\t\t\t\t\t<span class=\"elementor-toggle-icon-opened\"><svg class=\"elementor-toggle-icon-opened e-font-icon-svg e-fas-caret-up\" viewBox=\"0 0 320 512\" xmlns=\"http:\/\/www.w3.org\/2000\/svg\"><path d=\"M288.662 352H31.338c-17.818 0-26.741-21.543-14.142-34.142l128.662-128.662c7.81-7.81 20.474-7.81 28.284 0l128.662 128.662c12.6 12.599 3.676 34.142-14.142 34.142z\"><\/path><\/svg><\/span>\n\t\t\t\t\t\t\t\t\t\t\t\t\t<\/span>\n\t\t\t\t\t\t\t\t\t\t\t\t<a class=\"elementor-toggle-title\" tabindex=\"0\">Je suis en situation de handicap<\/a>\n\t\t\t\t\t<\/div>\n\n\t\t\t\t\t<div id=\"elementor-tab-content-1705\" class=\"elementor-tab-content elementor-clearfix\" data-tab=\"5\" role=\"region\" aria-labelledby=\"elementor-tab-title-1705\"><p><strong>Pour toutes questions relatives au handicap vous pouvez contacter notre r\u00e9f\u00e9rente handicap-soutien aux apprenants, Mme RINGOT Christine au 06.19.45.93.42 ou via <a href=\"mailto:christine.ringot@educagri.fr\" target=\"_blank\" rel=\"noopener\">christine.ringot@educagri.fr<\/a><\/strong><a href=\"https:\/\/www.tarn.educagri.fr\/fpca\/wp-content\/uploads\/2025\/11\/vous-netes-pas-seul-V2.png\"><img fetchpriority=\"high\" decoding=\"async\" class=\"aligncenter wp-image-10347 size-medium\" src=\"https:\/\/www.tarn.educagri.fr\/fpca\/wp-content\/uploads\/2025\/11\/vous-netes-pas-seul-V2-300x242.png\" alt=\"\" width=\"300\" height=\"242\" srcset=\"https:\/\/www.tarn.educagri.fr\/fpca\/wp-content\/uploads\/2025\/11\/vous-netes-pas-seul-V2-300x242.png 300w, https:\/\/www.tarn.educagri.fr\/fpca\/wp-content\/uploads\/2025\/11\/vous-netes-pas-seul-V2.png 612w\" sizes=\"(max-width: 300px) 100vw, 300px\" \/><\/a><\/p><\/div>\n\t\t\t\t<\/div>\n\t\t\t\t\t\t\t\t<\/div>\n\t\t\t\t\t\t<\/div>\n\t\t\t\t<\/div>\n\t\t\t\t<div class=\"elementor-element elementor-element-eba76f8 elementor-widget-divider--view-line elementor-widget elementor-widget-divider\" data-id=\"eba76f8\" data-element_type=\"widget\" data-e-type=\"widget\" data-widget_type=\"divider.default\">\n\t\t\t\t<div class=\"elementor-widget-container\">\n\t\t\t\t\t\t\t<div class=\"elementor-divider\">\n\t\t\t<span class=\"elementor-divider-separator\">\n\t\t\t\t\t\t<\/span>\n\t\t<\/div>\n\t\t\t\t\t\t<\/div>\n\t\t\t\t<\/div>\n\t\t\t\t\t<\/div>\n\t\t<\/div>\n\t\t\t\t\t<\/div>\n\t\t<\/section>\n\t\t\t\t<section class=\"elementor-section elementor-top-section elementor-element elementor-element-88a4b38 elementor-section-boxed elementor-section-height-default elementor-section-height-default\" data-id=\"88a4b38\" data-element_type=\"section\" data-e-type=\"section\">\n\t\t\t\t\t\t<div class=\"elementor-container elementor-column-gap-default\">\n\t\t\t\t\t<div class=\"elementor-column elementor-col-50 elementor-top-column elementor-element elementor-element-dee6dda\" data-id=\"dee6dda\" data-element_type=\"column\" data-e-type=\"column\">\n\t\t\t<div class=\"elementor-widget-wrap elementor-element-populated\">\n\t\t\t\t\t\t<div class=\"elementor-element elementor-element-0f5d5a3 elementor-widget elementor-widget-image\" data-id=\"0f5d5a3\" data-element_type=\"widget\" data-e-type=\"widget\" data-widget_type=\"image.default\">\n\t\t\t\t<div class=\"elementor-widget-container\">\n\t\t\t\t\t\t\t\t\t\t\t\t\t\t\t<img decoding=\"async\" width=\"128\" height=\"125\" src=\"https:\/\/www.tarn.educagri.fr\/fpca\/wp-content\/uploads\/2026\/01\/Affaires-scolaires.png\" class=\"attachment-full size-full wp-image-10917\" alt=\"\" \/>\t\t\t\t\t\t\t\t\t\t\t\t\t\t\t<\/div>\n\t\t\t\t<\/div>\n\t\t\t\t\t<\/div>\n\t\t<\/div>\n\t\t\t\t<div class=\"elementor-column elementor-col-50 elementor-top-column elementor-element elementor-element-8032325\" data-id=\"8032325\" data-element_type=\"column\" data-e-type=\"column\">\n\t\t\t<div class=\"elementor-widget-wrap elementor-element-populated\">\n\t\t\t\t\t\t<div class=\"elementor-element elementor-element-60b62ad elementor-widget elementor-widget-menu-anchor\" data-id=\"60b62ad\" data-element_type=\"widget\" data-e-type=\"widget\" data-widget_type=\"menu-anchor.default\">\n\t\t\t\t<div class=\"elementor-widget-container\">\n\t\t\t\t\t\t\t<div class=\"elementor-menu-anchor\" id=\"materiel_scolaire\"><\/div>\n\t\t\t\t\t\t<\/div>\n\t\t\t\t<\/div>\n\t\t\t\t<div class=\"elementor-element elementor-element-5623f1f elementor-widget elementor-widget-heading\" data-id=\"5623f1f\" data-element_type=\"widget\" data-e-type=\"widget\" data-widget_type=\"heading.default\">\n\t\t\t\t<div class=\"elementor-widget-container\">\n\t\t\t\t\t<h1 class=\"elementor-heading-title elementor-size-default\">Fournitures scolaires pour ma rentr\u00e9e<\/h1>\t\t\t\t<\/div>\n\t\t\t\t<\/div>\n\t\t\t\t\t<\/div>\n\t\t<\/div>\n\t\t\t\t\t<\/div>\n\t\t<\/section>\n\t\t\t\t<section class=\"elementor-section elementor-top-section elementor-element elementor-element-0823714 elementor-section-boxed elementor-section-height-default elementor-section-height-default\" data-id=\"0823714\" data-element_type=\"section\" data-e-type=\"section\">\n\t\t\t\t\t\t<div class=\"elementor-container elementor-column-gap-default\">\n\t\t\t\t\t<div class=\"elementor-column elementor-col-100 elementor-top-column elementor-element elementor-element-6faac25\" data-id=\"6faac25\" data-element_type=\"column\" data-e-type=\"column\">\n\t\t\t<div class=\"elementor-widget-wrap elementor-element-populated\">\n\t\t\t\t\t\t<div class=\"elementor-element elementor-element-c8005dd elementor-widget elementor-widget-text-editor\" data-id=\"c8005dd\" data-element_type=\"widget\" data-e-type=\"widget\" data-widget_type=\"text-editor.default\">\n\t\t\t\t<div class=\"elementor-widget-container\">\n\t\t\t\t\t\t\t\t\t<p>S\u00e9lectionnez l&rsquo;onglet de la formation souhait\u00e9e.<\/p>\t\t\t\t\t\t\t\t<\/div>\n\t\t\t\t<\/div>\n\t\t\t\t<div class=\"elementor-element elementor-element-27b2aa1 elementor-widget elementor-widget-heading\" data-id=\"27b2aa1\" data-element_type=\"widget\" data-e-type=\"widget\" data-widget_type=\"heading.default\">\n\t\t\t\t<div class=\"elementor-widget-container\">\n\t\t\t\t\t<h4 class=\"elementor-heading-title elementor-size-default\">Formations dans le domaine du Paysage<\/h4>\t\t\t\t<\/div>\n\t\t\t\t<\/div>\n\t\t\t\t<div class=\"elementor-element elementor-element-401c762 elementor-tabs-view-horizontal elementor-widget elementor-widget-tabs\" data-id=\"401c762\" data-element_type=\"widget\" data-e-type=\"widget\" data-widget_type=\"tabs.default\">\n\t\t\t\t<div class=\"elementor-widget-container\">\n\t\t\t\t\t\t\t<div class=\"elementor-tabs\">\n\t\t\t<div class=\"elementor-tabs-wrapper\" role=\"tablist\" >\n\t\t\t\t\t\t\t\t\t<div id=\"elementor-tab-title-6721\" class=\"elementor-tab-title elementor-tab-desktop-title\" aria-selected=\"true\" data-tab=\"1\" role=\"tab\" tabindex=\"0\" aria-controls=\"elementor-tab-content-6721\" aria-expanded=\"false\">CAPA JP<\/div>\n\t\t\t\t\t\t\t\t\t<div id=\"elementor-tab-title-6722\" class=\"elementor-tab-title elementor-tab-desktop-title\" aria-selected=\"false\" data-tab=\"2\" role=\"tab\" tabindex=\"-1\" aria-controls=\"elementor-tab-content-6722\" aria-expanded=\"false\">BAC PRO AP<\/div>\n\t\t\t\t\t\t\t\t\t<div id=\"elementor-tab-title-6723\" class=\"elementor-tab-title elementor-tab-desktop-title\" aria-selected=\"false\" data-tab=\"3\" role=\"tab\" tabindex=\"-1\" aria-controls=\"elementor-tab-content-6723\" aria-expanded=\"false\">BPA OSP<\/div>\n\t\t\t\t\t\t\t\t\t<div id=\"elementor-tab-title-6724\" class=\"elementor-tab-title elementor-tab-desktop-title\" aria-selected=\"false\" data-tab=\"4\" role=\"tab\" tabindex=\"-1\" aria-controls=\"elementor-tab-content-6724\" aria-expanded=\"false\">CS CP<\/div>\n\t\t\t\t\t\t\t\t\t<div id=\"elementor-tab-title-6725\" class=\"elementor-tab-title elementor-tab-desktop-title\" aria-selected=\"false\" data-tab=\"5\" role=\"tab\" tabindex=\"-1\" aria-controls=\"elementor-tab-content-6725\" aria-expanded=\"false\">CS AA<\/div>\n\t\t\t\t\t\t\t\t\t<div id=\"elementor-tab-title-6726\" class=\"elementor-tab-title elementor-tab-desktop-title\" aria-selected=\"false\" data-tab=\"6\" role=\"tab\" tabindex=\"-1\" aria-controls=\"elementor-tab-content-6726\" aria-expanded=\"false\">CS SSE<\/div>\n\t\t\t\t\t\t\t<\/div>\n\t\t\t<div class=\"elementor-tabs-content-wrapper\" role=\"tablist\" aria-orientation=\"vertical\">\n\t\t\t\t\t\t\t\t\t<div class=\"elementor-tab-title elementor-tab-mobile-title\" aria-selected=\"true\" data-tab=\"1\" role=\"tab\" tabindex=\"0\" aria-controls=\"elementor-tab-content-6721\" aria-expanded=\"false\">CAPA JP<\/div>\n\t\t\t\t\t<div id=\"elementor-tab-content-6721\" class=\"elementor-tab-content elementor-clearfix\" data-tab=\"1\" role=\"tabpanel\" aria-labelledby=\"elementor-tab-title-6721\" tabindex=\"0\" hidden=\"false\"><p><a href=\"https:\/\/www.tarn.educagri.fr\/fpca\/wp-content\/uploads\/2026\/04\/Fournitures-pedagogiques-CAPa-JP.pdf\">Liste des fournitures p\u00e9dagogiques<\/a><\/p><\/div>\n\t\t\t\t\t\t\t\t\t<div class=\"elementor-tab-title elementor-tab-mobile-title\" aria-selected=\"false\" data-tab=\"2\" role=\"tab\" tabindex=\"-1\" aria-controls=\"elementor-tab-content-6722\" aria-expanded=\"false\">BAC PRO AP<\/div>\n\t\t\t\t\t<div id=\"elementor-tab-content-6722\" class=\"elementor-tab-content elementor-clearfix\" data-tab=\"2\" role=\"tabpanel\" aria-labelledby=\"elementor-tab-title-6722\" tabindex=\"0\" hidden=\"hidden\"><p><a href=\"https:\/\/www.tarn.educagri.fr\/fpca\/wp-content\/uploads\/2026\/04\/Fournitures-pedagogiques-Bac-Pro-AP-1.pdf\">Liste des fournitures p\u00e9dagogiques<\/a><\/p><\/div>\n\t\t\t\t\t\t\t\t\t<div class=\"elementor-tab-title elementor-tab-mobile-title\" aria-selected=\"false\" data-tab=\"3\" role=\"tab\" tabindex=\"-1\" aria-controls=\"elementor-tab-content-6723\" aria-expanded=\"false\">BPA OSP<\/div>\n\t\t\t\t\t<div id=\"elementor-tab-content-6723\" class=\"elementor-tab-content elementor-clearfix\" data-tab=\"3\" role=\"tabpanel\" aria-labelledby=\"elementor-tab-title-6723\" tabindex=\"0\" hidden=\"hidden\"><ul><li>Pour les apprentis :\u00a0<a href=\"https:\/\/www.tarn.educagri.fr\/fpca\/wp-content\/uploads\/2026\/04\/Fournitures-pedagogiques-BPA-OSP-Apprentis.pdf\">Liste des fournitures p\u00e9dagogiques<\/a><\/li><li>Pour les \u00ab\u00a0alternants r\u00e9gion\u00a0\u00bb : pas de liste<\/li><\/ul><\/div>\n\t\t\t\t\t\t\t\t\t<div class=\"elementor-tab-title elementor-tab-mobile-title\" aria-selected=\"false\" data-tab=\"4\" role=\"tab\" tabindex=\"-1\" aria-controls=\"elementor-tab-content-6724\" aria-expanded=\"false\">CS CP<\/div>\n\t\t\t\t\t<div id=\"elementor-tab-content-6724\" class=\"elementor-tab-content elementor-clearfix\" data-tab=\"4\" role=\"tabpanel\" aria-labelledby=\"elementor-tab-title-6724\" tabindex=\"0\" hidden=\"hidden\"><p><a href=\"https:\/\/www.tarn.educagri.fr\/fpca\/wp-content\/uploads\/2026\/04\/Fournitures-pedagogiques-CS-CP.pdf\">Liste des fournitures p\u00e9dagogiques<\/a><\/p><\/div>\n\t\t\t\t\t\t\t\t\t<div class=\"elementor-tab-title elementor-tab-mobile-title\" aria-selected=\"false\" data-tab=\"5\" role=\"tab\" tabindex=\"-1\" aria-controls=\"elementor-tab-content-6725\" aria-expanded=\"false\">CS AA<\/div>\n\t\t\t\t\t<div id=\"elementor-tab-content-6725\" class=\"elementor-tab-content elementor-clearfix\" data-tab=\"5\" role=\"tabpanel\" aria-labelledby=\"elementor-tab-title-6725\" tabindex=\"0\" hidden=\"hidden\"><p><a href=\"https:\/\/www.tarn.educagri.fr\/fpca\/wp-content\/uploads\/2026\/04\/Fournitures-pedagogiques-CS-AA.pdf\">Liste des fournitures p\u00e9dagogiques<\/a><\/p><\/div>\n\t\t\t\t\t\t\t\t\t<div class=\"elementor-tab-title elementor-tab-mobile-title\" aria-selected=\"false\" data-tab=\"6\" role=\"tab\" tabindex=\"-1\" aria-controls=\"elementor-tab-content-6726\" aria-expanded=\"false\">CS SSE<\/div>\n\t\t\t\t\t<div id=\"elementor-tab-content-6726\" class=\"elementor-tab-content elementor-clearfix\" data-tab=\"6\" role=\"tabpanel\" aria-labelledby=\"elementor-tab-title-6726\" tabindex=\"0\" hidden=\"hidden\"><p><a href=\"https:\/\/www.tarn.educagri.fr\/fpca\/wp-content\/uploads\/2026\/04\/Fournitures-pedagogiques-CS-SSE.pdf\">Liste des fournitures p\u00e9dagogiques<\/a><\/p><\/div>\n\t\t\t\t\t\t\t<\/div>\n\t\t<\/div>\n\t\t\t\t\t\t<\/div>\n\t\t\t\t<\/div>\n\t\t\t\t<div class=\"elementor-element elementor-element-25bd41e elementor-widget elementor-widget-heading\" data-id=\"25bd41e\" data-element_type=\"widget\" data-e-type=\"widget\" data-widget_type=\"heading.default\">\n\t\t\t\t<div class=\"elementor-widget-container\">\n\t\t\t\t\t<h4 class=\"elementor-heading-title elementor-size-default\">Formations dans le domaine de l'Agriculture<\/h4>\t\t\t\t<\/div>\n\t\t\t\t<\/div>\n\t\t\t\t<div class=\"elementor-element elementor-element-d49823c elementor-tabs-view-horizontal elementor-widget elementor-widget-tabs\" data-id=\"d49823c\" data-element_type=\"widget\" data-e-type=\"widget\" data-widget_type=\"tabs.default\">\n\t\t\t\t<div class=\"elementor-widget-container\">\n\t\t\t\t\t\t\t<div class=\"elementor-tabs\">\n\t\t\t<div class=\"elementor-tabs-wrapper\" role=\"tablist\" >\n\t\t\t\t\t\t\t\t\t<div id=\"elementor-tab-title-2221\" class=\"elementor-tab-title elementor-tab-desktop-title\" aria-selected=\"true\" data-tab=\"1\" role=\"tab\" tabindex=\"0\" aria-controls=\"elementor-tab-content-2221\" aria-expanded=\"false\">CAPA MA Albi<\/div>\n\t\t\t\t\t\t\t\t\t<div id=\"elementor-tab-title-2222\" class=\"elementor-tab-title elementor-tab-desktop-title\" aria-selected=\"false\" data-tab=\"2\" role=\"tab\" tabindex=\"-1\" aria-controls=\"elementor-tab-content-2222\" aria-expanded=\"false\">CAPA MA Lavaur<\/div>\n\t\t\t\t\t\t\t\t\t<div id=\"elementor-tab-title-2223\" class=\"elementor-tab-title elementor-tab-desktop-title\" aria-selected=\"false\" data-tab=\"3\" role=\"tab\" tabindex=\"-1\" aria-controls=\"elementor-tab-content-2223\" aria-expanded=\"false\">BPREA<\/div>\n\t\t\t\t\t\t\t\t\t<div id=\"elementor-tab-title-2224\" class=\"elementor-tab-title elementor-tab-desktop-title\" aria-selected=\"false\" data-tab=\"4\" role=\"tab\" tabindex=\"-1\" aria-controls=\"elementor-tab-content-2224\" aria-expanded=\"false\">BTSA ACS'AGRI<\/div>\n\t\t\t\t\t\t\t\t\t<div id=\"elementor-tab-title-2225\" class=\"elementor-tab-title elementor-tab-desktop-title\" aria-selected=\"false\" data-tab=\"5\" role=\"tab\" tabindex=\"-1\" aria-controls=\"elementor-tab-content-2225\" aria-expanded=\"false\">BTSA ACD<\/div>\n\t\t\t\t\t\t\t<\/div>\n\t\t\t<div class=\"elementor-tabs-content-wrapper\" role=\"tablist\" aria-orientation=\"vertical\">\n\t\t\t\t\t\t\t\t\t<div class=\"elementor-tab-title elementor-tab-mobile-title\" aria-selected=\"true\" data-tab=\"1\" role=\"tab\" tabindex=\"0\" aria-controls=\"elementor-tab-content-2221\" aria-expanded=\"false\">CAPA MA Albi<\/div>\n\t\t\t\t\t<div id=\"elementor-tab-content-2221\" class=\"elementor-tab-content elementor-clearfix\" data-tab=\"1\" role=\"tabpanel\" aria-labelledby=\"elementor-tab-title-2221\" tabindex=\"0\" hidden=\"false\"><p><a href=\"https:\/\/www.tarn.educagri.fr\/fpca\/wp-content\/uploads\/2026\/04\/Fournitures-pedagogiques-CAPa-MA-Albi.pdf\">Liste des fournitures p\u00e9dagogiques<\/a><\/p><\/div>\n\t\t\t\t\t\t\t\t\t<div class=\"elementor-tab-title elementor-tab-mobile-title\" aria-selected=\"false\" data-tab=\"2\" role=\"tab\" tabindex=\"-1\" aria-controls=\"elementor-tab-content-2222\" aria-expanded=\"false\">CAPA MA Lavaur<\/div>\n\t\t\t\t\t<div id=\"elementor-tab-content-2222\" class=\"elementor-tab-content elementor-clearfix\" data-tab=\"2\" role=\"tabpanel\" aria-labelledby=\"elementor-tab-title-2222\" tabindex=\"0\" hidden=\"hidden\"><\/div>\n\t\t\t\t\t\t\t\t\t<div class=\"elementor-tab-title elementor-tab-mobile-title\" aria-selected=\"false\" data-tab=\"3\" role=\"tab\" tabindex=\"-1\" aria-controls=\"elementor-tab-content-2223\" aria-expanded=\"false\">BPREA<\/div>\n\t\t\t\t\t<div id=\"elementor-tab-content-2223\" class=\"elementor-tab-content elementor-clearfix\" data-tab=\"3\" role=\"tabpanel\" aria-labelledby=\"elementor-tab-title-2223\" tabindex=\"0\" hidden=\"hidden\"><p>\u00a0<\/p><ul><li>Pour les apprentis :\u00a0<a href=\"https:\/\/www.tarn.educagri.fr\/fpca\/wp-content\/uploads\/2026\/04\/Fournitures-pedagogiques-BPREA-Apprentis.pdf\">Liste des fournitures p\u00e9dagogiques<\/a><\/li><li>Pour les \u00ab\u00a0alternants r\u00e9gion\u00a0\u00bb : pas de liste<\/li><\/ul><\/div>\n\t\t\t\t\t\t\t\t\t<div class=\"elementor-tab-title elementor-tab-mobile-title\" aria-selected=\"false\" data-tab=\"4\" role=\"tab\" tabindex=\"-1\" aria-controls=\"elementor-tab-content-2224\" aria-expanded=\"false\">BTSA ACS'AGRI<\/div>\n\t\t\t\t\t<div id=\"elementor-tab-content-2224\" class=\"elementor-tab-content elementor-clearfix\" data-tab=\"4\" role=\"tabpanel\" aria-labelledby=\"elementor-tab-title-2224\" tabindex=\"0\" hidden=\"hidden\"><p><a href=\"https:\/\/www.tarn.educagri.fr\/fpca\/wp-content\/uploads\/2026\/04\/Fournitures-pedagogiques-BTSA-ACSAGRI.pdf\">Liste des fournitures p\u00e9dagogiques<\/a><\/p><\/div>\n\t\t\t\t\t\t\t\t\t<div class=\"elementor-tab-title elementor-tab-mobile-title\" aria-selected=\"false\" data-tab=\"5\" role=\"tab\" tabindex=\"-1\" aria-controls=\"elementor-tab-content-2225\" aria-expanded=\"false\">BTSA ACD<\/div>\n\t\t\t\t\t<div id=\"elementor-tab-content-2225\" class=\"elementor-tab-content elementor-clearfix\" data-tab=\"5\" role=\"tabpanel\" aria-labelledby=\"elementor-tab-title-2225\" tabindex=\"0\" hidden=\"hidden\"><p><a href=\"https:\/\/www.tarn.educagri.fr\/fpca\/wp-content\/uploads\/2026\/04\/Fournitures-pedagogiques-BTSA-ACD.pdf\">Liste des fournitures p\u00e9dagogiques<\/a><\/p><\/div>\n\t\t\t\t\t\t\t<\/div>\n\t\t<\/div>\n\t\t\t\t\t\t<\/div>\n\t\t\t\t<\/div>\n\t\t\t\t<div class=\"elementor-element elementor-element-b15a4e6 elementor-widget elementor-widget-heading\" data-id=\"b15a4e6\" data-element_type=\"widget\" data-e-type=\"widget\" data-widget_type=\"heading.default\">\n\t\t\t\t<div class=\"elementor-widget-container\">\n\t\t\t\t\t<h4 class=\"elementor-heading-title elementor-size-default\">Formations dans le domaine de l'Eau et des D\u00e9chets<\/h4>\t\t\t\t<\/div>\n\t\t\t\t<\/div>\n\t\t\t\t<div class=\"elementor-element elementor-element-d2f1756 elementor-tabs-view-horizontal elementor-widget elementor-widget-tabs\" data-id=\"d2f1756\" data-element_type=\"widget\" data-e-type=\"widget\" data-widget_type=\"tabs.default\">\n\t\t\t\t<div class=\"elementor-widget-container\">\n\t\t\t\t\t\t\t<div class=\"elementor-tabs\">\n\t\t\t<div class=\"elementor-tabs-wrapper\" role=\"tablist\" >\n\t\t\t\t\t\t\t\t\t<div id=\"elementor-tab-title-2211\" class=\"elementor-tab-title elementor-tab-desktop-title\" aria-selected=\"true\" data-tab=\"1\" role=\"tab\" tabindex=\"0\" aria-controls=\"elementor-tab-content-2211\" aria-expanded=\"false\">BTSA GEMEAU<\/div>\n\t\t\t\t\t\t\t\t\t<div id=\"elementor-tab-title-2212\" class=\"elementor-tab-title elementor-tab-desktop-title\" aria-selected=\"false\" data-tab=\"2\" role=\"tab\" tabindex=\"-1\" aria-controls=\"elementor-tab-content-2212\" aria-expanded=\"false\">TP TTE<\/div>\n\t\t\t\t\t\t\t<\/div>\n\t\t\t<div class=\"elementor-tabs-content-wrapper\" role=\"tablist\" aria-orientation=\"vertical\">\n\t\t\t\t\t\t\t\t\t<div class=\"elementor-tab-title elementor-tab-mobile-title\" aria-selected=\"true\" data-tab=\"1\" role=\"tab\" tabindex=\"0\" aria-controls=\"elementor-tab-content-2211\" aria-expanded=\"false\">BTSA GEMEAU<\/div>\n\t\t\t\t\t<div id=\"elementor-tab-content-2211\" class=\"elementor-tab-content elementor-clearfix\" data-tab=\"1\" role=\"tabpanel\" aria-labelledby=\"elementor-tab-title-2211\" tabindex=\"0\" hidden=\"false\"><p><a href=\"https:\/\/www.tarn.educagri.fr\/fpca\/wp-content\/uploads\/2026\/04\/Fournitures-pedagogiques-BTSA-GEMEAU.pdf\">Liste des fournitures p\u00e9dagogiques<\/a><\/p><\/div>\n\t\t\t\t\t\t\t\t\t<div class=\"elementor-tab-title elementor-tab-mobile-title\" aria-selected=\"false\" data-tab=\"2\" role=\"tab\" tabindex=\"-1\" aria-controls=\"elementor-tab-content-2212\" aria-expanded=\"false\">TP TTE<\/div>\n\t\t\t\t\t<div id=\"elementor-tab-content-2212\" class=\"elementor-tab-content elementor-clearfix\" data-tab=\"2\" role=\"tabpanel\" aria-labelledby=\"elementor-tab-title-2212\" tabindex=\"0\" hidden=\"hidden\"><ul><li>Pour les apprentis et contrats de professionnalisation : <a href=\"https:\/\/www.tarn.educagri.fr\/fpca\/wp-content\/uploads\/2026\/04\/Fournitures-pedagogiques-TP-TTE-Alternants.pdf\">Liste des fournitures p\u00e9dagogiques<\/a><\/li><li>Pour les \u00ab\u00a0alternants r\u00e9gion\u00a0\u00bb : pas de liste<\/li><\/ul><\/div>\n\t\t\t\t\t\t\t<\/div>\n\t\t<\/div>\n\t\t\t\t\t\t<\/div>\n\t\t\t\t<\/div>\n\t\t\t\t<div class=\"elementor-element elementor-element-d252c3b elementor-widget elementor-widget-heading\" data-id=\"d252c3b\" data-element_type=\"widget\" data-e-type=\"widget\" data-widget_type=\"heading.default\">\n\t\t\t\t<div class=\"elementor-widget-container\">\n\t\t\t\t\t<h4 class=\"elementor-heading-title elementor-size-default\">Formations dans le domaine de l'Horticulture et la Fleuristerie<\/h4>\t\t\t\t<\/div>\n\t\t\t\t<\/div>\n\t\t\t\t<div class=\"elementor-element elementor-element-3360455 elementor-tabs-view-horizontal elementor-widget elementor-widget-tabs\" data-id=\"3360455\" data-element_type=\"widget\" data-e-type=\"widget\" data-widget_type=\"tabs.default\">\n\t\t\t\t<div class=\"elementor-widget-container\">\n\t\t\t\t\t\t\t<div class=\"elementor-tabs\">\n\t\t\t<div class=\"elementor-tabs-wrapper\" role=\"tablist\" >\n\t\t\t\t\t\t\t\t\t<div id=\"elementor-tab-title-5381\" class=\"elementor-tab-title elementor-tab-desktop-title\" aria-selected=\"true\" data-tab=\"1\" role=\"tab\" tabindex=\"0\" aria-controls=\"elementor-tab-content-5381\" aria-expanded=\"false\">BAC PRO CPH<\/div>\n\t\t\t\t\t\t\t<\/div>\n\t\t\t<div class=\"elementor-tabs-content-wrapper\" role=\"tablist\" aria-orientation=\"vertical\">\n\t\t\t\t\t\t\t\t\t<div class=\"elementor-tab-title elementor-tab-mobile-title\" aria-selected=\"true\" data-tab=\"1\" role=\"tab\" tabindex=\"0\" aria-controls=\"elementor-tab-content-5381\" aria-expanded=\"false\">BAC PRO CPH<\/div>\n\t\t\t\t\t<div id=\"elementor-tab-content-5381\" class=\"elementor-tab-content elementor-clearfix\" data-tab=\"1\" role=\"tabpanel\" aria-labelledby=\"elementor-tab-title-5381\" tabindex=\"0\" hidden=\"false\"><p>Pas de liste de fournitures p\u00e9dagogiques<\/p><\/div>\n\t\t\t\t\t\t\t<\/div>\n\t\t<\/div>\n\t\t\t\t\t\t<\/div>\n\t\t\t\t<\/div>\n\t\t\t\t<div class=\"elementor-element elementor-element-ae14fb5 elementor-widget-divider--view-line elementor-widget elementor-widget-divider\" data-id=\"ae14fb5\" data-element_type=\"widget\" data-e-type=\"widget\" data-widget_type=\"divider.default\">\n\t\t\t\t<div class=\"elementor-widget-container\">\n\t\t\t\t\t\t\t<div class=\"elementor-divider\">\n\t\t\t<span class=\"elementor-divider-separator\">\n\t\t\t\t\t\t<\/span>\n\t\t<\/div>\n\t\t\t\t\t\t<\/div>\n\t\t\t\t<\/div>\n\t\t\t\t\t<\/div>\n\t\t<\/div>\n\t\t\t\t\t<\/div>\n\t\t<\/section>\n\t\t\t\t<section class=\"elementor-section elementor-top-section elementor-element elementor-element-29488eb elementor-section-boxed elementor-section-height-default elementor-section-height-default\" data-id=\"29488eb\" data-element_type=\"section\" data-e-type=\"section\">\n\t\t\t\t\t\t<div class=\"elementor-container elementor-column-gap-default\">\n\t\t\t\t\t<div class=\"elementor-column elementor-col-50 elementor-top-column elementor-element elementor-element-efe967f\" data-id=\"efe967f\" data-element_type=\"column\" data-e-type=\"column\">\n\t\t\t<div class=\"elementor-widget-wrap elementor-element-populated\">\n\t\t\t\t\t\t<div class=\"elementor-element elementor-element-0cb8f77 elementor-widget elementor-widget-image\" data-id=\"0cb8f77\" data-element_type=\"widget\" data-e-type=\"widget\" data-widget_type=\"image.default\">\n\t\t\t\t<div class=\"elementor-widget-container\">\n\t\t\t\t\t\t\t\t\t\t\t\t\t\t\t<img loading=\"lazy\" decoding=\"async\" width=\"131\" height=\"88\" src=\"https:\/\/www.tarn.educagri.fr\/fpca\/wp-content\/uploads\/2026\/01\/Rentree.png\" class=\"attachment-full size-full wp-image-10918\" alt=\"\" \/>\t\t\t\t\t\t\t\t\t\t\t\t\t\t\t<\/div>\n\t\t\t\t<\/div>\n\t\t\t\t\t<\/div>\n\t\t<\/div>\n\t\t\t\t<div class=\"elementor-column elementor-col-50 elementor-top-column elementor-element elementor-element-464ce2e\" data-id=\"464ce2e\" data-element_type=\"column\" data-e-type=\"column\">\n\t\t\t<div class=\"elementor-widget-wrap elementor-element-populated\">\n\t\t\t\t\t\t<div class=\"elementor-element elementor-element-9ee30f6 elementor-widget elementor-widget-menu-anchor\" data-id=\"9ee30f6\" data-element_type=\"widget\" data-e-type=\"widget\" data-widget_type=\"menu-anchor.default\">\n\t\t\t\t<div class=\"elementor-widget-container\">\n\t\t\t\t\t\t\t<div class=\"elementor-menu-anchor\" id=\"dates_rentree\"><\/div>\n\t\t\t\t\t\t<\/div>\n\t\t\t\t<\/div>\n\t\t\t\t<div class=\"elementor-element elementor-element-308cfde elementor-widget elementor-widget-heading\" data-id=\"308cfde\" data-element_type=\"widget\" data-e-type=\"widget\" data-widget_type=\"heading.default\">\n\t\t\t\t<div class=\"elementor-widget-container\">\n\t\t\t\t\t<h1 class=\"elementor-heading-title elementor-size-default\">Ma journ\u00e9e de rentr\u00e9e<\/h1>\t\t\t\t<\/div>\n\t\t\t\t<\/div>\n\t\t\t\t\t<\/div>\n\t\t<\/div>\n\t\t\t\t\t<\/div>\n\t\t<\/section>\n\t\t\t\t<section class=\"elementor-section elementor-top-section elementor-element elementor-element-0b24c7d elementor-section-boxed elementor-section-height-default elementor-section-height-default\" data-id=\"0b24c7d\" data-element_type=\"section\" data-e-type=\"section\">\n\t\t\t\t\t\t<div class=\"elementor-container elementor-column-gap-default\">\n\t\t\t\t\t<div class=\"elementor-column elementor-col-100 elementor-top-column elementor-element elementor-element-dd5a31c\" data-id=\"dd5a31c\" data-element_type=\"column\" data-e-type=\"column\">\n\t\t\t<div class=\"elementor-widget-wrap elementor-element-populated\">\n\t\t\t\t\t\t<div class=\"elementor-element elementor-element-a5760d9 elementor-widget elementor-widget-text-editor\" data-id=\"a5760d9\" data-element_type=\"widget\" data-e-type=\"widget\" data-widget_type=\"text-editor.default\">\n\t\t\t\t<div class=\"elementor-widget-container\">\n\t\t\t\t\t\t\t\t\t<p>S\u00e9lectionnez l&rsquo;onglet de la formation souhait\u00e9e.<\/p>\t\t\t\t\t\t\t\t<\/div>\n\t\t\t\t<\/div>\n\t\t\t\t<div class=\"elementor-element elementor-element-8ec9e77 elementor-widget elementor-widget-heading\" data-id=\"8ec9e77\" data-element_type=\"widget\" data-e-type=\"widget\" data-widget_type=\"heading.default\">\n\t\t\t\t<div class=\"elementor-widget-container\">\n\t\t\t\t\t<h4 class=\"elementor-heading-title elementor-size-default\">Formations dans le domaine du Paysage<\/h4>\t\t\t\t<\/div>\n\t\t\t\t<\/div>\n\t\t\t\t<div class=\"elementor-element elementor-element-b47bc18 elementor-tabs-view-horizontal elementor-widget elementor-widget-tabs\" data-id=\"b47bc18\" data-element_type=\"widget\" data-e-type=\"widget\" data-widget_type=\"tabs.default\">\n\t\t\t\t<div class=\"elementor-widget-container\">\n\t\t\t\t\t\t\t<div class=\"elementor-tabs\">\n\t\t\t<div class=\"elementor-tabs-wrapper\" role=\"tablist\" >\n\t\t\t\t\t\t\t\t\t<div id=\"elementor-tab-title-1891\" class=\"elementor-tab-title elementor-tab-desktop-title\" aria-selected=\"true\" data-tab=\"1\" role=\"tab\" tabindex=\"0\" aria-controls=\"elementor-tab-content-1891\" aria-expanded=\"false\">CAPA JP<\/div>\n\t\t\t\t\t\t\t\t\t<div id=\"elementor-tab-title-1892\" class=\"elementor-tab-title elementor-tab-desktop-title\" aria-selected=\"false\" data-tab=\"2\" role=\"tab\" tabindex=\"-1\" aria-controls=\"elementor-tab-content-1892\" aria-expanded=\"false\">BAC PRO AP<\/div>\n\t\t\t\t\t\t\t\t\t<div id=\"elementor-tab-title-1893\" class=\"elementor-tab-title elementor-tab-desktop-title\" aria-selected=\"false\" data-tab=\"3\" role=\"tab\" tabindex=\"-1\" aria-controls=\"elementor-tab-content-1893\" aria-expanded=\"false\">BPA OSP<\/div>\n\t\t\t\t\t\t\t\t\t<div id=\"elementor-tab-title-1894\" class=\"elementor-tab-title elementor-tab-desktop-title\" aria-selected=\"false\" data-tab=\"4\" role=\"tab\" tabindex=\"-1\" aria-controls=\"elementor-tab-content-1894\" aria-expanded=\"false\">CS CP<\/div>\n\t\t\t\t\t\t\t\t\t<div id=\"elementor-tab-title-1895\" class=\"elementor-tab-title elementor-tab-desktop-title\" aria-selected=\"false\" data-tab=\"5\" role=\"tab\" tabindex=\"-1\" aria-controls=\"elementor-tab-content-1895\" aria-expanded=\"false\">CS AA<\/div>\n\t\t\t\t\t\t\t\t\t<div id=\"elementor-tab-title-1896\" class=\"elementor-tab-title elementor-tab-desktop-title\" aria-selected=\"false\" data-tab=\"6\" role=\"tab\" tabindex=\"-1\" aria-controls=\"elementor-tab-content-1896\" aria-expanded=\"false\">CS SSE<\/div>\n\t\t\t\t\t\t\t<\/div>\n\t\t\t<div class=\"elementor-tabs-content-wrapper\" role=\"tablist\" aria-orientation=\"vertical\">\n\t\t\t\t\t\t\t\t\t<div class=\"elementor-tab-title elementor-tab-mobile-title\" aria-selected=\"true\" data-tab=\"1\" role=\"tab\" tabindex=\"0\" aria-controls=\"elementor-tab-content-1891\" aria-expanded=\"false\">CAPA JP<\/div>\n\t\t\t\t\t<div id=\"elementor-tab-content-1891\" class=\"elementor-tab-content elementor-clearfix\" data-tab=\"1\" role=\"tabpanel\" aria-labelledby=\"elementor-tab-title-1891\" tabindex=\"0\" hidden=\"false\"><p>Je suis en <span style=\"color: #3366ff;\">CAPA JP 1\u00e8re Ann\u00e9e<\/span>, sur <strong>Albi &#8211; Fonlabour<\/strong>, ma date de rentr\u00e9e est le <strong>lundi 14 septembre 2026<\/strong>, \u00e0 <strong>9h15<\/strong> (<em>8h30 pour les internes<\/em>), au B\u00e2timent 11 (P\u00f4le B).<\/p><p>Je suis en <span style=\"color: #3366ff;\">CAPA JP 2\u00e8me Ann\u00e9e<\/span>, sur <strong>Albi &#8211; Fonlabour<\/strong>, ma date de rentr\u00e9e est le <strong>mardi<\/strong> <strong>1er septembre 2026<\/strong>, \u00e0 <strong>9h15<\/strong>, au B\u00e2timent 11 (P\u00f4le B).<\/p><\/div>\n\t\t\t\t\t\t\t\t\t<div class=\"elementor-tab-title elementor-tab-mobile-title\" aria-selected=\"false\" data-tab=\"2\" role=\"tab\" tabindex=\"-1\" aria-controls=\"elementor-tab-content-1892\" aria-expanded=\"false\">BAC PRO AP<\/div>\n\t\t\t\t\t<div id=\"elementor-tab-content-1892\" class=\"elementor-tab-content elementor-clearfix\" data-tab=\"2\" role=\"tabpanel\" aria-labelledby=\"elementor-tab-title-1892\" tabindex=\"0\" hidden=\"hidden\"><p>Je suis en <span style=\"color: #3366ff;\">Bac Pro AP Premi\u00e8re<\/span>, sur <strong>Albi &#8211; Fonlabour<\/strong>, ma date de rentr\u00e9e est le <strong>lundi<\/strong> <strong>14 septembre 2026<\/strong>, \u00e0 <strong>9h15<\/strong> (<em>8h30 pour les internes<\/em>), au B\u00e2timent 11 (P\u00f4le B).<\/p><p>Je suis en <span style=\"color: #3366ff;\">Bac Pro AP Terminale<\/span>, sur <strong>Albi &#8211; Fonlabour<\/strong>, ma date de rentr\u00e9e est le <strong>mardi<\/strong> <strong>1er septembre 2026<\/strong>, \u00e0 <strong>9h15<\/strong>, au B\u00e2timent 11 (P\u00f4le B).<\/p><\/div>\n\t\t\t\t\t\t\t\t\t<div class=\"elementor-tab-title elementor-tab-mobile-title\" aria-selected=\"false\" data-tab=\"3\" role=\"tab\" tabindex=\"-1\" aria-controls=\"elementor-tab-content-1893\" aria-expanded=\"false\">BPA OSP<\/div>\n\t\t\t\t\t<div id=\"elementor-tab-content-1893\" class=\"elementor-tab-content elementor-clearfix\" data-tab=\"3\" role=\"tabpanel\" aria-labelledby=\"elementor-tab-title-1893\" tabindex=\"0\" hidden=\"hidden\"><p>Je suis en <span style=\"color: #3366ff;\">BPA OSP 1\u00e8re Ann\u00e9e<\/span>, sur <strong>Albi &#8211; Fonlabour<\/strong>, ma date de rentr\u00e9e est le <strong>mardi 15 septembre 2026<\/strong>, \u00e0 <strong>8h15<\/strong>, au B\u00e2timent 11 (P\u00f4le B).<\/p><p>Je suis en <span style=\"color: #3366ff;\">BPA OSP 2\u00e8me Ann\u00e9e<\/span>, sur <strong>Albi &#8211; Fonlabour<\/strong>, ma date de rentr\u00e9e est le <strong>lundi 28 septembre 2026<\/strong>, \u00e0 <strong>9h15<\/strong>, au B\u00e2timent 11 (P\u00f4le B).<\/p><p>Je suis en <span style=\"color: #3366ff;\">BP OSP (Adultes-R\u00e9gion)<\/span>, sur <strong>Albi &#8211; Fonlabour<\/strong>, ma date de rentr\u00e9e est le <strong>mardi 15 septembre 2026<\/strong>, \u00e0 <strong>9h15<\/strong>, au B\u00e2timent 11 (P\u00f4le B).<\/p><\/div>\n\t\t\t\t\t\t\t\t\t<div class=\"elementor-tab-title elementor-tab-mobile-title\" aria-selected=\"false\" data-tab=\"4\" role=\"tab\" tabindex=\"-1\" aria-controls=\"elementor-tab-content-1894\" aria-expanded=\"false\">CS CP<\/div>\n\t\t\t\t\t<div id=\"elementor-tab-content-1894\" class=\"elementor-tab-content elementor-clearfix\" data-tab=\"4\" role=\"tabpanel\" aria-labelledby=\"elementor-tab-title-1894\" tabindex=\"0\" hidden=\"hidden\"><p>Je suis en <span style=\"color: #3366ff;\">CS CP<\/span>, sur <strong>Albi &#8211; Fonlabour<\/strong>, ma date de rentr\u00e9e est le <strong>lundi<\/strong> <strong>07 septembre 2026<\/strong>, \u00e0 <strong>9h15<\/strong> (<em>8h30 pour les internes<\/em>), au B\u00e2timent 11 (P\u00f4le B).<\/p><\/div>\n\t\t\t\t\t\t\t\t\t<div class=\"elementor-tab-title elementor-tab-mobile-title\" aria-selected=\"false\" data-tab=\"5\" role=\"tab\" tabindex=\"-1\" aria-controls=\"elementor-tab-content-1895\" aria-expanded=\"false\">CS AA<\/div>\n\t\t\t\t\t<div id=\"elementor-tab-content-1895\" class=\"elementor-tab-content elementor-clearfix\" data-tab=\"5\" role=\"tabpanel\" aria-labelledby=\"elementor-tab-title-1895\" tabindex=\"0\" hidden=\"hidden\"><p>Je suis en <span style=\"color: #3366ff;\">CS AA<\/span>, sur <strong>Albi &#8211; Fonlabour<\/strong>, ma date de rentr\u00e9e est le <strong>lundi 21 septembre 2026<\/strong>, \u00e0 <strong>9h15<\/strong> (<em>8h30 pour les internes<\/em>), au B\u00e2timent 11 (P\u00f4le B).<\/p><\/div>\n\t\t\t\t\t\t\t\t\t<div class=\"elementor-tab-title elementor-tab-mobile-title\" aria-selected=\"false\" data-tab=\"6\" role=\"tab\" tabindex=\"-1\" aria-controls=\"elementor-tab-content-1896\" aria-expanded=\"false\">CS SSE<\/div>\n\t\t\t\t\t<div id=\"elementor-tab-content-1896\" class=\"elementor-tab-content elementor-clearfix\" data-tab=\"6\" role=\"tabpanel\" aria-labelledby=\"elementor-tab-title-1896\" tabindex=\"0\" hidden=\"hidden\"><p>Je suis en <span style=\"color: #3366ff;\">CS SSE<\/span>, sur <strong>Albi &#8211; Fonlabour<\/strong>, ma date de rentr\u00e9e est le <strong>lundi<\/strong> <strong>21 septembre 2026<\/strong>, \u00e0 <strong>9h15<\/strong> (<em>8h30 pour les internes<\/em>), au B\u00e2timent 11 (P\u00f4le B).<\/p><\/div>\n\t\t\t\t\t\t\t<\/div>\n\t\t<\/div>\n\t\t\t\t\t\t<\/div>\n\t\t\t\t<\/div>\n\t\t\t\t<div class=\"elementor-element elementor-element-e211521 elementor-widget elementor-widget-heading\" data-id=\"e211521\" data-element_type=\"widget\" data-e-type=\"widget\" data-widget_type=\"heading.default\">\n\t\t\t\t<div class=\"elementor-widget-container\">\n\t\t\t\t\t<h4 class=\"elementor-heading-title elementor-size-default\">Formations dans le domaine de l'Agriculture<\/h4>\t\t\t\t<\/div>\n\t\t\t\t<\/div>\n\t\t\t\t<div class=\"elementor-element elementor-element-ed29413 elementor-tabs-view-horizontal elementor-widget elementor-widget-tabs\" data-id=\"ed29413\" data-element_type=\"widget\" data-e-type=\"widget\" data-widget_type=\"tabs.default\">\n\t\t\t\t<div class=\"elementor-widget-container\">\n\t\t\t\t\t\t\t<div class=\"elementor-tabs\">\n\t\t\t<div class=\"elementor-tabs-wrapper\" role=\"tablist\" >\n\t\t\t\t\t\t\t\t\t<div id=\"elementor-tab-title-2481\" class=\"elementor-tab-title elementor-tab-desktop-title\" aria-selected=\"true\" data-tab=\"1\" role=\"tab\" tabindex=\"0\" aria-controls=\"elementor-tab-content-2481\" aria-expanded=\"false\">CAPA MA Albi<\/div>\n\t\t\t\t\t\t\t\t\t<div id=\"elementor-tab-title-2482\" class=\"elementor-tab-title elementor-tab-desktop-title\" aria-selected=\"false\" data-tab=\"2\" role=\"tab\" tabindex=\"-1\" aria-controls=\"elementor-tab-content-2482\" aria-expanded=\"false\">CAPA MA Lavaur<\/div>\n\t\t\t\t\t\t\t\t\t<div id=\"elementor-tab-title-2483\" class=\"elementor-tab-title elementor-tab-desktop-title\" aria-selected=\"false\" data-tab=\"3\" role=\"tab\" tabindex=\"-1\" aria-controls=\"elementor-tab-content-2483\" aria-expanded=\"false\">BPREA<\/div>\n\t\t\t\t\t\t\t\t\t<div id=\"elementor-tab-title-2484\" class=\"elementor-tab-title elementor-tab-desktop-title\" aria-selected=\"false\" data-tab=\"4\" role=\"tab\" tabindex=\"-1\" aria-controls=\"elementor-tab-content-2484\" aria-expanded=\"false\">BTSA ACS'AGRI<\/div>\n\t\t\t\t\t\t\t\t\t<div id=\"elementor-tab-title-2485\" class=\"elementor-tab-title elementor-tab-desktop-title\" aria-selected=\"false\" data-tab=\"5\" role=\"tab\" tabindex=\"-1\" aria-controls=\"elementor-tab-content-2485\" aria-expanded=\"false\">BTSA ACD<\/div>\n\t\t\t\t\t\t\t<\/div>\n\t\t\t<div class=\"elementor-tabs-content-wrapper\" role=\"tablist\" aria-orientation=\"vertical\">\n\t\t\t\t\t\t\t\t\t<div class=\"elementor-tab-title elementor-tab-mobile-title\" aria-selected=\"true\" data-tab=\"1\" role=\"tab\" tabindex=\"0\" aria-controls=\"elementor-tab-content-2481\" aria-expanded=\"false\">CAPA MA Albi<\/div>\n\t\t\t\t\t<div id=\"elementor-tab-content-2481\" class=\"elementor-tab-content elementor-clearfix\" data-tab=\"1\" role=\"tabpanel\" aria-labelledby=\"elementor-tab-title-2481\" tabindex=\"0\" hidden=\"false\"><p>Je suis en <span style=\"color: #3366ff;\">CAPA MA 1\u00e8re Ann\u00e9e<\/span>, sur <strong>Albi &#8211; Fonlabour<\/strong>, ma date de rentr\u00e9e est le <strong>lundi 14 septembre 2026<\/strong>, \u00e0 <strong>9h15<\/strong> (<em>8h30 pour les internes<\/em>), au B\u00e2timent 11 (P\u00f4le B).<\/p><p>Je suis en <span style=\"color: #3366ff;\">CAPA MA 2\u00e8me Ann\u00e9e<\/span>, sur <strong>Albi &#8211; Fonlabour<\/strong>, ma date de rentr\u00e9e est le <strong>mardi<\/strong> <strong>1er septembre 2026<\/strong>, \u00e0 <strong>9h15<\/strong>, au B\u00e2timent 11 (P\u00f4le B).<\/p><\/div>\n\t\t\t\t\t\t\t\t\t<div class=\"elementor-tab-title elementor-tab-mobile-title\" aria-selected=\"false\" data-tab=\"2\" role=\"tab\" tabindex=\"-1\" aria-controls=\"elementor-tab-content-2482\" aria-expanded=\"false\">CAPA MA Lavaur<\/div>\n\t\t\t\t\t<div id=\"elementor-tab-content-2482\" class=\"elementor-tab-content elementor-clearfix\" data-tab=\"2\" role=\"tabpanel\" aria-labelledby=\"elementor-tab-title-2482\" tabindex=\"0\" hidden=\"hidden\"><p>Je suis en <span style=\"color: #3366ff;\">CAPA MA 1\u00e8re Ann\u00e9e<\/span>, sur <strong>Lavaur &#8211; Flamarens<\/strong>, ma date de rentr\u00e9e est le <strong>mardi 1er septembre 2026<\/strong>, \u00e0 <strong>14h30<\/strong> (<em>13h30 pour les internes<\/em>).<\/p><p>Je suis en <span style=\"color: #3366ff;\">CAPA MA 2\u00e8me Ann\u00e9e<\/span>, sur <strong>Lavaur &#8211; Flamarens<\/strong>, ma date de rentr\u00e9e est le <strong>mercredi 2 septembre 2026<\/strong>, \u00e0 <strong>9h30 <\/strong>(<em>13h30 pour les internes<\/em>).<\/p><\/div>\n\t\t\t\t\t\t\t\t\t<div class=\"elementor-tab-title elementor-tab-mobile-title\" aria-selected=\"false\" data-tab=\"3\" role=\"tab\" tabindex=\"-1\" aria-controls=\"elementor-tab-content-2483\" aria-expanded=\"false\">BPREA<\/div>\n\t\t\t\t\t<div id=\"elementor-tab-content-2483\" class=\"elementor-tab-content elementor-clearfix\" data-tab=\"3\" role=\"tabpanel\" aria-labelledby=\"elementor-tab-title-2483\" tabindex=\"0\" hidden=\"hidden\"><p>Je suis en <span style=\"color: #3366ff;\">BPREA 1\u00e8re Ann\u00e9e<\/span>, sur <strong>Albi &#8211; Fonlabour<\/strong>, ma date de rentr\u00e9e est le <strong>lundi 14 septembre 2026<\/strong>, \u00e0 <strong>9h15<\/strong> (<em>8h30 pour les internes<\/em>), au B\u00e2timent 11 (P\u00f4le B).<\/p><p>Je suis en <span style=\"color: #3366ff;\">BPREA 2\u00e8me Ann\u00e9e<\/span>, sur <strong>Albi &#8211; Fonlabour<\/strong>, ma date de rentr\u00e9e est le<strong> mardi 1er septembre 2026<\/strong>, \u00e0 <strong>9h15<\/strong>, au B\u00e2timent 11 (P\u00f4le B).<\/p><p>Je suis en<span style=\"color: #3366ff;\"> BPREA (Adultes-R\u00e9gion)<\/span>, sur <strong>Albi &#8211; Fonlabour<\/strong>, ma date de rentr\u00e9e est le <strong>mardi 08 septembre 2026<\/strong>, \u00e0 <strong>9h15<\/strong>, au B\u00e2timent 11 (P\u00f4le B).<\/p><\/div>\n\t\t\t\t\t\t\t\t\t<div class=\"elementor-tab-title elementor-tab-mobile-title\" aria-selected=\"false\" data-tab=\"4\" role=\"tab\" tabindex=\"-1\" aria-controls=\"elementor-tab-content-2484\" aria-expanded=\"false\">BTSA ACS'AGRI<\/div>\n\t\t\t\t\t<div id=\"elementor-tab-content-2484\" class=\"elementor-tab-content elementor-clearfix\" data-tab=\"4\" role=\"tabpanel\" aria-labelledby=\"elementor-tab-title-2484\" tabindex=\"0\" hidden=\"hidden\"><p>Je suis en <span style=\"color: #3366ff;\">BTSA ACS&rsquo;AGRI 1\u00e8re Ann\u00e9e<\/span>, sur <strong>Lavaur &#8211; Flamarens<\/strong>, ma date de rentr\u00e9e est le <strong>mardi<\/strong> <strong>15 septembre 2026<\/strong>, \u00e0 <strong>9h15<\/strong> (<em>8h30 pour les internes<\/em>).<\/p><p>Je suis en <span style=\"color: #3366ff;\">BTSA ACS&rsquo;AGRI 2\u00e8me Ann\u00e9e<\/span>, sur <strong>Lavaur &#8211; Flamarens<\/strong>, ma date de rentr\u00e9e est le <strong>mardi 1er septembre 2026<\/strong>, \u00e0 <strong>9h15<\/strong>.<\/p><\/div>\n\t\t\t\t\t\t\t\t\t<div class=\"elementor-tab-title elementor-tab-mobile-title\" aria-selected=\"false\" data-tab=\"5\" role=\"tab\" tabindex=\"-1\" aria-controls=\"elementor-tab-content-2485\" aria-expanded=\"false\">BTSA ACD<\/div>\n\t\t\t\t\t<div id=\"elementor-tab-content-2485\" class=\"elementor-tab-content elementor-clearfix\" data-tab=\"5\" role=\"tabpanel\" aria-labelledby=\"elementor-tab-title-2485\" tabindex=\"0\" hidden=\"hidden\"><p>Je suis en <span style=\"color: #3366ff;\">BTSA ACD 1\u00e8re Ann\u00e9e<\/span>, sur <strong>Lavaur &#8211; Flamarens<\/strong>, ma date de rentr\u00e9e est le <strong>mardi 15 septembre 2026<\/strong>, \u00e0 <strong>9h15<\/strong> (<em>8h30 pour les internes<\/em>).<\/p><p>Je suis en <span style=\"color: #3366ff;\">BTSA ACD 2\u00e8me Ann\u00e9e<\/span>, sur <strong>Lavaur &#8211; Flamarens<\/strong>, ma date de rentr\u00e9e est le <strong>mardi 1er septembre 2026<\/strong>, \u00e0 <strong>9h15<\/strong>.<\/p><\/div>\n\t\t\t\t\t\t\t<\/div>\n\t\t<\/div>\n\t\t\t\t\t\t<\/div>\n\t\t\t\t<\/div>\n\t\t\t\t<div class=\"elementor-element elementor-element-02b2fde elementor-widget elementor-widget-heading\" data-id=\"02b2fde\" data-element_type=\"widget\" data-e-type=\"widget\" data-widget_type=\"heading.default\">\n\t\t\t\t<div class=\"elementor-widget-container\">\n\t\t\t\t\t<h4 class=\"elementor-heading-title elementor-size-default\">Formations dans le domaine de l'Eau et des D\u00e9chets<\/h4>\t\t\t\t<\/div>\n\t\t\t\t<\/div>\n\t\t\t\t<div class=\"elementor-element elementor-element-6e669e1 elementor-tabs-view-horizontal elementor-widget elementor-widget-tabs\" data-id=\"6e669e1\" data-element_type=\"widget\" data-e-type=\"widget\" data-widget_type=\"tabs.default\">\n\t\t\t\t<div class=\"elementor-widget-container\">\n\t\t\t\t\t\t\t<div class=\"elementor-tabs\">\n\t\t\t<div class=\"elementor-tabs-wrapper\" role=\"tablist\" >\n\t\t\t\t\t\t\t\t\t<div id=\"elementor-tab-title-1151\" class=\"elementor-tab-title elementor-tab-desktop-title\" aria-selected=\"true\" data-tab=\"1\" role=\"tab\" tabindex=\"0\" aria-controls=\"elementor-tab-content-1151\" aria-expanded=\"false\">BTSA GEMEAU<\/div>\n\t\t\t\t\t\t\t\t\t<div id=\"elementor-tab-title-1152\" class=\"elementor-tab-title elementor-tab-desktop-title\" aria-selected=\"false\" data-tab=\"2\" role=\"tab\" tabindex=\"-1\" aria-controls=\"elementor-tab-content-1152\" aria-expanded=\"false\">TP TTE<\/div>\n\t\t\t\t\t\t\t<\/div>\n\t\t\t<div class=\"elementor-tabs-content-wrapper\" role=\"tablist\" aria-orientation=\"vertical\">\n\t\t\t\t\t\t\t\t\t<div class=\"elementor-tab-title elementor-tab-mobile-title\" aria-selected=\"true\" data-tab=\"1\" role=\"tab\" tabindex=\"0\" aria-controls=\"elementor-tab-content-1151\" aria-expanded=\"false\">BTSA GEMEAU<\/div>\n\t\t\t\t\t<div id=\"elementor-tab-content-1151\" class=\"elementor-tab-content elementor-clearfix\" data-tab=\"1\" role=\"tabpanel\" aria-labelledby=\"elementor-tab-title-1151\" tabindex=\"0\" hidden=\"false\"><p>Je suis en <span style=\"color: #3366ff;\">BTSA GEMEAU 1\u00e8re Ann\u00e9e<\/span>, sur <strong>Albi &#8211; Fonlabour<\/strong>, ma date de rentr\u00e9e est le <strong>lundi 07 septembre 2026<\/strong>, \u00e0 <strong>9h15<\/strong> (<em>8h30 pour les internes<\/em>), au B\u00e2timent 11 (P\u00f4le B).<\/p><p>Je suis en <span style=\"color: #3366ff;\">BTSA GEMEAU 2\u00e8me Ann\u00e9e<\/span>, sur <strong>Albi &#8211; Fonlabour<\/strong>, ma date de rentr\u00e9e est le <strong>lundi 07 septembre 2026<\/strong>, \u00e0 <strong>9h15<\/strong>, au B\u00e2timent 11 (P\u00f4le B).<\/p><\/div>\n\t\t\t\t\t\t\t\t\t<div class=\"elementor-tab-title elementor-tab-mobile-title\" aria-selected=\"false\" data-tab=\"2\" role=\"tab\" tabindex=\"-1\" aria-controls=\"elementor-tab-content-1152\" aria-expanded=\"false\">TP TTE<\/div>\n\t\t\t\t\t<div id=\"elementor-tab-content-1152\" class=\"elementor-tab-content elementor-clearfix\" data-tab=\"2\" role=\"tabpanel\" aria-labelledby=\"elementor-tab-title-1152\" tabindex=\"0\" hidden=\"hidden\"><p>Je suis en <span style=\"color: #3366ff;\">TP TTE 1\u00e8re Ann\u00e9e<\/span>, sur <strong>Albi &#8211; Fonlabour<\/strong>, ma date de rentr\u00e9e est le<strong> lundi 12 octobre 2026<\/strong>, \u00e0 <strong>9h15<\/strong>, au B\u00e2timent 11 (P\u00f4le B).<\/p><p>Je suis en <span style=\"color: #3366ff;\">TP TTE 2\u00e8me Ann\u00e9e<\/span>, sur <strong>Albi &#8211; Fonlabour<\/strong>, ma date de rentr\u00e9e est le <strong>lundi 28 septembre 2026<\/strong>, \u00e0 <strong>9h15<\/strong>, au B\u00e2timent 11 (P\u00f4le B).<\/p><p>Je suis en <span style=\"color: #3366ff;\">TP TTE (Adultes-R\u00e9gion)<\/span>, sur <strong>Albi &#8211; Fonlabour<\/strong>, ma date de rentr\u00e9e est le<strong> lundi 28 septembre 2026<\/strong>, \u00e0 <strong>9h15<\/strong>, au B\u00e2timent 11 (P\u00f4le B).<\/p><\/div>\n\t\t\t\t\t\t\t<\/div>\n\t\t<\/div>\n\t\t\t\t\t\t<\/div>\n\t\t\t\t<\/div>\n\t\t\t\t<div class=\"elementor-element elementor-element-772537b elementor-widget elementor-widget-heading\" data-id=\"772537b\" data-element_type=\"widget\" data-e-type=\"widget\" data-widget_type=\"heading.default\">\n\t\t\t\t<div class=\"elementor-widget-container\">\n\t\t\t\t\t<h4 class=\"elementor-heading-title elementor-size-default\">Formations dans le domaine de l'Horticulture et la Fleuristerie<\/h4>\t\t\t\t<\/div>\n\t\t\t\t<\/div>\n\t\t\t\t<div class=\"elementor-element elementor-element-d9fb840 elementor-tabs-view-horizontal elementor-widget elementor-widget-tabs\" data-id=\"d9fb840\" data-element_type=\"widget\" data-e-type=\"widget\" data-widget_type=\"tabs.default\">\n\t\t\t\t<div class=\"elementor-widget-container\">\n\t\t\t\t\t\t\t<div class=\"elementor-tabs\">\n\t\t\t<div class=\"elementor-tabs-wrapper\" role=\"tablist\" >\n\t\t\t\t\t\t\t\t\t<div id=\"elementor-tab-title-2281\" class=\"elementor-tab-title elementor-tab-desktop-title\" aria-selected=\"true\" data-tab=\"1\" role=\"tab\" tabindex=\"0\" aria-controls=\"elementor-tab-content-2281\" aria-expanded=\"false\">BAC PRO CPH<\/div>\n\t\t\t\t\t\t\t<\/div>\n\t\t\t<div class=\"elementor-tabs-content-wrapper\" role=\"tablist\" aria-orientation=\"vertical\">\n\t\t\t\t\t\t\t\t\t<div class=\"elementor-tab-title elementor-tab-mobile-title\" aria-selected=\"true\" data-tab=\"1\" role=\"tab\" tabindex=\"0\" aria-controls=\"elementor-tab-content-2281\" aria-expanded=\"false\">BAC PRO CPH<\/div>\n\t\t\t\t\t<div id=\"elementor-tab-content-2281\" class=\"elementor-tab-content elementor-clearfix\" data-tab=\"1\" role=\"tabpanel\" aria-labelledby=\"elementor-tab-title-2281\" tabindex=\"0\" hidden=\"false\"><p>Je suis en <span style=\"color: #3366ff;\">Bac Pro CPH (Adultes-R\u00e9gion)<\/span>, sur <strong>Albi &#8211; Fonlabour<\/strong>, ma date de rentr\u00e9e est le <strong>mercredi 2 septembre 2026<\/strong>, \u00e0 <strong>9h15<\/strong>, au B\u00e2timent 11 (P\u00f4le B).<\/p><\/div>\n\t\t\t\t\t\t\t<\/div>\n\t\t<\/div>\n\t\t\t\t\t\t<\/div>\n\t\t\t\t<\/div>\n\t\t\t\t<div class=\"elementor-element elementor-element-96da128 elementor-widget-divider--view-line elementor-widget elementor-widget-divider\" data-id=\"96da128\" data-element_type=\"widget\" data-e-type=\"widget\" data-widget_type=\"divider.default\">\n\t\t\t\t<div class=\"elementor-widget-container\">\n\t\t\t\t\t\t\t<div class=\"elementor-divider\">\n\t\t\t<span class=\"elementor-divider-separator\">\n\t\t\t\t\t\t<\/span>\n\t\t<\/div>\n\t\t\t\t\t\t<\/div>\n\t\t\t\t<\/div>\n\t\t\t\t\t<\/div>\n\t\t<\/div>\n\t\t\t\t\t<\/div>\n\t\t<\/section>\n\t\t\t\t<section class=\"elementor-section elementor-top-section elementor-element elementor-element-a291b1c elementor-section-boxed elementor-section-height-default elementor-section-height-default\" data-id=\"a291b1c\" data-element_type=\"section\" data-e-type=\"section\">\n\t\t\t\t\t\t<div class=\"elementor-container elementor-column-gap-default\">\n\t\t\t\t\t<div class=\"elementor-column elementor-col-50 elementor-top-column elementor-element elementor-element-9a3287a\" data-id=\"9a3287a\" data-element_type=\"column\" data-e-type=\"column\">\n\t\t\t<div class=\"elementor-widget-wrap elementor-element-populated\">\n\t\t\t\t\t\t<div class=\"elementor-element elementor-element-d64c668 elementor-widget elementor-widget-image\" data-id=\"d64c668\" data-element_type=\"widget\" data-e-type=\"widget\" data-widget_type=\"image.default\">\n\t\t\t\t<div class=\"elementor-widget-container\">\n\t\t\t\t\t\t\t\t\t\t\t\t\t\t\t<img loading=\"lazy\" decoding=\"async\" width=\"150\" height=\"150\" src=\"https:\/\/www.tarn.educagri.fr\/fpca\/wp-content\/uploads\/2026\/01\/Internat-150x150.png\" class=\"attachment-thumbnail size-thumbnail wp-image-10913\" alt=\"\" \/>\t\t\t\t\t\t\t\t\t\t\t\t\t\t\t<\/div>\n\t\t\t\t<\/div>\n\t\t\t\t\t<\/div>\n\t\t<\/div>\n\t\t\t\t<div class=\"elementor-column elementor-col-50 elementor-top-column elementor-element elementor-element-15105cc\" data-id=\"15105cc\" data-element_type=\"column\" data-e-type=\"column\">\n\t\t\t<div class=\"elementor-widget-wrap elementor-element-populated\">\n\t\t\t\t\t\t<div class=\"elementor-element elementor-element-eafb1e0 elementor-widget elementor-widget-menu-anchor\" data-id=\"eafb1e0\" data-element_type=\"widget\" data-e-type=\"widget\" data-widget_type=\"menu-anchor.default\">\n\t\t\t\t<div class=\"elementor-widget-container\">\n\t\t\t\t\t\t\t<div class=\"elementor-menu-anchor\" id=\"Internat\"><\/div>\n\t\t\t\t\t\t<\/div>\n\t\t\t\t<\/div>\n\t\t\t\t<div class=\"elementor-element elementor-element-8a47c83 elementor-widget elementor-widget-heading\" data-id=\"8a47c83\" data-element_type=\"widget\" data-e-type=\"widget\" data-widget_type=\"heading.default\">\n\t\t\t\t<div class=\"elementor-widget-container\">\n\t\t\t\t\t<h1 class=\"elementor-heading-title elementor-size-default\">Je suis interne<\/h1>\t\t\t\t<\/div>\n\t\t\t\t<\/div>\n\t\t\t\t\t<\/div>\n\t\t<\/div>\n\t\t\t\t\t<\/div>\n\t\t<\/section>\n\t\t\t\t<section class=\"elementor-section elementor-top-section elementor-element elementor-element-af58037 elementor-section-boxed elementor-section-height-default elementor-section-height-default\" data-id=\"af58037\" data-element_type=\"section\" data-e-type=\"section\">\n\t\t\t\t\t\t<div class=\"elementor-container elementor-column-gap-default\">\n\t\t\t\t\t<div class=\"elementor-column elementor-col-100 elementor-top-column elementor-element elementor-element-4fd6ef3\" data-id=\"4fd6ef3\" data-element_type=\"column\" data-e-type=\"column\">\n\t\t\t<div class=\"elementor-widget-wrap elementor-element-populated\">\n\t\t\t\t\t\t<div class=\"elementor-element elementor-element-a0c55f2 elementor-widget elementor-widget-text-editor\" data-id=\"a0c55f2\" data-element_type=\"widget\" data-e-type=\"widget\" data-widget_type=\"text-editor.default\">\n\t\t\t\t<div class=\"elementor-widget-container\">\n\t\t\t\t\t\t\t\t\t<p>Vous trouverez ci-dessous les informations principales sur le fonctionnement de l&rsquo;internat en fonction du Site de formation.<\/p>\t\t\t\t\t\t\t\t<\/div>\n\t\t\t\t<\/div>\n\t\t\t\t<div class=\"elementor-element elementor-element-aa892df elementor-tabs-view-horizontal elementor-widget elementor-widget-tabs\" data-id=\"aa892df\" data-element_type=\"widget\" data-e-type=\"widget\" data-widget_type=\"tabs.default\">\n\t\t\t\t<div class=\"elementor-widget-container\">\n\t\t\t\t\t\t\t<div class=\"elementor-tabs\">\n\t\t\t<div class=\"elementor-tabs-wrapper\" role=\"tablist\" >\n\t\t\t\t\t\t\t\t\t<div id=\"elementor-tab-title-1781\" class=\"elementor-tab-title elementor-tab-desktop-title\" aria-selected=\"true\" data-tab=\"1\" role=\"tab\" tabindex=\"0\" aria-controls=\"elementor-tab-content-1781\" aria-expanded=\"false\">Je suis interne \u00e0 Albi \u00e0 Fonlabour<\/div>\n\t\t\t\t\t\t\t\t\t<div id=\"elementor-tab-title-1782\" class=\"elementor-tab-title elementor-tab-desktop-title\" aria-selected=\"false\" data-tab=\"2\" role=\"tab\" tabindex=\"-1\" aria-controls=\"elementor-tab-content-1782\" aria-expanded=\"false\">Je suis interne \u00e0 Lavaur Flamarens<\/div>\n\t\t\t\t\t\t\t<\/div>\n\t\t\t<div class=\"elementor-tabs-content-wrapper\" role=\"tablist\" aria-orientation=\"vertical\">\n\t\t\t\t\t\t\t\t\t<div class=\"elementor-tab-title elementor-tab-mobile-title\" aria-selected=\"true\" data-tab=\"1\" role=\"tab\" tabindex=\"0\" aria-controls=\"elementor-tab-content-1781\" aria-expanded=\"false\">Je suis interne \u00e0 Albi \u00e0 Fonlabour<\/div>\n\t\t\t\t\t<div id=\"elementor-tab-content-1781\" class=\"elementor-tab-content elementor-clearfix\" data-tab=\"1\" role=\"tabpanel\" aria-labelledby=\"elementor-tab-title-1781\" tabindex=\"0\" hidden=\"false\"><h1 style=\"text-align: center;\"><span style=\"color: #3366ff;\"><strong>TROUSSEAU INTERNAT\u00a0<\/strong><\/span><\/h1><p><span style=\"text-decoration: underline;\"><span style=\"color: #333333; text-decoration: underline;\"><strong>SONT MIS A LA DISPOSITION DES INTERNES<\/strong><\/span><\/span><\/p><ul><li>1 lit de 190 x 90 avec sommier, matelas.<\/li><li>1 armoire penderie.<\/li><\/ul><p>Le mobilier est attribu\u00e9 en d\u00e9but d\u2019ann\u00e9e \u00e0 l\u2019apprenant interne qui en est responsable en fonction des ses pr\u00e9sences selon le calendrier d\u2019alternance. Des \u00e9tats des lieux sont r\u00e9alis\u00e9s r\u00e9guli\u00e8rement pour v\u00e9rifier l\u2019\u00e9tat des chambres et du mobilier.<\/p><hr \/><p><span style=\"text-decoration: underline; color: #339966;\"><strong>Rappel du r\u00e8glement Int\u00e9rieur :<\/strong> <\/span><\/p><p><span style=\"color: #339966;\">\u00ab Chaque interne est responsable individuellement du mat\u00e9riel qui lui est confi\u00e9 et la responsabilit\u00e9 de la chambre est partag\u00e9e par les occupants. Toutes les d\u00e9gradations constat\u00e9es seront \u00e0 la charge des familles \u00bb<\/span><\/p><p><span style=\"color: #339966;\">Nous rappelons \u00e9galement qu\u2019il est attendu de la part de l\u2019interne de veiller au respect de la propret\u00e9 des locaux et \u00e0 son maintien, ainsi qu\u2019au rangement quotidien de sa chambre.<\/span><\/p><hr \/><p><strong>La composition du trousseau est laiss\u00e9e au jugement des parents (ou repr\u00e9sentants l\u00e9gaux), <span style=\"text-decoration: underline;\">seuls sont obligatoires pour<\/span> :<\/strong><\/p><p><span style=\"text-decoration: underline;\"><em><strong>=&gt; Les apprenants internes :<\/strong><\/em><\/span><\/p><ul><li>les draps (lit de 190 x 90), 2 paires<\/li><li>draps housses (lit de 190 x 90), 2 paires<\/li><li>un oreiller et une taie d\u2019oreiller<\/li><li>1 couverture ou couette (pour lit de 190 x 90), les sacs de couchage sont interdits.<\/li><li>1 al\u00e8se de coton (pour lit de 190 x 90 obligatoire)<\/li><li>1 sac de linge<\/li><li>1 n\u00e9cessaire de toilette<\/li><li>1 paire de chaussures d\u2019int\u00e9rieur (pantoufles, \u2026..)<\/li><li>2 cadenas pour les gar\u00e7ons et 3 cadenas pour les filles. <br \/><em>NB : les internes ont la possibilit\u00e9 d&rsquo;utiliser un rasoir \u00e9lectrique (220 volts)<\/em><\/li><\/ul><p><span style=\"text-decoration: underline;\"><strong>Important<\/strong> <\/span>: Le trousseau COMPLET doit \u00eatre r\u00e9cup\u00e9r\u00e9 \u00e0 chaque fin de phase d\u2019internat selon le calendrier d\u2019alternance.<\/p><hr \/><p><span style=\"text-decoration: underline;\"><span style=\"color: #339966; text-decoration: underline;\"><strong>Rappel du R\u00e8glement Int\u00e9rieur :<\/strong> <\/span><\/span><\/p><p><span style=\"color: #339966;\">\u00ab La responsabilit\u00e9 de l\u2019\u00e9tablissement ne sera nullement engag\u00e9e en cas de vol ou de d\u00e9gradations du mat\u00e9riel multim\u00e9dia \u00bb<\/span><\/p><hr \/><h2><strong>Horaires de l&rsquo;Internat<\/strong><\/h2><h3><span style=\"color: #993366;\"><strong><span style=\"text-decoration: underline;\">SOIR :<\/span><\/strong><\/span><\/h3><ul><li>17h35-18h45 : Sorties possibles pour les apprentis autoris\u00e9s<\/li><li>18h45 : Appel au self obligatoire<\/li><li>19h30 : Appel \u00e0 l&rsquo;internat \/ Foyer du P\u00f4le A<\/li><li>19h30-21h : Possibilit\u00e9 d&rsquo;\u00eatre \u00e0 l&rsquo;internat ou au foyer<\/li><li>21h : Appel \u00e0 l&rsquo;internat filles et gar\u00e7ons (plus de sortie autoris\u00e9e de l&rsquo;internat)<\/li><li>22h : Extinction des feux<\/li><\/ul><h3><span style=\"text-decoration: underline;\"><strong><span style=\"color: #993366; text-decoration: underline;\">MATIN :<\/span><\/strong><\/span><\/h3><ul><li>6h45 : Allumage des feux<\/li><li>7h : Ouverture du self<\/li><li>7h25 : Fermeture d\u00e9finitive de l&rsquo;internat<\/li><li>8h15 : D\u00e9but des cours<\/li><\/ul><\/div>\n\t\t\t\t\t\t\t\t\t<div class=\"elementor-tab-title elementor-tab-mobile-title\" aria-selected=\"false\" data-tab=\"2\" role=\"tab\" tabindex=\"-1\" aria-controls=\"elementor-tab-content-1782\" aria-expanded=\"false\">Je suis interne \u00e0 Lavaur Flamarens<\/div>\n\t\t\t\t\t<div id=\"elementor-tab-content-1782\" class=\"elementor-tab-content elementor-clearfix\" data-tab=\"2\" role=\"tabpanel\" aria-labelledby=\"elementor-tab-title-1782\" tabindex=\"0\" hidden=\"hidden\"><h1 style=\"text-align: center;\"><span style=\"color: #3366ff;\"><strong>TROUSSEAU D\u2019INTERNAT<\/strong> <\/span><\/h1><p><span style=\"color: #333333;\"><strong>Le lyc\u00e9e met \u00e0 disposition des internes :<\/strong><\/span><\/p><p>\u2022 1 lit de 190 x 90 avec sommier, matelas et al\u00e8se<br \/>\u2022 1 armoire penderie<br \/>\u2022 1 bureau et 1 chaise<br \/>\u2022 1 casier ext\u00e9rieur pour v\u00eatements de travail et de sport<\/p><p><em>Le mobilier est attribu\u00e9 en d\u00e9but d\u2019ann\u00e9e \u00e0 l\u2019\u00e9l\u00e8ve interne qui en est responsable. Des \u00e9tats des lieux sont fait r\u00e9guli\u00e8rement pour v\u00e9rifier l\u2019\u00e9tat des chambres et du mobilier.<\/em><\/p><hr \/><p><span style=\"color: #339966;\"><strong>Rappel du r\u00e8glement Int\u00e9rieur<\/strong> : \u00ab Chaque interne est responsable individuellement du mat\u00e9riel qui lui est confi\u00e9 et la responsabilit\u00e9 de la chambre est partag\u00e9e par les occupants. Toutes les d\u00e9gradations constat\u00e9es seront \u00e0 la charge des familles. \u00bb<\/span><\/p><hr \/><p><span style=\"color: #333333;\"><strong>La composition du trousseau est laiss\u00e9e \u00e0 l\u2019appr\u00e9ciation des parents, seuls sont obligatoires :<\/strong> <\/span><\/p><ul><li>Une couette, un oreiller ou traversin, une housse de couette (140 x 200), un drap house (90 cm)<\/li><li>Serviettes et n\u00e9cessaire de toilette,<\/li><li>Une paire de claquettes en plastique (acc\u00e8s douches-sanitaires),<\/li><li>2 cadenas \u00e0 cl\u00e9 pour l\u2019armoire et le bureau<\/li><\/ul><p><span style=\"text-decoration: underline;\"><strong>Remarque :<\/strong><\/span> les \u00e9l\u00e8ves ont la possibilit\u00e9 de laisser \u00e0 la Vie Scolaire un double des cl\u00e9s de leur cadenas qui sera conserv\u00e9 dans le dossier en cas de perte ou d&rsquo;oubli.<\/p><hr \/><p><span style=\"color: #339966;\"><strong>Rappel du r\u00e8glement Int\u00e9rieur<\/strong> : \u00abLa responsabilit\u00e9 de l\u2019\u00e9tablissement n\u2019est nullement engag\u00e9e en cas de vol, de d\u00e9gradation ou de confiscation du mat\u00e9riel multim\u00e9dia. \u00bb<\/span><\/p><hr \/><table><tbody><tr><td><a href=\"https:\/\/www.tarn.educagri.fr\/fpca\/wp-content\/uploads\/2026\/04\/istockphoto-1192489312-612x612-1.jpg\"><img loading=\"lazy\" decoding=\"async\" class=\"wp-image-11213 size-thumbnail\" src=\"https:\/\/www.tarn.educagri.fr\/fpca\/wp-content\/uploads\/2026\/04\/istockphoto-1192489312-612x612-1-150x150.jpg\" alt=\"\" width=\"150\" height=\"150\" srcset=\"https:\/\/www.tarn.educagri.fr\/fpca\/wp-content\/uploads\/2026\/04\/istockphoto-1192489312-612x612-1-150x150.jpg 150w, https:\/\/www.tarn.educagri.fr\/fpca\/wp-content\/uploads\/2026\/04\/istockphoto-1192489312-612x612-1-300x300.jpg 300w, https:\/\/www.tarn.educagri.fr\/fpca\/wp-content\/uploads\/2026\/04\/istockphoto-1192489312-612x612-1.jpg 612w\" sizes=\"(max-width: 150px) 100vw, 150px\" \/><\/a><\/td><td><ul><li>Pour des questions d\u2019hygi\u00e8ne et de s\u00e9curit\u00e9 sanitaire, la nourriture p\u00e9rissable est interdite \u00e0 l\u2019internat.<\/li><li>L\u2019usage d\u2019appareil \u00e9lectrique (cafeti\u00e8re, chauffage, bouilloire etc.) est proscrit \u00e0 l\u2019internat pour des raisons de s\u00e9curit\u00e9. Seuls les appareils tels que le rasoir \u00e9lectrique et le s\u00e8che-cheveux sont autoris\u00e9s.<\/li><li>L\u2019affichage est possible en prenant soin de ne pas ab\u00eemer les supports et apr\u00e8s accord de la Vie scolaire.<\/li><\/ul><\/td><\/tr><\/tbody><\/table><\/div>\n\t\t\t\t\t\t\t<\/div>\n\t\t<\/div>\n\t\t\t\t\t\t<\/div>\n\t\t\t\t<\/div>\n\t\t\t\t<div class=\"elementor-element elementor-element-8c17e65 elementor-widget-divider--view-line elementor-widget elementor-widget-divider\" data-id=\"8c17e65\" data-element_type=\"widget\" data-e-type=\"widget\" data-widget_type=\"divider.default\">\n\t\t\t\t<div class=\"elementor-widget-container\">\n\t\t\t\t\t\t\t<div class=\"elementor-divider\">\n\t\t\t<span class=\"elementor-divider-separator\">\n\t\t\t\t\t\t<\/span>\n\t\t<\/div>\n\t\t\t\t\t\t<\/div>\n\t\t\t\t<\/div>\n\t\t\t\t\t<\/div>\n\t\t<\/div>\n\t\t\t\t\t<\/div>\n\t\t<\/section>\n\t\t\t\t<section class=\"elementor-section elementor-top-section elementor-element elementor-element-2447fd8 elementor-section-boxed elementor-section-height-default elementor-section-height-default\" data-id=\"2447fd8\" data-element_type=\"section\" data-e-type=\"section\">\n\t\t\t\t\t\t<div class=\"elementor-container elementor-column-gap-default\">\n\t\t\t\t\t<div class=\"elementor-column elementor-col-50 elementor-top-column elementor-element elementor-element-5b4770c\" data-id=\"5b4770c\" data-element_type=\"column\" data-e-type=\"column\">\n\t\t\t<div class=\"elementor-widget-wrap elementor-element-populated\">\n\t\t\t\t\t\t<div class=\"elementor-element elementor-element-f830a83 elementor-widget elementor-widget-image\" data-id=\"f830a83\" data-element_type=\"widget\" data-e-type=\"widget\" data-widget_type=\"image.default\">\n\t\t\t\t<div class=\"elementor-widget-container\">\n\t\t\t\t\t\t\t\t\t\t\t\t\t\t\t<img decoding=\"async\" src=\"https:\/\/www.tarn.educagri.fr\/fpca\/wp-content\/uploads\/elementor\/thumbs\/Calendrier-Fonlabour-rhb5jywkah4vfivzmnfqnz3o5dnfoiun5ps95hgr50.png\" title=\"Calendrier Fonlabour\" alt=\"Calendrier Fonlabour\" loading=\"lazy\" \/>\t\t\t\t\t\t\t\t\t\t\t\t\t\t\t<\/div>\n\t\t\t\t<\/div>\n\t\t\t\t\t<\/div>\n\t\t<\/div>\n\t\t\t\t<div class=\"elementor-column elementor-col-50 elementor-top-column elementor-element elementor-element-4556372\" data-id=\"4556372\" data-element_type=\"column\" data-e-type=\"column\">\n\t\t\t<div class=\"elementor-widget-wrap elementor-element-populated\">\n\t\t\t\t\t\t<div class=\"elementor-element elementor-element-8025e09 elementor-widget elementor-widget-menu-anchor\" data-id=\"8025e09\" data-element_type=\"widget\" data-e-type=\"widget\" data-widget_type=\"menu-anchor.default\">\n\t\t\t\t<div class=\"elementor-widget-container\">\n\t\t\t\t\t\t\t<div class=\"elementor-menu-anchor\" id=\"Planning\"><\/div>\n\t\t\t\t\t\t<\/div>\n\t\t\t\t<\/div>\n\t\t\t\t<div class=\"elementor-element elementor-element-4484810 elementor-widget elementor-widget-heading\" data-id=\"4484810\" data-element_type=\"widget\" data-e-type=\"widget\" data-widget_type=\"heading.default\">\n\t\t\t\t<div class=\"elementor-widget-container\">\n\t\t\t\t\t<h1 class=\"elementor-heading-title elementor-size-default\">CALENDRIERS DE FORMATION<\/h1>\t\t\t\t<\/div>\n\t\t\t\t<\/div>\n\t\t\t\t\t<\/div>\n\t\t<\/div>\n\t\t\t\t\t<\/div>\n\t\t<\/section>\n\t\t\t\t<section class=\"elementor-section elementor-top-section elementor-element elementor-element-03f3c02 elementor-section-boxed elementor-section-height-default elementor-section-height-default\" data-id=\"03f3c02\" data-element_type=\"section\" data-e-type=\"section\">\n\t\t\t\t\t\t<div class=\"elementor-container elementor-column-gap-default\">\n\t\t\t\t\t<div class=\"elementor-column elementor-col-100 elementor-top-column elementor-element elementor-element-cd78104\" data-id=\"cd78104\" data-element_type=\"column\" data-e-type=\"column\">\n\t\t\t<div class=\"elementor-widget-wrap elementor-element-populated\">\n\t\t\t\t\t\t<div class=\"elementor-element elementor-element-b826e58 elementor-widget elementor-widget-text-editor\" data-id=\"b826e58\" data-element_type=\"widget\" data-e-type=\"widget\" data-widget_type=\"text-editor.default\">\n\t\t\t\t<div class=\"elementor-widget-container\">\n\t\t\t\t\t\t\t\t\t<p>S\u00e9lectionnez le calendrier correspondant \u00e0 la formation choisie (et l&rsquo;ann\u00e9e de formation).<\/p>\t\t\t\t\t\t\t\t<\/div>\n\t\t\t\t<\/div>\n\t\t\t\t<div class=\"elementor-element elementor-element-154bde4 elementor-widget elementor-widget-heading\" data-id=\"154bde4\" data-element_type=\"widget\" data-e-type=\"widget\" data-widget_type=\"heading.default\">\n\t\t\t\t<div class=\"elementor-widget-container\">\n\t\t\t\t\t<h4 class=\"elementor-heading-title elementor-size-default\">Formations dans le domaine du Paysage<\/h4>\t\t\t\t<\/div>\n\t\t\t\t<\/div>\n\t\t\t\t<div class=\"elementor-element elementor-element-e4af10c elementor-tabs-view-horizontal elementor-widget elementor-widget-tabs\" data-id=\"e4af10c\" data-element_type=\"widget\" data-e-type=\"widget\" data-widget_type=\"tabs.default\">\n\t\t\t\t<div class=\"elementor-widget-container\">\n\t\t\t\t\t\t\t<div class=\"elementor-tabs\">\n\t\t\t<div class=\"elementor-tabs-wrapper\" role=\"tablist\" >\n\t\t\t\t\t\t\t\t\t<div id=\"elementor-tab-title-2391\" class=\"elementor-tab-title elementor-tab-desktop-title\" aria-selected=\"true\" data-tab=\"1\" role=\"tab\" tabindex=\"0\" aria-controls=\"elementor-tab-content-2391\" aria-expanded=\"false\">CAPA JP<\/div>\n\t\t\t\t\t\t\t\t\t<div id=\"elementor-tab-title-2392\" class=\"elementor-tab-title elementor-tab-desktop-title\" aria-selected=\"false\" data-tab=\"2\" role=\"tab\" tabindex=\"-1\" aria-controls=\"elementor-tab-content-2392\" aria-expanded=\"false\">BAC PRO AP<\/div>\n\t\t\t\t\t\t\t\t\t<div id=\"elementor-tab-title-2393\" class=\"elementor-tab-title elementor-tab-desktop-title\" aria-selected=\"false\" data-tab=\"3\" role=\"tab\" tabindex=\"-1\" aria-controls=\"elementor-tab-content-2393\" aria-expanded=\"false\">BPA OSP<\/div>\n\t\t\t\t\t\t\t\t\t<div id=\"elementor-tab-title-2394\" class=\"elementor-tab-title elementor-tab-desktop-title\" aria-selected=\"false\" data-tab=\"4\" role=\"tab\" tabindex=\"-1\" aria-controls=\"elementor-tab-content-2394\" aria-expanded=\"false\">CS CP<\/div>\n\t\t\t\t\t\t\t\t\t<div id=\"elementor-tab-title-2395\" class=\"elementor-tab-title elementor-tab-desktop-title\" aria-selected=\"false\" data-tab=\"5\" role=\"tab\" tabindex=\"-1\" aria-controls=\"elementor-tab-content-2395\" aria-expanded=\"false\">CS AA<\/div>\n\t\t\t\t\t\t\t\t\t<div id=\"elementor-tab-title-2396\" class=\"elementor-tab-title elementor-tab-desktop-title\" aria-selected=\"false\" data-tab=\"6\" role=\"tab\" tabindex=\"-1\" aria-controls=\"elementor-tab-content-2396\" aria-expanded=\"false\">CS SSE<\/div>\n\t\t\t\t\t\t\t<\/div>\n\t\t\t<div class=\"elementor-tabs-content-wrapper\" role=\"tablist\" aria-orientation=\"vertical\">\n\t\t\t\t\t\t\t\t\t<div class=\"elementor-tab-title elementor-tab-mobile-title\" aria-selected=\"true\" data-tab=\"1\" role=\"tab\" tabindex=\"0\" aria-controls=\"elementor-tab-content-2391\" aria-expanded=\"false\">CAPA JP<\/div>\n\t\t\t\t\t<div id=\"elementor-tab-content-2391\" class=\"elementor-tab-content elementor-clearfix\" data-tab=\"1\" role=\"tabpanel\" aria-labelledby=\"elementor-tab-title-2391\" tabindex=\"0\" hidden=\"false\"><p>Calendriers 2026-27 Pr\u00e9visionnels<\/p><ul><li><a href=\"https:\/\/www.tarn.educagri.fr\/fpca\/wp-content\/uploads\/2026\/04\/Calendrier-2026-27-CAPa-JP-1-Calendrier-previsionnel.pdf\" target=\"_blank\" rel=\"noopener\">Calendrier CAPA JP 1\u00e8re ann\u00e9e<\/a><\/li><li><a href=\"https:\/\/www.tarn.educagri.fr\/fpca\/wp-content\/uploads\/2026\/04\/Calendrier-2026-27-CAPa-JP-2-Calendrier-previsionnel.pdf\" target=\"_blank\" rel=\"noopener\">Calendrier CAPA JP 2\u00e8me ann\u00e9e<\/a><\/li><\/ul><\/div>\n\t\t\t\t\t\t\t\t\t<div class=\"elementor-tab-title elementor-tab-mobile-title\" aria-selected=\"false\" data-tab=\"2\" role=\"tab\" tabindex=\"-1\" aria-controls=\"elementor-tab-content-2392\" aria-expanded=\"false\">BAC PRO AP<\/div>\n\t\t\t\t\t<div id=\"elementor-tab-content-2392\" class=\"elementor-tab-content elementor-clearfix\" data-tab=\"2\" role=\"tabpanel\" aria-labelledby=\"elementor-tab-title-2392\" tabindex=\"0\" hidden=\"hidden\"><p>Calendriers 2026-27 Pr\u00e9visionnels<\/p><ul><li><a href=\"https:\/\/www.tarn.educagri.fr\/fpca\/wp-content\/uploads\/2026\/04\/Calendrier-2026-27-Bac-Pro-AP-1ere-Calendrier-previsionnel.pdf\" target=\"_blank\" rel=\"noopener\">Calendrier BAC Pro 1\u00e8re<\/a><\/li><li><a href=\"https:\/\/www.tarn.educagri.fr\/fpca\/wp-content\/uploads\/2026\/04\/Calendrier-2026-27-Bac-Pro-AP-Term-Calendrier-previsionnel.pdf\" target=\"_blank\" rel=\"noopener\">Calendrier BAC PRO Terminale<\/a><\/li><\/ul><\/div>\n\t\t\t\t\t\t\t\t\t<div class=\"elementor-tab-title elementor-tab-mobile-title\" aria-selected=\"false\" data-tab=\"3\" role=\"tab\" tabindex=\"-1\" aria-controls=\"elementor-tab-content-2393\" aria-expanded=\"false\">BPA OSP<\/div>\n\t\t\t\t\t<div id=\"elementor-tab-content-2393\" class=\"elementor-tab-content elementor-clearfix\" data-tab=\"3\" role=\"tabpanel\" aria-labelledby=\"elementor-tab-title-2393\" tabindex=\"0\" hidden=\"hidden\"><p>Calendriers 2026-27 Pr\u00e9visionnels<\/p><p>Apprentissage<\/p><ul><li><a href=\"https:\/\/www.tarn.educagri.fr\/fpca\/wp-content\/uploads\/2026\/04\/Calendrier-2026-27-BPA-OSP-1-Calendrier-previsionnel.pdf\" target=\"_blank\" rel=\"noopener\">Calendrier BPA OSP 1\u00e8re ann\u00e9e<\/a><\/li><li><a href=\"https:\/\/www.tarn.educagri.fr\/fpca\/wp-content\/uploads\/2026\/04\/Calendrier-2026-27-BPA-OSP-2-Calendrier-previsionnel.pdf\" target=\"_blank\" rel=\"noopener\">Calendrier BPA OSP 2\u00e8me ann\u00e9e<\/a><\/li><\/ul><p>Adultes &#8211; R\u00e9gion<\/p><ul><li><a href=\"https:\/\/www.tarn.educagri.fr\/fpca\/wp-content\/uploads\/2026\/04\/Calendrier-2026-27-BPA-OSP-Ad-Calendrier-previsionnel.pdf\" target=\"_blank\" rel=\"noopener\">Calendrier BP OSP en 1 an<\/a><\/li><\/ul><\/div>\n\t\t\t\t\t\t\t\t\t<div class=\"elementor-tab-title elementor-tab-mobile-title\" aria-selected=\"false\" data-tab=\"4\" role=\"tab\" tabindex=\"-1\" aria-controls=\"elementor-tab-content-2394\" aria-expanded=\"false\">CS CP<\/div>\n\t\t\t\t\t<div id=\"elementor-tab-content-2394\" class=\"elementor-tab-content elementor-clearfix\" data-tab=\"4\" role=\"tabpanel\" aria-labelledby=\"elementor-tab-title-2394\" tabindex=\"0\" hidden=\"hidden\"><p>Calendrier 2026-27 Pr\u00e9visionnel<\/p><ul><li><a href=\"https:\/\/www.tarn.educagri.fr\/fpca\/wp-content\/uploads\/2025\/07\/Calendrier-2025-26-CS-CP-Apprentis.pdf\" target=\"_blank\" rel=\"noopener\">Calendrier CS CP<\/a><\/li><\/ul><\/div>\n\t\t\t\t\t\t\t\t\t<div class=\"elementor-tab-title elementor-tab-mobile-title\" aria-selected=\"false\" data-tab=\"5\" role=\"tab\" tabindex=\"-1\" aria-controls=\"elementor-tab-content-2395\" aria-expanded=\"false\">CS AA<\/div>\n\t\t\t\t\t<div id=\"elementor-tab-content-2395\" class=\"elementor-tab-content elementor-clearfix\" data-tab=\"5\" role=\"tabpanel\" aria-labelledby=\"elementor-tab-title-2395\" tabindex=\"0\" hidden=\"hidden\"><p>\u00a0Calendrier 2026-27 Pr\u00e9visionnel<\/p><ul><li><a href=\"https:\/\/www.tarn.educagri.fr\/fpca\/wp-content\/uploads\/2026\/04\/Calendrier-2026-27-CS-AA-Calendrier-previsionnel.pdf\" target=\"_blank\" rel=\"noopener\">Calendrier CS AA<\/a><\/li><\/ul><\/div>\n\t\t\t\t\t\t\t\t\t<div class=\"elementor-tab-title elementor-tab-mobile-title\" aria-selected=\"false\" data-tab=\"6\" role=\"tab\" tabindex=\"-1\" aria-controls=\"elementor-tab-content-2396\" aria-expanded=\"false\">CS SSE<\/div>\n\t\t\t\t\t<div id=\"elementor-tab-content-2396\" class=\"elementor-tab-content elementor-clearfix\" data-tab=\"6\" role=\"tabpanel\" aria-labelledby=\"elementor-tab-title-2396\" tabindex=\"0\" hidden=\"hidden\"><p>Calendrier 2026-27 Pr\u00e9visionnel<\/p><ul><li><a href=\"https:\/\/www.tarn.educagri.fr\/fpca\/wp-content\/uploads\/2026\/04\/Calendrier-2026-27-CS-SSE-Calendrier-previsionnel.pdf\" target=\"_blank\" rel=\"noopener\">Calendrier CS SSE<\/a><\/li><\/ul><\/div>\n\t\t\t\t\t\t\t<\/div>\n\t\t<\/div>\n\t\t\t\t\t\t<\/div>\n\t\t\t\t<\/div>\n\t\t\t\t<div class=\"elementor-element elementor-element-3ac908f elementor-widget elementor-widget-heading\" data-id=\"3ac908f\" data-element_type=\"widget\" data-e-type=\"widget\" data-widget_type=\"heading.default\">\n\t\t\t\t<div class=\"elementor-widget-container\">\n\t\t\t\t\t<h4 class=\"elementor-heading-title elementor-size-default\">Formations dans le domaine de l'Agriculture<\/h4>\t\t\t\t<\/div>\n\t\t\t\t<\/div>\n\t\t\t\t<div class=\"elementor-element elementor-element-90acb56 elementor-tabs-view-horizontal elementor-widget elementor-widget-tabs\" data-id=\"90acb56\" data-element_type=\"widget\" data-e-type=\"widget\" data-widget_type=\"tabs.default\">\n\t\t\t\t<div class=\"elementor-widget-container\">\n\t\t\t\t\t\t\t<div class=\"elementor-tabs\">\n\t\t\t<div class=\"elementor-tabs-wrapper\" role=\"tablist\" >\n\t\t\t\t\t\t\t\t\t<div id=\"elementor-tab-title-1511\" class=\"elementor-tab-title elementor-tab-desktop-title\" aria-selected=\"true\" data-tab=\"1\" role=\"tab\" tabindex=\"0\" aria-controls=\"elementor-tab-content-1511\" aria-expanded=\"false\">CAPA MA Albi<\/div>\n\t\t\t\t\t\t\t\t\t<div id=\"elementor-tab-title-1512\" class=\"elementor-tab-title elementor-tab-desktop-title\" aria-selected=\"false\" data-tab=\"2\" role=\"tab\" tabindex=\"-1\" aria-controls=\"elementor-tab-content-1512\" aria-expanded=\"false\">CAPA MA Lavaur<\/div>\n\t\t\t\t\t\t\t\t\t<div id=\"elementor-tab-title-1513\" class=\"elementor-tab-title elementor-tab-desktop-title\" aria-selected=\"false\" data-tab=\"3\" role=\"tab\" tabindex=\"-1\" aria-controls=\"elementor-tab-content-1513\" aria-expanded=\"false\">BPREA<\/div>\n\t\t\t\t\t\t\t\t\t<div id=\"elementor-tab-title-1514\" class=\"elementor-tab-title elementor-tab-desktop-title\" aria-selected=\"false\" data-tab=\"4\" role=\"tab\" tabindex=\"-1\" aria-controls=\"elementor-tab-content-1514\" aria-expanded=\"false\">BTSA ACS'AGRI<\/div>\n\t\t\t\t\t\t\t\t\t<div id=\"elementor-tab-title-1515\" class=\"elementor-tab-title elementor-tab-desktop-title\" aria-selected=\"false\" data-tab=\"5\" role=\"tab\" tabindex=\"-1\" aria-controls=\"elementor-tab-content-1515\" aria-expanded=\"false\">BTSA ACD<\/div>\n\t\t\t\t\t\t\t<\/div>\n\t\t\t<div class=\"elementor-tabs-content-wrapper\" role=\"tablist\" aria-orientation=\"vertical\">\n\t\t\t\t\t\t\t\t\t<div class=\"elementor-tab-title elementor-tab-mobile-title\" aria-selected=\"true\" data-tab=\"1\" role=\"tab\" tabindex=\"0\" aria-controls=\"elementor-tab-content-1511\" aria-expanded=\"false\">CAPA MA Albi<\/div>\n\t\t\t\t\t<div id=\"elementor-tab-content-1511\" class=\"elementor-tab-content elementor-clearfix\" data-tab=\"1\" role=\"tabpanel\" aria-labelledby=\"elementor-tab-title-1511\" tabindex=\"0\" hidden=\"false\"><p>Calendriers 2026-27 Pr\u00e9visionnels<\/p><ul><li><a href=\"https:\/\/www.tarn.educagri.fr\/fpca\/wp-content\/uploads\/2026\/04\/Calendrier-2026-27-CAPa-MA-1-Albi-Calendrier-previsionnel.pdf\" target=\"_blank\" rel=\"noopener\">Calendrier CAPA MA Albi 1\u00e8re ann\u00e9e<\/a><\/li><li><a href=\"https:\/\/www.tarn.educagri.fr\/fpca\/wp-content\/uploads\/2026\/04\/Calendrier-2026-27-CAPa-MA-2-Albi-Calendrier-previsionnel.pdf\" target=\"_blank\" rel=\"noopener\">Calendrier CAPA MA Albi 2\u00e8me ann\u00e9e<\/a><\/li><\/ul><\/div>\n\t\t\t\t\t\t\t\t\t<div class=\"elementor-tab-title elementor-tab-mobile-title\" aria-selected=\"false\" data-tab=\"2\" role=\"tab\" tabindex=\"-1\" aria-controls=\"elementor-tab-content-1512\" aria-expanded=\"false\">CAPA MA Lavaur<\/div>\n\t\t\t\t\t<div id=\"elementor-tab-content-1512\" class=\"elementor-tab-content elementor-clearfix\" data-tab=\"2\" role=\"tabpanel\" aria-labelledby=\"elementor-tab-title-1512\" tabindex=\"0\" hidden=\"hidden\"><p>Calendriers 2026-27 Pr\u00e9visionnels<\/p><ul><li><a href=\"https:\/\/www.tarn.educagri.fr\/fpca\/wp-content\/uploads\/2026\/04\/Calendrier-2026-27-CAPa-MA-1-Lavaur-Calendrier-previsionnel.pdf\" target=\"_blank\" rel=\"noopener\">Calendrier CAPA MA Lavaur 1\u00e8re ann\u00e9e<\/a><\/li><li><a href=\"https:\/\/www.tarn.educagri.fr\/fpca\/wp-content\/uploads\/2026\/04\/Calendrier-2026-27-CAPa-MA-2-Lavaur-Calendrier-previsionnel.pdf\" target=\"_blank\" rel=\"noopener\">Calendrier CAPA MA Lavaur 2\u00e8me ann\u00e9e<\/a><\/li><\/ul><\/div>\n\t\t\t\t\t\t\t\t\t<div class=\"elementor-tab-title elementor-tab-mobile-title\" aria-selected=\"false\" data-tab=\"3\" role=\"tab\" tabindex=\"-1\" aria-controls=\"elementor-tab-content-1513\" aria-expanded=\"false\">BPREA<\/div>\n\t\t\t\t\t<div id=\"elementor-tab-content-1513\" class=\"elementor-tab-content elementor-clearfix\" data-tab=\"3\" role=\"tabpanel\" aria-labelledby=\"elementor-tab-title-1513\" tabindex=\"0\" hidden=\"hidden\"><p>Calendriers 2026-27 Pr\u00e9visionnels<\/p><p>Apprentissage<\/p><ul><li><a href=\"https:\/\/www.tarn.educagri.fr\/fpca\/wp-content\/uploads\/2026\/04\/Calendrier-2026-27-BP-REA-1-Calendrier-previsionnel.pdf\" target=\"_blank\" rel=\"noopener\">Calendrier BPREA 1\u00e8re ann\u00e9e<\/a><\/li><li><a href=\"https:\/\/www.tarn.educagri.fr\/fpca\/wp-content\/uploads\/2026\/04\/Calendrier-2026-27-BP-REA-2-Calendrier-previsionnel.pdf\" target=\"_blank\" rel=\"noopener\">Calendrier BPREA 2\u00e8me ann\u00e9e<\/a><\/li><\/ul><p>Adulte &#8211; R\u00e9gion<\/p><ul><li><a href=\"https:\/\/www.tarn.educagri.fr\/fpca\/wp-content\/uploads\/2026\/04\/Calendrier-2026-27-BP-REA-Ad-Calendrier-previsionnel.pdf\" target=\"_blank\" rel=\"noopener\">Calendrier BPREA en 1 an<\/a><\/li><\/ul><\/div>\n\t\t\t\t\t\t\t\t\t<div class=\"elementor-tab-title elementor-tab-mobile-title\" aria-selected=\"false\" data-tab=\"4\" role=\"tab\" tabindex=\"-1\" aria-controls=\"elementor-tab-content-1514\" aria-expanded=\"false\">BTSA ACS'AGRI<\/div>\n\t\t\t\t\t<div id=\"elementor-tab-content-1514\" class=\"elementor-tab-content elementor-clearfix\" data-tab=\"4\" role=\"tabpanel\" aria-labelledby=\"elementor-tab-title-1514\" tabindex=\"0\" hidden=\"hidden\"><p>Calendriers 2026-27 Pr\u00e9visionnels<\/p><ul><li><a href=\"https:\/\/www.tarn.educagri.fr\/fpca\/wp-content\/uploads\/2026\/04\/Calendrier-2026-27-BTSA-ACS-AGRI-1-Calendrier-previsionnel.pdf\" target=\"_blank\" rel=\"noopener\">Calendrier BTSA ASC&rsquo;AGRI 1\u00e8re ann\u00e9e<\/a><\/li><li><a href=\"https:\/\/www.tarn.educagri.fr\/fpca\/wp-content\/uploads\/2026\/04\/Calendrier-2026-27-BTSA-ACSAGRI-2-Calendrier-previsionnel.pdf\" target=\"_blank\" rel=\"noopener\">Calendrier BTSA ASC&rsquo;AGRI 2\u00e8me ann\u00e9e<\/a><\/li><\/ul><\/div>\n\t\t\t\t\t\t\t\t\t<div class=\"elementor-tab-title elementor-tab-mobile-title\" aria-selected=\"false\" data-tab=\"5\" role=\"tab\" tabindex=\"-1\" aria-controls=\"elementor-tab-content-1515\" aria-expanded=\"false\">BTSA ACD<\/div>\n\t\t\t\t\t<div id=\"elementor-tab-content-1515\" class=\"elementor-tab-content elementor-clearfix\" data-tab=\"5\" role=\"tabpanel\" aria-labelledby=\"elementor-tab-title-1515\" tabindex=\"0\" hidden=\"hidden\"><p>Calendriers 2026-27 Pr\u00e9visionnels<\/p><ul><li><a href=\"https:\/\/www.tarn.educagri.fr\/fpca\/wp-content\/uploads\/2026\/04\/Calendrier-2026-27-BTSA-ACD-1-Calendrier-previsionnel.pdf\" target=\"_blank\" rel=\"noopener\">Calendrier BTSA ACD 1\u00e8re ann\u00e9e<\/a><\/li><li><a href=\"https:\/\/www.tarn.educagri.fr\/fpca\/wp-content\/uploads\/2026\/04\/Calendrier-2026-27-BTSA-ACD-2-Calendrier-previsionnel.pdf\" target=\"_blank\" rel=\"noopener\">Calendrier BTSA ACD 2\u00e8me ann\u00e9e<\/a><\/li><\/ul><\/div>\n\t\t\t\t\t\t\t<\/div>\n\t\t<\/div>\n\t\t\t\t\t\t<\/div>\n\t\t\t\t<\/div>\n\t\t\t\t<div class=\"elementor-element elementor-element-d882861 elementor-widget elementor-widget-heading\" data-id=\"d882861\" data-element_type=\"widget\" data-e-type=\"widget\" data-widget_type=\"heading.default\">\n\t\t\t\t<div class=\"elementor-widget-container\">\n\t\t\t\t\t<h4 class=\"elementor-heading-title elementor-size-default\">Formations dans le domaine de l'Eau et des D\u00e9chets<\/h4>\t\t\t\t<\/div>\n\t\t\t\t<\/div>\n\t\t\t\t<div class=\"elementor-element elementor-element-6284d3b elementor-tabs-view-horizontal elementor-widget elementor-widget-tabs\" data-id=\"6284d3b\" data-element_type=\"widget\" data-e-type=\"widget\" data-widget_type=\"tabs.default\">\n\t\t\t\t<div class=\"elementor-widget-container\">\n\t\t\t\t\t\t\t<div class=\"elementor-tabs\">\n\t\t\t<div class=\"elementor-tabs-wrapper\" role=\"tablist\" >\n\t\t\t\t\t\t\t\t\t<div id=\"elementor-tab-title-1031\" class=\"elementor-tab-title elementor-tab-desktop-title\" aria-selected=\"true\" data-tab=\"1\" role=\"tab\" tabindex=\"0\" aria-controls=\"elementor-tab-content-1031\" aria-expanded=\"false\">BTSA GEMEAU<\/div>\n\t\t\t\t\t\t\t\t\t<div id=\"elementor-tab-title-1032\" class=\"elementor-tab-title elementor-tab-desktop-title\" aria-selected=\"false\" data-tab=\"2\" role=\"tab\" tabindex=\"-1\" aria-controls=\"elementor-tab-content-1032\" aria-expanded=\"false\">TP TTE<\/div>\n\t\t\t\t\t\t\t<\/div>\n\t\t\t<div class=\"elementor-tabs-content-wrapper\" role=\"tablist\" aria-orientation=\"vertical\">\n\t\t\t\t\t\t\t\t\t<div class=\"elementor-tab-title elementor-tab-mobile-title\" aria-selected=\"true\" data-tab=\"1\" role=\"tab\" tabindex=\"0\" aria-controls=\"elementor-tab-content-1031\" aria-expanded=\"false\">BTSA GEMEAU<\/div>\n\t\t\t\t\t<div id=\"elementor-tab-content-1031\" class=\"elementor-tab-content elementor-clearfix\" data-tab=\"1\" role=\"tabpanel\" aria-labelledby=\"elementor-tab-title-1031\" tabindex=\"0\" hidden=\"false\"><p>Calendriers 2026-27 Pr\u00e9visionnels<\/p><ul><li><a href=\"https:\/\/www.tarn.educagri.fr\/fpca\/wp-content\/uploads\/2026\/04\/Calendrier-2026-27-BTSA-GEMEAU-1-Calendrier-previsionnel.pdf\" target=\"_blank\" rel=\"noopener\">Calendrier BTSA GEMEAU 1\u00e8re ann\u00e9e<\/a><\/li><li><a href=\"https:\/\/www.tarn.educagri.fr\/fpca\/wp-content\/uploads\/2026\/04\/Calendrier-2026-27-BTSA-GEMEAU-2-Calendrier-previsionnel.pdf\" target=\"_blank\" rel=\"noopener\">Calendrier BTSA GEMEAU 2\u00e8me ann\u00e9e<\/a><\/li><\/ul><\/div>\n\t\t\t\t\t\t\t\t\t<div class=\"elementor-tab-title elementor-tab-mobile-title\" aria-selected=\"false\" data-tab=\"2\" role=\"tab\" tabindex=\"-1\" aria-controls=\"elementor-tab-content-1032\" aria-expanded=\"false\">TP TTE<\/div>\n\t\t\t\t\t<div id=\"elementor-tab-content-1032\" class=\"elementor-tab-content elementor-clearfix\" data-tab=\"2\" role=\"tabpanel\" aria-labelledby=\"elementor-tab-title-1032\" tabindex=\"0\" hidden=\"hidden\"><p>Calendriers 2026-27 Pr\u00e9visionnels<\/p><ul><li><a href=\"https:\/\/www.tarn.educagri.fr\/fpca\/wp-content\/uploads\/2026\/04\/Calendrier-2026-27-TTE-1-Calendrier-previsionnel.pdf\" target=\"_blank\" rel=\"noopener\">Calendrier TP TTE 1\u00e8re ann\u00e9e<\/a><\/li><li><a href=\"https:\/\/www.tarn.educagri.fr\/fpca\/wp-content\/uploads\/2026\/04\/Calendrier-2026-27-TTE-2-Calendrier-previsionnel.pdf\" target=\"_blank\" rel=\"noopener\">Calendrier TP TTE 2\u00e8me ann\u00e9e<\/a><\/li><\/ul><p>Adulte &#8211; R\u00e9gion<\/p><ul><li><a href=\"https:\/\/www.tarn.educagri.fr\/fpca\/wp-content\/uploads\/2026\/04\/Calendrier-2026-27-TTE-Ad-Calendrier-previsionnel.pdf\" target=\"_blank\" rel=\"noopener\">Calendrier TTE en 1 an<\/a><\/li><\/ul><\/div>\n\t\t\t\t\t\t\t<\/div>\n\t\t<\/div>\n\t\t\t\t\t\t<\/div>\n\t\t\t\t<\/div>\n\t\t\t\t<div class=\"elementor-element elementor-element-7c84dc4 elementor-widget elementor-widget-heading\" data-id=\"7c84dc4\" data-element_type=\"widget\" data-e-type=\"widget\" data-widget_type=\"heading.default\">\n\t\t\t\t<div class=\"elementor-widget-container\">\n\t\t\t\t\t<h4 class=\"elementor-heading-title elementor-size-default\">Formations dans le domaine de l'Horticulture et la Fleuristerie<\/h4>\t\t\t\t<\/div>\n\t\t\t\t<\/div>\n\t\t\t\t<div class=\"elementor-element elementor-element-358af5f elementor-tabs-view-horizontal elementor-widget elementor-widget-tabs\" data-id=\"358af5f\" data-element_type=\"widget\" data-e-type=\"widget\" data-widget_type=\"tabs.default\">\n\t\t\t\t<div class=\"elementor-widget-container\">\n\t\t\t\t\t\t\t<div class=\"elementor-tabs\">\n\t\t\t<div class=\"elementor-tabs-wrapper\" role=\"tablist\" >\n\t\t\t\t\t\t\t\t\t<div id=\"elementor-tab-title-5611\" class=\"elementor-tab-title elementor-tab-desktop-title\" aria-selected=\"true\" data-tab=\"1\" role=\"tab\" tabindex=\"0\" aria-controls=\"elementor-tab-content-5611\" aria-expanded=\"false\">BAC PRO CPH<\/div>\n\t\t\t\t\t\t\t<\/div>\n\t\t\t<div class=\"elementor-tabs-content-wrapper\" role=\"tablist\" aria-orientation=\"vertical\">\n\t\t\t\t\t\t\t\t\t<div class=\"elementor-tab-title elementor-tab-mobile-title\" aria-selected=\"true\" data-tab=\"1\" role=\"tab\" tabindex=\"0\" aria-controls=\"elementor-tab-content-5611\" aria-expanded=\"false\">BAC PRO CPH<\/div>\n\t\t\t\t\t<div id=\"elementor-tab-content-5611\" class=\"elementor-tab-content elementor-clearfix\" data-tab=\"1\" role=\"tabpanel\" aria-labelledby=\"elementor-tab-title-5611\" tabindex=\"0\" hidden=\"false\"><p>Calendrier 2026-27 Pr\u00e9visionnel<\/p><ul><li><a href=\"https:\/\/www.tarn.educagri.fr\/fpca\/wp-content\/uploads\/2026\/04\/Calendrier-2026-27-Bac-Pro-CPH-Ad-Calendrier-previsionnel.pdf\" target=\"_blank\" rel=\"noopener\">Calendrier BAC PRO CPH en 1 an<\/a><\/li><\/ul><\/div>\n\t\t\t\t\t\t\t<\/div>\n\t\t<\/div>\n\t\t\t\t\t\t<\/div>\n\t\t\t\t<\/div>\n\t\t\t\t<div class=\"elementor-element elementor-element-c247ce5 elementor-widget-divider--view-line elementor-widget elementor-widget-divider\" data-id=\"c247ce5\" data-element_type=\"widget\" data-e-type=\"widget\" data-widget_type=\"divider.default\">\n\t\t\t\t<div class=\"elementor-widget-container\">\n\t\t\t\t\t\t\t<div class=\"elementor-divider\">\n\t\t\t<span class=\"elementor-divider-separator\">\n\t\t\t\t\t\t<\/span>\n\t\t<\/div>\n\t\t\t\t\t\t<\/div>\n\t\t\t\t<\/div>\n\t\t\t\t\t<\/div>\n\t\t<\/div>\n\t\t\t\t\t<\/div>\n\t\t<\/section>\n\t\t\t\t<\/div>\n\t\t","protected":false},"excerpt":{"rendered":"<p>Rentr\u00e9e FPCA 2026 Informations sur l&rsquo;inscription et la Rentr\u00e9e INFORMATIONS Mes interlocuteurs Fournitures scolaires Dates de rentr\u00e9e Je suis interne Calendriers de formation Qui est&hellip;<\/p>\n","protected":false},"author":10,"featured_media":0,"parent":0,"menu_order":0,"comment_status":"closed","ping_status":"closed","template":"","meta":{"footnotes":""},"class_list":["post-6035","page","type-page","status-publish","hentry"],"yoast_head":"<!-- This site is optimized with the Yoast SEO plugin v27.4 - https:\/\/yoast.com\/product\/yoast-seo-wordpress\/ -->\n<title>Ma Rentr\u00e9e - Formation Professionnelle Continue et Apprentissage %<\/title>\n<meta name=\"description\" content=\"Pour candidater ou vous inscrire en formation continue ou apprentissage, veuillez vous rendre sur notre site internet\" \/>\n<meta name=\"robots\" content=\"index, follow, max-snippet:-1, max-image-preview:large, max-video-preview:-1\" \/>\n<link rel=\"canonical\" href=\"https:\/\/www.tarn.educagri.fr\/fpca\/rentree-2025-26\/\" \/>\n<meta property=\"og:locale\" content=\"fr_FR\" \/>\n<meta property=\"og:type\" content=\"article\" \/>\n<meta property=\"og:title\" content=\"Ma Rentr\u00e9e - Formation Professionnelle Continue et Apprentissage %\" \/>\n<meta property=\"og:description\" content=\"Pour candidater ou vous inscrire en formation continue ou apprentissage, veuillez vous rendre sur notre site internet\" \/>\n<meta property=\"og:url\" content=\"https:\/\/www.tarn.educagri.fr\/fpca\/rentree-2025-26\/\" \/>\n<meta property=\"og:site_name\" content=\"Formation Professionnelle Continue et Apprentissage\" \/>\n<meta property=\"article:modified_time\" content=\"2026-04-24T14:32:55+00:00\" \/>\n<meta property=\"og:image\" content=\"https:\/\/www.tarn.educagri.fr\/fpca\/wp-content\/uploads\/2026\/01\/Informations.png\" \/>\n<meta name=\"twitter:card\" content=\"summary_large_image\" \/>\n<meta name=\"twitter:label1\" content=\"Dur\u00e9e de lecture estim\u00e9e\" \/>\n\t<meta name=\"twitter:data1\" content=\"14 minutes\" \/>\n<script type=\"application\/ld+json\" class=\"yoast-schema-graph\">{\"@context\":\"https:\\\/\\\/schema.org\",\"@graph\":[{\"@type\":\"WebPage\",\"@id\":\"https:\\\/\\\/www.tarn.educagri.fr\\\/fpca\\\/ma_rentree\\\/\",\"url\":\"https:\\\/\\\/www.tarn.educagri.fr\\\/fpca\\\/rentree-2025-26\\\/\",\"name\":\"Ma Rentr\u00e9e - Formation Professionnelle Continue et Apprentissage %\",\"isPartOf\":{\"@id\":\"https:\\\/\\\/www.tarn.educagri.fr\\\/fpca\\\/#website\"},\"primaryImageOfPage\":{\"@id\":\"https:\\\/\\\/www.tarn.educagri.fr\\\/fpca\\\/rentree-2025-26\\\/#primaryimage\"},\"image\":{\"@id\":\"https:\\\/\\\/www.tarn.educagri.fr\\\/fpca\\\/rentree-2025-26\\\/#primaryimage\"},\"thumbnailUrl\":\"https:\\\/\\\/www.tarn.educagri.fr\\\/fpca\\\/wp-content\\\/uploads\\\/2026\\\/01\\\/Informations.png\",\"datePublished\":\"2022-05-16T12:24:59+00:00\",\"dateModified\":\"2026-04-24T14:32:55+00:00\",\"description\":\"Pour candidater ou vous inscrire en formation continue ou apprentissage, veuillez vous rendre sur notre site internet\",\"breadcrumb\":{\"@id\":\"https:\\\/\\\/www.tarn.educagri.fr\\\/fpca\\\/rentree-2025-26\\\/#breadcrumb\"},\"inLanguage\":\"fr-FR\",\"potentialAction\":[{\"@type\":\"ReadAction\",\"target\":[\"https:\\\/\\\/www.tarn.educagri.fr\\\/fpca\\\/rentree-2025-26\\\/\"]}]},{\"@type\":\"ImageObject\",\"inLanguage\":\"fr-FR\",\"@id\":\"https:\\\/\\\/www.tarn.educagri.fr\\\/fpca\\\/rentree-2025-26\\\/#primaryimage\",\"url\":\"https:\\\/\\\/www.tarn.educagri.fr\\\/fpca\\\/wp-content\\\/uploads\\\/2026\\\/01\\\/Informations.png\",\"contentUrl\":\"https:\\\/\\\/www.tarn.educagri.fr\\\/fpca\\\/wp-content\\\/uploads\\\/2026\\\/01\\\/Informations.png\",\"width\":106,\"height\":106},{\"@type\":\"BreadcrumbList\",\"@id\":\"https:\\\/\\\/www.tarn.educagri.fr\\\/fpca\\\/rentree-2025-26\\\/#breadcrumb\",\"itemListElement\":[{\"@type\":\"ListItem\",\"position\":1,\"name\":\"Accueil\",\"item\":\"https:\\\/\\\/www.tarn.educagri.fr\\\/fpca\\\/\"},{\"@type\":\"ListItem\",\"position\":2,\"name\":\"Ma rentr\u00e9e\"}]},{\"@type\":\"WebSite\",\"@id\":\"https:\\\/\\\/www.tarn.educagri.fr\\\/fpca\\\/#website\",\"url\":\"https:\\\/\\\/www.tarn.educagri.fr\\\/fpca\\\/\",\"name\":\"Formation Professionnelle Continue et Apprentissage\",\"description\":\"TARN : Des formations actions adapt\u00e9es \u00e0 vos besoins, orient\u00e9es vers la comp\u00e9tence\",\"publisher\":{\"@id\":\"https:\\\/\\\/www.tarn.educagri.fr\\\/fpca\\\/#organization\"},\"potentialAction\":[{\"@type\":\"SearchAction\",\"target\":{\"@type\":\"EntryPoint\",\"urlTemplate\":\"https:\\\/\\\/www.tarn.educagri.fr\\\/fpca\\\/?s={search_term_string}\"},\"query-input\":{\"@type\":\"PropertyValueSpecification\",\"valueRequired\":true,\"valueName\":\"search_term_string\"}}],\"inLanguage\":\"fr-FR\"},{\"@type\":\"Organization\",\"@id\":\"https:\\\/\\\/www.tarn.educagri.fr\\\/fpca\\\/#organization\",\"name\":\"Formation professionnelle continue et de l'apprentissage du Tarn\",\"url\":\"https:\\\/\\\/www.tarn.educagri.fr\\\/fpca\\\/\",\"logo\":{\"@type\":\"ImageObject\",\"inLanguage\":\"fr-FR\",\"@id\":\"https:\\\/\\\/www.tarn.educagri.fr\\\/fpca\\\/#\\\/schema\\\/logo\\\/image\\\/\",\"url\":\"https:\\\/\\\/www.tarn.educagri.fr\\\/fpca\\\/wp-content\\\/uploads\\\/2019\\\/01\\\/LOGO_CFAAH_CFPPA_Tarn.png\",\"contentUrl\":\"https:\\\/\\\/www.tarn.educagri.fr\\\/fpca\\\/wp-content\\\/uploads\\\/2019\\\/01\\\/LOGO_CFAAH_CFPPA_Tarn.png\",\"width\":2113,\"height\":2422,\"caption\":\"Formation professionnelle continue et de l'apprentissage du Tarn\"},\"image\":{\"@id\":\"https:\\\/\\\/www.tarn.educagri.fr\\\/fpca\\\/#\\\/schema\\\/logo\\\/image\\\/\"}}]}<\/script>\n<!-- \/ Yoast SEO plugin. -->","yoast_head_json":{"title":"Ma Rentr\u00e9e - Formation Professionnelle Continue et Apprentissage %","description":"Pour candidater ou vous inscrire en formation continue ou apprentissage, veuillez vous rendre sur notre site internet","robots":{"index":"index","follow":"follow","max-snippet":"max-snippet:-1","max-image-preview":"max-image-preview:large","max-video-preview":"max-video-preview:-1"},"canonical":"https:\/\/www.tarn.educagri.fr\/fpca\/rentree-2025-26\/","og_locale":"fr_FR","og_type":"article","og_title":"Ma Rentr\u00e9e - Formation Professionnelle Continue et Apprentissage %","og_description":"Pour candidater ou vous inscrire en formation continue ou apprentissage, veuillez vous rendre sur notre site internet","og_url":"https:\/\/www.tarn.educagri.fr\/fpca\/rentree-2025-26\/","og_site_name":"Formation Professionnelle Continue et Apprentissage","article_modified_time":"2026-04-24T14:32:55+00:00","og_image":[{"url":"https:\/\/www.tarn.educagri.fr\/fpca\/wp-content\/uploads\/2026\/01\/Informations.png","type":"","width":"","height":""}],"twitter_card":"summary_large_image","twitter_misc":{"Dur\u00e9e de lecture estim\u00e9e":"14 minutes"},"schema":{"@context":"https:\/\/schema.org","@graph":[{"@type":"WebPage","@id":"https:\/\/www.tarn.educagri.fr\/fpca\/ma_rentree\/","url":"https:\/\/www.tarn.educagri.fr\/fpca\/rentree-2025-26\/","name":"Ma Rentr\u00e9e - Formation Professionnelle Continue et Apprentissage %","isPartOf":{"@id":"https:\/\/www.tarn.educagri.fr\/fpca\/#website"},"primaryImageOfPage":{"@id":"https:\/\/www.tarn.educagri.fr\/fpca\/rentree-2025-26\/#primaryimage"},"image":{"@id":"https:\/\/www.tarn.educagri.fr\/fpca\/rentree-2025-26\/#primaryimage"},"thumbnailUrl":"https:\/\/www.tarn.educagri.fr\/fpca\/wp-content\/uploads\/2026\/01\/Informations.png","datePublished":"2022-05-16T12:24:59+00:00","dateModified":"2026-04-24T14:32:55+00:00","description":"Pour candidater ou vous inscrire en formation continue ou apprentissage, veuillez vous rendre sur notre site internet","breadcrumb":{"@id":"https:\/\/www.tarn.educagri.fr\/fpca\/rentree-2025-26\/#breadcrumb"},"inLanguage":"fr-FR","potentialAction":[{"@type":"ReadAction","target":["https:\/\/www.tarn.educagri.fr\/fpca\/rentree-2025-26\/"]}]},{"@type":"ImageObject","inLanguage":"fr-FR","@id":"https:\/\/www.tarn.educagri.fr\/fpca\/rentree-2025-26\/#primaryimage","url":"https:\/\/www.tarn.educagri.fr\/fpca\/wp-content\/uploads\/2026\/01\/Informations.png","contentUrl":"https:\/\/www.tarn.educagri.fr\/fpca\/wp-content\/uploads\/2026\/01\/Informations.png","width":106,"height":106},{"@type":"BreadcrumbList","@id":"https:\/\/www.tarn.educagri.fr\/fpca\/rentree-2025-26\/#breadcrumb","itemListElement":[{"@type":"ListItem","position":1,"name":"Accueil","item":"https:\/\/www.tarn.educagri.fr\/fpca\/"},{"@type":"ListItem","position":2,"name":"Ma rentr\u00e9e"}]},{"@type":"WebSite","@id":"https:\/\/www.tarn.educagri.fr\/fpca\/#website","url":"https:\/\/www.tarn.educagri.fr\/fpca\/","name":"Formation Professionnelle Continue et Apprentissage","description":"TARN : Des formations actions adapt\u00e9es \u00e0 vos besoins, orient\u00e9es vers la comp\u00e9tence","publisher":{"@id":"https:\/\/www.tarn.educagri.fr\/fpca\/#organization"},"potentialAction":[{"@type":"SearchAction","target":{"@type":"EntryPoint","urlTemplate":"https:\/\/www.tarn.educagri.fr\/fpca\/?s={search_term_string}"},"query-input":{"@type":"PropertyValueSpecification","valueRequired":true,"valueName":"search_term_string"}}],"inLanguage":"fr-FR"},{"@type":"Organization","@id":"https:\/\/www.tarn.educagri.fr\/fpca\/#organization","name":"Formation professionnelle continue et de l'apprentissage du Tarn","url":"https:\/\/www.tarn.educagri.fr\/fpca\/","logo":{"@type":"ImageObject","inLanguage":"fr-FR","@id":"https:\/\/www.tarn.educagri.fr\/fpca\/#\/schema\/logo\/image\/","url":"https:\/\/www.tarn.educagri.fr\/fpca\/wp-content\/uploads\/2019\/01\/LOGO_CFAAH_CFPPA_Tarn.png","contentUrl":"https:\/\/www.tarn.educagri.fr\/fpca\/wp-content\/uploads\/2019\/01\/LOGO_CFAAH_CFPPA_Tarn.png","width":2113,"height":2422,"caption":"Formation professionnelle continue et de l'apprentissage du Tarn"},"image":{"@id":"https:\/\/www.tarn.educagri.fr\/fpca\/#\/schema\/logo\/image\/"}}]}},"_links":{"self":[{"href":"https:\/\/www.tarn.educagri.fr\/fpca\/wp-json\/wp\/v2\/pages\/6035","targetHints":{"allow":["GET"]}}],"collection":[{"href":"https:\/\/www.tarn.educagri.fr\/fpca\/wp-json\/wp\/v2\/pages"}],"about":[{"href":"https:\/\/www.tarn.educagri.fr\/fpca\/wp-json\/wp\/v2\/types\/page"}],"author":[{"embeddable":true,"href":"https:\/\/www.tarn.educagri.fr\/fpca\/wp-json\/wp\/v2\/users\/10"}],"replies":[{"embeddable":true,"href":"https:\/\/www.tarn.educagri.fr\/fpca\/wp-json\/wp\/v2\/comments?post=6035"}],"version-history":[{"count":447,"href":"https:\/\/www.tarn.educagri.fr\/fpca\/wp-json\/wp\/v2\/pages\/6035\/revisions"}],"predecessor-version":[{"id":11544,"href":"https:\/\/www.tarn.educagri.fr\/fpca\/wp-json\/wp\/v2\/pages\/6035\/revisions\/11544"}],"wp:attachment":[{"href":"https:\/\/www.tarn.educagri.fr\/fpca\/wp-json\/wp\/v2\/media?parent=6035"}],"curies":[{"name":"wp","href":"https:\/\/api.w.org\/{rel}","templated":true}]}}